{"id":34,"date":"2024-07-23T07:43:29","date_gmt":"2024-07-23T05:43:29","guid":{"rendered":"https:\/\/www.ipsen.com\/es\/?page_id=34"},"modified":"2025-11-04T09:18:28","modified_gmt":"2025-11-04T07:18:28","slug":"equipo-de-direccion","status":"publish","type":"page","link":"https:\/\/www.ipsen.com\/spain\/equipo-de-direccion\/","title":{"rendered":"Equipo de direcci\u00f3n"},"content":{"rendered":"    <section class=\"sub-page-banner bg-img-enabled  banner-no-filter\" style=\"background-image:url(https:\/\/www.ipsen.com\/spain\/wp-content\/uploads\/sites\/17\/2025\/07\/Company-Leadership.jpg)\">\n                <div class=\"container content-sec\">\n            <nav aria-label=\"breadcrumb\">\n            <ol class=\"breadcrumb\">\n                <li class=\"breadcrumb-item\"><a href=\"https:\/\/www.ipsen.com\/spain\">Inicio<\/a><\/li><li class=\"breadcrumb-item active\"><a href=\"#\" aria-current=\"page\"> Qui\u00e9nes somos &#8211; Equipo de direcci\u00f3n<\/a><\/li><\/ol>\n            <\/nav>            <h1 class=\"visible banner-font-color-white\">Equipo de direcci\u00f3n<\/h1>\n            <p class=\"visible banner-font-color-white\">El Comit\u00e9 de Direcci\u00f3n de Ipsen Espa\u00f1a y Portugal est\u00e1 encabezado por Gabriel Galv\u00e1n e integrado por Mar\u00eda Carretero, Ana Dufour, Loreto Gonz\u00e1lez, Margaux Guillou, Carlos Mart\u00ednez, Pablo Moreno, Luc\u00eda Regadera, Olga Sanz, Montse Tomillero y Felipe Villasevil.<\/p>\n        <\/div>\n    <\/section>\n\n\n\n\n    <div class=\"container tab-pane-container\" >\n        <section class=\"profile-card\">\n            <div class=\"profile-regular-listing\">\n    <div class=\"container regular-listing-container\">\n        <h3 role=\"heading\" aria-level=\"2\" class=\"profile-head visible heading-three\">Equipo de direcci\u00f3n de Ipsen Espa\u00f1a<\/h3>\n        <p class=\"profile-summary hidden\"><\/p>\n        <div class=\"regular-lisitng\">\n            <div class=\"row\">\n                                            <div class=\"col-lg-4 col-md-6 col-sm-12\">\n                                <div class=\"profile-regular-card\">\n\n                                        <div class=\"profile-regular-card-inner\">\n                                                \n                                            \n                                                <div class=\"profile-card-img\">\n                                                    <img decoding=\"async\" src=\"https:\/\/www.ipsen.com\/spain\/wp-content\/uploads\/sites\/17\/2025\/09\/Gabriel-Galvan-scaled.jpg\" alt=\"Gabriel Galv\u00e1n\" \/>\n                                                <\/div>\n                                                <div class=\"profile-details-sec\">\n                                                    <h3 role=\"heading\" aria-level=\"3\" class=\"profile-title-para\">\n                                                        Gabriel Galv\u00e1n                                                    <\/h3>\n                                                    <div class=\"role-sec\">\n                                                        <p>\n                                                            <span class=\"profile-main visible\">\n                                                                Director General                                                            <\/span>\n                                                        <\/p>\n                                                        <div class=\"profile-dec-sec hidden\">\n                                                            <p class=\"profile-role-desc\">\n                                                                                                                            <\/p>\n                                                        <\/div>\n                                                    <\/div>\n                                                <\/div>\n                                                \n\n                                        <\/div>\n\n                                <\/div>\n                            <\/div>\n                                            <div class=\"col-lg-4 col-md-6 col-sm-12\">\n                                <div class=\"profile-regular-card\">\n\n                                        <div class=\"profile-regular-card-inner\">\n                                                \n                                            \n                                                <div class=\"profile-card-img\">\n                                                    <img decoding=\"async\" src=\"https:\/\/www.ipsen.com\/spain\/wp-content\/uploads\/sites\/17\/2024\/10\/Maria-Carretero_756x506.jpg\" alt=\"Mar\u00eda Carretero\" \/>\n                                                <\/div>\n                                                <div class=\"profile-details-sec\">\n                                                    <h3 role=\"heading\" aria-level=\"3\" class=\"profile-title-para\">\n                                                        Mar\u00eda Carretero                                                    <\/h3>\n                                                    <div class=\"role-sec\">\n                                                        <p>\n                                                            <span class=\"profile-main visible\">\n                                                                Unidad de negocio de neurociencias y enfermedades raras                                                            <\/span>\n                                                        <\/p>\n                                                        <div class=\"profile-dec-sec hidden\">\n                                                            <p class=\"profile-role-desc\">\n                                                                                                                            <\/p>\n                                                        <\/div>\n                                                    <\/div>\n                                                <\/div>\n                                                \n\n                                        <\/div>\n\n                                <\/div>\n                            <\/div>\n                                            <div class=\"col-lg-4 col-md-6 col-sm-12\">\n                                <div class=\"profile-regular-card\">\n\n                                        <div class=\"profile-regular-card-inner\">\n                                                \n                                            \n                                                <div class=\"profile-card-img\">\n                                                    <img decoding=\"async\" src=\"https:\/\/www.ipsen.com\/spain\/wp-content\/uploads\/sites\/17\/2024\/10\/Ana-Dufour_756x506.jpg\" alt=\"Ana Dufour\" \/>\n                                                <\/div>\n                                                <div class=\"profile-details-sec\">\n                                                    <h3 role=\"heading\" aria-level=\"3\" class=\"profile-title-para\">\n                                                        Ana Dufour                                                    <\/h3>\n                                                    <div class=\"role-sec\">\n                                                        <p>\n                                                            <span class=\"profile-main visible\">\n                                                                Recursos Humanos                                                            <\/span>\n                                                        <\/p>\n                                                        <div class=\"profile-dec-sec hidden\">\n                                                            <p class=\"profile-role-desc\">\n                                                                                                                            <\/p>\n                                                        <\/div>\n                                                    <\/div>\n                                                <\/div>\n                                                \n\n                                        <\/div>\n\n                                <\/div>\n                            <\/div>\n                                            <div class=\"col-lg-4 col-md-6 col-sm-12\">\n                                <div class=\"profile-regular-card\">\n\n                                        <div class=\"profile-regular-card-inner\">\n                                                \n                                            \n                                                <div class=\"profile-card-img\">\n                                                    <img decoding=\"async\" src=\"https:\/\/www.ipsen.com\/spain\/wp-content\/uploads\/sites\/17\/2024\/10\/Loreto-Gonzalez1-1.jpg\" alt=\"Loreto Gonz\u00e1lez\" \/>\n                                                <\/div>\n                                                <div class=\"profile-details-sec\">\n                                                    <h3 role=\"heading\" aria-level=\"3\" class=\"profile-title-para\">\n                                                        Loreto Gonz\u00e1lez                                                    <\/h3>\n                                                    <div class=\"role-sec\">\n                                                        <p>\n                                                            <span class=\"profile-main visible\">\n                                                                Comunicaci\u00f3n, Sostenibilidad y Pacientes                                                            <\/span>\n                                                        <\/p>\n                                                        <div class=\"profile-dec-sec hidden\">\n                                                            <p class=\"profile-role-desc\">\n                                                                                                                            <\/p>\n                                                        <\/div>\n                                                    <\/div>\n                                                <\/div>\n                                                \n\n                                        <\/div>\n\n                                <\/div>\n                            <\/div>\n                                            <div class=\"col-lg-4 col-md-6 col-sm-12\">\n                                <div class=\"profile-regular-card\">\n\n                                        <div class=\"profile-regular-card-inner\">\n                                                \n                                            \n                                                <div class=\"profile-card-img\">\n                                                    <img decoding=\"async\" src=\"https:\/\/www.ipsen.com\/spain\/wp-content\/uploads\/sites\/17\/2024\/10\/Magaux-Guillou_756x506.jpg\" alt=\"Margaux Guillou\" \/>\n                                                <\/div>\n                                                <div class=\"profile-details-sec\">\n                                                    <h3 role=\"heading\" aria-level=\"3\" class=\"profile-title-para\">\n                                                        Margaux Guillou                                                    <\/h3>\n                                                    <div class=\"role-sec\">\n                                                        <p>\n                                                            <span class=\"profile-main visible\">\n                                                                Finanzas                                                            <\/span>\n                                                        <\/p>\n                                                        <div class=\"profile-dec-sec hidden\">\n                                                            <p class=\"profile-role-desc\">\n                                                                                                                            <\/p>\n                                                        <\/div>\n                                                    <\/div>\n                                                <\/div>\n                                                \n\n                                        <\/div>\n\n                                <\/div>\n                            <\/div>\n                                            <div class=\"col-lg-4 col-md-6 col-sm-12\">\n                                <div class=\"profile-regular-card\">\n\n                                        <div class=\"profile-regular-card-inner\">\n                                                \n                                            \n                                                <div class=\"profile-card-img\">\n                                                    <img decoding=\"async\" src=\"https:\/\/www.ipsen.com\/spain\/wp-content\/uploads\/sites\/17\/2024\/10\/Carlos-Martinez_756x506.jpg\" alt=\"Carlos Mart\u00ednez\" \/>\n                                                <\/div>\n                                                <div class=\"profile-details-sec\">\n                                                    <h3 role=\"heading\" aria-level=\"3\" class=\"profile-title-para\">\n                                                        Carlos Mart\u00ednez                                                    <\/h3>\n                                                    <div class=\"role-sec\">\n                                                        <p>\n                                                            <span class=\"profile-main visible\">\n                                                                Unidad de negocio de oncolog\u00eda                                                            <\/span>\n                                                        <\/p>\n                                                        <div class=\"profile-dec-sec hidden\">\n                                                            <p class=\"profile-role-desc\">\n                                                                                                                            <\/p>\n                                                        <\/div>\n                                                    <\/div>\n                                                <\/div>\n                                                \n\n                                        <\/div>\n\n                                <\/div>\n                            <\/div>\n                                            <div class=\"col-lg-4 col-md-6 col-sm-12\">\n                                <div class=\"profile-regular-card\">\n\n                                        <div class=\"profile-regular-card-inner\">\n                                                \n                                            \n                                                <div class=\"profile-card-img\">\n                                                    <img decoding=\"async\" src=\"https:\/\/www.ipsen.com\/spain\/wp-content\/uploads\/sites\/17\/2024\/10\/Pablo-Moreno_756x506.jpg\" alt=\"Pablo Moreno\" \/>\n                                                <\/div>\n                                                <div class=\"profile-details-sec\">\n                                                    <h3 role=\"heading\" aria-level=\"3\" class=\"profile-title-para\">\n                                                        Pablo Moreno                                                    <\/h3>\n                                                    <div class=\"role-sec\">\n                                                        <p>\n                                                            <span class=\"profile-main visible\">\n                                                                Commercial Excellence                                                            <\/span>\n                                                        <\/p>\n                                                        <div class=\"profile-dec-sec hidden\">\n                                                            <p class=\"profile-role-desc\">\n                                                                                                                            <\/p>\n                                                        <\/div>\n                                                    <\/div>\n                                                <\/div>\n                                                \n\n                                        <\/div>\n\n                                <\/div>\n                            <\/div>\n                                            <div class=\"col-lg-4 col-md-6 col-sm-12\">\n                                <div class=\"profile-regular-card\">\n\n                                        <div class=\"profile-regular-card-inner\">\n                                                \n                                            \n                                                <div class=\"profile-card-img\">\n                                                    <img decoding=\"async\" src=\"https:\/\/www.ipsen.com\/spain\/wp-content\/uploads\/sites\/17\/2025\/01\/Lucia-R.jpg\" alt=\"Luc\u00eda Regadera\" \/>\n                                                <\/div>\n                                                <div class=\"profile-details-sec\">\n                                                    <h3 role=\"heading\" aria-level=\"3\" class=\"profile-title-para\">\n                                                        Luc\u00eda Regadera                                                    <\/h3>\n                                                    <div class=\"role-sec\">\n                                                        <p>\n                                                            <span class=\"profile-main visible\">\n                                                                Directora M\u00e9dica y de Asuntos Regulatorios                                                            <\/span>\n                                                        <\/p>\n                                                        <div class=\"profile-dec-sec hidden\">\n                                                            <p class=\"profile-role-desc\">\n                                                                                                                            <\/p>\n                                                        <\/div>\n                                                    <\/div>\n                                                <\/div>\n                                                \n\n                                        <\/div>\n\n                                <\/div>\n                            <\/div>\n                                            <div class=\"col-lg-4 col-md-6 col-sm-12\">\n                                <div class=\"profile-regular-card\">\n\n                                        <div class=\"profile-regular-card-inner\">\n                                                \n                                            \n                                                <div class=\"profile-card-img\">\n                                                    <img decoding=\"async\" src=\"https:\/\/www.ipsen.com\/spain\/wp-content\/uploads\/sites\/17\/2024\/10\/Olga-Sanz_756x506.jpg\" alt=\"Olga Sanz\" \/>\n                                                <\/div>\n                                                <div class=\"profile-details-sec\">\n                                                    <h3 role=\"heading\" aria-level=\"3\" class=\"profile-title-para\">\n                                                        Olga Sanz                                                    <\/h3>\n                                                    <div class=\"role-sec\">\n                                                        <p>\n                                                            <span class=\"profile-main visible\">\n                                                                Business Ethics                                                            <\/span>\n                                                        <\/p>\n                                                        <div class=\"profile-dec-sec hidden\">\n                                                            <p class=\"profile-role-desc\">\n                                                                                                                            <\/p>\n                                                        <\/div>\n                                                    <\/div>\n                                                <\/div>\n                                                \n\n                                        <\/div>\n\n                                <\/div>\n                            <\/div>\n                                            <div class=\"col-lg-4 col-md-6 col-sm-12\">\n                                <div class=\"profile-regular-card\">\n\n                                        <div class=\"profile-regular-card-inner\">\n                                                                                            <a href=\"https:\/\/www.ipsen.com\/spain\/leadership\/montse-tomillero\/\">\n                                                \n                                            \n                                                <div class=\"profile-card-img\">\n                                                    <img decoding=\"async\" src=\"https:\/\/www.ipsen.com\/spain\/wp-content\/uploads\/sites\/17\/2025\/11\/MT2a.jpg\" alt=\"Montse Tomillero\" \/>\n                                                <\/div>\n                                                <div class=\"profile-details-sec\">\n                                                    <h3 role=\"heading\" aria-level=\"3\" class=\"profile-title-para\">\n                                                        Montse Tomillero                                                    <\/h3>\n                                                    <div class=\"role-sec\">\n                                                        <p>\n                                                            <span class=\"profile-main visible\">\n                                                                Market Access y Public Affairs                                                            <\/span>\n                                                        <\/p>\n                                                        <div class=\"profile-dec-sec hidden\">\n                                                            <p class=\"profile-role-desc\">\n                                                                                                                            <\/p>\n                                                        <\/div>\n                                                    <\/div>\n                                                <\/div>\n                                                                                            <\/a>\n                                                \n\n                                        <\/div>\n\n                                <\/div>\n                            <\/div>\n                                            <div class=\"col-lg-4 col-md-6 col-sm-12\">\n                                <div class=\"profile-regular-card\">\n\n                                        <div class=\"profile-regular-card-inner\">\n                                                \n                                            \n                                                <div class=\"profile-card-img\">\n                                                    <img decoding=\"async\" src=\"https:\/\/www.ipsen.com\/spain\/wp-content\/uploads\/sites\/17\/2024\/10\/Felipe-Villasevil1-1.jpg\" alt=\"Felipe Villasevil\" \/>\n                                                <\/div>\n                                                <div class=\"profile-details-sec\">\n                                                    <h3 role=\"heading\" aria-level=\"3\" class=\"profile-title-para\">\n                                                        Felipe Villasevil                                                    <\/h3>\n                                                    <div class=\"role-sec\">\n                                                        <p>\n                                                            <span class=\"profile-main visible\">\n                                                                Legal                                                            <\/span>\n                                                        <\/p>\n                                                        <div class=\"profile-dec-sec hidden\">\n                                                            <p class=\"profile-role-desc\">\n                                                                                                                            <\/p>\n                                                        <\/div>\n                                                    <\/div>\n                                                <\/div>\n                                                \n\n                                        <\/div>\n\n                                <\/div>\n                            <\/div>\n                \n            <\/div>\n        <\/div>\n    <\/div>\n<\/div>        <\/section>\n    <\/div>\n\n","protected":false},"excerpt":{"rendered":"","protected":false},"author":2,"featured_media":0,"parent":0,"menu_order":0,"comment_status":"closed","ping_status":"closed","template":"","meta":{"_acf_changed":false,"footnotes":""},"class_list":["post-34","page","type-page","status-publish","hentry","entry"],"acf":[],"yoast_head":"<!-- This site is optimized with the Yoast SEO plugin v26.8 - https:\/\/yoast.com\/product\/yoast-seo-wordpress\/ -->\n<title>Equipo de direcci\u00f3n de Ipsen Espa\u00f1a<\/title>\n<meta name=\"description\" content=\"Conocer al equipo de direcci\u00f3n de Ipsen Espa\u00f1a\" \/>\n<meta name=\"robots\" content=\"index, follow, max-snippet:-1, max-image-preview:large, max-video-preview:-1\" \/>\n<link rel=\"canonical\" href=\"https:\/\/www.ipsen.com\/spain\/equipo-de-direccion\/\" \/>\n<meta property=\"og:locale\" content=\"es_ES\" \/>\n<meta property=\"og:type\" content=\"article\" \/>\n<meta property=\"og:title\" content=\"Equipo de direcci\u00f3n de Ipsen Espa\u00f1a\" \/>\n<meta property=\"og:description\" content=\"Conocer al equipo de direcci\u00f3n de Ipsen Espa\u00f1a\" \/>\n<meta property=\"og:url\" content=\"https:\/\/www.ipsen.com\/spain\/equipo-de-direccion\/\" \/>\n<meta property=\"og:site_name\" content=\"Spain\" \/>\n<meta property=\"article:modified_time\" content=\"2025-11-04T07:18:28+00:00\" \/>\n<meta name=\"twitter:card\" content=\"summary_large_image\" \/>\n<script type=\"application\/ld+json\" class=\"yoast-schema-graph\">{\"@context\":\"https:\/\/schema.org\",\"@graph\":[{\"@type\":\"WebPage\",\"@id\":\"https:\/\/www.ipsen.com\/spain\/equipo-de-direccion\/\",\"url\":\"https:\/\/www.ipsen.com\/spain\/equipo-de-direccion\/\",\"name\":\"Equipo de direcci\u00f3n de Ipsen Espa\u00f1a\",\"isPartOf\":{\"@id\":\"https:\/\/www.ipsen.com\/spain\/#website\"},\"datePublished\":\"2024-07-23T05:43:29+00:00\",\"dateModified\":\"2025-11-04T07:18:28+00:00\",\"description\":\"Conocer al equipo de direcci\u00f3n de Ipsen Espa\u00f1a\",\"breadcrumb\":{\"@id\":\"https:\/\/www.ipsen.com\/spain\/equipo-de-direccion\/#breadcrumb\"},\"inLanguage\":\"es-ES\",\"potentialAction\":[{\"@type\":\"ReadAction\",\"target\":[\"https:\/\/www.ipsen.com\/spain\/equipo-de-direccion\/\"]}]},{\"@type\":\"BreadcrumbList\",\"@id\":\"https:\/\/www.ipsen.com\/spain\/equipo-de-direccion\/#breadcrumb\",\"itemListElement\":[{\"@type\":\"ListItem\",\"position\":1,\"name\":\"Home\",\"item\":\"https:\/\/www.ipsen.com\/spain\/\"},{\"@type\":\"ListItem\",\"position\":2,\"name\":\"Equipo de direcci\u00f3n\"}]},{\"@type\":\"WebSite\",\"@id\":\"https:\/\/www.ipsen.com\/spain\/#website\",\"url\":\"https:\/\/www.ipsen.com\/spain\/\",\"name\":\"Spain\",\"description\":\"\",\"publisher\":{\"@id\":\"https:\/\/www.ipsen.com\/spain\/#organization\"},\"potentialAction\":[{\"@type\":\"SearchAction\",\"target\":{\"@type\":\"EntryPoint\",\"urlTemplate\":\"https:\/\/www.ipsen.com\/spain\/?s={search_term_string}\"},\"query-input\":{\"@type\":\"PropertyValueSpecification\",\"valueRequired\":true,\"valueName\":\"search_term_string\"}}],\"inLanguage\":\"es-ES\"},{\"@type\":\"Organization\",\"@id\":\"https:\/\/www.ipsen.com\/spain\/#organization\",\"name\":\"Spain\",\"url\":\"https:\/\/www.ipsen.com\/spain\/\",\"logo\":{\"@type\":\"ImageObject\",\"inLanguage\":\"es-ES\",\"@id\":\"https:\/\/www.ipsen.com\/spain\/#\/schema\/logo\/image\/\",\"url\":\"https:\/\/www.ipsen.com\/spain\/wp-content\/uploads\/sites\/17\/2024\/06\/Logo-Ipsen-new.svg\",\"contentUrl\":\"https:\/\/www.ipsen.com\/spain\/wp-content\/uploads\/sites\/17\/2024\/06\/Logo-Ipsen-new.svg\",\"caption\":\"Spain\"},\"image\":{\"@id\":\"https:\/\/www.ipsen.com\/spain\/#\/schema\/logo\/image\/\"}}]}<\/script>\n<!-- \/ Yoast SEO plugin. -->","yoast_head_json":{"title":"Equipo de direcci\u00f3n de Ipsen Espa\u00f1a","description":"Conocer al equipo de direcci\u00f3n de Ipsen Espa\u00f1a","robots":{"index":"index","follow":"follow","max-snippet":"max-snippet:-1","max-image-preview":"max-image-preview:large","max-video-preview":"max-video-preview:-1"},"canonical":"https:\/\/www.ipsen.com\/spain\/equipo-de-direccion\/","og_locale":"es_ES","og_type":"article","og_title":"Equipo de direcci\u00f3n de Ipsen Espa\u00f1a","og_description":"Conocer al equipo de direcci\u00f3n de Ipsen Espa\u00f1a","og_url":"https:\/\/www.ipsen.com\/spain\/equipo-de-direccion\/","og_site_name":"Spain","article_modified_time":"2025-11-04T07:18:28+00:00","twitter_card":"summary_large_image","schema":{"@context":"https:\/\/schema.org","@graph":[{"@type":"WebPage","@id":"https:\/\/www.ipsen.com\/spain\/equipo-de-direccion\/","url":"https:\/\/www.ipsen.com\/spain\/equipo-de-direccion\/","name":"Equipo de direcci\u00f3n de Ipsen Espa\u00f1a","isPartOf":{"@id":"https:\/\/www.ipsen.com\/spain\/#website"},"datePublished":"2024-07-23T05:43:29+00:00","dateModified":"2025-11-04T07:18:28+00:00","description":"Conocer al equipo de direcci\u00f3n de Ipsen Espa\u00f1a","breadcrumb":{"@id":"https:\/\/www.ipsen.com\/spain\/equipo-de-direccion\/#breadcrumb"},"inLanguage":"es-ES","potentialAction":[{"@type":"ReadAction","target":["https:\/\/www.ipsen.com\/spain\/equipo-de-direccion\/"]}]},{"@type":"BreadcrumbList","@id":"https:\/\/www.ipsen.com\/spain\/equipo-de-direccion\/#breadcrumb","itemListElement":[{"@type":"ListItem","position":1,"name":"Home","item":"https:\/\/www.ipsen.com\/spain\/"},{"@type":"ListItem","position":2,"name":"Equipo de direcci\u00f3n"}]},{"@type":"WebSite","@id":"https:\/\/www.ipsen.com\/spain\/#website","url":"https:\/\/www.ipsen.com\/spain\/","name":"Spain","description":"","publisher":{"@id":"https:\/\/www.ipsen.com\/spain\/#organization"},"potentialAction":[{"@type":"SearchAction","target":{"@type":"EntryPoint","urlTemplate":"https:\/\/www.ipsen.com\/spain\/?s={search_term_string}"},"query-input":{"@type":"PropertyValueSpecification","valueRequired":true,"valueName":"search_term_string"}}],"inLanguage":"es-ES"},{"@type":"Organization","@id":"https:\/\/www.ipsen.com\/spain\/#organization","name":"Spain","url":"https:\/\/www.ipsen.com\/spain\/","logo":{"@type":"ImageObject","inLanguage":"es-ES","@id":"https:\/\/www.ipsen.com\/spain\/#\/schema\/logo\/image\/","url":"https:\/\/www.ipsen.com\/spain\/wp-content\/uploads\/sites\/17\/2024\/06\/Logo-Ipsen-new.svg","contentUrl":"https:\/\/www.ipsen.com\/spain\/wp-content\/uploads\/sites\/17\/2024\/06\/Logo-Ipsen-new.svg","caption":"Spain"},"image":{"@id":"https:\/\/www.ipsen.com\/spain\/#\/schema\/logo\/image\/"}}]}},"parsely":{"version":"1.1.0","canonical_url":"https:\/\/ipsen.com\/spain\/equipo-de-direccion\/","smart_links":{"inbound":0,"outbound":0},"traffic_boost_suggestions_count":0,"meta":{"@context":"https:\/\/schema.org","@type":"WebPage","headline":"Equipo de direcci\u00f3n","url":"http:\/\/www.ipsen.com\/spain\/equipo-de-direccion\/","mainEntityOfPage":{"@type":"WebPage","@id":"http:\/\/www.ipsen.com\/spain\/equipo-de-direccion\/"},"thumbnailUrl":"","image":{"@type":"ImageObject","url":""},"articleSection":"Sin categorizar","author":[{"@type":"Person","name":"navya"}],"creator":["navya"],"publisher":{"@type":"Organization","name":"Spain","logo":""},"keywords":[],"dateCreated":"2024-07-23T05:43:29Z","datePublished":"2024-07-23T05:43:29Z","dateModified":"2025-11-04T07:18:28Z"},"rendered":"<script type=\"application\/ld+json\" class=\"wp-parsely-metadata\">{\"@context\":\"https:\\\/\\\/schema.org\",\"@type\":\"WebPage\",\"headline\":\"Equipo de direcci\\u00f3n\",\"url\":\"http:\\\/\\\/www.ipsen.com\\\/spain\\\/equipo-de-direccion\\\/\",\"mainEntityOfPage\":{\"@type\":\"WebPage\",\"@id\":\"http:\\\/\\\/www.ipsen.com\\\/spain\\\/equipo-de-direccion\\\/\"},\"thumbnailUrl\":\"\",\"image\":{\"@type\":\"ImageObject\",\"url\":\"\"},\"articleSection\":\"Sin categorizar\",\"author\":[{\"@type\":\"Person\",\"name\":\"navya\"}],\"creator\":[\"navya\"],\"publisher\":{\"@type\":\"Organization\",\"name\":\"Spain\",\"logo\":\"\"},\"keywords\":[],\"dateCreated\":\"2024-07-23T05:43:29Z\",\"datePublished\":\"2024-07-23T05:43:29Z\",\"dateModified\":\"2025-11-04T07:18:28Z\"}<\/script>","tracker_url":"https:\/\/cdn.parsely.com\/keys\/ipsen.com\/p.js"},"jetpack_sharing_enabled":true,"_links":{"self":[{"href":"https:\/\/www.ipsen.com\/spain\/wp-json\/wp\/v2\/pages\/34","targetHints":{"allow":["GET"]}}],"collection":[{"href":"https:\/\/www.ipsen.com\/spain\/wp-json\/wp\/v2\/pages"}],"about":[{"href":"https:\/\/www.ipsen.com\/spain\/wp-json\/wp\/v2\/types\/page"}],"author":[{"embeddable":true,"href":"https:\/\/www.ipsen.com\/spain\/wp-json\/wp\/v2\/users\/2"}],"replies":[{"embeddable":true,"href":"https:\/\/www.ipsen.com\/spain\/wp-json\/wp\/v2\/comments?post=34"}],"version-history":[{"count":11,"href":"https:\/\/www.ipsen.com\/spain\/wp-json\/wp\/v2\/pages\/34\/revisions"}],"predecessor-version":[{"id":3636,"href":"https:\/\/www.ipsen.com\/spain\/wp-json\/wp\/v2\/pages\/34\/revisions\/3636"}],"wp:attachment":[{"href":"https:\/\/www.ipsen.com\/spain\/wp-json\/wp\/v2\/media?parent=34"}],"curies":[{"name":"wp","href":"https:\/\/api.w.org\/{rel}","templated":true}]}}