{"id":57,"date":"2023-11-28T07:10:49","date_gmt":"2023-11-28T05:10:49","guid":{"rendered":"https:\/\/www.ipsen.com\/de\/?page_id=57"},"modified":"2026-01-28T16:26:42","modified_gmt":"2026-01-28T14:26:42","slug":"verantwortung","status":"publish","type":"page","link":"https:\/\/www.ipsen.com\/germany\/verantwortung\/","title":{"rendered":"Unsere Verantwortung"},"content":{"rendered":"    <section class=\"sub-page-banner bg-img-enabled  banner-no-filter\" style=\"background-image:url(https:\/\/www.ipsen.com\/germany\/wp-content\/uploads\/sites\/6\/2025\/07\/Sustainability-Page-Banner.jpg)\">\n                <div class=\"container content-sec\">\n            <nav aria-label=\"breadcrumb\">\n            <ol class=\"breadcrumb\">\n                <li class=\"breadcrumb-item\"><a href=\"https:\/\/www.ipsen.com\/germany\">Home<\/a><\/li><li class=\"breadcrumb-item active\"><a class=\"link-pointer-events-none\" href=\"#\" aria-current=\"page\">Unsere Verantwortung<\/a><\/li><\/ol>\n            <\/nav>            <h1 class=\"visible banner-font-color-white\">Unsere Verantwortung<\/h1>\n            <p class=\"visible banner-font-color-white\">Bei Ipsen leben wir eine Kultur der Verantwortung, die alle Bereiche unseres Unternehmens einschlie\u00dft. <\/p>\n        <\/div>\n    <\/section>\n\n\n\n\t<!-- Hero Carousel Start Here-->\n\t<section class=\"hero-section no-filter\">\n\t\t<div class=\"hero_gridwidth container\"><!-- container class shown if gridlayout choosen -->\n\t\t\t<div id=\"heroCarousel\" class=\"carousel slide herocaro hero-banner-no-bg-image\" data-bs-ride=\"carousel\" data-enableplaybtn=\"\" data-autoplay= \"\"  data-autospeed= \"\" >\n\t\t\t\t<!-- Slider Indicator-->\n\t\t\t\t<div class=\"carousel-indicators hidden\">\n\t\t\t\t<button type=\"button\" data-bs-target=\"#heroCarousel\" data-bs-slide-to=\"0\" class=\"active\" aria-current=\"true\" aria-label=\"Slide 0\"><\/button>\t\t\t\t<\/div>\n\t\t\t\t<!-- Items -->\n\t\t\t\t<div class=\"carousel-inner\">\n\t\t\t\t\t\t\n\t\t\t\t\t\t<!-- Hero Banner with carousel HTML -->\n\t\t\t\t\t\t<div class=\"carousel-item active banner-no-filter\">\n\n\t\t\t\t\t\t\t\t\t\t\t\t\t\t\t<img decoding=\"async\" class=\"bd-placeholder-img visible\" alt=\"\" width=\"100%\" height=\"100%\" src=\"https:\/\/www.ipsen.com\/germany\/wp-content\/uploads\/sites\/6\/2025\/07\/Light-Hero-Banner.jpg\" \/> \n\t\t\t\t\t\t\t\n\t\t\t\t\t\t\t\t\n\n\t\t\t\t\t\t\t<div class=\"container align-left\">\n\t\t\t\t\t\t\t\t<div class=\"carousel-caption\">\n\t\t\t\t\t\t\t\t\t<h2 class=\"visible text-start heading-two banner-font-color-blue\">\n\t\t\t\t\t\t\t\t\t\tGesunde Perspektiven f\u00fcr eine gesunde Zukunft \t\t\t\t\t\t\t\t\t<\/h2>\n\t\t\t\t\t\t\t\t\t<div class=\"hidden text-start banner-font-color-blue\"><\/div>\n\t\t\t\t\t\t\t\t\t\n\t\t\t\t\t\t\t\t\t\t\t\t\t\t\t\t\t\t\n\t\t\t\t\t\t\t\t<\/div>\n\t\t\t\t\t\t\t<\/div>\n\t\t\t\t\t\t<\/div>\n\n\t\t\t\t\t\t\t\t\t<\/div>\n\t\t\t\t\n\t\t\t\t\n\t\t\t<\/div>\n\t\t<\/div>\n\t<\/section>\n\t<!-- Hero Carousel End Here-->\n  \n\n    <section class=\"title-text \">\n        <div class=\"container\">\n            <div class=\"title-text-inner\" style=\"background-color:#EDEBE4;\">\n\n                <!-- If heading is enabled then it's visible -->\n                <div class=\"text-head-dash visible\">\n                <h3 class=\"heading-three\" role=\"heading\" aria-level=\"2\">\n                        Generation Ipsen                     <\/h3>\n                <\/div>\n               \n                <!-- If description is enabled then it's visible -->\n                <div class=\"text-parbase visible\">\n                    <p>Wir bei Ipsen wollen die medizinische Versorgung schwerkranker Menschen verbessern und unsere Gesellschaft sowie die Umwelt, in der wir leben, positiv ver\u00e4ndern. Wir sind davon \u00fcberzeugt, dass ein gesundes Lebensumfeld ein entscheidender Faktor f\u00fcr die Gesundheit und Lebensqualit\u00e4t von allen Menschen ist. Unsere Kultur und unser unternehmerisches Handeln sind auch in Deutschland gepr\u00e4gt von nachhaltigem Wirtschaften und gesellschaftlichem Engagement. Besonders im Fokus stehen dabei die schwerkranken Menschen, unsere Mitarbeitenden, unsere Umwelt sowie die ethischen Grunds\u00e4tze f\u00fcr die Steuerung unseres Unternehmens.<\/p>\n                <\/div>\n\n                <!-- If button is enabled then it's visible -->\n                \n            <\/div>\n        <\/div>\n    <\/section>\n\n\n<!-- Text & Media Block Code -->\n<section class=\"two-col-section text-media-section\">\n    <div class=\"container two-section-innner \">\n        <div class=\"response-inner\" style=\"background-image: url('')\">\n            <div class=\"row \">\n                <div class=\"col-xs-12 col-sm-12 col-md-6\">\n                                                    <div class=\"img-video-section\">\n                                <img decoding=\"async\" \n                                    src=\"https:\/\/www.ipsen.com\/germany\/wp-content\/uploads\/sites\/6\/2025\/07\/Module-1-\u2013-banner_Patients_Generation-Ipsen-Patients.jpg\" \n                                    alt=\"\" \n                                >\n                            <\/div>\n                                        <\/div>\n                <div class=\" col-xs-12 col-sm-12 col-md-6\">\n                    <div class=\"section-content\">\n                        <div class=\"heading-dash\">\n                                                            <span class=\"dash\"><\/span>\n                                <h4 class=\"heading-para heading-four\" role=\"heading\" aria-level=\"2\">\n                                    Patientinnen und Patienten                                 <\/h4>\n                                                    <\/div>\n                                                    <p class=\"section-head-two heading-para\" role=\"heading\" aria-level=\"3\">\n                                    F\u00fcr eine bessere medizinische Versorgung schwerkranker Menschen                                 <\/p>\n                                                <p>Die Gesundheit und die bestm\u00f6gliche medizinische Versorgung von schwerkranken Menschen mit innovativen Therapien steht jeden Tag auf\u2019s Neue im Zentrum unseres Handelns. Unser Ziel ist es, ihre medizinischen Bed\u00fcrfnisse und die Herausforderungen ihrer Erkrankungen so gut wie m\u00f6glich zu verstehen, damit wir ihnen lebensverbessernde Behandlungsoptionen zur Verf\u00fcgung stellen k\u00f6nnen. In unseren drei Therapiegebieten Onkologie, seltene Krankheiten und Neurologie treiben wir konsequent Innovationen voran und erm\u00f6glichen schwerkranken Menschen den Zugang zu der f\u00fcr sie besten medizinischen Versorgung.<\/p>\n                            <a \n                            aria-label=\"Mehr erfahren  about Patientinnen und Patienten \"  \n                                role=\"link\" \n                                class=\"btn-link section-btn cta-visible\"\n                                href=\"\/germany\/patienten\/\" \n                                target=\"_self\"\n                            > \n                                Mehr erfahren  \n                            <\/a>\n\n                    <\/div>\n                <\/div>\n            <\/div>\n        <\/div>\n    <\/div>\n<\/section>\n\n<!-- Text & Media Block Code -->\n<section class=\"two-col-section text-media-section\">\n    <div class=\"container two-section-innner section-reverse\">\n        <div class=\"response-inner\" style=\"background-image: url('')\">\n            <div class=\"row section-reverse\">\n                <div class=\"col-xs-12 col-sm-12 col-md-6\">\n                                                    <div class=\"img-video-section\">\n                                <img decoding=\"async\" \n                                    src=\"https:\/\/www.ipsen.com\/germany\/wp-content\/uploads\/sites\/6\/2023\/12\/Group-Photo_700x420.jpg\" \n                                    alt=\"\" \n                                >\n                            <\/div>\n                                        <\/div>\n                <div class=\" col-xs-12 col-sm-12 col-md-6\">\n                    <div class=\"section-content\">\n                        <div class=\"heading-dash\">\n                                                            <span class=\"dash\"><\/span>\n                                <h4 class=\"heading-para heading-four\" role=\"heading\" aria-level=\"2\">\n                                    Mitarbeiter*innen                                  <\/h4>\n                                                    <\/div>\n                                                    <p class=\"section-head-two heading-para\" role=\"heading\" aria-level=\"3\">\n                                    Mit Herzblut f\u00fcr die Anliegen schwerkranker Menschen                                  <\/p>\n                                                <p>Bei Ipsen setzen sich engagierte Menschen Tag f\u00fcr Tag leidenschaftlich daf\u00fcr ein, dass schwerkranke Menschen eine bessere medizinische Versorgung erhalten. Darauf sind wir stolz! Denn unsere Mitarbeiter*innen handeln verantwortlich f\u00fcreinander und f\u00fcr die Gesellschaft. Fairness und Respekt im Umgang mit anderen Menschen sind f\u00fcr uns das h\u00f6chste Gebot. Und wir arbeiten unerm\u00fcdlich daran, die die Zufriedenheit unserer Teams zu verbessernen.<\/p>\n                            <a \n                            aria-label=\"Mehr erfahren  about Mitarbeiter*innen  \"  \n                                role=\"link\" \n                                class=\"btn-link section-btn cta-visible\"\n                                href=\"\/germany\/arbeiten-bei-ipsen\/\" \n                                target=\"_self\"\n                            > \n                                Mehr erfahren  \n                            <\/a>\n\n                    <\/div>\n                <\/div>\n            <\/div>\n        <\/div>\n    <\/div>\n<\/section>\n\n<!-- Text & Media Block Code -->\n<section class=\"two-col-section text-media-section\">\n    <div class=\"container two-section-innner \">\n        <div class=\"response-inner\" style=\"background-image: url('')\">\n            <div class=\"row \">\n                <div class=\"col-xs-12 col-sm-12 col-md-6\">\n                                                    <div class=\"img-video-section\">\n                                <img decoding=\"async\" \n                                    src=\"https:\/\/www.ipsen.com\/germany\/wp-content\/uploads\/sites\/6\/2025\/07\/Module-5-\u2013-Environment_Gen-Ipsen-Environment-copy.jpg\" \n                                    alt=\"\" \n                                >\n                            <\/div>\n                                        <\/div>\n                <div class=\" col-xs-12 col-sm-12 col-md-6\">\n                    <div class=\"section-content\">\n                        <div class=\"heading-dash\">\n                                                            <span class=\"dash\"><\/span>\n                                <h4 class=\"heading-para heading-four\" role=\"heading\" aria-level=\"2\">\n                                    Umwelt                                 <\/h4>\n                                                    <\/div>\n                                                    <p class=\"section-head-two heading-para\" role=\"heading\" aria-level=\"3\">\n                                    Unser Beitrag zu einem lebenswerten Planeten                                  <\/p>\n                                                <p>Der Klimawandel ist die gr\u00f6\u00dfte Herausforderung f\u00fcr unsere Generation. Wir bei Ipsen haben uns verpflichtet, unseren Teil zu einer intakteren Umwelt beizutragen und so eine nachhaltigere Zukunft f\u00fcr alle Menschen zu gestalten. Bei der Entwicklung unserer Arzneimittel f\u00fcr die medizinische Versorgung schwerkranker Menschen setzen wir aktiven Klimaschutz um.<\/p>\n                            <a \n                            aria-label=\" about Umwelt \"  \n                                role=\"link\" \n                                class=\"btn-link hidden\"\n                                href=\"\" \n                                target=\"_self\"\n                            > \n                                 \n                            <\/a>\n\n                    <\/div>\n                <\/div>\n            <\/div>\n        <\/div>\n    <\/div>\n<\/section>\n\n<!-- Text & Media Block Code -->\n<section class=\"two-col-section text-media-section\">\n    <div class=\"container two-section-innner section-reverse\">\n        <div class=\"response-inner\" style=\"background-image: url('')\">\n            <div class=\"row section-reverse\">\n                <div class=\"col-xs-12 col-sm-12 col-md-6\">\n                                                    <div class=\"img-video-section\">\n                                <img decoding=\"async\" \n                                    src=\"https:\/\/www.ipsen.com\/germany\/wp-content\/uploads\/sites\/6\/2025\/07\/Module-9-\u2013-Responsibility_Generation-Ipsen-Governance_04.jpg\" \n                                    alt=\"\" \n                                >\n                            <\/div>\n                                        <\/div>\n                <div class=\" col-xs-12 col-sm-12 col-md-6\">\n                    <div class=\"section-content\">\n                        <div class=\"heading-dash\">\n                                                            <span class=\"dash\"><\/span>\n                                <h4 class=\"heading-para heading-four\" role=\"heading\" aria-level=\"2\">\n                                    Integrit\u00e4t und Transparenz                                 <\/h4>\n                                                    <\/div>\n                                                    <p class=\"section-head-two heading-para\" role=\"heading\" aria-level=\"3\">\n                                    Soziale Verantwortung                                  <\/p>\n                                                <p>Wir bei Ipsen verbessern nicht nur die medizinische Versorgung schwerkranker Menschen, sondern \u00fcbernehmen dar\u00fcber hinaus unternehmerische und gesellschaftliche Verantwortung. Daher verpflichten wir uns zur Einhaltung der in der Pharmabranche festgelegten Verhaltensregeln und sorgen bei den Partnerschaften, die wir mit verschiedenen Organisationen im Gesundheitswesen haben, f\u00fcr gr\u00f6\u00dftm\u00f6gliche Transparenz.<\/p>\n                            <a \n                            aria-label=\" about Integrit\u00e4t und Transparenz \"  \n                                role=\"link\" \n                                class=\"btn-link hidden\"\n                                href=\"\" \n                                target=\"_self\"\n                            > \n                                 \n                            <\/a>\n\n                    <\/div>\n                <\/div>\n            <\/div>\n        <\/div>\n    <\/div>\n<\/section>\n\n    <section class=\"title-text \">\n        <div class=\"container\">\n            <div class=\"title-text-inner\" style=\"background-color:#EDEBE4;\">\n\n                <!-- If heading is enabled then it's visible -->\n                <div class=\"text-head-dash visible\">\n                <h3 class=\"heading-three\" role=\"heading\" aria-level=\"2\">\n                        Ethik und Compliance                     <\/h3>\n                <\/div>\n               \n                <!-- If description is enabled then it's visible -->\n                <div class=\"text-parbase visible\">\n                    <p>Wir stellen sicher, dass bei Ipsen alle Entscheidungen unabh\u00e4ngig, im besten Interesse schwerkranker Menschen sowie in \u00dcbereinstimmung mit allen geltenden Gesetzen, Vorschriften, Branchenkodizes, Ipsen Richtlinien und dem Ipsen Code of Conduct getroffen werden. Das gilt f\u00fcr alle Unternehmensbereiche \u2013 von der Forschung und Entwicklung bis hin zum Marketing. So garantieren wir den von uns gef\u00f6rderten Institutionen v\u00f6llige Entscheidungsfreiheit beim Einsatz der bereitgestellten Mittel und legen unser Engagement gem\u00e4\u00df dem Verhaltenskodex des Vereins \u201eFreiwillige Selbstkontrolle der Arzneimittelhersteller e.V.\u201c (FSA) offen.<\/p>\n                <\/div>\n\n                <!-- If button is enabled then it's visible -->\n                \n            <\/div>\n        <\/div>\n    <\/section>\n\n\n\n    <!--Accordion Cards Start Here-->\n    <section class=\"accordion bg-color-disabled\"  data-according-id=\"984178182\">\n        <div class=\"container\">\n            <div class=\"row\">\n                <!--Accordion info section-->\n                <div class=\"column-1 col-xl-12 col-md-12 col-sm-12\">\n                    <div class=\"accordian-info\">\n                        <h3 class=\"accordian-heading visible heading-three\" role=\"heading\" aria-level=\"2\">\n                            Transparenz und Vertrauen                         <\/h3>\n                        <p class=\"accordian-summary visible\">Ipsen hat sich dazu verpflichtet, s\u00e4mtliche geldwerte Leistungen, die wir direkt oder indirekt zu Gunsten der Empf\u00e4nger an diese leisten, zu dokumentieren und ver\u00f6ffentlichen. Sie finden hier die Ver\u00f6ffentlichungsberichte der geldwerten Leistungen in Deutschland, \u00d6sterreich und der Schweiz. <\/p>\n                    <\/div>\n                <\/div><!--Accordion info section over here -->\n\n                <div class=\"col-xl-12 col-lg-12 col-md-12 col-sm-12\">\n                    <div class=\"accordion accor-group\" id=\"accordionExample984178182\">\n                         \n                                    <!-- Accordion with Expandable panel & FAQs -->\n                                    <div class=\"accordion-item accor-item\">\n                                        <p  role=\"heading\" aria-level=\"3\" class=\"accordion-header accor-head-para\" id=\"expHeading0\">\n                                            <button class=\"accordion-button accor-btn collapsed\" type=\"button\" data-bs-toggle=\"collapse\" data-bs-target=\"#expHeading9841781820\" aria-expanded=\"false\" aria-controls=\"expHeading9841781820\">\n                                                Ver\u00f6ffentlichungsbericht Deutschland                                             <\/button>\n                                        <\/p>\n                                        <div id=\"expHeading9841781820\" class=\"accordion-collapse collapse \" aria-labelledby=\"expHeading0\" data-bs-parent=\"#accordionExample984178182\">\n                                            <div class=\"accordion-body\">\n                                                <div class=\"accordion-data\">\n                                                    <p><p>Im Einklang mit den Bestimmungen des FSA-Transparenzkodex finden Sie hier die Ver\u00f6ffentlichungsberichte der geldwerten Leistungen ab dem\u202fBerichtsjahr 2018 sowie Hinweise zur Methodik, wie die Erfassung und Offenlegung der ver\u00f6ffentlichungspflichtigen Angaben nach dem FSA-Transparenzkodex durch unser Unternehmen erfolgt. In Zweifelsf\u00e4llen zur Ver\u00f6ffentlichungspflicht einer konkreten Zuwendung ver\u00f6ffentlichen wir die Zuwendung grunds\u00e4tzlich. Lediglich dann, wenn die geldwerte Zuwendung eindeutig nicht in den Anwendungsbereich der Ver\u00f6ffentlichungspflichten f\u00e4llt, sehen wir von einer Ver\u00f6ffentlichung ab.<\/p>\n<p>&nbsp;<\/p>\n<p>Hinweise zur Methodik sind nach folgendem Muster aufgebaut: Unter einer konkreten Fragestellung folgen gegebenenfalls Erl\u00e4uterungen oder Beispiele sowie konkrete Hinweise, in welcher Weise wir die Anforderungen des FSA-Transparenzkodex f\u00fcr das jeweilige Berichtsjahr umsetzen.<\/p>\n<p>&nbsp;<\/p>\n<p>Bei Fragen und Anmerkungen wenden Sie sich bitte schriftlich mit dem Formblatt \u201eKl\u00e4rung von Anfragen\u201c an uns.<\/p>\n<p>&nbsp;<\/p>\n<p><strong>Downloads<\/strong><\/p>\n<p><strong>2024<\/strong><\/p>\n<p><a href=\"https:\/\/www.ipsen.com\/germany\/wp-content\/uploads\/sites\/6\/2025\/06\/2024_DE_EFPIA_FSA_German-V.1.0.pdf\" target=\"_blank\" rel=\"noopener\"><strong>Report 2024 HCP\/HCO<\/strong><\/a><\/p>\n<p><a href=\"https:\/\/www.ipsen.com\/germany\/wp-content\/uploads\/sites\/6\/2025\/10\/DE_Methodological_Notes.pdf\" target=\"_blank\" rel=\"noopener\"><strong>Methodik 2024<\/strong><\/a><\/p>\n<p>&nbsp;<\/p>\n<p><strong>2023<\/strong><\/p>\n<p><strong><a href=\"https:\/\/www.ipsen.com\/germany\/wp-content\/uploads\/sites\/6\/2024\/07\/DE_EFPIA_FSA.pdf\" target=\"_blank\" rel=\"noopener\">Report 2023 HCP\/HCO<\/a><\/strong><\/p>\n<p><strong><a href=\"https:\/\/www.ipsen.com\/germany\/wp-content\/uploads\/sites\/6\/2024\/07\/DE_2023_Meth_Notes.docx\" target=\"_blank\" rel=\"noopener\">Methodik 2023<\/a><\/strong><\/p>\n<p>&nbsp;<\/p>\n<p><strong>2022<\/strong><\/p>\n<p><a href=\"https:\/\/www.ipsen.com\/germany\/wp-content\/uploads\/sites\/6\/2023\/12\/2022_Deutschland.pdf\" target=\"_blank\" rel=\"noopener\"><strong>Report 2022 HCP\/HCO<\/strong><\/a><\/p>\n<p><a href=\"https:\/\/www.ipsen.com\/germany\/wp-content\/uploads\/sites\/6\/2023\/12\/DE_2022_Meth_Notes.pdf\" target=\"_blank\" rel=\"noopener\"><strong>Methodik 2022<\/strong><\/a><\/p>\n<p>&nbsp;<\/p>\n<\/p>\n                                                    <div class=\"cta-block hidden\" >\n                                                                                                            <\/div>\n                                                <\/div>\n                                            <\/div>\n                                        <\/div>\n                                    <\/div>\n                             \n                                    <!-- Accordion with Expandable panel & FAQs -->\n                                    <div class=\"accordion-item accor-item\">\n                                        <p  role=\"heading\" aria-level=\"3\" class=\"accordion-header accor-head-para\" id=\"expHeading1\">\n                                            <button class=\"accordion-button accor-btn collapsed\" type=\"button\" data-bs-toggle=\"collapse\" data-bs-target=\"#expHeading9841781821\" aria-expanded=\"false\" aria-controls=\"expHeading9841781821\">\n                                                Ver\u00f6ffentlichungsbericht \u00d6sterreich                                             <\/button>\n                                        <\/p>\n                                        <div id=\"expHeading9841781821\" class=\"accordion-collapse collapse \" aria-labelledby=\"expHeading1\" data-bs-parent=\"#accordionExample984178182\">\n                                            <div class=\"accordion-body\">\n                                                <div class=\"accordion-data\">\n                                                    <p><p>Als Mitglied des Pharmig hat sich unser Unternehmen dazu verpflichtet, s\u00e4mtliche geldwerte Leistungen, die wir direkt oder indirekt zu Gunsten der Empf\u00e4nger an diese leisten, im Einklang mit den Bestimmungen des Pharmig-Verhaltenscodex zu dokumentieren und ver\u00f6ffentlichen.<\/p>\n<p>&nbsp;<\/p>\n<p>In dieser Rubrik finden Sie die Ver\u00f6ffentlichungsberichte der geldwerten Leistungen ab dem\u202fBerichtsjahr 2018 sowie Hinweise zur Methodik, wie die Erfassung und Offenlegung der ver\u00f6ffentlichungspflichtigen Angaben nach dem Pharmig-Verhaltenscodex durch unser Unternehmen erfolgt.<\/p>\n<p>&nbsp;<\/p>\n<p>In Zweifelsf\u00e4llen zur Ver\u00f6ffentlichungspflicht einer konkreten Zuwendung ver\u00f6ffentlichen wir die Zuwendung grunds\u00e4tzlich. Nur wenn die geldwerte Zuwendung eindeutig nicht in den Anwendungsbereich der Ver\u00f6ffentlichungspflichten f\u00e4llt, sehen wir von einer Ver\u00f6ffentlichung ab.<\/p>\n<p>&nbsp;<\/p>\n<p>Hinweise zur Methodik sind nach folgendem Muster aufgebaut: Unter einer konkreten Fragestellung folgen gegebenenfalls Erl\u00e4uterungen oder Beispiele sowie konkrete Hinweise, in welcher Weise wir die Anforderungen des Pharmig-Verhaltenscodex f\u00fcr das jeweilige Berichtsjahr umsetzen.<\/p>\n<p>&nbsp;<\/p>\n<p>Bei Fragen und Anmerkungen wenden Sie sich bitte schriftlich mit dem Formblatt \u201eKl\u00e4rung von Anfragen\u201c an uns.<\/p>\n<p>&nbsp;<\/p>\n<p><strong>Downloads<\/strong><\/p>\n<p>&nbsp;<\/p>\n<p><strong>2024<\/strong><\/p>\n<p><strong><a href=\"https:\/\/www.ipsen.com\/germany\/wp-content\/uploads\/sites\/6\/2025\/06\/2024_AUT_EFPIA_Pharmig_German-V.1.0.pdf\" target=\"_blank\" rel=\"noopener\">Report 2024 HCP\/HCO<\/a><\/strong><\/p>\n<p><strong><a href=\"https:\/\/www.ipsen.com\/germany\/wp-content\/uploads\/sites\/6\/2025\/06\/AT_Methodological_Note_Global_updated14February2025.pdf\" target=\"_blank\" rel=\"noopener\">Methodik 2024<\/a><\/strong><\/p>\n<p>&nbsp;<\/p>\n<p><strong>2023<\/strong><\/p>\n<p><strong><a href=\"https:\/\/www.ipsen.com\/germany\/wp-content\/uploads\/sites\/6\/2024\/07\/AUT_EFPIA_Pharmig_English.pdf\" target=\"_blank\" rel=\"noopener\">Report 2023 HCP\/ HCO<\/a><\/strong><\/p>\n<p><strong><a href=\"https:\/\/www.ipsen.com\/germany\/wp-content\/uploads\/sites\/6\/2024\/07\/AT_2023_Meth_Notes.docx\" target=\"_blank\" rel=\"noopener\">Methodik 2023<\/a><\/strong><\/p>\n<p>&nbsp;<\/p>\n<p><strong>2022<\/strong><\/p>\n<p><a href=\"https:\/\/www.ipsen.com\/germany\/wp-content\/uploads\/sites\/6\/2023\/12\/AT_2022_AT-1.pdf\" target=\"_blank\" rel=\"noopener\"><strong>Report 2022 HCP\/HCO<\/strong><\/a><\/p>\n<p><strong><a href=\"https:\/\/www.ipsen.com\/germany\/wp-content\/uploads\/sites\/6\/2023\/12\/AT_2022_Meth_Notes-1-1.pdf\" target=\"_blank\" rel=\"noopener\">Methodik 2022<\/a><\/strong><\/p>\n<\/p>\n                                                    <div class=\"cta-block hidden\" >\n                                                                                                            <\/div>\n                                                <\/div>\n                                            <\/div>\n                                        <\/div>\n                                    <\/div>\n                             \n                                    <!-- Accordion with Expandable panel & FAQs -->\n                                    <div class=\"accordion-item accor-item\">\n                                        <p  role=\"heading\" aria-level=\"3\" class=\"accordion-header accor-head-para\" id=\"expHeading2\">\n                                            <button class=\"accordion-button accor-btn collapsed\" type=\"button\" data-bs-toggle=\"collapse\" data-bs-target=\"#expHeading9841781822\" aria-expanded=\"false\" aria-controls=\"expHeading9841781822\">\n                                                Ver\u00f6ffentlichungsbericht Schweiz                                             <\/button>\n                                        <\/p>\n                                        <div id=\"expHeading9841781822\" class=\"accordion-collapse collapse \" aria-labelledby=\"expHeading2\" data-bs-parent=\"#accordionExample984178182\">\n                                            <div class=\"accordion-body\">\n                                                <div class=\"accordion-data\">\n                                                    <p><p>Als Unterzeichner des Pharma-Kooperations-Kodex zur Offenlegung geldwerter Leistungen von SciensIndustries hat sich Ipsen dazu verpflichtet, s\u00e4mtliche geldwerte Leistungen, die direkt oder indirekt zu Gunsten der Empf\u00e4nger an diese geleistet werden, zu dokumentieren und zu ver\u00f6ffentlichen. In dieser Rubrik finden Sie die Ver\u00f6ffentlichungsberichte der geldwerten Leistungen der letzten drei Jahre sowie Hinweise zur Methodik, wie die Erfassung und Offenlegung der ver\u00f6ffentlichungspflichtigen Angaben nach dem Kodex erfolgt. In Zweifelsf\u00e4llen zur Ver\u00f6ffentlichungspflicht einer konkreten Zuwendung ver\u00f6ffentlicht Ipsen die Zuwendung grunds\u00e4tzlich. Nur wenn die geldwerte Zuwendung eindeutig nicht in den Anwendungsbereich der Ver\u00f6ffentlichungspflichten f\u00e4llt, sehen wir von einer Ver\u00f6ffentlichung ab. Hinweise zur Methodik sind nach folgendem Muster aufgebaut: Unter einer konkreten Fragestellung folgen gegebenenfalls Erl\u00e4uterungen oder Beispiele sowie konkrete Hinweise, in welcher Weise Ipsen die Anforderungen des Pharma-Kooperations-Kodex der Science Industries f\u00fcr das jeweilige Berichtsjahr umsetzt.<br \/>\nBei Fragen und Anmerkungen wenden Sie sich bitte schriftlich mit dem Formblatt \u201eKl\u00e4rung von Anfragen\u201c an uns.\u201c<\/p>\n<p>&nbsp;<\/p>\n<p><strong>Downloads<\/strong><\/p>\n<p><strong>2024<\/strong><\/p>\n<p><strong><a href=\"https:\/\/www.ipsen.com\/germany\/wp-content\/uploads\/sites\/6\/2025\/06\/2024_CH_EFPIA_ScienceIndustries_English-V.1.0.pdf\" target=\"_blank\" rel=\"noopener\">Report 2024 HCP\/ HCO<\/a><\/strong><\/p>\n<p><strong><a href=\"https:\/\/www.ipsen.com\/germany\/wp-content\/uploads\/sites\/6\/2025\/06\/CH_-Methodological_Note_Global_updated14February2025-AutoRecovered_New.pdf\" target=\"_blank\" rel=\"noopener\">Methodik 2024<\/a><\/strong><\/p>\n<p>&nbsp;<\/p>\n<p><strong>2023<\/strong><\/p>\n<p><a href=\"https:\/\/www.ipsen.com\/germany\/wp-content\/uploads\/sites\/6\/2024\/07\/2023_CH_v.1.1.pdf\" target=\"_blank\" rel=\"noopener\"><strong>Report 2023 HCP\/ HCO<\/strong><\/a><\/p>\n<p><strong><a href=\"https:\/\/www.ipsen.com\/germany\/wp-content\/uploads\/sites\/6\/2024\/07\/CH_2023_Meth_notes.docx\" target=\"_blank\" rel=\"noopener\">Methodik 2023<\/a><\/strong><\/p>\n<p>&nbsp;<\/p>\n<p><strong>2022<\/strong><\/p>\n<p><a href=\"https:\/\/www.ipsen.com\/germany\/wp-content\/uploads\/sites\/6\/2023\/12\/CH_2022_CH.pdf\" target=\"_blank\" rel=\"noopener\"><strong>Report 2022 HCP\/HCO<\/strong><\/a><\/p>\n<p><a href=\"https:\/\/www.ipsen.com\/germany\/wp-content\/uploads\/sites\/6\/2023\/12\/CH_2022_Meth_notes.pdf\" target=\"_blank\" rel=\"noopener\"><strong>Methodik 2022<\/strong><\/a><\/p>\n<\/p>\n                                                    <div class=\"cta-block hidden\" >\n                                                                                                            <\/div>\n                                                <\/div>\n                                            <\/div>\n                                        <\/div>\n                                    <\/div>\n                             \n                                    <!-- Accordion with Expandable panel & FAQs -->\n                                    <div class=\"accordion-item accor-item\">\n                                        <p  role=\"heading\" aria-level=\"3\" class=\"accordion-header accor-head-para\" id=\"expHeading3\">\n                                            <button class=\"accordion-button accor-btn collapsed\" type=\"button\" data-bs-toggle=\"collapse\" data-bs-target=\"#expHeading9841781823\" aria-expanded=\"false\" aria-controls=\"expHeading9841781823\">\n                                                Spenden und Zuwendungen an Patientenorganisationen                                             <\/button>\n                                        <\/p>\n                                        <div id=\"expHeading9841781823\" class=\"accordion-collapse collapse \" aria-labelledby=\"expHeading3\" data-bs-parent=\"#accordionExample984178182\">\n                                            <div class=\"accordion-body\">\n                                                <div class=\"accordion-data\">\n                                                    <p><p><strong>Downloads<\/strong><\/p>\n<p><strong><a href=\"https:\/\/www.ipsen.com\/germany\/wp-content\/uploads\/sites\/6\/2025\/05\/EFPIA_PO-disclosure-2024_.pdf\" target=\"_blank\" rel=\"noopener\">2024<\/a><\/strong><\/p>\n<p><strong><a href=\"https:\/\/www.ipsen.com\/germany\/wp-content\/uploads\/sites\/6\/2024\/04\/Kopie-von-2023_Patientenorganisationen_IPSEN-DACH.pdf\" target=\"_blank\" rel=\"noopener\">2023<\/a><\/strong><\/p>\n<p><a href=\"https:\/\/www.ipsen.com\/germany\/wp-content\/uploads\/sites\/6\/2023\/12\/Patientenorganisation2022.pdf\" target=\"_blank\" rel=\"noopener\"><strong>2022<\/strong><\/a><\/p>\n<\/p>\n                                                    <div class=\"cta-block hidden\" >\n                                                                                                            <\/div>\n                                                <\/div>\n                                            <\/div>\n                                        <\/div>\n                                    <\/div>\n                                                <\/div>\n                <\/div> \n            <\/div>\n        <\/div>\n    <\/section>\n    <!--Accordion Cards End Here-->\n","protected":false},"excerpt":{"rendered":"","protected":false},"author":2,"featured_media":0,"parent":0,"menu_order":0,"comment_status":"closed","ping_status":"closed","template":"","meta":{"_acf_changed":false,"footnotes":""},"class_list":["post-57","page","type-page","status-publish","hentry","entry"],"acf":[],"yoast_head":"<!-- This site is optimized with the Yoast SEO plugin v26.8 - https:\/\/yoast.com\/product\/yoast-seo-wordpress\/ -->\n<title>Medizinische Versorgung f\u00fcr schwerkranke Menschen | Ipsen<\/title>\n<meta name=\"description\" content=\"\u00dcber die medizinische Versorgung von schwerkranken Menschen hinaus engagiert sich Ipsen f\u00fcr den verantwortungsvollen Umgang mit Mitarbeiter*innen, Gesellschaft und Umwelt.\" \/>\n<meta name=\"robots\" content=\"index, follow, max-snippet:-1, max-image-preview:large, max-video-preview:-1\" \/>\n<link rel=\"canonical\" href=\"https:\/\/www.ipsen.com\/germany\/verantwortung\/\" \/>\n<meta property=\"og:locale\" content=\"de_DE\" \/>\n<meta property=\"og:type\" content=\"article\" \/>\n<meta property=\"og:title\" content=\"Medizinische Versorgung f\u00fcr schwerkranke Menschen | Ipsen\" \/>\n<meta property=\"og:description\" content=\"\u00dcber die medizinische Versorgung von schwerkranken Menschen hinaus engagiert sich Ipsen f\u00fcr den verantwortungsvollen Umgang mit Mitarbeiter*innen, Gesellschaft und Umwelt.\" \/>\n<meta property=\"og:url\" content=\"https:\/\/www.ipsen.com\/germany\/verantwortung\/\" \/>\n<meta property=\"og:site_name\" content=\"Germany\" \/>\n<meta property=\"article:modified_time\" content=\"2026-01-28T14:26:42+00:00\" \/>\n<meta name=\"twitter:card\" content=\"summary_large_image\" \/>\n<script type=\"application\/ld+json\" class=\"yoast-schema-graph\">{\"@context\":\"https:\/\/schema.org\",\"@graph\":[{\"@type\":\"WebPage\",\"@id\":\"https:\/\/www.ipsen.com\/germany\/verantwortung\/\",\"url\":\"https:\/\/www.ipsen.com\/germany\/verantwortung\/\",\"name\":\"Medizinische Versorgung f\u00fcr schwerkranke Menschen | Ipsen\",\"isPartOf\":{\"@id\":\"https:\/\/www.ipsen.com\/germany\/#website\"},\"datePublished\":\"2023-11-28T05:10:49+00:00\",\"dateModified\":\"2026-01-28T14:26:42+00:00\",\"description\":\"\u00dcber die medizinische Versorgung von schwerkranken Menschen hinaus engagiert sich Ipsen f\u00fcr den verantwortungsvollen Umgang mit Mitarbeiter*innen, Gesellschaft und Umwelt.\",\"breadcrumb\":{\"@id\":\"https:\/\/www.ipsen.com\/germany\/verantwortung\/#breadcrumb\"},\"inLanguage\":\"de-DE\",\"potentialAction\":[{\"@type\":\"ReadAction\",\"target\":[\"https:\/\/www.ipsen.com\/germany\/verantwortung\/\"]}]},{\"@type\":\"BreadcrumbList\",\"@id\":\"https:\/\/www.ipsen.com\/germany\/verantwortung\/#breadcrumb\",\"itemListElement\":[{\"@type\":\"ListItem\",\"position\":1,\"name\":\"Home\",\"item\":\"https:\/\/www.ipsen.com\/germany\/\"},{\"@type\":\"ListItem\",\"position\":2,\"name\":\"Unsere Verantwortung\"}]},{\"@type\":\"WebSite\",\"@id\":\"https:\/\/www.ipsen.com\/germany\/#website\",\"url\":\"https:\/\/www.ipsen.com\/germany\/\",\"name\":\"Germany\",\"description\":\"\",\"publisher\":{\"@id\":\"https:\/\/www.ipsen.com\/germany\/#organization\"},\"potentialAction\":[{\"@type\":\"SearchAction\",\"target\":{\"@type\":\"EntryPoint\",\"urlTemplate\":\"https:\/\/www.ipsen.com\/germany\/?s={search_term_string}\"},\"query-input\":{\"@type\":\"PropertyValueSpecification\",\"valueRequired\":true,\"valueName\":\"search_term_string\"}}],\"inLanguage\":\"de-DE\"},{\"@type\":\"Organization\",\"@id\":\"https:\/\/www.ipsen.com\/germany\/#organization\",\"name\":\"Germany\",\"url\":\"https:\/\/www.ipsen.com\/germany\/\",\"logo\":{\"@type\":\"ImageObject\",\"inLanguage\":\"de-DE\",\"@id\":\"https:\/\/www.ipsen.com\/germany\/#\/schema\/logo\/image\/\",\"url\":\"https:\/\/www.ipsen.com\/germany\/wp-content\/uploads\/sites\/6\/2025\/06\/Latest_Ipsen-logo_168x48.svg\",\"contentUrl\":\"https:\/\/www.ipsen.com\/germany\/wp-content\/uploads\/sites\/6\/2025\/06\/Latest_Ipsen-logo_168x48.svg\",\"caption\":\"Germany\"},\"image\":{\"@id\":\"https:\/\/www.ipsen.com\/germany\/#\/schema\/logo\/image\/\"}}]}<\/script>\n<!-- \/ Yoast SEO plugin. -->","yoast_head_json":{"title":"Medizinische Versorgung f\u00fcr schwerkranke Menschen | Ipsen","description":"\u00dcber die medizinische Versorgung von schwerkranken Menschen hinaus engagiert sich Ipsen f\u00fcr den verantwortungsvollen Umgang mit Mitarbeiter*innen, Gesellschaft und Umwelt.","robots":{"index":"index","follow":"follow","max-snippet":"max-snippet:-1","max-image-preview":"max-image-preview:large","max-video-preview":"max-video-preview:-1"},"canonical":"https:\/\/www.ipsen.com\/germany\/verantwortung\/","og_locale":"de_DE","og_type":"article","og_title":"Medizinische Versorgung f\u00fcr schwerkranke Menschen | Ipsen","og_description":"\u00dcber die medizinische Versorgung von schwerkranken Menschen hinaus engagiert sich Ipsen f\u00fcr den verantwortungsvollen Umgang mit Mitarbeiter*innen, Gesellschaft und Umwelt.","og_url":"https:\/\/www.ipsen.com\/germany\/verantwortung\/","og_site_name":"Germany","article_modified_time":"2026-01-28T14:26:42+00:00","twitter_card":"summary_large_image","schema":{"@context":"https:\/\/schema.org","@graph":[{"@type":"WebPage","@id":"https:\/\/www.ipsen.com\/germany\/verantwortung\/","url":"https:\/\/www.ipsen.com\/germany\/verantwortung\/","name":"Medizinische Versorgung f\u00fcr schwerkranke Menschen | Ipsen","isPartOf":{"@id":"https:\/\/www.ipsen.com\/germany\/#website"},"datePublished":"2023-11-28T05:10:49+00:00","dateModified":"2026-01-28T14:26:42+00:00","description":"\u00dcber die medizinische Versorgung von schwerkranken Menschen hinaus engagiert sich Ipsen f\u00fcr den verantwortungsvollen Umgang mit Mitarbeiter*innen, Gesellschaft und Umwelt.","breadcrumb":{"@id":"https:\/\/www.ipsen.com\/germany\/verantwortung\/#breadcrumb"},"inLanguage":"de-DE","potentialAction":[{"@type":"ReadAction","target":["https:\/\/www.ipsen.com\/germany\/verantwortung\/"]}]},{"@type":"BreadcrumbList","@id":"https:\/\/www.ipsen.com\/germany\/verantwortung\/#breadcrumb","itemListElement":[{"@type":"ListItem","position":1,"name":"Home","item":"https:\/\/www.ipsen.com\/germany\/"},{"@type":"ListItem","position":2,"name":"Unsere Verantwortung"}]},{"@type":"WebSite","@id":"https:\/\/www.ipsen.com\/germany\/#website","url":"https:\/\/www.ipsen.com\/germany\/","name":"Germany","description":"","publisher":{"@id":"https:\/\/www.ipsen.com\/germany\/#organization"},"potentialAction":[{"@type":"SearchAction","target":{"@type":"EntryPoint","urlTemplate":"https:\/\/www.ipsen.com\/germany\/?s={search_term_string}"},"query-input":{"@type":"PropertyValueSpecification","valueRequired":true,"valueName":"search_term_string"}}],"inLanguage":"de-DE"},{"@type":"Organization","@id":"https:\/\/www.ipsen.com\/germany\/#organization","name":"Germany","url":"https:\/\/www.ipsen.com\/germany\/","logo":{"@type":"ImageObject","inLanguage":"de-DE","@id":"https:\/\/www.ipsen.com\/germany\/#\/schema\/logo\/image\/","url":"https:\/\/www.ipsen.com\/germany\/wp-content\/uploads\/sites\/6\/2025\/06\/Latest_Ipsen-logo_168x48.svg","contentUrl":"https:\/\/www.ipsen.com\/germany\/wp-content\/uploads\/sites\/6\/2025\/06\/Latest_Ipsen-logo_168x48.svg","caption":"Germany"},"image":{"@id":"https:\/\/www.ipsen.com\/germany\/#\/schema\/logo\/image\/"}}]}},"parsely":{"version":"1.1.0","canonical_url":"https:\/\/ipsen.com\/germany\/verantwortung\/","smart_links":{"inbound":0,"outbound":0},"traffic_boost_suggestions_count":0,"meta":{"@context":"https:\/\/schema.org","@type":"WebPage","headline":"Unsere Verantwortung","url":"http:\/\/www.ipsen.com\/germany\/verantwortung\/","mainEntityOfPage":{"@type":"WebPage","@id":"http:\/\/www.ipsen.com\/germany\/verantwortung\/"},"thumbnailUrl":"","image":{"@type":"ImageObject","url":""},"articleSection":"Allgemein","author":[{"@type":"Person","name":"navya"}],"creator":["navya"],"publisher":{"@type":"Organization","name":"Germany","logo":""},"keywords":[],"dateCreated":"2023-11-28T05:10:49Z","datePublished":"2023-11-28T05:10:49Z","dateModified":"2026-01-28T14:26:42Z"},"rendered":"<script type=\"application\/ld+json\" class=\"wp-parsely-metadata\">{\"@context\":\"https:\\\/\\\/schema.org\",\"@type\":\"WebPage\",\"headline\":\"Unsere Verantwortung\",\"url\":\"http:\\\/\\\/www.ipsen.com\\\/germany\\\/verantwortung\\\/\",\"mainEntityOfPage\":{\"@type\":\"WebPage\",\"@id\":\"http:\\\/\\\/www.ipsen.com\\\/germany\\\/verantwortung\\\/\"},\"thumbnailUrl\":\"\",\"image\":{\"@type\":\"ImageObject\",\"url\":\"\"},\"articleSection\":\"Allgemein\",\"author\":[{\"@type\":\"Person\",\"name\":\"navya\"}],\"creator\":[\"navya\"],\"publisher\":{\"@type\":\"Organization\",\"name\":\"Germany\",\"logo\":\"\"},\"keywords\":[],\"dateCreated\":\"2023-11-28T05:10:49Z\",\"datePublished\":\"2023-11-28T05:10:49Z\",\"dateModified\":\"2026-01-28T14:26:42Z\"}<\/script>","tracker_url":"https:\/\/cdn.parsely.com\/keys\/ipsen.com\/p.js"},"jetpack_sharing_enabled":true,"_links":{"self":[{"href":"https:\/\/www.ipsen.com\/germany\/wp-json\/wp\/v2\/pages\/57","targetHints":{"allow":["GET"]}}],"collection":[{"href":"https:\/\/www.ipsen.com\/germany\/wp-json\/wp\/v2\/pages"}],"about":[{"href":"https:\/\/www.ipsen.com\/germany\/wp-json\/wp\/v2\/types\/page"}],"author":[{"embeddable":true,"href":"https:\/\/www.ipsen.com\/germany\/wp-json\/wp\/v2\/users\/2"}],"replies":[{"embeddable":true,"href":"https:\/\/www.ipsen.com\/germany\/wp-json\/wp\/v2\/comments?post=57"}],"version-history":[{"count":91,"href":"https:\/\/www.ipsen.com\/germany\/wp-json\/wp\/v2\/pages\/57\/revisions"}],"predecessor-version":[{"id":2954,"href":"https:\/\/www.ipsen.com\/germany\/wp-json\/wp\/v2\/pages\/57\/revisions\/2954"}],"wp:attachment":[{"href":"https:\/\/www.ipsen.com\/germany\/wp-json\/wp\/v2\/media?parent=57"}],"curies":[{"name":"wp","href":"https:\/\/api.w.org\/{rel}","templated":true}]}}