{"id":27,"date":"2023-11-27T14:12:26","date_gmt":"2023-11-27T12:12:26","guid":{"rendered":"https:\/\/www.ipsen.com\/de\/?page_id=27"},"modified":"2026-02-23T12:34:51","modified_gmt":"2026-02-23T10:34:51","slug":"newsroom","status":"publish","type":"page","link":"https:\/\/www.ipsen.com\/germany\/newsroom\/","title":{"rendered":"Newsroom"},"content":{"rendered":"    <section class=\"sub-page-banner bg-img-enabled  banner-no-filter\" style=\"background-image:url(https:\/\/www.ipsen.com\/germany\/wp-content\/uploads\/sites\/6\/2025\/07\/Newsroom-Press-Releases.jpg)\">\n                <div class=\"container content-sec\">\n            <nav aria-label=\"breadcrumb\">\n            <ol class=\"breadcrumb\">\n                <li class=\"breadcrumb-item\"><a href=\"https:\/\/www.ipsen.com\/germany\">Home<\/a><\/li><li class=\"breadcrumb-item active\"><a class=\"link-pointer-events-none\" href=\"#\" aria-current=\"page\">Newsroom<\/a><\/li><\/ol>\n            <\/nav>            <h1 class=\"visible banner-font-color-white\">Newsroom<\/h1>\n            <p class=\"visible banner-font-color-white\">Aktuelle Presseinformationen, Statements und Hintergrundinformationen von Ipsen<\/p>\n        <\/div>\n    <\/section>\n\n\n\n    <!--Highlight card with carousel -->\n    <section class=\"highlight-card\" >\n        <div class=\"horizontal-card-carousal mt-5 container\"  >\n            <h3 class=\"highlight-block-title visible heading-three\" role=\"heading\" aria-level=\"2\">\n                Aktuelle Informationen f\u00fcr die Medien            <\/h3>\n            <div id=\"carouselHighlightControls-92\" class=\"carousel slide horizontalcarousel\" data-carouselid=\"92\" data-bs-ride=\"carousel\"  data-autoplay=\"\" data-autoplayspeed=\"\">\n                                <div class=\"carousel-inner\">\n                      <!-- Post Cards layout start here -->\n  <div class=\"carousel-item active \">\n    <div class=\"row\">\n        <div class=\"col-xl-12 col-md-12 col-sm-12\">\n        <!-- highlight-card with image -->\n            <div class=\"container noPadding\">\n                <div class=\"highlight-div\">\n                    <div class=\"row highlight-row\">\n                                                                        <div class=\"column-1 col-lg-12 col-md-12 col-sm-12\">\n                                                    <div class=\"highlight-post\">\n                                <div class=\"highlight-time-div\">\n                                    <div class=\"highlight-info-sec\">\n                                        \n                                        <span class=\"desk-span\">\n                                                                                                                                    <span class=\"hightlight-date visible\">23 Februar 2026<\/span>\n                                                                                                                                    <\/span>\n\n                                        <p class=\"mob-span\">\n                                                                                        \n                                                                                            <span class=\"hightlight-date visible\">23 Februar 2026<\/span>\n                                                                                                                                        \n                                        <\/p>\n                                    <\/div>\n                                    <div class=\"highlight-rightside-icons\">\n                                        \n                                                                                    <div class=\"highlight-share-sec visible\">\n                                                                                                <div id=\"share-toggle-2970\" class=\"share-toggle\" role=\"button\" aria-expanded=\"false\" aria-controls=\"share-tray-2970\" tabindex=\"0\" data-title=\"Rare Disease Day 2026: Ipsen engagiert sich im Rahmen der ColourUp4RARE-Initiative\">\n                                                    <img decoding=\"async\" src=\"https:\/\/www.ipsen.com\/germany\/wp-content\/themes\/ipsen-main\/dist\/images\/share-icon.svg\" alt=\"Auf sozialen Medien teilen\" title=\"Auf sozialen Medien teilen\" >\n                                                <\/div>\n                                                <div id=\"share-tray-2970\" class=\"share-tray hidden\" role=\"menu\" aria-hidden=\"true\">\n                                                                                                                <a role=\"menuitem\" tabindex=\"-1\" href=\"https:\/\/www.linkedin.com\/shareArticle?url=https%3A%2F%2Fwww.ipsen.com%2Fgermany%2Fpress-releases%2Frare-disease-day-2026-ipsen-engagiert-sich-im-rahmen-der-colourup4rare-initiative%2F&#038;title=Rare+Disease+Day+2026%3A+Ipsen+engagiert+sich+im+Rahmen+der+ColourUp4RARE-Initiative&#038;media=https%3A%2F%2Fwww.ipsen.com%2Fgermany%2Fwp-content%2Fuploads%2Fsites%2F6%2F2023%2F12%2FPressRelease_EN.jpg\" target=\"_blank\">\n                                                                <img decoding=\"async\" src=\"https:\/\/www.ipsen.com\/germany\/wp-content\/themes\/ipsen-main\/dist\/images\/LinkedIn.png\" alt=\"Auf LinkedIn teilen\" title=\"Auf LinkedIn teilen\" >LinkedIn\n                                                            <\/a>\n                                                                                                                <!--<a href=\"\" target=\"_blank\">\n                                                                <img decoding=\"async\" src=\"\" alt=\"\" title=\"\" >Twitter\n                                                            <\/a>-->\n\n                                                                                                                <a role=\"menuitem\" tabindex=\"-1\" href=\"https:\/\/www.facebook.com\/sharer.php?u=https%3A%2F%2Fwww.ipsen.com%2Fgermany%2Fpress-releases%2Frare-disease-day-2026-ipsen-engagiert-sich-im-rahmen-der-colourup4rare-initiative%2F&#038;p=Rare+Disease+Day+2026%3A+Ipsen+engagiert+sich+im+Rahmen+der+ColourUp4RARE-Initiative\" target=\"_blank\">\n                                                                <img decoding=\"async\" src=\"https:\/\/www.ipsen.com\/germany\/wp-content\/themes\/ipsen-main\/dist\/images\/Facebook.png\" alt=\"Auf Facebook teilen\" title=\"Auf Facebook teilen\" >Facebook\n                                                            <\/a>\n                                                                                                    <\/div>\n                                            <\/div>\n                                            <script>\n                                            (function(){\n                                                var toggle = document.getElementById('share-toggle-2970');\n                                                var tray = document.getElementById('share-tray-2970');\n                                                if(!toggle || !tray) return;\n                                                var isOpen = false;\n                                                function openTray(){\n                                                    isOpen = true;\n                                                    toggle.setAttribute('aria-expanded','true');\n                                                    tray.classList.remove('hidden');\n                                                    tray.setAttribute('aria-hidden','false');\n                                                    var first = tray.querySelector('[role=\"menuitem\"]');\n                                                    if(first){ first.tabIndex = 0; first.focus(); }\n                                                }\n                                                function closeTray(){\n                                                    isOpen = false;\n                                                    toggle.setAttribute('aria-expanded','false');\n                                                    tray.classList.add('hidden');\n                                                    tray.setAttribute('aria-hidden','true');\n                                                    var items = tray.querySelectorAll('[role=\"menuitem\"]');\n                                                    items.forEach(function(it){ it.tabIndex = -1; });\n                                                    toggle.focus();\n                                                }\n                                                toggle.addEventListener('click', function(e){\n                                                    if(isOpen) closeTray(); else openTray();\n                                                }, false);\n                                                toggle.addEventListener('keydown', function(e){\n                                                    if(e.key === 'Enter' || e.key === ' ' || e.code === 'Space'){ e.preventDefault(); toggle.click(); }\n                                                });\n                                                document.addEventListener('click', function(e){\n                                                    if(!toggle.contains(e.target) && !tray.contains(e.target) && isOpen){\n                                                        closeTray();\n                                                    }\n                                                });\n                                                tray.addEventListener('keydown', function(e){\n                                                    if(e.key === 'Escape'){ closeTray(); }\n                                                });\n                                                var itemsInit = tray.querySelectorAll('[role=\"menuitem\"]');\n                                                itemsInit.forEach(function(it){ it.tabIndex = -1; });\n                                            })();\n                                            <\/script>\n                                                                            <\/div>\n                                <\/div>\n                                <div class=\"highlight-post-content\">\n                                    <a href=\"https:\/\/www.ipsen.com\/germany\/press-releases\/rare-disease-day-2026-ipsen-engagiert-sich-im-rahmen-der-colourup4rare-initiative\/\">\n                                        <h5 class=\"blue-txt\" role=\"heading\" aria-level=\"3\">Rare Disease Day 2026: Ipsen engagiert sich im Rahmen der ColourUp4RARE-Initiative<\/h5>\n                                    <\/a>\n                                                                    <\/div>\n                            <\/div>\n                        <\/div>\n                    <\/div>\n                <\/div>\n            <\/div>\n        <\/div>\n    <\/div>\n<\/div>\n<!--Post Cards layout end here -->                <\/div>\n            <\/div>\n        <\/div>\n    <\/section>\n\n\n\n<div class=\"wp-block-columns alignfull is-layout-flex wp-container-core-columns-is-layout-9d6595d7 wp-block-columns-is-layout-flex\">\n<div class=\"wp-block-column is-layout-flow wp-block-column-is-layout-flow\">\n<section class=\"media-filter\">\n    <div class=\"container media-filter-inner\">\n                        <h3 class=\"media-filter-title charcoal-grey heading-three\" role=\"heading\" aria-level=\"2\">\n                    Ipsen Presseinformationen und weitere Meldungen                <\/h3>\n                <div class=\"media-filter-main\" id=\"search-total-div\" data-langaugecode=\"de\" data-paginationtype=\"visible\" data-loadmore=\"hidden\" data-filtertype=\"pressrelease\" data-posttype=\"press_release\"\n            data-pagination=\"visible\" data-parenttermid=\"[31,35,29,30]\">\n            <div class=\"row\">\n                <div class=\"column-1 col-xl-12 col-md-12 col-sm-12\">\n                                        <!-- media drop down -->\n                    <div class=\"media-drop-down\">\n                        <button class=\"media-drop-heading\">Filter<\/button>\n                        <div class=\"media-dropdown-items\">\n                            <div class=\"row\">\n                                                            <div class=\"column-1 col-lg-4 col-md-4 col-sm-12\">\n                                    <div class=\"topic-filter\">\n                                                                                <p id=\"topic-filter-accessibility\">Themen<\/p>\n                                                                                <div class=\"mutltiselect-dropdown topic-cat-dropdown\">\n                                            <select name=\"langOpt[]\" multiple id=\"topicOpt\">\n                                                                                                <option value=\"31\">Neurologie                                                <\/option>\n                                                                                                <option value=\"35\">Company                                                <\/option>\n                                                                                                <option value=\"29\">Onkologie                                                <\/option>\n                                                                                                <option value=\"30\">Seltene Erkrankungen                                                <\/option>\n                                                                                            <\/select>\n                                        <\/div>\n                                    <\/div>\n                                <\/div>\n                                                                                                                                <div class=\"column-2 col-lg-4 col-md-4 col-sm-12\">\n                                    <div class=\"period-filter\">\n                                            <p id=\"period-filter-accessibility\">Zeitraum<\/p>\n                                          <div class=\"mutltiselect-dropdown year-dropdown\">\n                                            <select name=\"langOpt[]\" multiple id=\"periodOpt\">\n                                                                                            <option value=\"2026\">2026                                                                                            <option value=\"2025\">2025                                                                                            <option value=\"2024\">2024                                                                                            <option value=\"2023\">2023                                                                                            <option value=\"2022\">2022                                                                                            <option value=\"2021\">2021                                                                                            <option value=\"2020\">2020                                                                                            <option value=\"2019\">2019                                                                                            <option value=\"2018\">2018                                                                                            <option value=\"2017\">2017                                                                                        <\/select>\n                                        <\/div>\n                                    <\/div>\n                                <\/div>\n                                \n                                                                                                            <div class=\"column-3 col-lg-4 col-md-4 \">\n                                            <div class=\"filterby-filter\">\n                                            <label for=\"filter-by\">Filtern nach<\/label>\n                                                <div class=\"input-filter\">\n                                                    <input type=\"search\" name=\"filter-by\" id=\"filter-by\"\n                                                        placeholder=\"Geben Sie einen Suchbegriff ein\" >\n                                                        <button class=\"filter-clear-icon\" id=\"filterClearSearch\">X<\/button>\n                                                <\/div>\n                                                <div class=\"filter-by-dropdown\">\n                                                    <p class=\"recent\">bisherige Suchen<\/p>\n                                                                                                        <ul class=\"filter-by-list\">\n                                                                                                            <\/ul>\n                                                <\/div>\n                                            <\/div>\n                                        <\/div>\n                                                                                                                              <\/div>\n                            <div class=\"reset-btn-div\">\n                                <a href=\"#\" class=\"reset-btn\">Zur\u00fccksetzen<\/a>\n                            <\/div>\n                        <\/div>\n                    <\/div>\n                                        <!-- sorting section -->\n                                            <section class=\"media-filter\">\n                            <div class=\"container media-filter-inner\">\n                                <div class=\"media-filter-main\" id=\"search-total-div\" data-langaugecode=\"en\" data-paginationtype=\"visible\" data-loadmore=\"hidden\" data-filtertype=\"investor-event\" data-posttype=\"event\" data-pagination=\"visible\" data-parenttermid=\"[492,493,1810,494]\">\n                                    <div class=\"row\">\n                                        <div class=\"column-1 col-xl-12 col-md-12 col-sm-12\">\n                                        <div class=\"sorting-sec\">\n                                                                                    <div class=\"row\">\n                                                                                                    <div class=\"column-1 col-xl-6 col-lg-6 col-sm-12\">\n                                                        <div class=\"no-of-item-sec\">\n                                                            <p>Zeigt: <span id=\"start-value\">1<\/span> &#8211; <span id=\"no-of-search\">05<\/span> von <span id=\"total-count\">6<\/span>\n                                                                <\/p>\n                                                        <\/div>\n                                                    <\/div>\n                                                                                                <div class=\"column-2 col-xl-6 col-lg-6 col-sm-12\">\n                                                                                                            <div class=\"sort-input\">\n                                                            <div class=\"sort-input-inner\">\n                                                            <label for=\"sorting-input\">Zeigen<\/label>\n                                                                                                                            <select name=\"order\" aria-label=\"show list\" id=\"show-list\" tabindex=\"0\">\n                                                                    <option value=\"05\" selected>05<\/option>\n                                                                    <option value=\"10\" >10<\/option>\n                                                                    <option value=\"20\" >20<\/option>\n                                                                    <option value=\"30\" >30<\/option>\n                                                                    <option value=\"40\" >40<\/option>\n                                                                    <option value=\"50\" >50<\/option>\n                                                                <\/select>\n                                                            <\/div>\n                                                        <\/div>\n                                                \n                                                                                                                                                                <div class=\"sort-input-ascending\">\n                                                            <div class=\"sort-input-ascending-inner\">\n                                                                <label for=\"sorting-input-ascend\">Sortieren<\/label>\n                                                                <select name=\"sorting-input-ascend\" id=\"show-list-as\" class=\"show-list-as\" tabindex=\"0\" aria-label=\"sorting\">\n                                                                    <option value=\"DESC\" aria-label=\"Absteigend\" selected>Absteigend<\/option>\n                                                                    <option value=\"ASC\" aria-label=\"Aufsteigend\"  >Aufsteigend<\/option>                                                    \n                                                                <\/select>\n                                                            <\/div>\n                                                        <\/div>                                        \n                                                    \t\t\t\t\t\t\t\t\t\t\t\t\t\t\n\t\t\t\t\t\t\t\t\t\t\t\t\t\n                                                <\/div>\n                                            <\/div>\n                                                                                       \n                                        <\/div>\n                                        <\/div>\n                                    <\/div>\n                                <\/div>\n                            <\/div>\n                        \n                        <\/section>\n                                        <!-- Search listing include start here-->\n                    <div id=\"search-results\" class=\"story-div\">\n                        <!-- Press Release Listing start here -->\n<div class=\"story-div\" id=\"search-div\">\n\t<div>\n<div class=\"row story-row pr-card\">\n            <div class=\"column-1 col-lg-12 col-md-12 col-sm-12\">\n            <div class=\"story-post\">\n            <div class=\"story-time-div\">\n                <div class=\"story-info-sec\">\n                                        <span class=\"desk-span\">\n                        <span class=\"story-date\">23 Februar 2026                            <!-- <span class=\"story-read-time\">1 Minuten gelesen<\/span> -->\n                        <\/span>\n                        <p class=\"mob-span\">\n                            <span class=\"story-date\">23 Februar 2026<\/span>\n                            <!-- <span class=\"story-read-time\"><\/span> -->\n                        <\/p>\n                <\/div>\n                                                    <div class=\"story-share-sec visible\">\n                        <div class=\"share\"  data-title=\" Rare Disease Day 2026: Ipsen engagiert sich im Rahmen der ColourUp4RARE-Initiative\">\n                            <img decoding=\"async\" src=\"https:\/\/www.ipsen.com\/germany\/wp-content\/themes\/ipsen-main\/dist\/images\/share-icon.svg\"\n                                alt=\"Auf sozialen Medien teilen\" title=\"Auf sozialen Medien teilen\"\/>\n                        <\/div>\n                        <div class=\"share-tray hidden\">\n                                                        <a href=\"https:\/\/www.linkedin.com\/shareArticle?url=https:\/\/www.ipsen.com\/germany\/press-releases\/rare-disease-day-2026-ipsen-engagiert-sich-im-rahmen-der-colourup4rare-initiative\/&#038;title=Rare Disease Day 2026: Ipsen engagiert sich im Rahmen der ColourUp4RARE-Initiative&#038;media=https:\/\/www.ipsen.com\/germany\/wp-content\/uploads\/sites\/6\/2023\/12\/PressRelease_EN.jpg\">\n                                <img decoding=\"async\" src=\"https:\/\/www.ipsen.com\/germany\/wp-content\/themes\/ipsen-main\/dist\/images\/LinkedIn.svg\" alt=\"Auf LinkedIn teilen\" title=\"Auf LinkedIn teilen\"\/>LinkedIn\n                            <\/a>\n                                                       <!-- <a href=\"\">\n                                <img decoding=\"async\" src=\"\" alt=\"\" title=\"\"\/>Twitter\n                            <\/a> -->\n                                                        <a href=\"https:\/\/www.facebook.com\/sharer.php?u=https:\/\/www.ipsen.com\/germany\/press-releases\/rare-disease-day-2026-ipsen-engagiert-sich-im-rahmen-der-colourup4rare-initiative\/&#038;p=Rare Disease Day 2026: Ipsen engagiert sich im Rahmen der ColourUp4RARE-Initiative\">\n                                <img decoding=\"async\" src=\"https:\/\/www.ipsen.com\/germany\/wp-content\/themes\/ipsen-main\/dist\/images\/Facebook.png\" alt=\"Auf Facebook teilen\" title=\"Auf Facebook teilen\" \/>Facebook\n                            <\/a>\n                                                    <\/div>\n                    <\/div>\n                            <\/div>\n            <div class=\"story-post-content\">\n                    <a href=\"https:\/\/www.ipsen.com\/germany\/press-releases\/rare-disease-day-2026-ipsen-engagiert-sich-im-rahmen-der-colourup4rare-initiative\/\">\n                        <h5 class=\"blue-txt\" role=\"heading\" aria-level=\"3\">Rare Disease Day 2026: Ipsen engagiert sich im Rahmen der ColourUp4RARE-Initiative<\/h5>\n                    <\/a>\n                                <\/div>\n        <\/div>\n    <\/div>\n<\/div>\n<section class=\"card-accordion\">\n    <div class=\"accordion filter-card-accord\">\n        <div class=\"accordion-item shadow-none\">\n            <h2 class=\"accordion-header\" id=\"headingOne\">\n                <button class=\"accordion-button accor-btn collapsed\" type=\"button\" data-bs-toggle=\"collapse\"\n                    data-bs-target=\"#collapseOne-2970\" aria-expanded=\"false\" aria-controls=\"collapseOne\">\n                    <span class=\"link-icon\">\n                        <img decoding=\"async\" src=\"https:\/\/www.ipsen.com\/germany\/wp-content\/themes\/ipsen-main\/dist\/images\/download-link.png\" alt=\"Herunterladen\"  title=\"Herunterladen\"\/>\n                    <\/span> 1 Verwandte Dokumente\/Links<\/button>\n            <\/h2>\n            <div id=\"collapseOne-2970\" class=\"accordion-collapse collapse\" aria-labelledby=\"headingOne\"\n                data-bs-parent=\"#accordionExample\">\n                <div class=\"accordion-body\">\n                                        <p>\n                        <a href=\"https:\/\/www.ipsen.com\/germany\/wp-content\/uploads\/sites\/6\/2026\/02\/20251229_Pressemitteilung-D_-cU4R-2026_V4_FINAL.pdf\"\n                            target=\"_blank\">Pressemitteilung herunterladen <span class=\"link-res-icon\">\n                                <img decoding=\"async\" src=\"https:\/\/www.ipsen.com\/germany\/wp-content\/themes\/ipsen-main\/dist\/images\/pdf_icon_new.png\" alt=\"Herunterladen\"  title=\"Herunterladen\"\/>\n                            <\/span>\n                            <span class=\"file-size-info\">\n                                (382.92 KB)\n                            <\/span>\n                        <\/a>\n                    <\/p>\n                                 <\/div>\n            <\/div>\n        <\/div>\n    <\/div>\n<\/section>\n\t\t\n<\/div>\n<br>\n\t\t\t<div>\n<div class=\"row story-row pr-card\">\n            <div class=\"column-1 col-lg-12 col-md-12 col-sm-12\">\n            <div class=\"story-post\">\n            <div class=\"story-time-div\">\n                <div class=\"story-info-sec\">\n                                        <span class=\"desk-span\">\n                        <span class=\"story-date\">08 Juli 2025                            <!-- <span class=\"story-read-time\">0 Minuten gelesen<\/span> -->\n                        <\/span>\n                        <p class=\"mob-span\">\n                            <span class=\"story-date\">08 Juli 2025<\/span>\n                            <!-- <span class=\"story-read-time\"><\/span> -->\n                        <\/p>\n                <\/div>\n                                <div class=\"download\">\n                    <a href=\"https:\/\/www.ipsen.com\/germany\/wp-content\/uploads\/sites\/6\/2025\/07\/2025_06-Pressemitteilung-Community-Day.pdf\" download>\n                        <img decoding=\"async\" src=\"https:\/\/www.ipsen.com\/germany\/wp-content\/themes\/ipsen-main\/dist\/images\/download.svg\" alt=\"Herunterladen Gemeinsam f\u00fcr eine bessere Zukunft: Ipsen Pharma GmbH engagiert sich am Community Day 2025 f\u00fcr Menschen und Umwelt\"\/>\n                    <\/a>\n                <\/div>\n                                                    <div class=\"story-share-sec visible\">\n                        <div class=\"share\"  data-title=\" Gemeinsam f\u00fcr eine bessere Zukunft: Ipsen Pharma GmbH engagiert sich am Community Day 2025 f\u00fcr Menschen und Umwelt\">\n                            <img decoding=\"async\" src=\"https:\/\/www.ipsen.com\/germany\/wp-content\/themes\/ipsen-main\/dist\/images\/share-icon.svg\"\n                                alt=\"Auf sozialen Medien teilen\" title=\"Auf sozialen Medien teilen\"\/>\n                        <\/div>\n                        <div class=\"share-tray hidden\">\n                                                        <a href=\"https:\/\/www.linkedin.com\/shareArticle?url=https:\/\/www.ipsen.com\/germany\/press-releases\/gemeinsam-fuer-eine-bessere-zukunft-ipsen-pharma-gmbh-engagiert-sich-am-community-day-2025-fuer-menschen-und-umwelt\/&#038;title=Gemeinsam f\u00fcr eine bessere Zukunft: Ipsen Pharma GmbH engagiert sich am Community Day 2025 f\u00fcr Menschen und Umwelt&#038;media=https:\/\/www.ipsen.com\/germany\/wp-content\/uploads\/sites\/6\/2023\/12\/PressRelease_EN.jpg\">\n                                <img decoding=\"async\" src=\"https:\/\/www.ipsen.com\/germany\/wp-content\/themes\/ipsen-main\/dist\/images\/LinkedIn.svg\" alt=\"Auf LinkedIn teilen\" title=\"Auf LinkedIn teilen\"\/>LinkedIn\n                            <\/a>\n                                                       <!-- <a href=\"\">\n                                <img decoding=\"async\" src=\"\" alt=\"\" title=\"\"\/>Twitter\n                            <\/a> -->\n                                                        <a href=\"https:\/\/www.facebook.com\/sharer.php?u=https:\/\/www.ipsen.com\/germany\/press-releases\/gemeinsam-fuer-eine-bessere-zukunft-ipsen-pharma-gmbh-engagiert-sich-am-community-day-2025-fuer-menschen-und-umwelt\/&#038;p=Gemeinsam f\u00fcr eine bessere Zukunft: Ipsen Pharma GmbH engagiert sich am Community Day 2025 f\u00fcr Menschen und Umwelt\">\n                                <img decoding=\"async\" src=\"https:\/\/www.ipsen.com\/germany\/wp-content\/themes\/ipsen-main\/dist\/images\/Facebook.png\" alt=\"Auf Facebook teilen\" title=\"Auf Facebook teilen\" \/>Facebook\n                            <\/a>\n                                                    <\/div>\n                    <\/div>\n                            <\/div>\n            <div class=\"story-post-content\">\n                    <a href=\"https:\/\/www.ipsen.com\/germany\/press-releases\/gemeinsam-fuer-eine-bessere-zukunft-ipsen-pharma-gmbh-engagiert-sich-am-community-day-2025-fuer-menschen-und-umwelt\/\">\n                        <h5 class=\"blue-txt\" role=\"heading\" aria-level=\"3\">Gemeinsam f\u00fcr eine bessere Zukunft: Ipsen Pharma GmbH engagiert sich am Community Day 2025 f\u00fcr Menschen und Umwelt<\/h5>\n                    <\/a>\n                                <\/div>\n        <\/div>\n    <\/div>\n<\/div>\n<section class=\"card-accordion\">\n    <div class=\"accordion filter-card-accord\">\n        <div class=\"accordion-item shadow-none\">\n            <h2 class=\"accordion-header\" id=\"headingOne\">\n                <button class=\"accordion-button accor-btn collapsed\" type=\"button\" data-bs-toggle=\"collapse\"\n                    data-bs-target=\"#collapseOne-2669\" aria-expanded=\"false\" aria-controls=\"collapseOne\">\n                    <span class=\"link-icon\">\n                        <img decoding=\"async\" src=\"https:\/\/www.ipsen.com\/germany\/wp-content\/themes\/ipsen-main\/dist\/images\/download-link.png\" alt=\"Herunterladen\"  title=\"Herunterladen\"\/>\n                    <\/span> 1 Verwandte Dokumente\/Links<\/button>\n            <\/h2>\n            <div id=\"collapseOne-2669\" class=\"accordion-collapse collapse\" aria-labelledby=\"headingOne\"\n                data-bs-parent=\"#accordionExample\">\n                <div class=\"accordion-body\">\n                                        <p>\n                        <a href=\"https:\/\/www.ipsen.com\/germany\/wp-content\/uploads\/sites\/6\/2025\/07\/2025_06-Pressemitteilung-Community-Day-1.pdf\"\n                            target=\"_blank\">Pressemittelung herunterladen<span class=\"link-res-icon\">\n                                <img decoding=\"async\" src=\"https:\/\/www.ipsen.com\/germany\/wp-content\/themes\/ipsen-main\/dist\/images\/pdf_icon_new.png\" alt=\"Herunterladen\"  title=\"Herunterladen\"\/>\n                            <\/span>\n                            <span class=\"file-size-info\">\n                                (650.41 KB)\n                            <\/span>\n                        <\/a>\n                    <\/p>\n                                 <\/div>\n            <\/div>\n        <\/div>\n    <\/div>\n<\/section>\n\t\t\n<\/div>\n<br>\n\t\t\t<div>\n<div class=\"row story-row pr-card\">\n            <div class=\"column-1 col-lg-12 col-md-12 col-sm-12\">\n            <div class=\"story-post\">\n            <div class=\"story-time-div\">\n                <div class=\"story-info-sec\">\n                                        <span class=\"desk-span\">\n                        <span class=\"story-date\">06 November 2024                            <!-- <span class=\"story-read-time\">0 Minuten gelesen<\/span> -->\n                        <\/span>\n                        <p class=\"mob-span\">\n                            <span class=\"story-date\">06 November 2024<\/span>\n                            <!-- <span class=\"story-read-time\"><\/span> -->\n                        <\/p>\n                <\/div>\n                                <div class=\"download\">\n                    <a href=\"https:\/\/www.ipsen.com\/germany\/wp-content\/uploads\/sites\/6\/2024\/11\/2410_PM_Ipsen-Great-Place-to-Work.pdf\" download>\n                        <img decoding=\"async\" src=\"https:\/\/www.ipsen.com\/germany\/wp-content\/themes\/ipsen-main\/dist\/images\/download.svg\" alt=\"Herunterladen Ipsen als \u201eGreat Place to Work\u201c ausgezeichnet \u2013 Vorreiter in Innovation und Arbeitsplatzkultur\"\/>\n                    <\/a>\n                <\/div>\n                                                    <div class=\"story-share-sec visible\">\n                        <div class=\"share\"  data-title=\" Ipsen als \u201eGreat Place to Work\u201c ausgezeichnet \u2013 Vorreiter in Innovation und Arbeitsplatzkultur\">\n                            <img decoding=\"async\" src=\"https:\/\/www.ipsen.com\/germany\/wp-content\/themes\/ipsen-main\/dist\/images\/share-icon.svg\"\n                                alt=\"Auf sozialen Medien teilen\" title=\"Auf sozialen Medien teilen\"\/>\n                        <\/div>\n                        <div class=\"share-tray hidden\">\n                                                        <a href=\"https:\/\/www.linkedin.com\/shareArticle?url=https:\/\/www.ipsen.com\/germany\/press-releases\/ipsen-als-great-place-to-work-ausgezeichnet-vorreiter-in-innovation-und-arbeitsplatzkultur\/&#038;title=Ipsen als \u201eGreat Place to Work\u201c ausgezeichnet \u2013 Vorreiter in Innovation und Arbeitsplatzkultur&#038;media=https:\/\/www.ipsen.com\/germany\/wp-content\/uploads\/sites\/6\/2023\/12\/PressRelease_EN.jpg\">\n                                <img decoding=\"async\" src=\"https:\/\/www.ipsen.com\/germany\/wp-content\/themes\/ipsen-main\/dist\/images\/LinkedIn.svg\" alt=\"Auf LinkedIn teilen\" title=\"Auf LinkedIn teilen\"\/>LinkedIn\n                            <\/a>\n                                                       <!-- <a href=\"\">\n                                <img decoding=\"async\" src=\"\" alt=\"\" title=\"\"\/>Twitter\n                            <\/a> -->\n                                                        <a href=\"https:\/\/www.facebook.com\/sharer.php?u=https:\/\/www.ipsen.com\/germany\/press-releases\/ipsen-als-great-place-to-work-ausgezeichnet-vorreiter-in-innovation-und-arbeitsplatzkultur\/&#038;p=Ipsen als \u201eGreat Place to Work\u201c ausgezeichnet \u2013 Vorreiter in Innovation und Arbeitsplatzkultur\">\n                                <img decoding=\"async\" src=\"https:\/\/www.ipsen.com\/germany\/wp-content\/themes\/ipsen-main\/dist\/images\/Facebook.png\" alt=\"Auf Facebook teilen\" title=\"Auf Facebook teilen\" \/>Facebook\n                            <\/a>\n                                                    <\/div>\n                    <\/div>\n                            <\/div>\n            <div class=\"story-post-content\">\n                    <a href=\"https:\/\/www.ipsen.com\/germany\/press-releases\/ipsen-als-great-place-to-work-ausgezeichnet-vorreiter-in-innovation-und-arbeitsplatzkultur\/\">\n                        <h5 class=\"blue-txt\" role=\"heading\" aria-level=\"3\">Ipsen als \u201eGreat Place to Work\u201c ausgezeichnet \u2013 Vorreiter in Innovation und Arbeitsplatzkultur<\/h5>\n                    <\/a>\n                                <\/div>\n        <\/div>\n    <\/div>\n<\/div>\n<section class=\"card-accordion\">\n    <div class=\"accordion filter-card-accord\">\n        <div class=\"accordion-item shadow-none\">\n            <h2 class=\"accordion-header\" id=\"headingOne\">\n                <button class=\"accordion-button accor-btn collapsed\" type=\"button\" data-bs-toggle=\"collapse\"\n                    data-bs-target=\"#collapseOne-2338\" aria-expanded=\"false\" aria-controls=\"collapseOne\">\n                    <span class=\"link-icon\">\n                        <img decoding=\"async\" src=\"https:\/\/www.ipsen.com\/germany\/wp-content\/themes\/ipsen-main\/dist\/images\/download-link.png\" alt=\"Herunterladen\"  title=\"Herunterladen\"\/>\n                    <\/span> 1 Verwandte Dokumente\/Links<\/button>\n            <\/h2>\n            <div id=\"collapseOne-2338\" class=\"accordion-collapse collapse\" aria-labelledby=\"headingOne\"\n                data-bs-parent=\"#accordionExample\">\n                <div class=\"accordion-body\">\n                                        <p>\n                        <a href=\"https:\/\/www.ipsen.com\/germany\/wp-content\/uploads\/sites\/6\/2024\/11\/2410_PM_Ipsen-Great-Place-to-Work.pdf\"\n                            target=\"_blank\">Pressemitteilung herunterladen <span class=\"link-res-icon\">\n                                <img decoding=\"async\" src=\"https:\/\/www.ipsen.com\/germany\/wp-content\/themes\/ipsen-main\/dist\/images\/pdf_icon_new.png\" alt=\"Herunterladen\"  title=\"Herunterladen\"\/>\n                            <\/span>\n                            <span class=\"file-size-info\">\n                                (123.30 KB)\n                            <\/span>\n                        <\/a>\n                    <\/p>\n                                 <\/div>\n            <\/div>\n        <\/div>\n    <\/div>\n<\/section>\n\t\t\n<\/div>\n<br>\n\t\t\t<div>\n<div class=\"row story-row pr-card\">\n            <div class=\"column-1 col-lg-12 col-md-12 col-sm-12\">\n            <div class=\"story-post\">\n            <div class=\"story-time-div\">\n                <div class=\"story-info-sec\">\n                                        <span class=\"desk-span\">\n                        <span class=\"story-date\">02 Mai 2024                            <!-- <span class=\"story-read-time\">0 Minuten gelesen<\/span> -->\n                        <\/span>\n                        <p class=\"mob-span\">\n                            <span class=\"story-date\">02 Mai 2024<\/span>\n                            <!-- <span class=\"story-read-time\"><\/span> -->\n                        <\/p>\n                <\/div>\n                                <div class=\"download\">\n                    <a href=\"https:\/\/www.ipsen.com\/germany\/wp-content\/uploads\/sites\/6\/2024\/05\/PR_AASLD_Elative_DRSC-DE-000149-1.pdf\" download>\n                        <img decoding=\"async\" src=\"https:\/\/www.ipsen.com\/germany\/wp-content\/themes\/ipsen-main\/dist\/images\/download.svg\" alt=\"Herunterladen Ergebnisse der ELATIVE\u00ae-Phase-III-Zulassungsstudie von Ipsen mit Elafibranor bei prim\u00e4rbili\u00e4rer Cholangitis wurden auf dem AASLD-Kongress vorgestellt und im New EnglandJournal of Medicine ver\u00f6ffentlicht\"\/>\n                    <\/a>\n                <\/div>\n                                                    <div class=\"story-share-sec visible\">\n                        <div class=\"share\"  data-title=\" Ergebnisse der ELATIVE\u00ae-Phase-III-Zulassungsstudie von Ipsen mit Elafibranor bei prim\u00e4rbili\u00e4rer Cholangitis wurden auf dem AASLD-Kongress vorgestellt und im New EnglandJournal of Medicine ver\u00f6ffentlicht\">\n                            <img decoding=\"async\" src=\"https:\/\/www.ipsen.com\/germany\/wp-content\/themes\/ipsen-main\/dist\/images\/share-icon.svg\"\n                                alt=\"Auf sozialen Medien teilen\" title=\"Auf sozialen Medien teilen\"\/>\n                        <\/div>\n                        <div class=\"share-tray hidden\">\n                                                        <a href=\"https:\/\/www.linkedin.com\/shareArticle?url=https:\/\/www.ipsen.com\/germany\/press-releases\/ergebnisse-der-elative-phase-iii-zulassungsstudie-von-ipsen-mit-elafibranor-bei-primaerbiliaerer-cholangitis-wurden-auf-dem-aasld-kongress-vorgestellt-und-im-new-englandjournal-of-medicine-veroe\/&#038;title=Ergebnisse der ELATIVE\u00ae-Phase-III-Zulassungsstudie von Ipsen mit Elafibranor bei prim\u00e4rbili\u00e4rer Cholangitis wurden auf dem AASLD-Kongress vorgestellt und im New EnglandJournal of Medicine ver\u00f6ffentlicht&#038;media=https:\/\/www.ipsen.com\/germany\/wp-content\/uploads\/sites\/6\/2023\/12\/PressRelease_EN.jpg\">\n                                <img decoding=\"async\" src=\"https:\/\/www.ipsen.com\/germany\/wp-content\/themes\/ipsen-main\/dist\/images\/LinkedIn.svg\" alt=\"Auf LinkedIn teilen\" title=\"Auf LinkedIn teilen\"\/>LinkedIn\n                            <\/a>\n                                                       <!-- <a href=\"\">\n                                <img decoding=\"async\" src=\"\" alt=\"\" title=\"\"\/>Twitter\n                            <\/a> -->\n                                                        <a href=\"https:\/\/www.facebook.com\/sharer.php?u=https:\/\/www.ipsen.com\/germany\/press-releases\/ergebnisse-der-elative-phase-iii-zulassungsstudie-von-ipsen-mit-elafibranor-bei-primaerbiliaerer-cholangitis-wurden-auf-dem-aasld-kongress-vorgestellt-und-im-new-englandjournal-of-medicine-veroe\/&#038;p=Ergebnisse der ELATIVE\u00ae-Phase-III-Zulassungsstudie von Ipsen mit Elafibranor bei prim\u00e4rbili\u00e4rer Cholangitis wurden auf dem AASLD-Kongress vorgestellt und im New EnglandJournal of Medicine ver\u00f6ffentlicht\">\n                                <img decoding=\"async\" src=\"https:\/\/www.ipsen.com\/germany\/wp-content\/themes\/ipsen-main\/dist\/images\/Facebook.png\" alt=\"Auf Facebook teilen\" title=\"Auf Facebook teilen\" \/>Facebook\n                            <\/a>\n                                                    <\/div>\n                    <\/div>\n                            <\/div>\n            <div class=\"story-post-content\">\n                    <a href=\"https:\/\/www.ipsen.com\/germany\/press-releases\/ergebnisse-der-elative-phase-iii-zulassungsstudie-von-ipsen-mit-elafibranor-bei-primaerbiliaerer-cholangitis-wurden-auf-dem-aasld-kongress-vorgestellt-und-im-new-englandjournal-of-medicine-veroe\/\">\n                        <h5 class=\"blue-txt\" role=\"heading\" aria-level=\"3\">Ergebnisse der ELATIVE\u00ae-Phase-III-Zulassungsstudie von Ipsen mit Elafibranor bei prim\u00e4rbili\u00e4rer Cholangitis wurden auf dem AASLD-Kongress vorgestellt und im New EnglandJournal of Medicine ver\u00f6ffentlicht<\/h5>\n                    <\/a>\n                                <\/div>\n        <\/div>\n    <\/div>\n<\/div>\n<section class=\"card-accordion\">\n    <div class=\"accordion filter-card-accord\">\n        <div class=\"accordion-item shadow-none\">\n            <h2 class=\"accordion-header\" id=\"headingOne\">\n                <button class=\"accordion-button accor-btn collapsed\" type=\"button\" data-bs-toggle=\"collapse\"\n                    data-bs-target=\"#collapseOne-2233\" aria-expanded=\"false\" aria-controls=\"collapseOne\">\n                    <span class=\"link-icon\">\n                        <img decoding=\"async\" src=\"https:\/\/www.ipsen.com\/germany\/wp-content\/themes\/ipsen-main\/dist\/images\/download-link.png\" alt=\"Herunterladen\"  title=\"Herunterladen\"\/>\n                    <\/span> 1 Verwandte Dokumente\/Links<\/button>\n            <\/h2>\n            <div id=\"collapseOne-2233\" class=\"accordion-collapse collapse\" aria-labelledby=\"headingOne\"\n                data-bs-parent=\"#accordionExample\">\n                <div class=\"accordion-body\">\n                                        <p>\n                        <a href=\"https:\/\/www.ipsen.com\/germany\/wp-content\/uploads\/sites\/6\/2024\/05\/PR_AASLD_Elative_DRSC-DE-000149-1.pdf\"\n                            target=\"_blank\">Pressemitteilung herunterladen <span class=\"link-res-icon\">\n                                <img decoding=\"async\" src=\"https:\/\/www.ipsen.com\/germany\/wp-content\/themes\/ipsen-main\/dist\/images\/pdf_icon_new.png\" alt=\"Herunterladen\"  title=\"Herunterladen\"\/>\n                            <\/span>\n                            <span class=\"file-size-info\">\n                                (167.34 KB)\n                            <\/span>\n                        <\/a>\n                    <\/p>\n                                 <\/div>\n            <\/div>\n        <\/div>\n    <\/div>\n<\/section>\n\t\t\n<\/div>\n<br>\n\t\t\t<div>\n<div class=\"row story-row pr-card\">\n            <div class=\"column-1 col-lg-12 col-md-12 col-sm-12\">\n            <div class=\"story-post\">\n            <div class=\"story-time-div\">\n                <div class=\"story-info-sec\">\n                                        <span class=\"desk-span\">\n                        <span class=\"story-date\">28 M\u00e4rz 2023                            <!-- <span class=\"story-read-time\">0 Minuten gelesen<\/span> -->\n                        <\/span>\n                        <p class=\"mob-span\">\n                            <span class=\"story-date\">28 M\u00e4rz 2023<\/span>\n                            <!-- <span class=\"story-read-time\"><\/span> -->\n                        <\/p>\n                <\/div>\n                                <div class=\"download\">\n                    <a href=\"https:\/\/www.ipsen.com\/germany\/wp-content\/uploads\/sites\/6\/2023\/12\/02_20230328_Statement-Off-Label-Use-Botulinumtoxin.pdf\" download>\n                        <img decoding=\"async\" src=\"https:\/\/www.ipsen.com\/germany\/wp-content\/themes\/ipsen-main\/dist\/images\/download.svg\" alt=\"Herunterladen Off-label Anwendung von Botulinumtoxin\"\/>\n                    <\/a>\n                <\/div>\n                                            <\/div>\n            <div class=\"story-post-content\">\n                    <a href=\"https:\/\/www.ipsen.com\/germany\/press-releases\/off-label-anwendung-von-botulinumtoxin\/\">\n                        <h5 class=\"blue-txt\" role=\"heading\" aria-level=\"3\">Off-label Anwendung von Botulinumtoxin<\/h5>\n                    <\/a>\n                                <\/div>\n        <\/div>\n    <\/div>\n<\/div>\n<section class=\"card-accordion\">\n    <div class=\"accordion filter-card-accord\">\n        <div class=\"accordion-item shadow-none\">\n            <h2 class=\"accordion-header\" id=\"headingOne\">\n                <button class=\"accordion-button accor-btn collapsed\" type=\"button\" data-bs-toggle=\"collapse\"\n                    data-bs-target=\"#collapseOne-544\" aria-expanded=\"false\" aria-controls=\"collapseOne\">\n                    <span class=\"link-icon\">\n                        <img decoding=\"async\" src=\"https:\/\/www.ipsen.com\/germany\/wp-content\/themes\/ipsen-main\/dist\/images\/download-link.png\" alt=\"Herunterladen\"  title=\"Herunterladen\"\/>\n                    <\/span> 1 Verwandte Dokumente\/Links<\/button>\n            <\/h2>\n            <div id=\"collapseOne-544\" class=\"accordion-collapse collapse\" aria-labelledby=\"headingOne\"\n                data-bs-parent=\"#accordionExample\">\n                <div class=\"accordion-body\">\n                                        <p>\n                        <a href=\"https:\/\/www.ipsen.com\/germany\/wp-content\/uploads\/sites\/6\/2023\/12\/Statement-Off-Label-Use-Botulinumtoxin-CRSC-DE-000207.pdf\"\n                            target=\"_blank\">02_20230328_Statement-Off-Label-Use-Botulinumtoxin<span class=\"link-res-icon\">\n                                <img decoding=\"async\" src=\"https:\/\/www.ipsen.com\/germany\/wp-content\/themes\/ipsen-main\/dist\/images\/pdf_icon_new.png\" alt=\"Herunterladen\"  title=\"Herunterladen\"\/>\n                            <\/span>\n                            <span class=\"file-size-info\">\n                                (99.21 KB)\n                            <\/span>\n                        <\/a>\n                    <\/p>\n                                 <\/div>\n            <\/div>\n        <\/div>\n    <\/div>\n<\/section>\n\t\t\n<\/div>\n<br>\n\t\t\t<nav class=\"pagination\" aria-label=\"Pagination\"><ul><li><span class='page-numbers current' aria-current='page' aria-hidden='true' aria-label='Page 1 (current)'>1<\/span><\/li><li><a class='page-numbers' aria-hidden='false' tabindex='0' aria-label='Page 2' onkeydown='if(event.key===\"Enter\"||event.key===\"\"||event.code===\"Space\"){paginationClick(2)}' onclick='paginationClick(2)'>2<\/a><\/li><li><a aria-label='Next Page' class='next page-numbers' aria-hidden='false' tabindex='0' onkeydown='if(event.key===\"Enter\"||event.key===\"\"||event.code===\"Space\"){paginationClick(2)}' onclick='paginationClick(2)'><\/a><\/li><\/ul><\/nav><\/div>\n<!-- Press Release Listing Ends here -->\n                        <!-- Search listing include end here-->\n                    <\/div>\n                <\/div>\n            <\/div>\n        <\/div>\n    <\/div>\n<\/section>\n\n    <!--Asset Card Start Here -->\n    <section class=\"asset-card-sec\">\n        <div class=\"container\">\n            <div class=\"row\">\n                <!--Asset info section-->\n                <div class=\"column-1 col-xl-12 col-md-12 col-sm-12\">\n                    <div class=\"text-asset-heading\">\n                        <h3 class=\"charcoal-grey visible heading-three\">Weitere Ipsen Pharma News<\/h3>\n                        <p class=\"text-asset-para charcoal-grey hidden\"><\/p>\n                    <\/div>\n                <\/div><!--Asset info section over here -->\n                \n                        <div class=\"col-lg-4 col-md-6 col-sm-12\">\n                            <div class=\"assets-card card-type-one\">\n                                <div class=\"row\">\n                                    <div class=\"column1 col-xl-12 col-md-12 col-sm-12\">\n                                        <div class=\"card-img-outer\">\n                                            <div class=\"card-img\">\n                                                                                                    <img decoding=\"async\" src=\"https:\/\/www.ipsen.com\/germany\/wp-content\/uploads\/sites\/6\/2023\/12\/Reports_mockup_schlaganfall_350x262.jpg\" alt=\"Angeh\u00f6rigen-Report Schlaganfall und seine Folgen\" title=\"Angeh\u00f6rigen-Report Schlaganfall und seine Folgen\">\n                                                                                            <\/div>\n                                        <\/div>\n                                    <\/div>\n                                    <div class=\"column2 col-xl-12 col-md-12 col-sm-12\">\n                                        <div class=\"card-content\" role=\"heading\" aria-level=\"3\">                                            \n                                            <p>Angeh\u00f6rigen-Report Schlaganfall und seine Folgen<\/p>                                           \n                                        <\/div>\n                                    <\/div>\n                                    <div class=\"column3 col-xl-12 col-md-12 col-sm-12\">\n                                        <div class=\"card-download-sec\">\n                                            <div class=\"img-type\">\n                                                <p class=\"charcoal-grey\">\n                                                    PDF                                                    (579.49 KB)\n                                                <\/p>\n                                            <\/div>\n                                                                                        <div class=\"download\">\n                                                <a href=\"https:\/\/www.ipsen.com\/germany\/wp-content\/uploads\/sites\/6\/2023\/12\/201211_Ipsen_Report_Schlaganfall_2020.pdf\" target=\"_blank\" download>\n                                                    <img decoding=\"async\" src=\"https:\/\/www.ipsen.com\/germany\/wp-content\/themes\/ipsen-main\/dist\/images\/ph_download-simple.png\"\n                                                        alt=\"Herunterladen Angeh\u00f6rigen-Report Schlaganfall und seine Folgen\">\n                                                <\/a>\n                                            <\/div>\n                                                                                    <\/div>\n                                    <\/div>\n                                <\/div>\n                            <\/div>\n                        <\/div>\n                \n                        <div class=\"col-lg-4 col-md-6 col-sm-12\">\n                            <div class=\"assets-card card-type-one\">\n                                <div class=\"row\">\n                                    <div class=\"column1 col-xl-12 col-md-12 col-sm-12\">\n                                        <div class=\"card-img-outer\">\n                                            <div class=\"card-img\">\n                                                                                                    <img decoding=\"async\" src=\"https:\/\/www.ipsen.com\/germany\/wp-content\/uploads\/sites\/6\/2023\/12\/Reports_mockup_krebs_350x262.jpg\" alt=\"Angeh\u00f6rigen-Report Krebserkrankungen und ihre Folgen\" title=\"Angeh\u00f6rigen-Report Krebserkrankungen und ihre Folgen\">\n                                                                                            <\/div>\n                                        <\/div>\n                                    <\/div>\n                                    <div class=\"column2 col-xl-12 col-md-12 col-sm-12\">\n                                        <div class=\"card-content\" role=\"heading\" aria-level=\"3\">                                            \n                                            <p>Angeh\u00f6rigen-Report Krebserkrankungen und ihre Folgen<\/p>                                           \n                                        <\/div>\n                                    <\/div>\n                                    <div class=\"column3 col-xl-12 col-md-12 col-sm-12\">\n                                        <div class=\"card-download-sec\">\n                                            <div class=\"img-type\">\n                                                <p class=\"charcoal-grey\">\n                                                    PDF                                                    (3.61 MB)\n                                                <\/p>\n                                            <\/div>\n                                                                                        <div class=\"download\">\n                                                <a href=\"https:\/\/www.ipsen.com\/germany\/wp-content\/uploads\/sites\/6\/2023\/12\/220204_Ipsen_Report_02-Onko_RZ.pdf\" target=\"_blank\" download>\n                                                    <img decoding=\"async\" src=\"https:\/\/www.ipsen.com\/germany\/wp-content\/themes\/ipsen-main\/dist\/images\/ph_download-simple.png\"\n                                                        alt=\"Herunterladen Angeh\u00f6rigen-Report Krebserkrankungen und ihre Folgen\">\n                                                <\/a>\n                                            <\/div>\n                                                                                    <\/div>\n                                    <\/div>\n                                <\/div>\n                            <\/div>\n                        <\/div>\n                \n                        <div class=\"col-lg-4 col-md-6 col-sm-12\">\n                            <div class=\"assets-card card-type-one\">\n                                <div class=\"row\">\n                                    <div class=\"column1 col-xl-12 col-md-12 col-sm-12\">\n                                        <div class=\"card-img-outer\">\n                                            <div class=\"card-img\">\n                                                                                                    <img decoding=\"async\" src=\"https:\/\/www.ipsen.com\/germany\/wp-content\/uploads\/sites\/6\/2023\/12\/Reports_mockup_raredisease_350x262.jpg\" alt=\"Angeh\u00f6rigen-Report Seltene Erkrankungen und ihre Folgen\" title=\"Angeh\u00f6rigen-Report Seltene Erkrankungen und ihre Folgen\">\n                                                                                            <\/div>\n                                        <\/div>\n                                    <\/div>\n                                    <div class=\"column2 col-xl-12 col-md-12 col-sm-12\">\n                                        <div class=\"card-content\" role=\"heading\" aria-level=\"3\">                                            \n                                            <p>Angeh\u00f6rigen-Report Seltene Erkrankungen und ihre Folgen<\/p>                                           \n                                        <\/div>\n                                    <\/div>\n                                    <div class=\"column3 col-xl-12 col-md-12 col-sm-12\">\n                                        <div class=\"card-download-sec\">\n                                            <div class=\"img-type\">\n                                                <p class=\"charcoal-grey\">\n                                                    PDF                                                    (1.91 MB)\n                                                <\/p>\n                                            <\/div>\n                                                                                        <div class=\"download\">\n                                                <a href=\"https:\/\/www.ipsen.com\/germany\/wp-content\/uploads\/sites\/6\/2023\/12\/2023_Ipsen-Report-Seltene-Erkrankungen.pdf\" target=\"_blank\" download>\n                                                    <img decoding=\"async\" src=\"https:\/\/www.ipsen.com\/germany\/wp-content\/themes\/ipsen-main\/dist\/images\/ph_download-simple.png\"\n                                                        alt=\"Herunterladen Angeh\u00f6rigen-Report Seltene Erkrankungen und ihre Folgen\">\n                                                <\/a>\n                                            <\/div>\n                                                                                    <\/div>\n                                    <\/div>\n                                <\/div>\n                            <\/div>\n                        <\/div>\n                \n                        <div class=\"col-lg-4 col-md-6 col-sm-12\">\n                            <div class=\"assets-card card-type-one\">\n                                <div class=\"row\">\n                                    <div class=\"column1 col-xl-12 col-md-12 col-sm-12\">\n                                        <div class=\"card-img-outer\">\n                                            <div class=\"card-img\">\n                                                                                                    <img decoding=\"async\" src=\"https:\/\/www.ipsen.com\/germany\/wp-content\/uploads\/sites\/6\/2023\/12\/Teaser-image-Positionspapier-seltene-Erkrankungen.png\" alt=\"Positionspapier Seltene Erkrankungen\" title=\"Positionspapier Seltene Erkrankungen\">\n                                                                                            <\/div>\n                                        <\/div>\n                                    <\/div>\n                                    <div class=\"column2 col-xl-12 col-md-12 col-sm-12\">\n                                        <div class=\"card-content\" role=\"heading\" aria-level=\"3\">                                            \n                                            <p>Positionspapier Seltene Erkrankungen<\/p>                                           \n                                        <\/div>\n                                    <\/div>\n                                    <div class=\"column3 col-xl-12 col-md-12 col-sm-12\">\n                                        <div class=\"card-download-sec\">\n                                            <div class=\"img-type\">\n                                                <p class=\"charcoal-grey\">\n                                                    PDF                                                    (750.10 KB)\n                                                <\/p>\n                                            <\/div>\n                                                                                        <div class=\"download\">\n                                                <a href=\"https:\/\/www.ipsen.com\/germany\/wp-content\/uploads\/sites\/6\/2023\/12\/COR-0N-23-0014-01_Positionspaper_OrphanDrugs_2307211.pdf\" target=\"_blank\" download>\n                                                    <img decoding=\"async\" src=\"https:\/\/www.ipsen.com\/germany\/wp-content\/themes\/ipsen-main\/dist\/images\/ph_download-simple.png\"\n                                                        alt=\"Herunterladen Positionspapier Seltene Erkrankungen\">\n                                                <\/a>\n                                            <\/div>\n                                                                                    <\/div>\n                                    <\/div>\n                                <\/div>\n                            <\/div>\n                        <\/div>\n                \n                        <div class=\"col-lg-4 col-md-6 col-sm-12\">\n                            <div class=\"assets-card card-type-one\">\n                                <div class=\"row\">\n                                    <div class=\"column1 col-xl-12 col-md-12 col-sm-12\">\n                                        <div class=\"card-img-outer\">\n                                            <div class=\"card-img\">\n                                                                                                    <img decoding=\"async\" src=\"https:\/\/www.ipsen.com\/germany\/wp-content\/uploads\/sites\/6\/2023\/12\/Teaser-Image-Globaler-Geschaftsbericht.png\" alt=\"Globaler Gesch\u00e4ftsbericht 2022\" title=\"Globaler Gesch\u00e4ftsbericht 2022\">\n                                                                                            <\/div>\n                                        <\/div>\n                                    <\/div>\n                                    <div class=\"column2 col-xl-12 col-md-12 col-sm-12\">\n                                        <div class=\"card-content\" role=\"heading\" aria-level=\"3\">                                            \n                                            <p>Globaler Gesch\u00e4ftsbericht 2022<\/p>                                           \n                                        <\/div>\n                                    <\/div>\n                                    <div class=\"column3 col-xl-12 col-md-12 col-sm-12\">\n                                        <div class=\"card-download-sec\">\n                                            <div class=\"img-type\">\n                                                <p class=\"charcoal-grey\">\n                                                    PDF                                                    (7.33 MB)\n                                                <\/p>\n                                            <\/div>\n                                                                                        <div class=\"download\">\n                                                <a href=\"https:\/\/www.ipsen.com\/germany\/wp-content\/uploads\/sites\/6\/2023\/12\/Ipsen_AR2022_engl.pdf\" target=\"_blank\" download>\n                                                    <img decoding=\"async\" src=\"https:\/\/www.ipsen.com\/germany\/wp-content\/themes\/ipsen-main\/dist\/images\/ph_download-simple.png\"\n                                                        alt=\"Herunterladen Globaler Gesch\u00e4ftsbericht 2022\">\n                                                <\/a>\n                                            <\/div>\n                                                                                    <\/div>\n                                    <\/div>\n                                <\/div>\n                            <\/div>\n                        <\/div>\n                \n                        <div class=\"col-lg-4 col-md-6 col-sm-12\">\n                            <div class=\"assets-card card-type-one\">\n                                <div class=\"row\">\n                                    <div class=\"column1 col-xl-12 col-md-12 col-sm-12\">\n                                        <div class=\"card-img-outer\">\n                                            <div class=\"card-img\">\n                                                                                                    <img decoding=\"async\" src=\"https:\/\/www.ipsen.com\/germany\/wp-content\/uploads\/sites\/6\/2023\/12\/Teaser-image-Ipsen-in-Zahlen-Daten-und-Fakten.png\" alt=\"Ipsen in Zahlen, Dakten und Fakten\" title=\"Ipsen in Zahlen, Dakten und Fakten\">\n                                                                                            <\/div>\n                                        <\/div>\n                                    <\/div>\n                                    <div class=\"column2 col-xl-12 col-md-12 col-sm-12\">\n                                        <div class=\"card-content\" role=\"heading\" aria-level=\"3\">                                            \n                                            <p>Ipsen in Zahlen, Dakten und Fakten<\/p>                                           \n                                        <\/div>\n                                    <\/div>\n                                    <div class=\"column3 col-xl-12 col-md-12 col-sm-12\">\n                                        <div class=\"card-download-sec\">\n                                            <div class=\"img-type\">\n                                                <p class=\"charcoal-grey\">\n                                                    PDF                                                    (261.02 KB)\n                                                <\/p>\n                                            <\/div>\n                                                                                        <div class=\"download\">\n                                                <a href=\"https:\/\/www.ipsen.com\/germany\/wp-content\/uploads\/sites\/6\/2024\/04\/Ipsen_Infografik_DE_2024.pdf\" target=\"_blank\" download>\n                                                    <img decoding=\"async\" src=\"https:\/\/www.ipsen.com\/germany\/wp-content\/themes\/ipsen-main\/dist\/images\/ph_download-simple.png\"\n                                                        alt=\"Herunterladen Ipsen in Zahlen, Dakten und Fakten\">\n                                                <\/a>\n                                            <\/div>\n                                                                                    <\/div>\n                                    <\/div>\n                                <\/div>\n                            <\/div>\n                        <\/div>\n                            <\/div>\n\n            <div class=\"more-result-btn\">\n                                            <\/div>\n        <\/div>\n    <\/section>\n    <!--Asset Card Ends Here -->\n<\/div>\n<\/div>\n","protected":false},"excerpt":{"rendered":"","protected":false},"author":3,"featured_media":0,"parent":0,"menu_order":0,"comment_status":"closed","ping_status":"closed","template":"","meta":{"_acf_changed":false,"footnotes":""},"class_list":["post-27","page","type-page","status-publish","hentry","entry"],"acf":[],"yoast_head":"<!-- This site is optimized with the Yoast SEO plugin v26.8 - https:\/\/yoast.com\/product\/yoast-seo-wordpress\/ -->\n<title>Ipsen Pharma News<\/title>\n<meta name=\"description\" content=\"F\u00fcr die Medien: Ipsen Presseinformationen und weitere wichtige Ver\u00f6ffentlichungen\" \/>\n<meta name=\"robots\" content=\"index, follow, max-snippet:-1, max-image-preview:large, max-video-preview:-1\" \/>\n<link rel=\"canonical\" href=\"https:\/\/www.ipsen.com\/germany\/newsroom\/\" \/>\n<meta property=\"og:locale\" content=\"de_DE\" \/>\n<meta property=\"og:type\" content=\"article\" \/>\n<meta property=\"og:title\" content=\"Ipsen Pharma News\" \/>\n<meta property=\"og:description\" content=\"F\u00fcr die Medien: Ipsen Presseinformationen und weitere wichtige Ver\u00f6ffentlichungen\" \/>\n<meta property=\"og:url\" content=\"https:\/\/www.ipsen.com\/germany\/newsroom\/\" \/>\n<meta property=\"og:site_name\" content=\"Germany\" \/>\n<meta property=\"article:modified_time\" content=\"2026-02-23T10:34:51+00:00\" \/>\n<meta name=\"twitter:card\" content=\"summary_large_image\" \/>\n<script type=\"application\/ld+json\" class=\"yoast-schema-graph\">{\"@context\":\"https:\/\/schema.org\",\"@graph\":[{\"@type\":\"WebPage\",\"@id\":\"https:\/\/www.ipsen.com\/germany\/newsroom\/\",\"url\":\"https:\/\/www.ipsen.com\/germany\/newsroom\/\",\"name\":\"Ipsen Pharma News\",\"isPartOf\":{\"@id\":\"https:\/\/www.ipsen.com\/germany\/#website\"},\"datePublished\":\"2023-11-27T12:12:26+00:00\",\"dateModified\":\"2026-02-23T10:34:51+00:00\",\"description\":\"F\u00fcr die Medien: Ipsen Presseinformationen und weitere wichtige Ver\u00f6ffentlichungen\",\"breadcrumb\":{\"@id\":\"https:\/\/www.ipsen.com\/germany\/newsroom\/#breadcrumb\"},\"inLanguage\":\"de-DE\",\"potentialAction\":[{\"@type\":\"ReadAction\",\"target\":[\"https:\/\/www.ipsen.com\/germany\/newsroom\/\"]}]},{\"@type\":\"BreadcrumbList\",\"@id\":\"https:\/\/www.ipsen.com\/germany\/newsroom\/#breadcrumb\",\"itemListElement\":[{\"@type\":\"ListItem\",\"position\":1,\"name\":\"Home\",\"item\":\"https:\/\/www.ipsen.com\/germany\/\"},{\"@type\":\"ListItem\",\"position\":2,\"name\":\"Newsroom\"}]},{\"@type\":\"WebSite\",\"@id\":\"https:\/\/www.ipsen.com\/germany\/#website\",\"url\":\"https:\/\/www.ipsen.com\/germany\/\",\"name\":\"Germany\",\"description\":\"\",\"publisher\":{\"@id\":\"https:\/\/www.ipsen.com\/germany\/#organization\"},\"potentialAction\":[{\"@type\":\"SearchAction\",\"target\":{\"@type\":\"EntryPoint\",\"urlTemplate\":\"https:\/\/www.ipsen.com\/germany\/?s={search_term_string}\"},\"query-input\":{\"@type\":\"PropertyValueSpecification\",\"valueRequired\":true,\"valueName\":\"search_term_string\"}}],\"inLanguage\":\"de-DE\"},{\"@type\":\"Organization\",\"@id\":\"https:\/\/www.ipsen.com\/germany\/#organization\",\"name\":\"Germany\",\"url\":\"https:\/\/www.ipsen.com\/germany\/\",\"logo\":{\"@type\":\"ImageObject\",\"inLanguage\":\"de-DE\",\"@id\":\"https:\/\/www.ipsen.com\/germany\/#\/schema\/logo\/image\/\",\"url\":\"https:\/\/www.ipsen.com\/germany\/wp-content\/uploads\/sites\/6\/2025\/06\/Latest_Ipsen-logo_168x48.svg\",\"contentUrl\":\"https:\/\/www.ipsen.com\/germany\/wp-content\/uploads\/sites\/6\/2025\/06\/Latest_Ipsen-logo_168x48.svg\",\"caption\":\"Germany\"},\"image\":{\"@id\":\"https:\/\/www.ipsen.com\/germany\/#\/schema\/logo\/image\/\"}}]}<\/script>\n<!-- \/ Yoast SEO plugin. -->","yoast_head_json":{"title":"Ipsen Pharma News","description":"F\u00fcr die Medien: Ipsen Presseinformationen und weitere wichtige Ver\u00f6ffentlichungen","robots":{"index":"index","follow":"follow","max-snippet":"max-snippet:-1","max-image-preview":"max-image-preview:large","max-video-preview":"max-video-preview:-1"},"canonical":"https:\/\/www.ipsen.com\/germany\/newsroom\/","og_locale":"de_DE","og_type":"article","og_title":"Ipsen Pharma News","og_description":"F\u00fcr die Medien: Ipsen Presseinformationen und weitere wichtige Ver\u00f6ffentlichungen","og_url":"https:\/\/www.ipsen.com\/germany\/newsroom\/","og_site_name":"Germany","article_modified_time":"2026-02-23T10:34:51+00:00","twitter_card":"summary_large_image","schema":{"@context":"https:\/\/schema.org","@graph":[{"@type":"WebPage","@id":"https:\/\/www.ipsen.com\/germany\/newsroom\/","url":"https:\/\/www.ipsen.com\/germany\/newsroom\/","name":"Ipsen Pharma News","isPartOf":{"@id":"https:\/\/www.ipsen.com\/germany\/#website"},"datePublished":"2023-11-27T12:12:26+00:00","dateModified":"2026-02-23T10:34:51+00:00","description":"F\u00fcr die Medien: Ipsen Presseinformationen und weitere wichtige Ver\u00f6ffentlichungen","breadcrumb":{"@id":"https:\/\/www.ipsen.com\/germany\/newsroom\/#breadcrumb"},"inLanguage":"de-DE","potentialAction":[{"@type":"ReadAction","target":["https:\/\/www.ipsen.com\/germany\/newsroom\/"]}]},{"@type":"BreadcrumbList","@id":"https:\/\/www.ipsen.com\/germany\/newsroom\/#breadcrumb","itemListElement":[{"@type":"ListItem","position":1,"name":"Home","item":"https:\/\/www.ipsen.com\/germany\/"},{"@type":"ListItem","position":2,"name":"Newsroom"}]},{"@type":"WebSite","@id":"https:\/\/www.ipsen.com\/germany\/#website","url":"https:\/\/www.ipsen.com\/germany\/","name":"Germany","description":"","publisher":{"@id":"https:\/\/www.ipsen.com\/germany\/#organization"},"potentialAction":[{"@type":"SearchAction","target":{"@type":"EntryPoint","urlTemplate":"https:\/\/www.ipsen.com\/germany\/?s={search_term_string}"},"query-input":{"@type":"PropertyValueSpecification","valueRequired":true,"valueName":"search_term_string"}}],"inLanguage":"de-DE"},{"@type":"Organization","@id":"https:\/\/www.ipsen.com\/germany\/#organization","name":"Germany","url":"https:\/\/www.ipsen.com\/germany\/","logo":{"@type":"ImageObject","inLanguage":"de-DE","@id":"https:\/\/www.ipsen.com\/germany\/#\/schema\/logo\/image\/","url":"https:\/\/www.ipsen.com\/germany\/wp-content\/uploads\/sites\/6\/2025\/06\/Latest_Ipsen-logo_168x48.svg","contentUrl":"https:\/\/www.ipsen.com\/germany\/wp-content\/uploads\/sites\/6\/2025\/06\/Latest_Ipsen-logo_168x48.svg","caption":"Germany"},"image":{"@id":"https:\/\/www.ipsen.com\/germany\/#\/schema\/logo\/image\/"}}]}},"parsely":{"version":"1.1.0","canonical_url":"https:\/\/ipsen.com\/germany\/newsroom\/","smart_links":{"inbound":0,"outbound":0},"traffic_boost_suggestions_count":0,"meta":{"@context":"https:\/\/schema.org","@type":"WebPage","headline":"Newsroom","url":"http:\/\/www.ipsen.com\/germany\/newsroom\/","mainEntityOfPage":{"@type":"WebPage","@id":"http:\/\/www.ipsen.com\/germany\/newsroom\/"},"thumbnailUrl":"","image":{"@type":"ImageObject","url":""},"articleSection":"Allgemein","author":[{"@type":"Person","name":"Dipika"}],"creator":["Dipika"],"publisher":{"@type":"Organization","name":"Germany","logo":""},"keywords":[],"dateCreated":"2023-11-27T12:12:26Z","datePublished":"2023-11-27T12:12:26Z","dateModified":"2026-02-23T10:34:51Z"},"rendered":"<script type=\"application\/ld+json\" class=\"wp-parsely-metadata\">{\"@context\":\"https:\\\/\\\/schema.org\",\"@type\":\"WebPage\",\"headline\":\"Newsroom\",\"url\":\"http:\\\/\\\/www.ipsen.com\\\/germany\\\/newsroom\\\/\",\"mainEntityOfPage\":{\"@type\":\"WebPage\",\"@id\":\"http:\\\/\\\/www.ipsen.com\\\/germany\\\/newsroom\\\/\"},\"thumbnailUrl\":\"\",\"image\":{\"@type\":\"ImageObject\",\"url\":\"\"},\"articleSection\":\"Allgemein\",\"author\":[{\"@type\":\"Person\",\"name\":\"Dipika\"}],\"creator\":[\"Dipika\"],\"publisher\":{\"@type\":\"Organization\",\"name\":\"Germany\",\"logo\":\"\"},\"keywords\":[],\"dateCreated\":\"2023-11-27T12:12:26Z\",\"datePublished\":\"2023-11-27T12:12:26Z\",\"dateModified\":\"2026-02-23T10:34:51Z\"}<\/script>","tracker_url":"https:\/\/cdn.parsely.com\/keys\/ipsen.com\/p.js"},"jetpack_sharing_enabled":true,"_links":{"self":[{"href":"https:\/\/www.ipsen.com\/germany\/wp-json\/wp\/v2\/pages\/27","targetHints":{"allow":["GET"]}}],"collection":[{"href":"https:\/\/www.ipsen.com\/germany\/wp-json\/wp\/v2\/pages"}],"about":[{"href":"https:\/\/www.ipsen.com\/germany\/wp-json\/wp\/v2\/types\/page"}],"author":[{"embeddable":true,"href":"https:\/\/www.ipsen.com\/germany\/wp-json\/wp\/v2\/users\/3"}],"replies":[{"embeddable":true,"href":"https:\/\/www.ipsen.com\/germany\/wp-json\/wp\/v2\/comments?post=27"}],"version-history":[{"count":34,"href":"https:\/\/www.ipsen.com\/germany\/wp-json\/wp\/v2\/pages\/27\/revisions"}],"predecessor-version":[{"id":2975,"href":"https:\/\/www.ipsen.com\/germany\/wp-json\/wp\/v2\/pages\/27\/revisions\/2975"}],"wp:attachment":[{"href":"https:\/\/www.ipsen.com\/germany\/wp-json\/wp\/v2\/media?parent=27"}],"curies":[{"name":"wp","href":"https:\/\/api.w.org\/{rel}","templated":true}]}}