{"id":987,"date":"2024-11-14T10:44:09","date_gmt":"2024-11-14T08:44:09","guid":{"rendered":"https:\/\/www.ipsen.com\/france\/?page_id=987"},"modified":"2025-07-01T10:46:34","modified_gmt":"2025-07-01T08:46:34","slug":"actualites","status":"publish","type":"page","link":"https:\/\/www.ipsen.com\/france\/actualites\/","title":{"rendered":"Actualit\u00e9s"},"content":{"rendered":"    <section class=\"sub-page-banner bg-img-enabled  banner-no-filter\" style=\"background-image:url(https:\/\/www.ipsen.com\/france\/wp-content\/uploads\/sites\/15\/2025\/07\/Stories.jpg)\">\n                <div class=\"container content-sec\">\n            <nav aria-label=\"breadcrumb\">\n            <ol class=\"breadcrumb\">\n                <li class=\"breadcrumb-item\"><a href=\"https:\/\/www.ipsen.com\/france\">Accueil<\/a><\/li><li class=\"breadcrumb-item active\"><a class=\"link-pointer-events-none\" href=\"#\" aria-current=\"page\">Actualit\u00e9s<\/a><\/li><\/ol>\n            <\/nav>            <h1 class=\"visible banner-font-color-white\">Actualit\u00e9s<\/h1>\n            <p class=\"visible banner-font-color-white\">D\u00e9couvrez toutes les actualit\u00e9s d&#8217;Ipsen France<\/p>\n        <\/div>\n    <\/section>\n\n\n\n<!-- Modify Stories Page on filter for Story See More start-->\n<!-- Modify Stories Page on filter for Story See More ends-->\n\n<!--Search search-filter card -->\n<section class=\"story-filter-card\" id=\"search-content\" data-langaugecode=\"fr\" data-storyfilter=\"visible\" data-paginationtype=\"visible\" data-loadmore=\"hidden\" data-filtertype=\"post\" data-pagination=\"visible\" data-posttype=\"post\" data-paged=\"1\">\n\t<div class=\"story-filter-main container\">\n\t\t\t<div class=\"story-heading\">\n\t\t\t<h3 class=\"charcoal-grey heading-three\">\n\t\t\t\tExplorer par cat\u00e9gorie\t\t\t<\/h3>\n\t\t<\/div>\n\t\t\t\t<div class=\"story-filter-section\">\n\t\t\t<div class=\"story-list-btn-div\">\n\t\t\t\t<!-- <ul class=\"list-btn\">\n\t\t\t\t\t<li class=\"story-list-btn btn active\" data-posttype=\"post\"><a href=\"#!\">Tout voir<\/a>\n\t\t\t\t\t<\/li>\n\t\t\t\t\t\t\t\t\t\t<li class=\"story-list-btn btn\" data-posttype=\"post\"\n\t\t\t\t\t\tdata-catid=\"33\"><a href=\"#!\">Oncologie<\/a>\n\t\t\t\t\t<\/li>\n\t\t\t\t\t\t\t\t\t\t<li class=\"story-list-btn btn\" data-posttype=\"post\"\n\t\t\t\t\t\tdata-catid=\"32\"><a href=\"#!\">Partenariat<\/a>\n\t\t\t\t\t<\/li>\n\t\t\t\t\t\t\t\t\t\t<li class=\"story-list-btn btn\" data-posttype=\"post\"\n\t\t\t\t\t\tdata-catid=\"34\"><a href=\"#!\">Vie d'entreprise<\/a>\n\t\t\t\t\t<\/li>\n\t\t\t\t\t\t\t\t\t<\/ul> -->\n\t\t\t\t<ul class=\"list-btn\">\n\t\t\t\t\t<!-- ALL BUTTON -->\n\t\t\t\t\t<li class=\"story-list-btn btn active\"\n\t\t\t\t\t\t\t\tdata-posttype=\"post\">\n\t\t\t\t\t\t<a href=\"#!\">Tout voir<\/a>\n\t\t\t\t\t<\/li>\n\t\t\t\t\t<!-- Modify Category Buttons Markup for Story See More-->\n\t\t\t\t\t\t\t\t\t\t\t<li class=\"story-list-btn btn \"\n\t\t\t\t\t\t\tdata-posttype=\"post\"\n\t\t\t\t\t\t\tdata-catid=\"33\"\n\t\t\t\t\t\t\tdata-slug=\"oncologie\">\n\t\t\t\t\t\t\t<a href=\"#!\">Oncologie<\/a>\n\t\t\t\t\t\t<\/li>\n\t\t\t\t\t\t\t\t\t\t\t<li class=\"story-list-btn btn \"\n\t\t\t\t\t\t\tdata-posttype=\"post\"\n\t\t\t\t\t\t\tdata-catid=\"32\"\n\t\t\t\t\t\t\tdata-slug=\"partenariat\">\n\t\t\t\t\t\t\t<a href=\"#!\">Partenariat<\/a>\n\t\t\t\t\t\t<\/li>\n\t\t\t\t\t\t\t\t\t\t\t<li class=\"story-list-btn btn \"\n\t\t\t\t\t\t\tdata-posttype=\"post\"\n\t\t\t\t\t\t\tdata-catid=\"34\"\n\t\t\t\t\t\t\tdata-slug=\"vie-dentreprise\">\n\t\t\t\t\t\t\t<a href=\"#!\">Vie d&#8217;entreprise<\/a>\n\t\t\t\t\t\t<\/li>\n\t\t\t\t\t\t\t\t\t<\/ul>\n\t\t\t<\/div>\n\n\t\t\t<div class=\"story-content-div\">\n\t\t\t\t<div class=\"row\">\n\t\t\t\t\t\t\t\t\t<div class=\"column-1 col-xl-3 col-md-4 col-sm-12\">\n\t\t\t\t\t\t<a href=\"#!\" class=\"filter-heading d-block\" id=\"fliter-btn\">\n\t\t\t\t\t\tFiltre<\/p>\n\t\t\t\t\t\t<\/a>\n\n\t\t\t\t\t\t<div class=\"filter-dropdown\">\n\t\t\t\t\t\t\t<div class=\"filter-section\">\n\t\t\t\t\t\t\t\t\t\t\t\t\t\t\t<div class=\"filter-content selection-period\">\n\t\t\t\t\t\t\t\t\t<div class=\"period-filter\">\n\t\t\t\t\t\t\t\t\t\t<p>P\u00e9riode<\/p>\n\t\t\t\t\t\t\t\t\t\t<div class=\"mutltiselect-dropdown year-dropdown\">\n\t\t\t\t\t\t\t\t\t\t<input id=\"selectedCheckboxes\" name=\"selectedCheckboxes\" type=\"hidden\" value=\"\" \/>\n\t\t\t\t\t\t\t\t\t\t\t<select name=\"langOpt[]\" multiple id=\"langOpt\">\n\t\t\t\t\t\t\t\t\t\t\t\t\t\t\t\t\t\t\t\t\t\t\t\t\t<option value=\"2026\">2026\t\t\t\t\t\t\t\t\t\t\t\t\t\t\t\t\t\t\t\t\t\t\t\t\t<option value=\"2025\">2025\t\t\t\t\t\t\t\t\t\t\t\t\t\t\t\t\t\t\t\t\t\t\t\t\t<option value=\"2024\">2024\t\t\t\t\t\t\t\t\t\t\t\t\t\t\t\t\t\t\t\t\t\t\t\t\t<option value=\"2023\">2023\t\t\t\t\t\t\t\t\t\t\t\t\t\t\t\t\t\t\t\t\t\t\t\t\t<option value=\"2022\">2022\t\t\t\t\t\t\t\t\t\t\t\t\t\t\t\t\t\t\t\t\t\t\t\t\t<option value=\"2021\">2021\t\t\t\t\t\t\t\t\t\t\t\t\t\t\t\t\t\t\t\t\t\t\t\t\t<option value=\"2020\">2020\t\t\t\t\t\t\t\t\t\t\t\t\t\t\t\t\t\t\t\t\t\t\t\t\t<option value=\"2019\">2019\t\t\t\t\t\t\t\t\t\t\t\t\t\t\t\t\t\t\t\t\t\t\t\t\t<option value=\"2018\">2018\t\t\t\t\t\t\t\t\t\t\t\t\t\t\t\t\t\t\t\t\t\t\t\t\t<option value=\"2017\">2017\t\t\t\t\t\t\t\t\t\t\t\t\t\t\t\t\t\t\t\t\t\t\t<\/select>\n\t\t\t\t\t\t\t\t\t\t<\/div>\n\t\t\t\t\t\t\t\t\t<\/div>\n\t\t\t\t\t\t\t\t<\/div>\n\t\t\t\t\t\t\t\t\t\t\t\t\t\t\t\t\t\t\t\t\t\t<!-- dropdown with input -->\n\t\t\t\t\t\t\t\t<div class=\"search-drop-down\">\n\t\t\t\t\t\t\t\t\t<div class=\"filterby-filter\">\n\t\t\t\t\t\t\t\t\t\t<p>Filtrer par<\/p>\n\t\t\t\t\t\t\t\t\t\t<div class=\"input-filter\">\n\t\t\t\t\t\t\t\t\t\t\t<input type=\"search\" name=\"filter-by\" id=\"filter-by\"\n\t\t\t\t\t\t\t\t\t\t\t\tonKeyUp=\"searchResults(this.value)\" placeholder=\"Taper un mot cl\u00e9\">\n\t\t\t\t\t\t\t\t\t\t<\/div>\n\t\t\t\t\t\t\t\t\t\t<div class=\"filter-by-dropdown\">\n\t\t\t\t\t\t\t\t\t\t\t<div class=\"filter-by-inner\">\n\t\t\t\t\t\t\t\t\t\t\t\t<p class=\"recent\">\n\t\t\t\t\t\t\t\t\t\t\t\trecherche r\u00e9cente\t\t\t\t\t\t\t\t\t\t\t\t<\/p>\n\t\t\t\t\t\t\t\t\t\t\t\t\t\t\t\t\t\t\t\t\t\t\t\t<ul class=\"filter-by-list\">\n\t\t\t\t\t\t\t\t\t\t\t\t\t\t\t\t\t\t\t\t\t\t\t\t\t<\/ul>\n\t\t\t\t\t\t\t\t\t\t\t<\/div>\n\t\t\t\t\t\t\t\t\t\t\t<div id=\"autoFill\">\n\t\t\t\t\t\t\t\t\t\t\t<\/div>\n\t\t\t\t\t\t\t\t\t\t<\/div>\n\t\t\t\t\t\t\t\t\t<\/div>\n\t\t\t\t\t\t\t\t<\/div>\n\t\t\t\t\t\t\t\t\t\t\t\t\t\t\t\t<!-- mobile.sort section \n\t\t\t\t\t\t\t\t<div class=\"mob-sort-sec\">\n\t\t\t\t\t\t\t\t\t<p>Sort<\/p>\n\t\t\t\t\t\t\t\t\t<div class=\"dropdown-sort\">\n\t\t\t\t\t\t\t\t\t\t<input type=\"text\" id=\"sort-mob\" name=\"sort-mob\" placeholder=\"Select\">\n\t\t\t\t\t\t\t\t\t\t<div id=\"sortDropdown\" class=\"dropdown-content-sort\">\n\t\t\t\t\t\t\t\t\t\t\t<a href=\"#one\">one<\/a>\n\t\t\t\t\t\t\t\t\t\t\t<a href=\"#two\">two<\/a>\n\t\t\t\t\t\t\t\t\t\t\t<a href=\"#three\">three<\/a>\n\t\t\t\t\t\t\t\t\t\t<\/div>\n\t\t\t\t\t\t\t\t\t<\/div>\n\t\t\t\t\t\t\t\t<\/div> -->\n\t\t\t\t\t\t\t\t<div class=\"reset-div\">\n\t\t\t\t\t\t\t\t\t<button class=\"btn reset-btn\">R\u00e9initialiser les filtres<\/button>\n\t\t\t\t\t\t\t\t<\/div>\n\t\t\t\t\t\t\t<\/div>\n\t\t\t\t\t\t<\/div>\n\n\t\t\t\t\t<\/div>\n\t\t\t\t\t\t\t\t\t<div class=\"column-2 col-xl-9 col-md-8   col-sm-12\">\n\n\t\t\t\t\t\t<div class=\"story-total-div\" id=\"search-total-div\" data-langaugecode=\"fr\"  data-loadmore=\"hidden\" data-pagination=\"visible\" data-posttype=\"post\">\n\t\t\t\t\t\t<input type=\"hidden\" id=\"tot_posts\" value=\"10\" \/>\n\t\t\t\t\t\t<input type=\"hidden\" id=\"current_page\" value=\"1\" \/> \n                        \n\t\t\t\t\t\t\t\t\t\t\t\t\t<div class=\"no-of-story\">\n\t\t\t\t\t\t\t\t<p>Afficher: <span id=\"start-value\">1<\/span> &#8211; <span id=\"no-of-search\">5<\/span> de <span id=\"total-count\">10<\/span> Actualit\u00e9s<\/p>\n\t\t\t\t\t\t\t<\/div>\n\t\t\t\t\t\t\t\t\t\t\t\t\t\t<div class=\"no-of-show\">\n\t\t\t\t\t\t\t\t<div class=\"sort-section\">\n\t\t\t\t\t\t\t\t\t<label for=\"show-list\" class=\"show-list\">Afficher<\/label>\n\t\t\t\t\t\t\t\t\t<!-- surround the select box with a \"custom-select\" DIV element. Remember to set the width: -->\n\t\t\t\t\t\t\t\t\t<div class=\"custom-short\" style=\"width:100px;\">\n\t\t\t\t\t\t\t\t\t\t<select id=\"show-list\">\n\t\t\t\t\t\t\t\t\t\t\t<option value=\"05\">05<\/option>\n\t\t\t\t\t\t\t\t\t\t\t<option value=\"10\">10<\/option>\n\t\t\t\t\t\t\t\t\t\t\t<option value=\"20\">20<\/option>\n\t\t\t\t\t\t\t\t\t\t\t<option value=\"30\">30<\/option>\n\t\t\t\t\t\t\t\t\t\t\t<option value=\"40\">40<\/option>\n\t\t\t\t\t\t\t\t\t\t\t<option value=\"50\">50<\/option>\n\t\t\t\t\t\t\t\t\t\t<\/select>\n\t\t\t\t\t\t\t\t\t<\/div>\n\t\t\t\t\t\t\t\t<\/div>\n\t\t\t\t\t\t\t<\/div>\n\t\t\t\t\t\t\t\t\t\t\t\t\t\t<div class=\"no-of-sort\">\n\t\t\t\t\t\t\t\t<div class=\"short-name-sec\">\n\t\t\t\t\t\t\t\t\t<label for=\"show-list\" class=\"show-list\">Trier par<\/label>\n\t\t\t\t\t\t\t\t\t<!-- surround the select box with a \"custom-select\" DIV element. Remember to set the width: -->\n\t\t\t\t\t\t\t\t\t<div class=\"custom-ascend\" style=\"width:200px;\">\n\t\t\t\t\t\t\t\t\t\t<select id=\"show-list-as\">\n\t\t\t\t\t\t\t\t\t\t\t<option value=\"DSC\" aria-label=\"Descendant\">Descendant<\/option>\n\t\t\t\t\t\t\t\t\t\t\t<option value=\"ASC\" aria-label=\"Ascendant\">Ascendant<\/option>\n\t\t\t\t\t\t\t\t\t\t<\/select>\n\t\t\t\t\t\t\t\t\t<\/div>\n\t\t\t\t\t\t\t\t<\/div>\n\t\t\t\t\t\t\t<\/div>\n\t\t\t\t\t\t\t\t\t\t\t\t\t<\/div>\n\n\t\t\t\t\t\t<!-- Search listing include start here-->\n\t\t\t\t\t\t<div id=\"search-results\" class=\"story-div\">\n\t\t\t\t\t\t\t<!-- Story Listing start here -->\n<div class=\"story-div\" id=\"search-div\">\n    <div class=\"row story-row\">\n    <div class=\"column-1 col-lg-4 col-md-4 col-sm-12\">\n                    <div class=\"story-img\">\n                                            <a href=\"https:\/\/www.ipsen.com\/france\/ipsen-devient-membre-fondateur-du-nouveau-syndicat-initiative-pharma\/vie-dentreprise\/\"><img decoding=\"async\" src=\"https:\/\/www.ipsen.com\/france\/wp-content\/uploads\/sites\/15\/2026\/04\/Initiative-Pharma-Web-L1004158-1.jpg\" alt=\"Ipsen\u00a0devient membre fondateur du\u00a0nouveau\u00a0syndicat\u00a0Initiative Pharma\"\/><\/a>\n                                    <\/div>\n            <\/div>\n    <div class=\"column-2 col-lg-8 col-md-8 col-sm-12\">\n        <div class=\"story-post\">\n            <div class=\"story-time-div\">\n                <button class=\"btn tag-btn\" style=\"background-color:#153f99\">\n                    Vie d&#8217;entreprise                <\/button>\n                <span class=\"desk-span\"><span\n                        class=\"story-date\">03 Avril 2026<\/span>&nbsp;&#x2022;&nbsp;<span\n                        class=\"story-read-time\">1 \u00a0mn de lecture<\/span><\/span>\n                <p class=\"mob-span\"><span class=\"story-date\">03 Avril 2026<\/span>&nbsp;&#8211;&nbsp;<span\n                        class=\"story-read-time\">1 \u00a0mn de lecture<\/span><\/p>\n            <\/div>\n            <div class=\"story-post-content\">\n                    <a href=\"https:\/\/www.ipsen.com\/france\/ipsen-devient-membre-fondateur-du-nouveau-syndicat-initiative-pharma\/vie-dentreprise\/\">\n                        <h5 class=\"blue-txt\" role=\"heading\" aria-level=\"3\">Ipsen\u00a0devient membre fondateur du\u00a0nouveau\u00a0syndicat\u00a0Initiative Pharma<\/h5>\n                    <\/a>\n                    <p class=\"second-post-para\">Ipsen&nbsp;devient membre fondateur du nouveau syndicat professionnel Initiative Pharma,&nbsp;aux c\u00f4t\u00e9s de&nbsp;six&nbsp;leaders de l\u2019industrie pharmaceutique en France &#8211;&nbsp;Guerbet, LFB, Pierre Fabre, Sanofi, Servier et Th\u00e9a. Une nouvelle voix syndicale engag\u00e9e en&nbsp;faveur de l\u2019innovation et de la production de m\u00e9dicaments en France.&nbsp;&nbsp;<\/p>\n            <\/div>\n        <\/div>\n    <\/div>\n<\/div>\n<br><div class=\"row story-row\">\n    <div class=\"column-1 col-lg-4 col-md-4 col-sm-12\">\n                    <div class=\"story-img\">\n                                            <a href=\"https:\/\/www.ipsen.com\/france\/ipsen-et-biolabs-hotel-dieu-decernent-le-golden-ticket-ipsen-2025-a-detera-therapeutics\/vie-dentreprise\/\"><img decoding=\"async\" src=\"https:\/\/www.ipsen.com\/france\/wp-content\/uploads\/sites\/15\/2025\/09\/Image-72.jpg\" alt=\"Ipsen et BioLabs H\u00f4tel-Dieu d\u00e9cernent le Golden Ticket Ipsen 2025 \u00e0 DETERA Therapeutics\"\/><\/a>\n                                    <\/div>\n            <\/div>\n    <div class=\"column-2 col-lg-8 col-md-8 col-sm-12\">\n        <div class=\"story-post\">\n            <div class=\"story-time-div\">\n                <button class=\"btn tag-btn\" style=\"background-color:#153f99\">\n                    Vie d&#8217;entreprise                <\/button>\n                <span class=\"desk-span\"><span\n                        class=\"story-date\">26 Septembre 2025<\/span>&nbsp;&#x2022;&nbsp;<span\n                        class=\"story-read-time\">4 \u00a0mn de lecture<\/span><\/span>\n                <p class=\"mob-span\"><span class=\"story-date\">26 Septembre 2025<\/span>&nbsp;&#8211;&nbsp;<span\n                        class=\"story-read-time\">4 \u00a0mn de lecture<\/span><\/p>\n            <\/div>\n            <div class=\"story-post-content\">\n                    <a href=\"https:\/\/www.ipsen.com\/france\/ipsen-et-biolabs-hotel-dieu-decernent-le-golden-ticket-ipsen-2025-a-detera-therapeutics\/vie-dentreprise\/\">\n                        <h5 class=\"blue-txt\" role=\"heading\" aria-level=\"3\">Ipsen et BioLabs H\u00f4tel-Dieu d\u00e9cernent le Golden Ticket Ipsen 2025 \u00e0 DETERA Therapeutics<\/h5>\n                    <\/a>\n                    <p class=\"second-post-para\"><\/p>\n            <\/div>\n        <\/div>\n    <\/div>\n<\/div>\n<br><div class=\"row story-row\">\n    <div class=\"column-1 col-lg-4 col-md-4 col-sm-12\">\n                    <div class=\"story-img\">\n                                            <a href=\"https:\/\/www.ipsen.com\/france\/cap-sur-linnovation-a-dreux-ipsen-inaugure-ses-nouveaux-laboratoires-de-developpement-precoce\/vie-dentreprise\/\"><img decoding=\"async\" src=\"https:\/\/www.ipsen.com\/france\/wp-content\/uploads\/sites\/15\/2025\/07\/1751631705738.jpg\" alt=\"Cap sur l\u2019innovation \u00e0 Dreux : Ipsen inaugure ses nouveaux laboratoires de d\u00e9veloppement pr\u00e9coce\"\/><\/a>\n                                    <\/div>\n            <\/div>\n    <div class=\"column-2 col-lg-8 col-md-8 col-sm-12\">\n        <div class=\"story-post\">\n            <div class=\"story-time-div\">\n                <button class=\"btn tag-btn\" style=\"background-color:#153f99\">\n                    Vie d&#8217;entreprise                <\/button>\n                <span class=\"desk-span\"><span\n                        class=\"story-date\">31 Juillet 2025<\/span>&nbsp;&#x2022;&nbsp;<span\n                        class=\"story-read-time\">2 \u00a0mn de lecture<\/span><\/span>\n                <p class=\"mob-span\"><span class=\"story-date\">31 Juillet 2025<\/span>&nbsp;&#8211;&nbsp;<span\n                        class=\"story-read-time\">2 \u00a0mn de lecture<\/span><\/p>\n            <\/div>\n            <div class=\"story-post-content\">\n                    <a href=\"https:\/\/www.ipsen.com\/france\/cap-sur-linnovation-a-dreux-ipsen-inaugure-ses-nouveaux-laboratoires-de-developpement-precoce\/vie-dentreprise\/\">\n                        <h5 class=\"blue-txt\" role=\"heading\" aria-level=\"3\">Cap sur l\u2019innovation \u00e0 Dreux : Ipsen inaugure ses nouveaux laboratoires de d\u00e9veloppement pr\u00e9coce<\/h5>\n                    <\/a>\n                    <p class=\"second-post-para\">Ce 3 juillet, nous avons eu le plaisir d\u2019inaugurer nos nouveaux laboratoires de d\u00e9veloppement pr\u00e9coce sur le site industriel de Dreux.<\/p>\n            <\/div>\n        <\/div>\n    <\/div>\n<\/div>\n<br><div class=\"row story-row\">\n    <div class=\"column-1 col-lg-4 col-md-4 col-sm-12\">\n                    <div class=\"story-img\">\n                                            <a href=\"https:\/\/www.ipsen.com\/france\/ipsen-inaugure-son-nouveau-siege-social-mondial-a-paris\/vie-dentreprise\/\"><img decoding=\"async\" src=\"https:\/\/www.ipsen.com\/france\/wp-content\/uploads\/sites\/15\/2025\/07\/https___hmprodmscell001storage.blob_.core_.windows-1.jpg\" alt=\"Ipsen inaugure son nouveau si\u00e8ge social mondial \u00e0 Paris, en pr\u00e9sence du Ministre de la Sant\u00e9 et de l\u2019Acc\u00e8s aux soins Yannick Neuder\"\/><\/a>\n                                    <\/div>\n            <\/div>\n    <div class=\"column-2 col-lg-8 col-md-8 col-sm-12\">\n        <div class=\"story-post\">\n            <div class=\"story-time-div\">\n                <button class=\"btn tag-btn\" style=\"background-color:#153f99\">\n                    Vie d&#8217;entreprise                <\/button>\n                <span class=\"desk-span\"><span\n                        class=\"story-date\">22 Juillet 2025<\/span>&nbsp;&#x2022;&nbsp;<span\n                        class=\"story-read-time\">3 \u00a0mn de lecture<\/span><\/span>\n                <p class=\"mob-span\"><span class=\"story-date\">22 Juillet 2025<\/span>&nbsp;&#8211;&nbsp;<span\n                        class=\"story-read-time\">3 \u00a0mn de lecture<\/span><\/p>\n            <\/div>\n            <div class=\"story-post-content\">\n                    <a href=\"https:\/\/www.ipsen.com\/france\/ipsen-inaugure-son-nouveau-siege-social-mondial-a-paris\/vie-dentreprise\/\">\n                        <h5 class=\"blue-txt\" role=\"heading\" aria-level=\"3\">Ipsen inaugure son nouveau si\u00e8ge social mondial \u00e0 Paris, en pr\u00e9sence du Ministre de la Sant\u00e9 et de l\u2019Acc\u00e8s aux soins Yannick Neuder<\/h5>\n                    <\/a>\n                    <p class=\"second-post-para\">PARIS, FRANCE, 2 JUILLET 2025\u00a0\u2013 Ipsen (Euronext: IPN; ADR: IPSEY)\u00a0inaugure aujourd\u2019hui son nouveau si\u00e8ge social dans le 15\u00e8me arrondissement de Paris au 70, rue Balard. Le b\u00e2timent, enti\u00e8rement r\u00e9nov\u00e9 pour accueillir le si\u00e8ge mondial d\u2019Ipsen, s\u2019\u00e9tend sur une superficie totale&#8230;<\/p>\n            <\/div>\n        <\/div>\n    <\/div>\n<\/div>\n<br><div class=\"row story-row\">\n    <div class=\"column-1 col-lg-4 col-md-4 col-sm-12\">\n                    <div class=\"story-img\">\n                                            <a href=\"https:\/\/www.ipsen.com\/france\/ipsen-nomme-dominique-bery-au-poste-de-directrice-generale-france\/communique-de-presse\/\"><img decoding=\"async\" src=\"https:\/\/www.ipsen.com\/france\/wp-content\/uploads\/sites\/15\/2025\/03\/PressRelease_FR.jpg\" alt=\"Ipsen\u00a0nomme Dominique Bery au poste de Directrice G\u00e9n\u00e9rale France\"\/><\/a>\n                                    <\/div>\n            <\/div>\n    <div class=\"column-2 col-lg-8 col-md-8 col-sm-12\">\n        <div class=\"story-post\">\n            <div class=\"story-time-div\">\n                <button class=\"btn tag-btn\" style=\"background-color:#5d6265\">\n                    Communiqu\u00e9 de presse                <\/button>\n                <span class=\"desk-span\"><span\n                        class=\"story-date\">25 Mars 2025<\/span>&nbsp;&#x2022;&nbsp;<span\n                        class=\"story-read-time\">7 \u00a0mn de lecture<\/span><\/span>\n                <p class=\"mob-span\"><span class=\"story-date\">25 Mars 2025<\/span>&nbsp;&#8211;&nbsp;<span\n                        class=\"story-read-time\">7 \u00a0mn de lecture<\/span><\/p>\n            <\/div>\n            <div class=\"story-post-content\">\n                    <a href=\"https:\/\/www.ipsen.com\/france\/ipsen-nomme-dominique-bery-au-poste-de-directrice-generale-france\/communique-de-presse\/\">\n                        <h5 class=\"blue-txt\" role=\"heading\" aria-level=\"3\">Ipsen\u00a0nomme Dominique Bery au poste de Directrice G\u00e9n\u00e9rale France<\/h5>\n                    <\/a>\n                    <p class=\"second-post-para\">Ipsen, groupe biopharmaceutique mondial de sp\u00e9cialit\u00e9, a annonc\u00e9 aujourd&#8217;hui la nomination de Dominique Bery au poste de Directrice G\u00e9n\u00e9rale France, \u00e0 compter du 1er avril 2025.<\/p>\n            <\/div>\n        <\/div>\n    <\/div>\n<\/div>\n<br><nav class=\"pagination\" aria-label=\"Pagination\"><ul><li><span class='page-numbers current' aria-current='page' aria-hidden='true' aria-label='Page 1 (current)'>1<\/span><\/li><li><a class='page-numbers' aria-hidden='false' tabindex='0' aria-label='Page 2' onkeydown='if(event.key===\"Enter\"||event.key===\"\"||event.code===\"Space\"){paginationClick(2)}' onclick='paginationClick(2)'>2<\/a><\/li><li><a aria-label='Next Page' class='next page-numbers' aria-hidden='false' tabindex='0' onkeydown='if(event.key===\"Enter\"||event.key===\"\"||event.code===\"Space\"){paginationClick(2)}' onclick='paginationClick(2)'><\/a><\/li><\/ul><\/nav><\/div>\n<!-- Story Listing ends here -->\t\t\t\t\t\t   <\/div>\n\t\t\t\t\t\t<!-- Search listing include end here-->\n\t\t\t\t\t<\/div>\n\t\t\t\t<\/div>\n\t\t\t\t<div id=\"loading\" style=\"text-align: center; display: none;\">\n\t\t\t\tAfficher: 1 &#8211; <span id=\"no-of-search\">10<\/span> de 10Faites d\u00e9filer pour charger plus \n\t\t\t\t\t<img decoding=\"async\" class=\"loader-img\" src=\"https:\/\/www.ipsen.com\/france\/wp-content\/themes\/ipsen-main\/dist\/images\/loader.png\" alt=\"loader\" title=\"loader\"\/>\n\t\t\t\t<\/div>\n\t\t\t<\/div>\n\t\t<\/div>\n\t<\/div>\n<\/section>\n\n<!--Auto Trigger AJAX Filter on Page Load for Story See More Button start here-->\n\n<!--Auto Trigger AJAX Filter on Page Load ends here-->","protected":false},"excerpt":{"rendered":"","protected":false},"author":11,"featured_media":0,"parent":0,"menu_order":0,"comment_status":"closed","ping_status":"closed","template":"","meta":{"_acf_changed":false,"footnotes":""},"class_list":["post-987","page","type-page","status-publish","hentry","entry"],"acf":[],"yoast_head":"<!-- This site is optimized with the Yoast SEO plugin v26.8 - https:\/\/yoast.com\/product\/yoast-seo-wordpress\/ -->\n<title>Actualit\u00e9s - France<\/title>\n<meta name=\"description\" content=\"D\u00e9couvrez toutes les actualit\u00e9s d\u2019Ipsen France\" \/>\n<meta name=\"robots\" content=\"index, follow, max-snippet:-1, max-image-preview:large, max-video-preview:-1\" \/>\n<link rel=\"canonical\" href=\"https:\/\/www.ipsen.com\/france\/actualites\/\" \/>\n<meta property=\"og:locale\" content=\"fr_FR\" \/>\n<meta property=\"og:type\" content=\"article\" \/>\n<meta property=\"og:title\" content=\"Actualit\u00e9s - France\" \/>\n<meta property=\"og:description\" content=\"D\u00e9couvrez toutes les actualit\u00e9s d\u2019Ipsen France\" \/>\n<meta property=\"og:url\" content=\"https:\/\/www.ipsen.com\/france\/actualites\/\" \/>\n<meta property=\"og:site_name\" content=\"France\" \/>\n<meta property=\"article:modified_time\" content=\"2025-07-01T08:46:34+00:00\" \/>\n<meta name=\"twitter:card\" content=\"summary_large_image\" \/>\n<script type=\"application\/ld+json\" class=\"yoast-schema-graph\">{\"@context\":\"https:\/\/schema.org\",\"@graph\":[{\"@type\":\"WebPage\",\"@id\":\"https:\/\/www.ipsen.com\/france\/actualites\/\",\"url\":\"https:\/\/www.ipsen.com\/france\/actualites\/\",\"name\":\"Actualit\u00e9s - France\",\"isPartOf\":{\"@id\":\"https:\/\/www.ipsen.com\/france\/#website\"},\"datePublished\":\"2024-11-14T08:44:09+00:00\",\"dateModified\":\"2025-07-01T08:46:34+00:00\",\"description\":\"D\u00e9couvrez toutes les actualit\u00e9s d\u2019Ipsen France\",\"breadcrumb\":{\"@id\":\"https:\/\/www.ipsen.com\/france\/actualites\/#breadcrumb\"},\"inLanguage\":\"fr-FR\",\"potentialAction\":[{\"@type\":\"ReadAction\",\"target\":[\"https:\/\/www.ipsen.com\/france\/actualites\/\"]}]},{\"@type\":\"BreadcrumbList\",\"@id\":\"https:\/\/www.ipsen.com\/france\/actualites\/#breadcrumb\",\"itemListElement\":[{\"@type\":\"ListItem\",\"position\":1,\"name\":\"Home\",\"item\":\"https:\/\/www.ipsen.com\/france\/\"},{\"@type\":\"ListItem\",\"position\":2,\"name\":\"Actualit\u00e9s\"}]},{\"@type\":\"WebSite\",\"@id\":\"https:\/\/www.ipsen.com\/france\/#website\",\"url\":\"https:\/\/www.ipsen.com\/france\/\",\"name\":\"France\",\"description\":\"\",\"publisher\":{\"@id\":\"https:\/\/www.ipsen.com\/france\/#organization\"},\"potentialAction\":[{\"@type\":\"SearchAction\",\"target\":{\"@type\":\"EntryPoint\",\"urlTemplate\":\"https:\/\/www.ipsen.com\/france\/?s={search_term_string}\"},\"query-input\":{\"@type\":\"PropertyValueSpecification\",\"valueRequired\":true,\"valueName\":\"search_term_string\"}}],\"inLanguage\":\"fr-FR\"},{\"@type\":\"Organization\",\"@id\":\"https:\/\/www.ipsen.com\/france\/#organization\",\"name\":\"France\",\"url\":\"https:\/\/www.ipsen.com\/france\/\",\"logo\":{\"@type\":\"ImageObject\",\"inLanguage\":\"fr-FR\",\"@id\":\"https:\/\/www.ipsen.com\/france\/#\/schema\/logo\/image\/\",\"url\":\"https:\/\/www.ipsen.com\/france\/wp-content\/uploads\/sites\/15\/2024\/03\/Logo-Ipsen.svg\",\"contentUrl\":\"https:\/\/www.ipsen.com\/france\/wp-content\/uploads\/sites\/15\/2024\/03\/Logo-Ipsen.svg\",\"caption\":\"France\"},\"image\":{\"@id\":\"https:\/\/www.ipsen.com\/france\/#\/schema\/logo\/image\/\"}}]}<\/script>\n<!-- \/ Yoast SEO plugin. -->","yoast_head_json":{"title":"Actualit\u00e9s - France","description":"D\u00e9couvrez toutes les actualit\u00e9s d\u2019Ipsen France","robots":{"index":"index","follow":"follow","max-snippet":"max-snippet:-1","max-image-preview":"max-image-preview:large","max-video-preview":"max-video-preview:-1"},"canonical":"https:\/\/www.ipsen.com\/france\/actualites\/","og_locale":"fr_FR","og_type":"article","og_title":"Actualit\u00e9s - France","og_description":"D\u00e9couvrez toutes les actualit\u00e9s d\u2019Ipsen France","og_url":"https:\/\/www.ipsen.com\/france\/actualites\/","og_site_name":"France","article_modified_time":"2025-07-01T08:46:34+00:00","twitter_card":"summary_large_image","schema":{"@context":"https:\/\/schema.org","@graph":[{"@type":"WebPage","@id":"https:\/\/www.ipsen.com\/france\/actualites\/","url":"https:\/\/www.ipsen.com\/france\/actualites\/","name":"Actualit\u00e9s - France","isPartOf":{"@id":"https:\/\/www.ipsen.com\/france\/#website"},"datePublished":"2024-11-14T08:44:09+00:00","dateModified":"2025-07-01T08:46:34+00:00","description":"D\u00e9couvrez toutes les actualit\u00e9s d\u2019Ipsen France","breadcrumb":{"@id":"https:\/\/www.ipsen.com\/france\/actualites\/#breadcrumb"},"inLanguage":"fr-FR","potentialAction":[{"@type":"ReadAction","target":["https:\/\/www.ipsen.com\/france\/actualites\/"]}]},{"@type":"BreadcrumbList","@id":"https:\/\/www.ipsen.com\/france\/actualites\/#breadcrumb","itemListElement":[{"@type":"ListItem","position":1,"name":"Home","item":"https:\/\/www.ipsen.com\/france\/"},{"@type":"ListItem","position":2,"name":"Actualit\u00e9s"}]},{"@type":"WebSite","@id":"https:\/\/www.ipsen.com\/france\/#website","url":"https:\/\/www.ipsen.com\/france\/","name":"France","description":"","publisher":{"@id":"https:\/\/www.ipsen.com\/france\/#organization"},"potentialAction":[{"@type":"SearchAction","target":{"@type":"EntryPoint","urlTemplate":"https:\/\/www.ipsen.com\/france\/?s={search_term_string}"},"query-input":{"@type":"PropertyValueSpecification","valueRequired":true,"valueName":"search_term_string"}}],"inLanguage":"fr-FR"},{"@type":"Organization","@id":"https:\/\/www.ipsen.com\/france\/#organization","name":"France","url":"https:\/\/www.ipsen.com\/france\/","logo":{"@type":"ImageObject","inLanguage":"fr-FR","@id":"https:\/\/www.ipsen.com\/france\/#\/schema\/logo\/image\/","url":"https:\/\/www.ipsen.com\/france\/wp-content\/uploads\/sites\/15\/2024\/03\/Logo-Ipsen.svg","contentUrl":"https:\/\/www.ipsen.com\/france\/wp-content\/uploads\/sites\/15\/2024\/03\/Logo-Ipsen.svg","caption":"France"},"image":{"@id":"https:\/\/www.ipsen.com\/france\/#\/schema\/logo\/image\/"}}]}},"parsely":{"version":"1.1.0","canonical_url":"https:\/\/ipsen.com\/france\/actualites\/","smart_links":{"inbound":0,"outbound":0},"traffic_boost_suggestions_count":0,"meta":{"@context":"https:\/\/schema.org","@type":"WebPage","headline":"Actualit\u00e9s","url":"http:\/\/www.ipsen.com\/france\/actualites\/","mainEntityOfPage":{"@type":"WebPage","@id":"http:\/\/www.ipsen.com\/france\/actualites\/"},"thumbnailUrl":"","image":{"@type":"ImageObject","url":""},"articleSection":"Non classifi\u00e9(e)","author":[{"@type":"Person","name":"heloisedetouchet"}],"creator":["heloisedetouchet"],"publisher":{"@type":"Organization","name":"France","logo":""},"keywords":[],"dateCreated":"2024-11-14T08:44:09Z","datePublished":"2024-11-14T08:44:09Z","dateModified":"2025-07-01T08:46:34Z"},"rendered":"<script type=\"application\/ld+json\" class=\"wp-parsely-metadata\">{\"@context\":\"https:\\\/\\\/schema.org\",\"@type\":\"WebPage\",\"headline\":\"Actualit\\u00e9s\",\"url\":\"http:\\\/\\\/www.ipsen.com\\\/france\\\/actualites\\\/\",\"mainEntityOfPage\":{\"@type\":\"WebPage\",\"@id\":\"http:\\\/\\\/www.ipsen.com\\\/france\\\/actualites\\\/\"},\"thumbnailUrl\":\"\",\"image\":{\"@type\":\"ImageObject\",\"url\":\"\"},\"articleSection\":\"Non classifi\\u00e9(e)\",\"author\":[{\"@type\":\"Person\",\"name\":\"heloisedetouchet\"}],\"creator\":[\"heloisedetouchet\"],\"publisher\":{\"@type\":\"Organization\",\"name\":\"France\",\"logo\":\"\"},\"keywords\":[],\"dateCreated\":\"2024-11-14T08:44:09Z\",\"datePublished\":\"2024-11-14T08:44:09Z\",\"dateModified\":\"2025-07-01T08:46:34Z\"}<\/script>","tracker_url":"https:\/\/cdn.parsely.com\/keys\/ipsen.com\/p.js"},"jetpack_sharing_enabled":true,"_links":{"self":[{"href":"https:\/\/www.ipsen.com\/france\/wp-json\/wp\/v2\/pages\/987","targetHints":{"allow":["GET"]}}],"collection":[{"href":"https:\/\/www.ipsen.com\/france\/wp-json\/wp\/v2\/pages"}],"about":[{"href":"https:\/\/www.ipsen.com\/france\/wp-json\/wp\/v2\/types\/page"}],"author":[{"embeddable":true,"href":"https:\/\/www.ipsen.com\/france\/wp-json\/wp\/v2\/users\/11"}],"replies":[{"embeddable":true,"href":"https:\/\/www.ipsen.com\/france\/wp-json\/wp\/v2\/comments?post=987"}],"version-history":[{"count":5,"href":"https:\/\/www.ipsen.com\/france\/wp-json\/wp\/v2\/pages\/987\/revisions"}],"predecessor-version":[{"id":1473,"href":"https:\/\/www.ipsen.com\/france\/wp-json\/wp\/v2\/pages\/987\/revisions\/1473"}],"wp:attachment":[{"href":"https:\/\/www.ipsen.com\/france\/wp-json\/wp\/v2\/media?parent=987"}],"curies":[{"name":"wp","href":"https:\/\/api.w.org\/{rel}","templated":true}]}}