{"id":19697,"date":"2023-04-13T10:11:20","date_gmt":"2023-04-13T08:11:20","guid":{"rendered":"https:\/\/www.ipsen.com\/home\/"},"modified":"2026-04-23T07:08:33","modified_gmt":"2026-04-23T05:08:33","slug":"home","status":"publish","type":"page","link":"https:\/\/www.ipsen.com\/fr\/","title":{"rendered":"Accueil"},"content":{"rendered":"\t<!-- Hero Carousel Start Here-->\n\t<section class=\"hero-section banner-filter\">\n\t\t<div class=\"hero_fullwidth \"><!-- container class shown if gridlayout choosen -->\n\t\t\t<div id=\"heroCarousel\" class=\"carousel slide herocaro hero-banner-no-bg-image\" data-bs-ride=\"carousel\" data-enableplaybtn=\"\" data-autoplay= \"\"  data-autospeed= \"\" >\n\t\t\t\t<!-- Slider Indicator-->\n\t\t\t\t<div class=\"carousel-indicators hidden\">\n\t\t\t\t<button type=\"button\" data-bs-target=\"#heroCarousel\" data-bs-slide-to=\"0\" class=\"active\" aria-current=\"true\" aria-label=\"Slide 0\"><\/button>\t\t\t\t<\/div>\n\t\t\t\t<!-- Items -->\n\t\t\t\t<div class=\"carousel-inner\">\n\t\t\t\t\t\t\n\t\t\t\t\t\t<!-- Hero Banner with carousel HTML -->\n\t\t\t\t\t\t<div class=\"carousel-item active banner-no-filter\">\n\n\t\t\t\t\t\t\t\n\t\t\t\t\t\t\t\t\t\t\t\t\t\t\t\t\t<img decoding=\"async\" class=\"bd-placeholder-img visible mobile-view\" width=\"100%\" height=\"100%\" src=\"https:\/\/www.ipsen.com\/wp-content\/uploads\/2025\/07\/Hero-Banner-Science-1920_600.jpg\" aria-hidden=\"true\" title=\"Hero Banner Video Image\" alt=\"Hero Banner Video Image\" \/> \n\t\t\t\t\t\t\t\t\t\t<div class=\"video visible desktop-view\"> \n\t\t\t\t\t\t\t\t\t\t\t<div class='embed-container'> \n\t\t\t\t\t\t\t\t\t\t\t\t<div style=\"padding:73%;\">\n\t\t\t\t\t\t\t\t\t\t\t\t\t<video class='veeva_video' title='' autoplay muted loop  src='https:\/\/www.ipsen.com\/wp-content\/uploads\/2025\/11\/Hero-Banner_24.10_4MB.mp4' data-ot-ignore>\n                        <\/video>\t\t\t\t\t\t\t\t\t\t\t\t<\/div>\n\t\t\t\t\t\t\t\t\t\t\t<\/div>\n\t\t\t\t\t\t\t\t\t\t<\/div>\t\n\n\t\t\t\t\t\t\t\t\n\n\t\t\t\t\t\t\t<div class=\"container align-left\">\n\t\t\t\t\t\t\t\t<div class=\"carousel-caption\">\n\t\t\t\t\t\t\t\t\t<h1 class=\"visible text-start heading-one banner-font-color-white\">\n\t\t\t\t\t\t\t\t\t\tFocus. Ensemble. Pour les patients et la soci\u00e9t\u00e9.\t\t\t\t\t\t\t\t\t<\/h1>\n\t\t\t\t\t\t\t\t\t<div class=\"hidden text-start banner-font-color-white\"><\/div>\n\t\t\t\t\t\t\t\t\t\n\t\t\t\t\t\t\t\t\t\t\t\t\t\t\t\t\t\t\t<p class=\"visible text-start banner-font-color-white\">\n\t\t\t\t\t\t\t\t\t\t\t<a class=\"btn btn-lg btn-primary\" href=\"https:\/\/www.ipsen.com\/fr\/entreprise\/\" aria-label=\"En savoir plus \" target=\"\">\n\t\t\t\t\t\t\t\t\t\t\t\tEn savoir plus \t\t\t\t\t\t\t\t\t\t\t\t\t\t\t\t\t\t\t\t<\/a>\n\t\t\t\t\t\t\t\t\t\t<\/p>\n\t\t\t\t\t\t\t\t\t\t\t\t\t\t\t\t\t\t\n\t\t\t\t\t\t\t\t<\/div>\n\t\t\t\t\t\t\t<\/div>\n\t\t\t\t\t\t<\/div>\n\n\t\t\t\t\t\t\t\t\t<\/div>\n\t\t\t\t\n\t\t\t\t\n\t\t\t<\/div>\n\t\t<\/div>\n\t<\/section>\n\t<!-- Hero Carousel End Here-->\n  \n\n<!-- Text & Media Block Code -->\n<section class=\"two-col-section text-media-section\">\n    <div class=\"container two-section-innner \">\n        <div class=\"response-inner\" style=\"background-image: url('')\">\n            <div class=\"row \">\n                <div class=\"col-xs-12 col-sm-12 col-md-6\">\n                                                    <div class=\"img-video-section\">\n                                <img decoding=\"async\" \n                                    src=\"https:\/\/www.ipsen.com\/wp-content\/uploads\/2025\/07\/IPSEN_250226_SCIENCE-ILLUSTRATION_LEVEL-1-2_Science-focus_RGB-1.jpg\" \n                                    alt=\"\" \n                                >\n                            <\/div>\n                                        <\/div>\n                <div class=\" col-xs-12 col-sm-12 col-md-6\">\n                    <div class=\"section-content\">\n                        <div class=\"heading-dash\">\n                                                            <span class=\"dash\"><\/span>\n                                <h4 class=\"heading-para heading-four\" role=\"heading\" aria-level=\"2\">\n                                    Ce Que nous Faisons                                <\/h4>\n                                                    <\/div>\n                                                <p>Am\u00e9liorer la vie et la sant\u00e9 des patients. En focalisant nos efforts sur les aires th\u00e9rapeutiques dans lesquelles il existe d\u2019importants besoins m\u00e9dicaux non satisfaits, nous acc\u00e9l\u00e9rons notre portefeuille de produits en R&amp;D pour apporter aux patients tout le potentiel de nos m\u00e9dicaments innovants.<\/p>\n                            <a \n                            aria-label=\"En savoir plus about Ce Que nous Faisons\"  \n                                role=\"link\" \n                                class=\"btn-link section-btn cta-visible\"\n                                href=\"https:\/\/www.ipsen.com\/fr\/recherche-et-developpement\/\" \n                                target=\"_self\"\n                            > \n                                En savoir plus \n                            <\/a>\n\n                    <\/div>\n                <\/div>\n            <\/div>\n        <\/div>\n    <\/div>\n<\/section>\n\n<!--Graphics Cards Carousel Start Here-->\n\n    <section class=\"graphic-card graphics-new-layout bg-color-disabled bg-image-disabled bg-video-enabled bg-mobile-video-img-enabled\"    data-displaycards=\"3\">\n                        <video autoplay muted loop id=\"graphics-bg-video\" class=\"bg-mobile-video-hidden\">\n                    <source src=\"https:\/\/player.vimeo.com\/progressive_redirect\/playback\/1096921601\/rendition\/1080p\/file.mp4?loc=external&amp;signature=92370b94cf041c4bd270c7d66cfe289190bdd164e84009c2494e9d8b591666f6\" type=\"video\/mp4\">\n                <\/video>\n                <div class=\"container\">\n            <div class=\"text-graph-inner\">\n                <div class=\"row\">\n                    <!--Graphic info section-->\n                    <div class=\"column-1 col-xl-12 col-md-12 col-sm-12\">\n                        <div class=\"text-graph-heading\">\n                        <h3 class=\"charcoal-grey visible heading-three\" role=\"heading\" aria-level=\"2\">\n                                Concentrer nos efforts l\u00e0 o\u00f9 ils font la diff\u00e9rence                            <\/h3>\n                            <p class=\"text-graph-para charcoal-grey hidden\"><\/p>\n                        <\/div>\n                    <\/div><!--Graphic info section over here -->\n\n                    <!--Graphic detail section-->\n                    <div class=\"column-2 col-xl-12 col-md-12 col-sm-12\">\n                        <!-- graphic-card carousel start here -->\n                                                    <div class=\"text-graph-carousel\">\n                                <div class=\"glider-contain multiple\">\n                                                                                    <div class=\"text-graph-content-btn\">\n                                                    <button aria-hidden=\"true\" aria-label=\"Pr\u00e9c\u00e9dent\" class=\"glider-graphic-card-prev\"><span><\/span><\/button>\n                                                    <button aria-hidden=\"true\" aria-label=\"Suivant\" class=\"glider-graphic-card-next\"><span><\/span><\/button>\n                                                <\/div>\n                                    \n                                <div class=\"glider-graphic-card\" tabindex=\"-1\">\n                                                                                                                        <div class=\"text-graphic\">\n                                                    <div class=\"text-graph-row\">\n                                                                                                                       <!-- Graphic Card With NEW layout start here -->\n                                                                <div class=\"column-2\">\n                                                                    <div class=\"left-text-graph-content\">\n                                                                        <div class=\"left-text-graph-title\">\n                                                                        <h5 role=\"heading\" aria-level=\"3\">Oncologie<\/h5>\n                                                                        <\/div>\n                                                                                                                                                    <div class=\"left-text-graph-img visible graphic-icon-enabled\">\n                                                                                                                                                                    <img decoding=\"async\" src=\"https:\/\/www.ipsen.com\/wp-content\/uploads\/2025\/07\/Picto_1.png\" alt=\"Oncologie\" \/> \n                                                                                                                                                            <\/div>\n                                                                                                                                                    <div class=\"left-text-graph-desc\">\n                                                                                <p><p>de personnes meurent du cancer chaque ann\u00e9e, ce qui en fait l&#8217;une des principales causes de mortalit\u00e9 dans le monde<\/p>\n<\/p>\n                                                                            <\/div>\n                                                                    <\/div>\n                                                                <\/div>\n                                                                <!-- Graphic Card With NEW layout end here -->\n                                                        \n                                                    <\/div>\n                                                <\/div>\n                                                                                                                                                                    <div class=\"text-graphic\">\n                                                    <div class=\"text-graph-row\">\n                                                                                                                       <!-- Graphic Card With NEW layout start here -->\n                                                                <div class=\"column-2\">\n                                                                    <div class=\"left-text-graph-content\">\n                                                                        <div class=\"left-text-graph-title\">\n                                                                        <h5 role=\"heading\" aria-level=\"3\">Maladies Rares<\/h5>\n                                                                        <\/div>\n                                                                                                                                                    <div class=\"left-text-graph-img visible graphic-icon-enabled\">\n                                                                                                                                                                    <img decoding=\"async\" src=\"https:\/\/www.ipsen.com\/wp-content\/uploads\/2025\/07\/picto_2.png\" alt=\"Maladies Rares\" \/> \n                                                                                                                                                            <\/div>\n                                                                                                                                                    <div class=\"left-text-graph-desc\">\n                                                                                <p><p>de personnes vivent avec une maladie rare, dont la plupart n\u2019ont pas de traitement agr\u00e9e<\/p>\n<\/p>\n                                                                            <\/div>\n                                                                    <\/div>\n                                                                <\/div>\n                                                                <!-- Graphic Card With NEW layout end here -->\n                                                        \n                                                    <\/div>\n                                                <\/div>\n                                                                                                                                                                    <div class=\"text-graphic\">\n                                                    <div class=\"text-graph-row\">\n                                                                                                                       <!-- Graphic Card With NEW layout start here -->\n                                                                <div class=\"column-2\">\n                                                                    <div class=\"left-text-graph-content\">\n                                                                        <div class=\"left-text-graph-title\">\n                                                                        <h5 role=\"heading\" aria-level=\"3\">Neuroscience<\/h5>\n                                                                        <\/div>\n                                                                                                                                                    <div class=\"left-text-graph-img visible graphic-icon-enabled\">\n                                                                                                                                                                    <img decoding=\"async\" src=\"https:\/\/www.ipsen.com\/wp-content\/uploads\/2025\/07\/picto_3.png\" alt=\"Neuroscience\" \/> \n                                                                                                                                                            <\/div>\n                                                                                                                                                    <div class=\"left-text-graph-desc\">\n                                                                                <p><p>de personnes dans le monde sont touch\u00e9es par la spasticit\u00e9, pourtant l&#8217;acc\u00e8s au traitement reste limit\u00e9<\/p>\n<\/p>\n                                                                            <\/div>\n                                                                    <\/div>\n                                                                <\/div>\n                                                                <!-- Graphic Card With NEW layout end here -->\n                                                        \n                                                    <\/div>\n                                                <\/div>\n                                                                                                                                                                    <div class=\"text-graphic\">\n                                                    <div class=\"text-graph-row\">\n                                                                                                                       <!-- Graphic Card With NEW layout start here -->\n                                                                <div class=\"column-2\">\n                                                                    <div class=\"left-text-graph-content\">\n                                                                        <div class=\"left-text-graph-title\">\n                                                                        <h5 role=\"heading\" aria-level=\"3\">Personnes vuln\u00e9rables<\/h5>\n                                                                        <\/div>\n                                                                                                                                                    <div class=\"left-text-graph-img visible graphic-icon-enabled\">\n                                                                                                                                                                    <img decoding=\"async\" src=\"https:\/\/www.ipsen.com\/wp-content\/uploads\/2025\/07\/picto_4.png\" alt=\"Personnes vuln\u00e9rables\" \/> \n                                                                                                                                                            <\/div>\n                                                                                                                                                    <div class=\"left-text-graph-desc\">\n                                                                                <p><p>des maladies rares se manifestent d\u00e8s l&#8217;enfance, mais la plupart d&#8217;entre elles ne sont ni diagnostiqu\u00e9es ni trait\u00e9es<\/p>\n<\/p>\n                                                                            <\/div>\n                                                                    <\/div>\n                                                                <\/div>\n                                                                <!-- Graphic Card With NEW layout end here -->\n                                                        \n                                                    <\/div>\n                                                <\/div>\n                                                                                                                <\/div>\n                            <\/div>\n                                            <\/div> <!-- graphic-card carousel end here -->\n                <\/div> <!--Graphic detail section over here with 12 grid -->   \n            <\/div><!--row ended here-->\n        <\/div> <!-- graph-inner ended here -->\n        \n            <div class=\"more-result-btn\">\n                                            <\/div>\n        <\/div> <!--Container class ended here -->\n    <\/section>\n<!--Graphics Cards Carousel End Here-->\n\n\n\t<!-- Ipsen Quotes Start -->\n\t<section class=\"quotes-section\" aria-label=\"quotes-section\">\n\t\t<div class=\"container\">\n\t\t\t\t\t\t<div class=\"quote-sec-inner\"    >\n\t\t\t\t\t<div class=\"row\">\n\t\t\t\t\t\t\t\t\t\t\t\t<div class=\"column-1 col-xl-4 col-md-6 col-xs-12 \">\n\t\t\t\t\t\t\t\t\t\t\t\t\t\t\t\t\t\t<div class=\"quote-img\">\n\t\t\t\t\t\t\t\t\t\t\t<img \n\t\t\t\t\t\t\t\t\t\t\t\tsrc=\"https:\/\/www.ipsen.com\/wp-content\/uploads\/2026\/04\/Image1.png\" \n\t\t\t\t\t\t\t\t\t\t\t\talt=\"\"\n\t\t\t\t\t\t\t\t\t\t\t>\n\t\t\t\t\t\t\t\t\t\t<\/div>\n\t\t\t\t\t\t\t\t\t\t\t\t\t\t\t<\/div>\n\t\t\t\t\t\t\t<div class=\"column-2 col-xl-8 col-md-6 col-xs-12 \">\n\t\t\t\t\t\t\t\t<div class=\"quote-content\">\n\t\t\t\t\t\t\t\t\t<div class=\"quote-para \">\n\t\t\t\t\t\t\t\t\t\t<p class=\"para\">\n\t\t\t\t\t\t\t\t\t\t\t<p>Notre strat\u00e9gie a contribu\u00e9 de mani\u00e8re d\u00e9cisive \u00e0 faire d\u2019Ipsen un leader dans son domaine d\u2019activit\u00e9. Notre pr\u00e9sence mondiale, nos ressources, notre expertise et nos solides performances historiques dans la commercialisation de nos m\u00e9dicaments ont un impact r\u00e9el pour les personnes ayant des besoins m\u00e9dicaux non satisfaits. Nous tirons parti de toute la force de l\u2019infrastructure et de l\u2019innovation d\u2019Ipsen et puisons dans notre passion pour mettre au point de nouvelles th\u00e9rapies et \u00e9tablir des collaborations prometteuses.<\/p>\n\t\t\t\t\t\t\t\t\t\t<\/p>\n\t\t\t\t\t\t\t\t\t<\/div>\n\t\t\t\t\t\t\t\t\t<div class=\"quote-sign-div\">\n\t\t\t\t\t\t\t\t\t\t<div class=\"quote-author-div\">\n\t\t\t\t\t\t\t\t\t\t\t<div class=\"quote-dash-div\">\n\t\t\t\t\t\t\t\t\t\t\t\t<span class=\"quote-dash\">\n\n\t\t\t\t\t\t\t\t\t\t\t\t<\/span>\n\t\t\t\t\t\t\t\t\t\t\t\t\t\t\n\t\t\t\t\t\t\t\t\t\t\t\t\t\t\t\t\t\t\t\t\t\t\t\t\t\t\t\t\t\t\t\t\t<p class=\"quote-author primary-blue\">\n\t\t\t\t\t\t\t\t\t\t\t\t\t\t\t\t\t\tDavid Loew\t\t\t\t\t\t\t\t\t\t\t\t\t\t\t\t\t<\/p>\n\t\t\t\t\t\t\t\t\t\t\t\t\t\t\t\t\t\n\t\t\t\t\t\t\t\t\t\t\t\t\t\t\t\t\t\t\t\t\t\t\t\t\t\t<\/div>\n\t\t\t\t\t\t\t\t\t\t\t\t\t\t\t\t\t\t\t\t\t\t\t<p class=\"quote-author-role\">\n\t\t\t\t\t\t\t\t\t\t\t\t\tDirecteur G\u00e9n\u00e9ral\t\t\t\t\t\t\t\t\t\t\t\t<\/p> \n\t\t\t\t\t\t\t\t\t\t\t\t\t\t\t\t\t\t\t\t\t<\/div>\n\t\t\t\t\t\t\t\t\t<\/div>\n\t\t\t\t\t\t\t\t<\/div>\n\t\t\t\t\t\t\t<\/div>\n\t\t\t\t\t\t\t\t\t<\/div>\n\t\t\t<\/div>\n\t\t\t<\/div>\n<\/section>\n<!-- Ipsen Quotes End -->\n\n\n    <section class=\"slim-card left bg-color-disabled bg-image-disabled bg-video-enabled bg-video-img-enabled\"    >\n                        <video autoplay muted loop id=\"graphics-bg-video\" class=\"bg-mobile-video-hidden\">\n                    <source src=\"https:\/\/player.vimeo.com\/progressive_redirect\/playback\/1096921575\/rendition\/1080p\/file.mp4?loc=external&amp;signature=e4fdf1a874191e1a4095bfb2eadb5c2916c7542db1d466e0c8ac44acd28104d7\" type=\"video\/mp4\">\n                <\/video>\n                <div class=\"container\">\n          <div class=\"slim-card-inner\">\n                         <div class=\"slim-standard-section\">\n    <div class=\"slim-standard-section-inner\">\n        <div class=\"row normal-div\">\n                            <div class=\"column-1 col-xl-3 col-md-12 col-sm-12 with-carousel\">\n                    <div class=\"slim-standard-heading-div\">\n                        <h3 class=\"charcoal-grey visible\" role=\"heading\" aria-level=\"2\">Derni\u00e8res actualit\u00e9s d&#8217;Ipsen<\/h3>\n                        <p class=\"slim-standard-para charcoal-grey visible\">  D\u00e9couvrez l\u2019actualit\u00e9 d\u2019Ipsen \u2013 acc\u00e9dez \u00e0 nos communiqu\u00e9s de presse, nos articles, nos \u00e9v\u00e9nements, et plus encore.<\/p>\n                    <\/div>\n                <\/div>\n            \n            <div class=\"column-2 col-xl-9 col-md-12 col-sm-12\">\n                <!-- slim-standard carousel -->\n                <div class=\"slim-standard-carousel multiple\">\n                    <div class=\"glider-contain\">\n                                                    <div class=\"slim-standard-content-btn\">\n                                <button aria-hidden=\"true\" tabindex=\"-1\" aria-label=\"Pr\u00e9c\u00e9dent\" class=\"glider-slim-standard-prev disabled\" aria-disabled=\"true\">\n                                    <span><\/span>\n                                <\/button>\n                                <button aria-hidden=\"true\" tabindex=\"-1\" aria-label=\"Suivant\" class=\"glider-slim-standard-next\" aria-disabled=\"false\">\n                                    <span><\/span>\n                                <\/button>\n                            <\/div>\n                        \n                        <div class=\"glider-slim-standard\">\n                                                            <a href=\"https:\/\/www.ipsen.com\/fr\/communique-de-presse\/ipsen-enregistre-une-forte-croissance-de-ses-ventes-au-premier-trimestre-2026-et-confirme-ses-objectifs-annuels-3279554\/\" class=\"slim-standard-tab glider-slide left-0\" data-gslide=\"0 active visible\" >\n                                    <div class=\"highligth-row\">\n                                        <div aria-label=\"Ipsen enregistre une forte croissance de ses ventes au premier trimestre 2026 et confirme ses...\">\n                                            <div class=\"column-1\">\n                                                <div class=\"slim-standard-img\">\n                                                                                                                <div>\n                                                                <img decoding=\"async\" src=\"https:\/\/www.ipsen.com\/wp-content\/uploads\/2023\/06\/PressRelease_FR.jpg\" alt=\"Ipsen enregistre une forte croissance de ses ventes au premier trimestre 2026 et confirme ses...\"   >\n                                                            <\/div>\n                                                        \n                                                <\/div>\n                                            <\/div>\n                                        <\/div>\n                                        <div  aria-label=\"Ipsen enregistre une forte croissance de ses ventes au premier trimestre 2026 et confirme ses...\">\n                                            <div class=\"column-2\">\n                                                <div class=\"slim-standard-content\">\n                                                    <div class=\"slim-standard-tab-sec\">\n                                                    <button id=\"Financier\" class=\"btn small-btn grey-bg visible\" style=\"background-color:#153f99;\"> Financier <\/button>\n                                                        <p class=\"date-time dark-grey visible\"> 23 Avril 2026 <\/p>\n                                                    <\/div>\n                                                    <div class=\"slim-standard-para-sec\">\n                                                        <p class=\"slim-standard-para primary-blue\">\n                                                            Ipsen enregistre une forte croissance de ses ventes au premier trimestre 2026 et confirme ses&#8230;                                                        <\/p>\n                                                    <\/div>\n                                                <\/div>\n                                            <\/div>\n                                        <\/div>\n\n                                        <\/div>\n                                <\/a>\n                                                        <a href=\"https:\/\/www.ipsen.com\/fr\/press-release\/ojemda-approuve-dans-lunion-europeenne-comme-premiere-therapie-ciblee-pour-les-enfants-atteints-de-gliome-pediatrique-de-bas-grade-plgg-en-rechute-ou-refractaire-independamment-de-l-3278647\/\" class=\"slim-standard-tab glider-slide left-1\" data-gslide=\"1  \" >\n                                    <div class=\"highligth-row\">\n                                        <div aria-label=\"Ojemda\u00ae approuv\u00e9 dans l\u2019Union europ\u00e9enne comme premi\u00e8re th\u00e9rapie cibl\u00e9e pour les enfants atteints de gliome...\">\n                                            <div class=\"column-1\">\n                                                <div class=\"slim-standard-img\">\n                                                                                                                <div>\n                                                                <img decoding=\"async\" src=\"https:\/\/www.ipsen.com\/wp-content\/uploads\/2023\/06\/PressRelease_FR.jpg\" alt=\"Ojemda\u00ae approuv\u00e9 dans l\u2019Union europ\u00e9enne comme premi\u00e8re th\u00e9rapie cibl\u00e9e pour les enfants atteints de gliome...\"   >\n                                                            <\/div>\n                                                        \n                                                <\/div>\n                                            <\/div>\n                                        <\/div>\n                                        <div  aria-label=\"Ojemda\u00ae approuv\u00e9 dans l\u2019Union europ\u00e9enne comme premi\u00e8re th\u00e9rapie cibl\u00e9e pour les enfants atteints de gliome...\">\n                                            <div class=\"column-2\">\n                                                <div class=\"slim-standard-content\">\n                                                    <div class=\"slim-standard-tab-sec\">\n                                                    <button id=\"Oncologie\" class=\"btn small-btn grey-bg visible\" style=\"background-color:#1e5ab2;\"> Oncologie <\/button>\n                                                        <p class=\"date-time dark-grey visible\"> 22 Avril 2026 <\/p>\n                                                    <\/div>\n                                                    <div class=\"slim-standard-para-sec\">\n                                                        <p class=\"slim-standard-para primary-blue\">\n                                                            Ojemda\u00ae approuv\u00e9 dans l\u2019Union europ\u00e9enne comme premi\u00e8re th\u00e9rapie cibl\u00e9e pour les enfants atteints de gliome&#8230;                                                        <\/p>\n                                                    <\/div>\n                                                <\/div>\n                                            <\/div>\n                                        <\/div>\n\n                                        <\/div>\n                                <\/a>\n                                                        <a href=\"https:\/\/www.ipsen.com\/fr\/communique-de-presse\/ipsen-presente-le-potentiel-transformateur-de-son-pipeline-dimmuno-oncologie-precoce-au-congres-aacr-3257884\/\" class=\"slim-standard-tab glider-slide left-2\" data-gslide=\"2  \" >\n                                    <div class=\"highligth-row\">\n                                        <div aria-label=\"Ipsen pr\u00e9sente le potentiel transformateur de son pipeline d\u2019immuno oncologie pr\u00e9coce au congr\u00e8s AACR\">\n                                            <div class=\"column-1\">\n                                                <div class=\"slim-standard-img\">\n                                                                                                                <div>\n                                                                <img decoding=\"async\" src=\"https:\/\/www.ipsen.com\/wp-content\/uploads\/2023\/06\/PressRelease_FR.jpg\" alt=\"Ipsen pr\u00e9sente le potentiel transformateur de son pipeline d\u2019immuno oncologie pr\u00e9coce au congr\u00e8s AACR\"   >\n                                                            <\/div>\n                                                        \n                                                <\/div>\n                                            <\/div>\n                                        <\/div>\n                                        <div  aria-label=\"Ipsen pr\u00e9sente le potentiel transformateur de son pipeline d\u2019immuno oncologie pr\u00e9coce au congr\u00e8s AACR\">\n                                            <div class=\"column-2\">\n                                                <div class=\"slim-standard-content\">\n                                                    <div class=\"slim-standard-tab-sec\">\n                                                    <button id=\"Oncologie\" class=\"btn small-btn grey-bg visible\" style=\"background-color:#1e5ab2;\"> Oncologie <\/button>\n                                                        <p class=\"date-time dark-grey visible\"> 18 Mars 2026 <\/p>\n                                                    <\/div>\n                                                    <div class=\"slim-standard-para-sec\">\n                                                        <p class=\"slim-standard-para primary-blue\">\n                                                            Ipsen pr\u00e9sente le potentiel transformateur de son pipeline d\u2019immuno oncologie pr\u00e9coce au congr\u00e8s AACR                                                        <\/p>\n                                                    <\/div>\n                                                <\/div>\n                                            <\/div>\n                                        <\/div>\n\n                                        <\/div>\n                                <\/a>\n                                                        <a href=\"https:\/\/www.ipsen.com\/fr\/communique-de-presse\/ipsen-realise-de-solides-resultats-en-2025-grace-a-une-performance-soutenue-de-toutes-les-aires-therapeutiques-et-annonce-ses-objectifs-2026-3236839\/\" class=\"slim-standard-tab glider-slide left-3\" data-gslide=\"3  \" >\n                                    <div class=\"highligth-row\">\n                                        <div aria-label=\"Ipsen r\u00e9alise de solides r\u00e9sultats en 2025, gr\u00e2ce \u00e0 une performance soutenue de toutes les...\">\n                                            <div class=\"column-1\">\n                                                <div class=\"slim-standard-img\">\n                                                                                                                <div>\n                                                                <img decoding=\"async\" src=\"https:\/\/www.ipsen.com\/wp-content\/uploads\/2023\/06\/PressRelease_FR.jpg\" alt=\"Ipsen r\u00e9alise de solides r\u00e9sultats en 2025, gr\u00e2ce \u00e0 une performance soutenue de toutes les...\"   >\n                                                            <\/div>\n                                                        \n                                                <\/div>\n                                            <\/div>\n                                        <\/div>\n                                        <div  aria-label=\"Ipsen r\u00e9alise de solides r\u00e9sultats en 2025, gr\u00e2ce \u00e0 une performance soutenue de toutes les...\">\n                                            <div class=\"column-2\">\n                                                <div class=\"slim-standard-content\">\n                                                    <div class=\"slim-standard-tab-sec\">\n                                                    <button id=\"Financier\" class=\"btn small-btn grey-bg visible\" style=\"background-color:#153f99;\"> Financier <\/button>\n                                                        <p class=\"date-time dark-grey visible\"> 12 F\u00e9vrier 2026 <\/p>\n                                                    <\/div>\n                                                    <div class=\"slim-standard-para-sec\">\n                                                        <p class=\"slim-standard-para primary-blue\">\n                                                            Ipsen r\u00e9alise de solides r\u00e9sultats en 2025, gr\u00e2ce \u00e0 une performance soutenue de toutes les&#8230;                                                        <\/p>\n                                                    <\/div>\n                                                <\/div>\n                                            <\/div>\n                                        <\/div>\n\n                                        <\/div>\n                                <\/a>\n                                                        <a href=\"https:\/\/www.ipsen.com\/fr\/communique-de-presse\/ipsen-recoit-un-avis-positif-du-chmp-pour-ojemda-en-monotherapie-pour-le-traitement-des-enfants-atteints-de-gliome-pediatrique-de-bas-grade-en-rechute-ou-refractaire-avec-alteration-de-braf-3246394\/\" class=\"slim-standard-tab glider-slide left-4\" data-gslide=\"4  \" >\n                                    <div class=\"highligth-row\">\n                                        <div aria-label=\"Ipsen re\u00e7oit un avis positif du CHMP pour Ojemda\u00ae en monoth\u00e9rapie pour le traitement des...\">\n                                            <div class=\"column-1\">\n                                                <div class=\"slim-standard-img\">\n                                                                                                                <div>\n                                                                <img decoding=\"async\" src=\"https:\/\/www.ipsen.com\/wp-content\/uploads\/2023\/06\/PressRelease_FR.jpg\" alt=\"Ipsen re\u00e7oit un avis positif du CHMP pour Ojemda\u00ae en monoth\u00e9rapie pour le traitement des...\"   >\n                                                            <\/div>\n                                                        \n                                                <\/div>\n                                            <\/div>\n                                        <\/div>\n                                        <div  aria-label=\"Ipsen re\u00e7oit un avis positif du CHMP pour Ojemda\u00ae en monoth\u00e9rapie pour le traitement des...\">\n                                            <div class=\"column-2\">\n                                                <div class=\"slim-standard-content\">\n                                                    <div class=\"slim-standard-tab-sec\">\n                                                    <button id=\"Oncologie\" class=\"btn small-btn grey-bg visible\" style=\"background-color:#1e5ab2;\"> Oncologie <\/button>\n                                                        <p class=\"date-time dark-grey visible\"> 27 F\u00e9vrier 2026 <\/p>\n                                                    <\/div>\n                                                    <div class=\"slim-standard-para-sec\">\n                                                        <p class=\"slim-standard-para primary-blue\">\n                                                            Ipsen re\u00e7oit un avis positif du CHMP pour Ojemda\u00ae en monoth\u00e9rapie pour le traitement des&#8230;                                                        <\/p>\n                                                    <\/div>\n                                                <\/div>\n                                            <\/div>\n                                        <\/div>\n\n                                        <\/div>\n                                <\/a>\n                                                        <a href=\"https:\/\/www.ipsen.com\/fr\/update\/ipsen-elargit-son-portefeuille-de-produits-en-phase-preclinique-dans-le-domaine-des-maladies-neurodegeneratives-rares-3229673\/\" class=\"slim-standard-tab glider-slide left-5\" data-gslide=\"5  \" >\n                                    <div class=\"highligth-row\">\n                                        <div aria-label=\"Ipsen \u00e9largit son portefeuille de produits en phase pr\u00e9clinique dans le domaine des maladies neurod\u00e9g\u00e9n\u00e9ratives...\">\n                                            <div class=\"column-1\">\n                                                <div class=\"slim-standard-img\">\n                                                                                                                <div>\n                                                                <img decoding=\"async\" src=\"https:\/\/www.ipsen.com\/wp-content\/uploads\/2023\/04\/Media-Statement_FR.jpg\" alt=\"Ipsen \u00e9largit son portefeuille de produits en phase pr\u00e9clinique dans le domaine des maladies neurod\u00e9g\u00e9n\u00e9ratives...\"   >\n                                                            <\/div>\n                                                        \n                                                <\/div>\n                                            <\/div>\n                                        <\/div>\n                                        <div  aria-label=\"Ipsen \u00e9largit son portefeuille de produits en phase pr\u00e9clinique dans le domaine des maladies neurod\u00e9g\u00e9n\u00e9ratives...\">\n                                            <div class=\"column-2\">\n                                                <div class=\"slim-standard-content\">\n                                                    <div class=\"slim-standard-tab-sec\">\n                                                    <button id=\"Partenariat\" class=\"btn small-btn grey-bg visible\" style=\"background-color:#153f99;\"> Partenariat <\/button>\n                                                        <p class=\"date-time dark-grey visible\"> 30 Janvier 2026 <\/p>\n                                                    <\/div>\n                                                    <div class=\"slim-standard-para-sec\">\n                                                        <p class=\"slim-standard-para primary-blue\">\n                                                            Ipsen \u00e9largit son portefeuille de produits en phase pr\u00e9clinique dans le domaine des maladies neurod\u00e9g\u00e9n\u00e9ratives&#8230;                                                        <\/p>\n                                                    <\/div>\n                                                <\/div>\n                                            <\/div>\n                                        <\/div>\n\n                                        <\/div>\n                                <\/a>\n                                                        <a href=\"https:\/\/www.ipsen.com\/fr\/press-release\/la-fda-americaine-accorde-la-designation-breakthrough-therapy-a-lipn60340-ict01-dipsen-dans-la-leucemie-myeloide-aigue-de-premiere-ligne-chez-les-patients-ineligible-3218133\/\" class=\"slim-standard-tab glider-slide left-6\" data-gslide=\"6  \" >\n                                    <div class=\"highligth-row\">\n                                        <div aria-label=\"La FDA am\u00e9ricaine accorde la d\u00e9signation \u00ab Breakthrough Therapy \u00bb \u00e0 l\u2019IPN60340 (ICT01) d\u2019Ipsen dans...\">\n                                            <div class=\"column-1\">\n                                                <div class=\"slim-standard-img\">\n                                                                                                                <div>\n                                                                <img decoding=\"async\" src=\"https:\/\/www.ipsen.com\/wp-content\/uploads\/2023\/06\/PressRelease_FR.jpg\" alt=\"La FDA am\u00e9ricaine accorde la d\u00e9signation \u00ab Breakthrough Therapy \u00bb \u00e0 l\u2019IPN60340 (ICT01) d\u2019Ipsen dans...\"   >\n                                                            <\/div>\n                                                        \n                                                <\/div>\n                                            <\/div>\n                                        <\/div>\n                                        <div  aria-label=\"La FDA am\u00e9ricaine accorde la d\u00e9signation \u00ab Breakthrough Therapy \u00bb \u00e0 l\u2019IPN60340 (ICT01) d\u2019Ipsen dans...\">\n                                            <div class=\"column-2\">\n                                                <div class=\"slim-standard-content\">\n                                                    <div class=\"slim-standard-tab-sec\">\n                                                    <button id=\"Oncologie\" class=\"btn small-btn grey-bg visible\" style=\"background-color:#1e5ab2;\"> Oncologie <\/button>\n                                                        <p class=\"date-time dark-grey visible\"> 13 Janvier 2026 <\/p>\n                                                    <\/div>\n                                                    <div class=\"slim-standard-para-sec\">\n                                                        <p class=\"slim-standard-para primary-blue\">\n                                                            La FDA am\u00e9ricaine accorde la d\u00e9signation \u00ab Breakthrough Therapy \u00bb \u00e0 l\u2019IPN60340 (ICT01) d\u2019Ipsen dans&#8230;                                                        <\/p>\n                                                    <\/div>\n                                                <\/div>\n                                            <\/div>\n                                        <\/div>\n\n                                        <\/div>\n                                <\/a>\n                                                <\/div>\n                    <\/div>\n\n                <\/div><!--standard-carousel-over -->\n            <\/div><!--grid-div-over -->\n        <\/div>\n\n        <div class=\"slimcard-btn-sec\">\n                    <\/div>\n\n    <\/div>\n<\/div>\n           <\/div>\n        <\/div>\n    <\/section>\n\n\n<!-- Page Card Start -->\n<section class=\"text-tryo bg-color-disabled\"  >\n    <div class=\"container\" id=\"enable_heading_description\" data-alignment=\"Left\" data-enable_heading=\"1\"\n        data-enable_description=\"1\">\n\n                \n                <div class=\"row\">\n            <div class=\"col-lg-3 col-md-12  \">\n                <div class=\"sec-five-text\">\n                                    <h3 class=\"trayo-page-heading visible heading-three\"> Comment Ipsen apporte sa contribution<\/h3>\n                                        <p class=\"trayo-page-summary visible\"> Ipsen est centr\u00e9 sur trois aires th\u00e9rapeutiques cl\u00e9s et mobilise l&#8217;ensemble de ses ressources pour aider les patients ayant des besoins m\u00e9dicaux non satisfaits.<\/p>\n                <\/div>\n            <\/div>\n            <div class=\"col-lg-9 col-md-12 \">\n                <!-- Slider Start -->\n                                        <div class=\"text_tray_glider\">\n                                                        <a href=\"\/fr\/science\/oncologie\/\"\n                                target=\"_self\">\n                                <div class=\"img-tray img-one\">\n                                    <!-- style='background-image:url(\"\");'> -->\n                                   <img src='https:\/\/www.ipsen.com\/wp-content\/uploads\/2025\/07\/Page-Card-Oncology.png' alt=\"\" >\n                                    <div class=\"tray\">\n                                        <div class=\"tray-inner\">\n                                                                                                        <!-- style=\"border-left: 5px solid  ;\"> -->\n                                                            <h4 class=\"tray-heading-para\">Oncologie<\/h4>\n                                                                                        <p class=\"tray-para\" tabindex=\"0\">\n                                                Ipsen est un acteur de l&#8217;oncologie depuis 1986. Notre portefeuille inclut d\u00e9sormais des traitements pour les tumeurs neuroendocrines (TNE) et les cancers du rein, du foie, du pancr\u00e9as, de la thyro\u00efde, de la prostate et du sein.                                            <\/p>\n                                        <\/div>\n                                    <\/div>\n                                <\/div>\n                            <\/a>\n                                                        <a href=\"\/fr\/science\/maladies-rares\/\"\n                                target=\"_self\">\n                                <div class=\"img-tray img-one\">\n                                    <!-- style='background-image:url(\"\");'> -->\n                                   <img src='https:\/\/www.ipsen.com\/wp-content\/uploads\/2025\/07\/Page-Card-Rare-Disease.png' alt=\"\" >\n                                    <div class=\"tray\">\n                                        <div class=\"tray-inner\">\n                                                                                                        <!-- style=\"border-left: 5px solid  ;\"> -->\n                                                            <h4 class=\"tray-heading-para\">Maladies Rares<\/h4>\n                                                                                        <p class=\"tray-para\" tabindex=\"0\">\n                                                94 % des maladies rares n\u2019ont toujours aucun traitement. Nous sommes d\u00e9termin\u00e9s \u00e0 d\u00e9velopper des th\u00e9rapies pour les maladies osseuses et de croissance extr\u00eamement rares, les cancers rares, les maladies du foie et les troubles neurog\u00e9n\u00e9tiques.                                            <\/p>\n                                        <\/div>\n                                    <\/div>\n                                <\/div>\n                            <\/a>\n                                                        <a href=\"\/fr\/science\/neurosciences\/\"\n                                target=\"_self\">\n                                <div class=\"img-tray img-one\">\n                                    <!-- style='background-image:url(\"\");'> -->\n                                   <img src='https:\/\/www.ipsen.com\/wp-content\/uploads\/2025\/07\/Page-Card-Neuroscience.png' alt=\"\" >\n                                    <div class=\"tray\">\n                                        <div class=\"tray-inner\">\n                                                                                                        <!-- style=\"border-left: 5px solid  ;\"> -->\n                                                            <h4 class=\"tray-heading-para\">Neurosciences<\/h4>\n                                                                                        <p class=\"tray-para\" tabindex=\"0\">\n                                                Ipsen s&#8217;appuie sur 30 ans d&#8217;expertise dans la recherche sur les toxines et les neurosciences pour accompagner les enfants et les adultes souffrant de maladies neurologiques invalidantes et d\u00e9g\u00e9n\u00e9ratives.                                            <\/p>\n                                        <\/div>\n                                    <\/div>\n                                <\/div>\n                            <\/a>\n                                                    <\/div>\n                    <\/div>\n                <\/div>\n                <!-- Slider End -->\n            <\/div>\n        <\/div>\n                    <\/div>\n<\/section>\n\n<!-- Page Card End -->\n\n<!-- Text & Media Block Code -->\n<section class=\"two-col-section text-media-section\">\n    <div class=\"container two-section-innner section-reverse\">\n        <div class=\"response-inner\" style=\"background-image: url('')\">\n            <div class=\"row section-reverse\">\n                <div class=\"col-xs-12 col-sm-12 col-md-6\">\n                                                    <div class=\"img-video-section\">\n                                <img decoding=\"async\" \n                                    src=\"https:\/\/www.ipsen.com\/wp-content\/uploads\/2025\/07\/Science-with-Purpose.png\" \n                                    alt=\"\" \n                                >\n                            <\/div>\n                                        <\/div>\n                <div class=\" col-xs-12 col-sm-12 col-md-6\">\n                    <div class=\"section-content\">\n                        <div class=\"heading-dash\">\n                                                            <span class=\"dash\"><\/span>\n                                <h4 class=\"heading-para heading-four\" role=\"heading\" aria-level=\"2\">\n                                    Orienter la Science vers l\u2019Innovation                                <\/h4>\n                                                    <\/div>\n                                                <p>Chez Ipsen, nous croyons que l\u2019innovation scientifique doit servir un but.\u00a0Gr\u00e2ce \u00e0 notre taille unique et \u00e0 nos expertises de pointe, Ipsen acc\u00e9l\u00e8re l\u2019innovation en op\u00e9rant avec agilit\u00e9 entre les jalons de d\u00e9veloppement et les processus r\u00e9glementaires pour apporter des m\u00e9dicaments innovants aux patients du monde entier.<\/p>\n                            <a \n                            aria-label=\"En savoir plus about Orienter la Science vers l\u2019Innovation\"  \n                                role=\"link\" \n                                class=\"btn-link section-btn cta-visible\"\n                                href=\"https:\/\/www.ipsen.com\/fr\/science\/\" \n                                target=\"_self\"\n                            > \n                                En savoir plus \n                            <\/a>\n\n                    <\/div>\n                <\/div>\n            <\/div>\n        <\/div>\n    <\/div>\n<\/section>\n\n<!-- Text & Media Block Code -->\n<section class=\"two-col-section text-media-section\">\n    <div class=\"container two-section-innner \">\n        <div class=\"response-inner\" style=\"background-image: url('')\">\n            <div class=\"row \">\n                <div class=\"col-xs-12 col-sm-12 col-md-6\">\n                                                    <div class=\"img-video-section\">\n                                <img decoding=\"async\" \n                                    src=\"https:\/\/www.ipsen.com\/wp-content\/uploads\/2025\/07\/iStock-1347249059_LD.jpg\" \n                                    alt=\"\" \n                                >\n                            <\/div>\n                                        <\/div>\n                <div class=\" col-xs-12 col-sm-12 col-md-6\">\n                    <div class=\"section-content\">\n                        <div class=\"heading-dash\">\n                                                            <span class=\"dash\"><\/span>\n                                <h4 class=\"heading-para heading-four\" role=\"heading\" aria-level=\"2\">\n                                    Nos Partenariats                                 <\/h4>\n                                                    <\/div>\n                                                <p>Chez Ipsen, nous pensons que les partenariats cr\u00e9ent des possibilit\u00e9s. Nous cherchons \u00e0 \u00e9tablir des partenariats qui renforcent notre capacit\u00e9 \u00e0 am\u00e9liorer ou \u00e0 prolonger la vie des personnes atteintes de cancer, de maladies rares ou d\u2019affections neurologiques.<\/p>\n                            <a \n                            aria-label=\"En savoir plus about Nos Partenariats \"  \n                                role=\"link\" \n                                class=\"btn-link section-btn cta-visible\"\n                                href=\"https:\/\/www.ipsen.com\/fr\/partenariat\/\" \n                                target=\"_self\"\n                            > \n                                En savoir plus \n                            <\/a>\n\n                    <\/div>\n                <\/div>\n            <\/div>\n        <\/div>\n    <\/div>\n<\/section>\n\n<!-- Text & Media Block Code -->\n<section class=\"two-col-section text-media-section\">\n    <div class=\"container two-section-innner section-reverse\">\n        <div class=\"response-inner\" style=\"background-image: url('')\">\n            <div class=\"row section-reverse\">\n                <div class=\"col-xs-12 col-sm-12 col-md-6\">\n                                                    <div class=\"img-video-section\">\n                                <img decoding=\"async\" \n                                    src=\"https:\/\/www.ipsen.com\/wp-content\/uploads\/2025\/07\/Module-5-\u2013-Environment_Gen-Ipsen-Environment-copy.jpg\" \n                                    alt=\"\" \n                                >\n                            <\/div>\n                                        <\/div>\n                <div class=\" col-xs-12 col-sm-12 col-md-6\">\n                    <div class=\"section-content\">\n                        <div class=\"heading-dash\">\n                                                            <span class=\"dash\"><\/span>\n                                <h4 class=\"heading-para heading-four\" role=\"heading\" aria-level=\"2\">\n                                    Une Culture de la Durabilit\u00e9                                <\/h4>\n                                                    <\/div>\n                                                <p>Chez Ipsen, nous agissons selon une approche structur\u00e9e de la durabilit\u00e9.<\/p>\n                            <a \n                            aria-label=\"En savoir plus about Une Culture de la Durabilit\u00e9\"  \n                                role=\"link\" \n                                class=\"btn-link section-btn cta-visible\"\n                                href=\"https:\/\/www.ipsen.com\/fr\/durabilite\/\" \n                                target=\"_self\"\n                            > \n                                En savoir plus \n                            <\/a>\n\n                    <\/div>\n                <\/div>\n            <\/div>\n        <\/div>\n    <\/div>\n<\/section>\n\n    <section class=\"title-text img-bg\">\n        <div class=\"container\">\n            <div class=\"title-text-inner\" style=\"background-image:url(https:\/\/www.ipsen.com\/wp-content\/uploads\/2025\/07\/Join-Us.png)\">\n\n                <!-- If heading is enabled then it's visible -->\n                <div class=\"text-head-dash visible\">\n                <h3 class=\"heading-three\" role=\"heading\" aria-level=\"2\">\n                        Carri\u00e8res                    <\/h3>\n                <\/div>\n               \n                <!-- If description is enabled then it's visible -->\n                <div class=\"text-parbase visible\">\n                    <p>Ipsen offre des possibilit\u00e9s de carri\u00e8re passionnantes aux personnes talentueuses et motiv\u00e9es dans divers domaines comme la recherche m\u00e9dicale et clinique, les ventes, le marketing, la finance, l\u2019informatique, les RH et les services juridiques. Nous nous engageons \u00e0 offrir \u00e0 nos collaborateurs un environnement de travail accueillant, stimulant et inclusif.<\/p>\n                <\/div>\n\n                <!-- If button is enabled then it's visible -->\n                                        <div class=\"btn-txt\">\n                            <a \n                                aria-label=\"\" \n                                class=\"btn-link section-btn cta-visible\"  \n                                role=\"link\"\n                                href=\"https:\/\/www.ipsen.com\/fr\/carrieres\/\" target=\"_self\">\n                                D\u00e9couvrez les carri\u00e8res chez Ipsen                             <\/a>\n                        <\/div>\n                \n            <\/div>\n        <\/div>\n    <\/section>\n\n\n\n<!--Regular card with carousel -->\n<section class=\"p-slider  bg-color-disabled \"  >\n      <div class=\"slider-heading-container\">\n          <h3 role=\"heading\" aria-level=\"2\" class=\"slider-title visible heading-three\">\u00a0Quelles sont les derni\u00e8res actualit\u00e9s d\u2019Ipsen ? <\/h3>\n          <p class=\"charcoal-grey visible\"><\/p>\n      <\/div>\n              \n            <!-- glider insert -->\n            <div class=\"glider-contain multiple\">\n                                    <!-- buttons -->\n                    <div class=\"slider-btns\">\n                    <button aria-label=\"Pr\u00e9c\u00e9dent\" aria-hidden=\"true\" tabindex=\"-1\" aria-labelledby=\"glider-product-prev\" role=\"button\" title=\"Pr\u00e9c\u00e9dent\" class=\"glider-product-prev\">\n                      <span style=\"background-image:url(https:\/\/www.ipsen.com\/wp-content\/themes\/ipsen-main\/dist\/images\/blue-left-arrow.png);\"><\/span>\n                    <\/button>\n                    <button aria-label=\"Suivant\" aria-hidden=\"true\" tabindex=\"-1\" aria-labelledby=\"glider-product-next\" role=\"button\" title=\"Suivant\" class=\"glider-product-next\">\n                      <span style=\"background-image:url(https:\/\/www.ipsen.com\/wp-content\/themes\/ipsen-main\/dist\/images\/blue-right-arrow.png);\"><\/span>\n                    <\/button>\n                <\/div>\n                                    <div class=\"glider-product\">\n                                                  <!-- product box-latest story listing-->\n                              <div class=\"product-box\" aria-label=\"Forte croissance des ventes au premier trimestre 2026, marquant un solide d\u00e9but d\u2019ann\u00e9e\">\n                              <a title=\"Forte croissance des ventes au premier trimestre 2026, marquant un solide d\u00e9but d\u2019ann\u00e9e\"  href=\"https:\/\/www.ipsen.com\/fr\/actualites\/financial-results-fr\/ipsen-enregistre-une-forte-croissance-des-ventes-au-t1-2026\/\">\n                                                                    <!-- img-container -->\n                                  <div class=\"p-img-container\">\n                                    <div class=\"p-img\">                                    \n                                    \n                                                                                      <img decoding=\"async\" src=\"https:\/\/www.ipsen.com\/wp-content\/uploads\/2025\/11\/LOGO-44_R.jpg\" alt=\"Forte croissance des ventes au premier trimestre 2026, marquant un solide d\u00e9but d\u2019ann\u00e9e\" >\n                                                                                  \n                                    <\/div>\n                                  <\/div>\n                                  <!-- text-container -->\n                                                                    <div class=\"p-box-text\">\n                                                                                                                <button tabindex=\"-1\" class=\"btn-link card-btn visible\" style=\"background-color:#153f99;\">\n                                            R\u00e9sultats de l&#8217;exercice                                        <\/button>\n                                                                                                                  <span class=\"time-stamp visible\">23 Avril 2026<\/span>\n                                                                            <span class=\"time-stamp visible\">2 \u00a0mn de lecture<\/span>\n                                                                            <div class=\"text-div\">\n                                       \n                                           <h4 role=\"heading\" aria-level=\"3\" class=\"text-div-para\">Forte croissance des ventes au premier trimestre 2026, marquant un solide d\u00e9but d\u2019ann\u00e9e<\/h4>\n                                          \n                                          <p>Ipsen enregistre une croissance des ventes de 22,6 % \u00e0 taux de change constants au premier trimestre 2026, refl\u00e9tant une croissance \u00e9quilibr\u00e9e en Oncologie, Maladies Rares et Neurosciences.<\/p>\n                                                                              <\/div>\n                                  <\/div>\n                                  <\/a>\n                                <\/div>\n                                                    <!-- product box-latest story listing-->\n                              <div class=\"product-box\" aria-label=\"Un nouveau chapitre pour les enfants atteints de\u00a0pLGG\u00a0\">\n                              <a title=\"Un nouveau chapitre pour les enfants atteints de\u00a0pLGG\u00a0\"  href=\"https:\/\/www.ipsen.com\/fr\/actualites\/oncology-fr\/un-nouveau-chapitre-pour-les-enfants-atteints-de-plgg\/\">\n                                                                    <!-- img-container -->\n                                  <div class=\"p-img-container\">\n                                    <div class=\"p-img\">                                    \n                                    \n                                                                                      <img decoding=\"async\" src=\"https:\/\/www.ipsen.com\/wp-content\/uploads\/2026\/03\/13_SANDRA-SILVESTRI_IPSEN-COM_756x506pix.jpg\" alt=\"Un nouveau chapitre pour les enfants atteints de\u00a0pLGG\u00a0\" >\n                                                                                  \n                                    <\/div>\n                                  <\/div>\n                                  <!-- text-container -->\n                                                                    <div class=\"p-box-text\">\n                                                                                                                <button tabindex=\"-1\" class=\"btn-link card-btn visible\" style=\"background-color:#1e5ab2;\">\n                                            Oncologie                                        <\/button>\n                                                                                                                  <span class=\"time-stamp visible\">22 Avril 2026<\/span>\n                                                                            <span class=\"time-stamp visible\">2 \u00a0mn de lecture<\/span>\n                                                                            <div class=\"text-div\">\n                                       \n                                           <h4 role=\"heading\" aria-level=\"3\" class=\"text-div-para\">Un nouveau chapitre pour les enfants atteints de\u00a0pLGG\u00a0<\/h4>\n                                          \n                                          <p>Pour les centaines d\u2019enfants diagnostiqu\u00e9s chaque ann\u00e9e en Europe avec un gliome p\u00e9diatrique de bas grade (pLGG),\u00a0le parcours est rarement celui que les familles imaginent. Il est souvent long, complexe et bouleversant. Mais aujourd\u2019hui, nous nous r\u00e9jouissons de constater une avanc\u00e9e dans le paysage th\u00e9rapeutique.\u00a0<\/p>\n                                                                              <\/div>\n                                  <\/div>\n                                  <\/a>\n                                <\/div>\n                                                    <!-- product box-latest story listing-->\n                              <div class=\"product-box\" aria-label=\"L&#8217;histoire de Guillermo : ce que les patients nous apprennent\">\n                              <a title=\"L&#8217;histoire de Guillermo : ce que les patients nous apprennent\"  href=\"https:\/\/www.ipsen.com\/fr\/actualites\/culture-fr\/lhistoire-de-guillermo-ce-que-les-patients-nous-apprennent\/\">\n                                                                    <!-- img-container -->\n                                  <div class=\"p-img-container\">\n                                    <div class=\"p-img\">                                    \n                                    \n                                                                                      <img decoding=\"async\" src=\"https:\/\/www.ipsen.com\/wp-content\/uploads\/2026\/04\/Guillermo.jpg\" alt=\"L&#8217;histoire de Guillermo : ce que les patients nous apprennent\" >\n                                                                                  \n                                    <\/div>\n                                  <\/div>\n                                  <!-- text-container -->\n                                                                    <div class=\"p-box-text\">\n                                                                                                                <button tabindex=\"-1\" class=\"btn-link card-btn visible\" style=\"background-color:#153f99;\">\n                                            Culture                                        <\/button>\n                                                                                                                  <span class=\"time-stamp visible\">15 Avril 2026<\/span>\n                                                                            <span class=\"time-stamp visible\">2 \u00a0mn de lecture<\/span>\n                                                                            <div class=\"text-div\">\n                                       \n                                           <h4 role=\"heading\" aria-level=\"3\" class=\"text-div-para\">L&#8217;histoire de Guillermo : ce que les patients nous apprennent<\/h4>\n                                          \n                                          <p>Dans l&#8217;industrie pharmaceutique, il est facile de se concentrer sur les donn\u00e9es, la strat\u00e9gie et les indicateurs de performance. Mais derri\u00e8re chaque d\u00e9cision se trouvent de vraies personnes. Pour Guillermo Castillo Acero, Directeur des march\u00e9s europ\u00e9ens de taille interm\u00e9diaire chez Ipsen, cette r\u00e9alit\u00e9 s&#8217;est impos\u00e9e \u00e0 lui lors d&#8217;un moment pr\u00e9cis de sa carri\u00e8re.<\/p>\n                                                                              <\/div>\n                                  <\/div>\n                                  <\/a>\n                                <\/div>\n                                                    <!-- product box-latest story listing-->\n                              <div class=\"product-box\" aria-label=\"Le r\u00f4le des biomarqueurs : comment les nouvelles modalit\u00e9s font de la m\u00e9decine de pr\u00e9cision une r\u00e9alit\u00e9\u00a0\">\n                              <a title=\"Le r\u00f4le des biomarqueurs : comment les nouvelles modalit\u00e9s font de la m\u00e9decine de pr\u00e9cision une r\u00e9alit\u00e9\u00a0\"  href=\"https:\/\/www.ipsen.com\/fr\/actualites\/oncology-fr\/le-role-des-biomarqueurs-comment-les-nouvelles-modalites-font-de-la-medecine-de-precision-une-realite\/\">\n                                                                    <!-- img-container -->\n                                  <div class=\"p-img-container\">\n                                    <div class=\"p-img\">                                    \n                                    \n                                                                                      <img decoding=\"async\" src=\"https:\/\/www.ipsen.com\/wp-content\/uploads\/2026\/04\/05_CHRISTELLE-HUGUET_IPSEN-COM_.jpg\" alt=\"Le r\u00f4le des biomarqueurs : comment les nouvelles modalit\u00e9s font de la m\u00e9decine de pr\u00e9cision une r\u00e9alit\u00e9\u00a0\" >\n                                                                                  \n                                    <\/div>\n                                  <\/div>\n                                  <!-- text-container -->\n                                                                    <div class=\"p-box-text\">\n                                                                                                                <button tabindex=\"-1\" class=\"btn-link card-btn visible\" style=\"background-color:#1e5ab2;\">\n                                            Oncologie                                        <\/button>\n                                                                                                                  <span class=\"time-stamp visible\">13 Avril 2026<\/span>\n                                                                            <span class=\"time-stamp visible\">3 \u00a0mn de lecture<\/span>\n                                                                            <div class=\"text-div\">\n                                       \n                                           <h4 role=\"heading\" aria-level=\"3\" class=\"text-div-para\">Le r\u00f4le des biomarqueurs : comment les nouvelles modalit\u00e9s font de la m\u00e9decine de pr\u00e9cision une r\u00e9alit\u00e9\u00a0<\/h4>\n                                          \n                                          <p>Pendant trop\u00a0longtemps, la m\u00e9decine\u00a0moderne\u00a0a\u00a0abord\u00e9\u00a0les maladies\u00a0comme\u00a0si elles \u00e9taient\u00a0uniformes,\u00a0d\u00e9finies\u00a0par\u00a0une\u00a0\u00e9tiquette\u00a0plut\u00f4t\u00a0que\u00a0par\u00a0leur\u00a0biologie\u00a0sous-jacente.\u00a0Aujourd\u2019hui, nous\u00a0disposons\u00a0d\u2019une\u00a0capacit\u00e9\u00a0sans\u00a0pr\u00e9c\u00e9dent\u00a0\u00e0 explorer les\u00a0m\u00e9canismes\u00a0mol\u00e9culaires\u00a0qui\u00a0fa\u00e7onnent\u00a0le cancer de\u00a0chaque\u00a0patient. Ce\u00a0faisant, nous\u00a0transformons\u00a0en\u00a0profondeur\u00a0la mani\u00e8re\u00a0dont\u00a0nous\u00a0diagnostiquons,\u00a0d\u00e9veloppons\u00a0et\u00a0mettons\u00a0\u00e0 disposition les\u00a0m\u00e9dicaments\u00a0qui\u00a0comptent\u00a0le plus.<\/p>\n                                                                              <\/div>\n                                  <\/div>\n                                  <\/a>\n                                <\/div>\n                                                    <!-- product box-latest story listing-->\n                              <div class=\"product-box\" aria-label=\"Concentration\u00a0strat\u00e9gique\u00a0: Alexis\u00a0Cocozaki\u00a0sur la\u00a0voie\u00a0de la\u00a0d\u00e9couverte\u00a0amont\u00a0chez Ipsen\u00a0\">\n                              <a title=\"Concentration\u00a0strat\u00e9gique\u00a0: Alexis\u00a0Cocozaki\u00a0sur la\u00a0voie\u00a0de la\u00a0d\u00e9couverte\u00a0amont\u00a0chez Ipsen\u00a0\"  href=\"https:\/\/www.ipsen.com\/fr\/actualites\/science-2\/concentration-strategique-alexis-cocozaki-sur-la-voie-de-la-decouverte-amont-chez-ipsen\/\">\n                                                                    <!-- img-container -->\n                                  <div class=\"p-img-container\">\n                                    <div class=\"p-img\">                                    \n                                    \n                                                                                      <img decoding=\"async\" src=\"https:\/\/www.ipsen.com\/wp-content\/uploads\/2026\/04\/Alexis-Cocozaki-2.png\" alt=\"Concentration\u00a0strat\u00e9gique\u00a0: Alexis\u00a0Cocozaki\u00a0sur la\u00a0voie\u00a0de la\u00a0d\u00e9couverte\u00a0amont\u00a0chez Ipsen\u00a0\" >\n                                                                                  \n                                    <\/div>\n                                  <\/div>\n                                  <!-- text-container -->\n                                                                    <div class=\"p-box-text\">\n                                                                                                                <button tabindex=\"-1\" class=\"btn-link card-btn visible\" style=\"background-color:#153f99;\">\n                                            Science                                        <\/button>\n                                                                                                                  <span class=\"time-stamp visible\">04 Avril 2026<\/span>\n                                                                            <span class=\"time-stamp visible\">3 \u00a0mn de lecture<\/span>\n                                                                            <div class=\"text-div\">\n                                       \n                                           <h4 role=\"heading\" aria-level=\"3\" class=\"text-div-para\">Concentration\u00a0strat\u00e9gique\u00a0: Alexis\u00a0Cocozaki\u00a0sur la\u00a0voie\u00a0de la\u00a0d\u00e9couverte\u00a0amont\u00a0chez Ipsen\u00a0<\/h4>\n                                          \n                                          <p>Au c\u0153ur des efforts de d\u00e9couverte amont d\u2019Ipsen se trouve une question d\u2019ad\u00e9quation\u2014comment une mol\u00e9cule interagit avec une prot\u00e9ine pertinente pour la maladie, et ce que cela signifie pour le potentiel th\u00e9rapeutique. L\u2019\u00e9quipe d\u2019Alexis Cocozaki se concentre pr\u00e9cis\u00e9ment sur cet espace, en appliquant des techniques biophysiques et de biologie structurale pour \u00e9valuer et optimiser de nouveaux actifs au niveau atomique. <\/p>\n                                                                              <\/div>\n                                  <\/div>\n                                  <\/a>\n                                <\/div>\n                                                    <!-- product box-latest story listing-->\n                              <div class=\"product-box\" aria-label=\"Notre Sustainability Statement 2025 est en ligne : ce que \u00e7a signifie pour Ipsen\">\n                              <a title=\"Notre Sustainability Statement 2025 est en ligne : ce que \u00e7a signifie pour Ipsen\"  href=\"https:\/\/www.ipsen.com\/fr\/actualites\/durabilite\/notre-sustainability-statement-2025-est-disponible\/\">\n                                                                    <!-- img-container -->\n                                  <div class=\"p-img-container\">\n                                    <div class=\"p-img\">                                    \n                                    \n                                                                                      <img decoding=\"async\" src=\"https:\/\/www.ipsen.com\/wp-content\/uploads\/2026\/04\/Image2.png\" alt=\"Notre Sustainability Statement 2025 est en ligne : ce que \u00e7a signifie pour Ipsen\" >\n                                                                                  \n                                    <\/div>\n                                  <\/div>\n                                  <!-- text-container -->\n                                                                    <div class=\"p-box-text\">\n                                                                                                                <button tabindex=\"-1\" class=\"btn-link card-btn visible\" style=\"background-color:#153f99;\">\n                                            Durabilit\u00e9                                        <\/button>\n                                                                                                                  <span class=\"time-stamp visible\">01 Avril 2026<\/span>\n                                                                            <span class=\"time-stamp visible\">1 \u00a0mn de lecture<\/span>\n                                                                            <div class=\"text-div\">\n                                       \n                                           <h4 role=\"heading\" aria-level=\"3\" class=\"text-div-para\">Notre Sustainability Statement 2025 est en ligne : ce que \u00e7a signifie pour Ipsen<\/h4>\n                                          \n                                          <p>Nous avons le plaisir d\u2019annoncer que le Sustainability Statement 2025 &#8211; notre publication annuelle pr\u00e9sentant nos engagements, nos avanc\u00e9es et nos priorit\u00e9s en mati\u00e8re d\u2019environnement, de social et de gouvernance (ESG) &#8211; est d\u00e9sormais disponible sur notre site internet.<\/p>\n                                                                              <\/div>\n                                  <\/div>\n                                  <\/a>\n                                <\/div>\n                                                    <!-- product box-latest story listing-->\n                              <div class=\"product-box\" aria-label=\"Fa\u00e7onner la prochaine \u00e9volution de l\u2019immuno\u2011oncologie\">\n                              <a title=\"Fa\u00e7onner la prochaine \u00e9volution de l\u2019immuno\u2011oncologie\"  href=\"https:\/\/www.ipsen.com\/fr\/actualites\/oncology-fr\/faconner-la-prochaine-evolution-de-limmuno-oncologie\/\">\n                                                                    <!-- img-container -->\n                                  <div class=\"p-img-container\">\n                                    <div class=\"p-img\">                                    \n                                    \n                                                                                      <img decoding=\"async\" src=\"https:\/\/www.ipsen.com\/wp-content\/uploads\/2026\/03\/Tovo-CHMP_Internal-FR-2.png\" alt=\"Fa\u00e7onner la prochaine \u00e9volution de l\u2019immuno\u2011oncologie\" >\n                                                                                  \n                                    <\/div>\n                                  <\/div>\n                                  <!-- text-container -->\n                                                                    <div class=\"p-box-text\">\n                                                                                                                <button tabindex=\"-1\" class=\"btn-link card-btn visible\" style=\"background-color:#1e5ab2;\">\n                                            Oncologie                                        <\/button>\n                                                                                                                  <span class=\"time-stamp visible\">27 Mars 2026<\/span>\n                                                                            <span class=\"time-stamp visible\">3 \u00a0mn de lecture<\/span>\n                                                                            <div class=\"text-div\">\n                                       \n                                           <h4 role=\"heading\" aria-level=\"3\" class=\"text-div-para\">Fa\u00e7onner la prochaine \u00e9volution de l\u2019immuno\u2011oncologie<\/h4>\n                                          \n                                          <p>En travaillant dans le d\u00e9veloppement pr\u00e9coce, j\u2019ai le privil\u00e8ge d\u2019assiter \u00e0 l\u2019\u00e9mergence de la prochaine g\u00e9n\u00e9ration de sciences du m\u00e9dicament se dessiner \u2013 et rares sont les domaines aussi captivants que l\u2019immuno\u2011oncologie (I\u2011O). Des premi\u00e8res donn\u00e9es en laboratoire aux avanc\u00e9es cliniques majeures, il apparait clairement que nous entrons dans une nouvelle \u00e8re, avec le potentiel de r\u00e9sultats v\u00e9ritablement transformateurs pour les patients.<\/p>\n                                                                              <\/div>\n                                  <\/div>\n                                  <\/a>\n                                <\/div>\n                                                    <!-- product box-latest story listing-->\n                              <div class=\"product-box\" aria-label=\"Partenariats guid\u00e9s par la raison d\u2019\u00eatre : choisir les programmes o\u00f9 notre approche g\u00e9n\u00e8re le plus grand impact\">\n                              <a title=\"Partenariats guid\u00e9s par la raison d\u2019\u00eatre : choisir les programmes o\u00f9 notre approche g\u00e9n\u00e8re le plus grand impact\"  href=\"https:\/\/www.ipsen.com\/fr\/actualites\/partenariat\/partenariats-guides-par-la-raison-detre-choisir-les-programmes-ou-notre-approche-genere-le-plus-grand-impact\/\">\n                                                                    <!-- img-container -->\n                                  <div class=\"p-img-container\">\n                                    <div class=\"p-img\">                                    \n                                    \n                                                                                      <img decoding=\"async\" src=\"https:\/\/www.ipsen.com\/wp-content\/uploads\/2026\/03\/Rectangle-4.png\" alt=\"Partenariats guid\u00e9s par la raison d\u2019\u00eatre : choisir les programmes o\u00f9 notre approche g\u00e9n\u00e8re le plus grand impact\" >\n                                                                                  \n                                    <\/div>\n                                  <\/div>\n                                  <!-- text-container -->\n                                                                    <div class=\"p-box-text\">\n                                                                                                                <button tabindex=\"-1\" class=\"btn-link card-btn visible\" style=\"background-color:#153f99;\">\n                                            Partenariat                                        <\/button>\n                                                                                                                  <span class=\"time-stamp visible\">19 Mars 2026<\/span>\n                                                                            <span class=\"time-stamp visible\">2 \u00a0mn de lecture<\/span>\n                                                                            <div class=\"text-div\">\n                                       \n                                           <h4 role=\"heading\" aria-level=\"3\" class=\"text-div-para\">Partenariats guid\u00e9s par la raison d\u2019\u00eatre : choisir les programmes o\u00f9 notre approche g\u00e9n\u00e8re le plus grand impact<\/h4>\n                                          \n                                          <p>Le partenariat en phase avanc\u00e9e est exigeant \u2014 \u00e0 forts enjeux, intensif en capital et extr\u00eamement concurrentiel. Le co\u00fbt d\u2019un mauvais partenariat n\u2019est pas seulement financier ; c\u2019est aussi la perte d\u2019une opportunit\u00e9 d\u2019avancer un programme qui aurait pu transformer la vie des patients mais qui n\u2019a pas trouv\u00e9 le bon partenaire au bon moment.<\/p>\n                                                                              <\/div>\n                                  <\/div>\n                                  <\/a>\n                                <\/div>\n                                                    <!-- product box-latest story listing-->\n                              <div class=\"product-box\" aria-label=\"Quand l\u2019impact de son travail devient concret : l\u2019histoire d\u2019\u00c9milie Manier\">\n                              <a title=\"Quand l\u2019impact de son travail devient concret : l\u2019histoire d\u2019\u00c9milie Manier\"  href=\"https:\/\/www.ipsen.com\/fr\/actualites\/culture-fr\/quand-limpact-de-son-travail-devient-concret-lhistoire-demilie-manier\/\">\n                                                                    <!-- img-container -->\n                                  <div class=\"p-img-container\">\n                                    <div class=\"p-img\">                                    \n                                    \n                                                                                      <img decoding=\"async\" src=\"https:\/\/www.ipsen.com\/wp-content\/uploads\/2026\/03\/Emilie-Manier.png\" alt=\"Quand l\u2019impact de son travail devient concret : l\u2019histoire d\u2019\u00c9milie Manier\" >\n                                                                                  \n                                    <\/div>\n                                  <\/div>\n                                  <!-- text-container -->\n                                                                    <div class=\"p-box-text\">\n                                                                                                                <button tabindex=\"-1\" class=\"btn-link card-btn visible\" style=\"background-color:#153f99;\">\n                                            Culture                                        <\/button>\n                                                                                                                  <span class=\"time-stamp visible\">18 Mars 2026<\/span>\n                                                                            <span class=\"time-stamp visible\">2 \u00a0mn de lecture<\/span>\n                                                                            <div class=\"text-div\">\n                                       \n                                           <h4 role=\"heading\" aria-level=\"3\" class=\"text-div-para\">Quand l\u2019impact de son travail devient concret : l\u2019histoire d\u2019\u00c9milie Manier<\/h4>\n                                          \n                                          <p>Pour de\u00a0nombreuses\u00a0personnes\u00a0chez Ipsen,\u00a0l\u2019impact\u00a0de\u00a0leur\u00a0travail se\u00a0r\u00e9v\u00e8le\u00a0\u00e0 travers les histoires de patients, les\u00a0avanc\u00e9es\u00a0scientifiques\u00a0ou\u00a0les moments\u00a0partag\u00e9s\u00a0avec\u00a0leurs\u00a0coll\u00e8gues. Pour \u00c9milie Manier,\u00a0Assistante\u00a0de Direction Senior,\u00a0cette\u00a0prise\u00a0de conscience est\u00a0survenue\u00a0dans\u00a0une\u00a0situation bien plus\u00a0inattendue\u00a0: un\u00a0d\u00eener\u00a0entre\u00a0amis.\u00a0<\/p>\n                                                                              <\/div>\n                                  <\/div>\n                                  <\/a>\n                                <\/div>\n                                                    <!-- product box-latest story listing-->\n                              <div class=\"product-box\" aria-label=\"Une vie dans la science: Le\u00a0r\u00f4le\u00a0des donn\u00e9es dans\u00a0l\u2019avanc\u00e9e\u00a0des\u00a0traitements\u00a0\">\n                              <a title=\"Une vie dans la science: Le\u00a0r\u00f4le\u00a0des donn\u00e9es dans\u00a0l\u2019avanc\u00e9e\u00a0des\u00a0traitements\u00a0\"  href=\"https:\/\/www.ipsen.com\/fr\/actualites\/science-2\/une-vie-dans-la-science-le-role-des-donnees-dans-lavancee-des-traitements\/\">\n                                                                    <!-- img-container -->\n                                  <div class=\"p-img-container\">\n                                    <div class=\"p-img\">                                    \n                                    \n                                                                                      <img decoding=\"async\" src=\"https:\/\/www.ipsen.com\/wp-content\/uploads\/2026\/03\/Audrey.png\" alt=\"Une vie dans la science: Le\u00a0r\u00f4le\u00a0des donn\u00e9es dans\u00a0l\u2019avanc\u00e9e\u00a0des\u00a0traitements\u00a0\" >\n                                                                                  \n                                    <\/div>\n                                  <\/div>\n                                  <!-- text-container -->\n                                                                    <div class=\"p-box-text\">\n                                                                                                                <button tabindex=\"-1\" class=\"btn-link card-btn visible\" style=\"background-color:#153f99;\">\n                                            Science                                        <\/button>\n                                                                                                                  <span class=\"time-stamp visible\">16 Mars 2026<\/span>\n                                                                            <span class=\"time-stamp visible\">2 \u00a0mn de lecture<\/span>\n                                                                            <div class=\"text-div\">\n                                       \n                                           <h4 role=\"heading\" aria-level=\"3\" class=\"text-div-para\">Une vie dans la science: Le\u00a0r\u00f4le\u00a0des donn\u00e9es dans\u00a0l\u2019avanc\u00e9e\u00a0des\u00a0traitements\u00a0<\/h4>\n                                          \n                                          <p>Nouvelle dans\u00a0notre\u00a0s\u00e9rie\u00a0Une vie dans la science, nous\u00a0rencontrons\u00a0Audrey\u00a0Clap\u00e9ron, Translational Biology Director, qui\u00a0\u00e9voque\u00a0le\u00a0r\u00f4le\u00a0essentiel\u00a0des donn\u00e9es dans\u00a0l\u2019avanc\u00e9e\u00a0de la recherche. Elle\u00a0explique\u00a0comment\u00a0diriger\u00a0une\u00a0\u00e9quipe de\u00a0pharmacologues\u00a0et\u00a0fournir\u00a0des donn\u00e9es de haute\u00a0qualit\u00e9\u00a0pour le\u00a0d\u00e9veloppement\u00a0clinique\u00a0la motive\u00a0chaque\u00a0jour et la garde\u00a0proche\u00a0des patients qui\u00a0pourront\u00a0un jour\u00a0en\u00a0b\u00e9n\u00e9ficier.\u00a0<\/p>\n                                                                              <\/div>\n                                  <\/div>\n                                  <\/a>\n                                <\/div>\n                                        <\/div>\n            <\/div>\n           \n      <div class=\"cta-block visible\">\n                      <a title=\" Parcourir tous les articles\" aria-label=\"\" href=\"https:\/\/www.ipsen.com\/fr\/actualites\/\" target=\"_self\">\n                  <button class=\"regular-cta-btn btn-link section-btn cta-visible visible cta-visible\">\n                       Parcourir tous les articles                  <\/button>\n              <\/a>\n                <\/div>\n  <\/section>\n","protected":false},"excerpt":{"rendered":"","protected":false},"author":2,"featured_media":0,"parent":0,"menu_order":0,"comment_status":"closed","ping_status":"closed","template":"","meta":{"_acf_changed":false,"footnotes":""},"class_list":["post-19697","page","type-page","status-publish","hentry","entry"],"acf":[],"yoast_head":"<!-- This site is optimized with the Yoast SEO plugin v26.8 - https:\/\/yoast.com\/product\/yoast-seo-wordpress\/ -->\n<title>Ipsen Global - Un groupe biopharmaceutique | Innover pour les patients<\/title>\n<meta name=\"description\" content=\"Ipsen est un groupe biopharmaceutique mondial qui a pour objectif d\u2019am\u00e9liorer le quotidien de patients du monde entier gr\u00e2ce \u00e0 l\u2019innovation et la m\u00e9decine de sp\u00e9cialit\u00e9.\" \/>\n<meta name=\"robots\" content=\"index, follow, max-snippet:-1, max-image-preview:large, max-video-preview:-1\" \/>\n<link rel=\"canonical\" href=\"https:\/\/www.ipsen.com\/fr\/\" \/>\n<meta property=\"og:locale\" content=\"fr_FR\" \/>\n<meta property=\"og:type\" content=\"article\" \/>\n<meta property=\"og:title\" content=\"Ipsen Global - Un groupe biopharmaceutique | Innover pour les patients\" \/>\n<meta property=\"og:description\" content=\"Ipsen est un groupe biopharmaceutique mondial qui a pour objectif d\u2019am\u00e9liorer le quotidien de patients du monde entier gr\u00e2ce \u00e0 l\u2019innovation et la m\u00e9decine de sp\u00e9cialit\u00e9.\" \/>\n<meta property=\"og:url\" content=\"https:\/\/www.ipsen.com\/fr\/\" \/>\n<meta property=\"og:site_name\" content=\"Global\" \/>\n<meta property=\"article:modified_time\" content=\"2026-04-23T05:08:33+00:00\" \/>\n<meta name=\"twitter:card\" content=\"summary_large_image\" \/>\n<meta name=\"twitter:site\" content=\"@ipsengroup\" \/>\n<script type=\"application\/ld+json\" class=\"yoast-schema-graph\">{\"@context\":\"https:\/\/schema.org\",\"@graph\":[{\"@type\":\"WebPage\",\"@id\":\"https:\/\/www.ipsen.com\/fr\/\",\"url\":\"https:\/\/www.ipsen.com\/fr\/\",\"name\":\"Ipsen Global - Un groupe biopharmaceutique | Innover pour les patients\",\"isPartOf\":{\"@id\":\"https:\/\/www.ipsen.com\/fr\/#website\"},\"datePublished\":\"2023-04-13T08:11:20+00:00\",\"dateModified\":\"2026-04-23T05:08:33+00:00\",\"description\":\"Ipsen est un groupe biopharmaceutique mondial qui a pour objectif d\u2019am\u00e9liorer le quotidien de patients du monde entier gr\u00e2ce \u00e0 l\u2019innovation et la m\u00e9decine de sp\u00e9cialit\u00e9.\",\"breadcrumb\":{\"@id\":\"https:\/\/www.ipsen.com\/fr\/#breadcrumb\"},\"inLanguage\":\"fr-FR\",\"potentialAction\":[{\"@type\":\"ReadAction\",\"target\":[\"https:\/\/www.ipsen.com\/fr\/\"]}]},{\"@type\":\"BreadcrumbList\",\"@id\":\"https:\/\/www.ipsen.com\/fr\/#breadcrumb\",\"itemListElement\":[{\"@type\":\"ListItem\",\"position\":1,\"name\":\"Home\",\"item\":\"https:\/\/www.ipsen.com\/fr\/home\/\"},{\"@type\":\"ListItem\",\"position\":2,\"name\":\"Accueil\"}]},{\"@type\":\"WebSite\",\"@id\":\"https:\/\/www.ipsen.com\/fr\/#website\",\"url\":\"https:\/\/www.ipsen.com\/fr\/\",\"name\":\"Global\",\"description\":\"\",\"publisher\":{\"@id\":\"https:\/\/www.ipsen.com\/fr\/#organization\"},\"potentialAction\":[{\"@type\":\"SearchAction\",\"target\":{\"@type\":\"EntryPoint\",\"urlTemplate\":\"https:\/\/www.ipsen.com\/fr\/?s={search_term_string}\"},\"query-input\":{\"@type\":\"PropertyValueSpecification\",\"valueRequired\":true,\"valueName\":\"search_term_string\"}}],\"inLanguage\":\"fr-FR\"},{\"@type\":\"Organization\",\"@id\":\"https:\/\/www.ipsen.com\/fr\/#organization\",\"name\":\"IPSEN\",\"url\":\"https:\/\/www.ipsen.com\/fr\/\",\"logo\":{\"@type\":\"ImageObject\",\"inLanguage\":\"fr-FR\",\"@id\":\"https:\/\/www.ipsen.com\/fr\/#\/schema\/logo\/image\/\",\"url\":\"https:\/\/www.ipsen.com\/wp-content\/uploads\/2023\/12\/Latest_Ipsen-logo_168x48.svg\",\"contentUrl\":\"https:\/\/www.ipsen.com\/wp-content\/uploads\/2023\/12\/Latest_Ipsen-logo_168x48.svg\",\"caption\":\"IPSEN\"},\"image\":{\"@id\":\"https:\/\/www.ipsen.com\/fr\/#\/schema\/logo\/image\/\"},\"sameAs\":[\"https:\/\/www.facebook.com\/Ipsengroup\",\"https:\/\/x.com\/ipsengroup\"]}]}<\/script>\n<!-- \/ Yoast SEO plugin. -->","yoast_head_json":{"title":"Ipsen Global - Un groupe biopharmaceutique | Innover pour les patients","description":"Ipsen est un groupe biopharmaceutique mondial qui a pour objectif d\u2019am\u00e9liorer le quotidien de patients du monde entier gr\u00e2ce \u00e0 l\u2019innovation et la m\u00e9decine de sp\u00e9cialit\u00e9.","robots":{"index":"index","follow":"follow","max-snippet":"max-snippet:-1","max-image-preview":"max-image-preview:large","max-video-preview":"max-video-preview:-1"},"canonical":"https:\/\/www.ipsen.com\/fr\/","og_locale":"fr_FR","og_type":"article","og_title":"Ipsen Global - Un groupe biopharmaceutique | Innover pour les patients","og_description":"Ipsen est un groupe biopharmaceutique mondial qui a pour objectif d\u2019am\u00e9liorer le quotidien de patients du monde entier gr\u00e2ce \u00e0 l\u2019innovation et la m\u00e9decine de sp\u00e9cialit\u00e9.","og_url":"https:\/\/www.ipsen.com\/fr\/","og_site_name":"Global","article_modified_time":"2026-04-23T05:08:33+00:00","twitter_card":"summary_large_image","twitter_site":"@ipsengroup","schema":{"@context":"https:\/\/schema.org","@graph":[{"@type":"WebPage","@id":"https:\/\/www.ipsen.com\/fr\/","url":"https:\/\/www.ipsen.com\/fr\/","name":"Ipsen Global - Un groupe biopharmaceutique | Innover pour les patients","isPartOf":{"@id":"https:\/\/www.ipsen.com\/fr\/#website"},"datePublished":"2023-04-13T08:11:20+00:00","dateModified":"2026-04-23T05:08:33+00:00","description":"Ipsen est un groupe biopharmaceutique mondial qui a pour objectif d\u2019am\u00e9liorer le quotidien de patients du monde entier gr\u00e2ce \u00e0 l\u2019innovation et la m\u00e9decine de sp\u00e9cialit\u00e9.","breadcrumb":{"@id":"https:\/\/www.ipsen.com\/fr\/#breadcrumb"},"inLanguage":"fr-FR","potentialAction":[{"@type":"ReadAction","target":["https:\/\/www.ipsen.com\/fr\/"]}]},{"@type":"BreadcrumbList","@id":"https:\/\/www.ipsen.com\/fr\/#breadcrumb","itemListElement":[{"@type":"ListItem","position":1,"name":"Home","item":"https:\/\/www.ipsen.com\/fr\/home\/"},{"@type":"ListItem","position":2,"name":"Accueil"}]},{"@type":"WebSite","@id":"https:\/\/www.ipsen.com\/fr\/#website","url":"https:\/\/www.ipsen.com\/fr\/","name":"Global","description":"","publisher":{"@id":"https:\/\/www.ipsen.com\/fr\/#organization"},"potentialAction":[{"@type":"SearchAction","target":{"@type":"EntryPoint","urlTemplate":"https:\/\/www.ipsen.com\/fr\/?s={search_term_string}"},"query-input":{"@type":"PropertyValueSpecification","valueRequired":true,"valueName":"search_term_string"}}],"inLanguage":"fr-FR"},{"@type":"Organization","@id":"https:\/\/www.ipsen.com\/fr\/#organization","name":"IPSEN","url":"https:\/\/www.ipsen.com\/fr\/","logo":{"@type":"ImageObject","inLanguage":"fr-FR","@id":"https:\/\/www.ipsen.com\/fr\/#\/schema\/logo\/image\/","url":"https:\/\/www.ipsen.com\/wp-content\/uploads\/2023\/12\/Latest_Ipsen-logo_168x48.svg","contentUrl":"https:\/\/www.ipsen.com\/wp-content\/uploads\/2023\/12\/Latest_Ipsen-logo_168x48.svg","caption":"IPSEN"},"image":{"@id":"https:\/\/www.ipsen.com\/fr\/#\/schema\/logo\/image\/"},"sameAs":["https:\/\/www.facebook.com\/Ipsengroup","https:\/\/x.com\/ipsengroup"]}]}},"jetpack_sharing_enabled":true,"_links":{"self":[{"href":"https:\/\/www.ipsen.com\/fr\/wp-json\/wp\/v2\/pages\/19697","targetHints":{"allow":["GET"]}}],"collection":[{"href":"https:\/\/www.ipsen.com\/fr\/wp-json\/wp\/v2\/pages"}],"about":[{"href":"https:\/\/www.ipsen.com\/fr\/wp-json\/wp\/v2\/types\/page"}],"author":[{"embeddable":true,"href":"https:\/\/www.ipsen.com\/fr\/wp-json\/wp\/v2\/users\/2"}],"replies":[{"embeddable":true,"href":"https:\/\/www.ipsen.com\/fr\/wp-json\/wp\/v2\/comments?post=19697"}],"version-history":[{"count":256,"href":"https:\/\/www.ipsen.com\/fr\/wp-json\/wp\/v2\/pages\/19697\/revisions"}],"predecessor-version":[{"id":104001,"href":"https:\/\/www.ipsen.com\/fr\/wp-json\/wp\/v2\/pages\/19697\/revisions\/104001"}],"wp:attachment":[{"href":"https:\/\/www.ipsen.com\/fr\/wp-json\/wp\/v2\/media?parent=19697"}],"curies":[{"name":"wp","href":"https:\/\/api.w.org\/{rel}","templated":true}]}}