{"id":58,"date":"2025-02-04T06:50:39","date_gmt":"2025-02-04T04:50:39","guid":{"rendered":"https:\/\/www.ipsen.com\/br\/?page_id=58"},"modified":"2025-10-27T08:00:26","modified_gmt":"2025-10-27T06:00:26","slug":"nossa-historia","status":"publish","type":"page","link":"https:\/\/www.ipsen.com\/brazil\/nossa-empresa\/nossa-historia\/","title":{"rendered":"Nossa Hist\u00f3ria"},"content":{"rendered":"    <section class=\"sub-page-banner bg-img-enabled  banner-no-filter\" style=\"background-image:url(https:\/\/www.ipsen.com\/brazil\/wp-content\/uploads\/sites\/22\/2025\/06\/Company-History.jpg)\">\n                <div class=\"container content-sec\">\n            <nav aria-label=\"breadcrumb\">\n            <ol class=\"breadcrumb\">\n                <li class=\"breadcrumb-item\"><a href=\"https:\/\/www.ipsen.com\/brazil\">Home<\/a><\/li><li class=\"breadcrumb-item visible\"><a href=\"https:\/\/www.ipsen.com\/brazil\/nossa-empresa\/\">Nossa empresa<\/a><\/li><li class=\"breadcrumb-item active\"><a class=\"link-pointer-events-none\" href=\"#\" aria-current=\"page\">Nossa Hist\u00f3ria<\/a><\/li><\/ol>\n            <\/nav>            <h1 class=\"visible banner-font-color-white\">Nossa Hist\u00f3ria<\/h1>\n            <p class=\"visible banner-font-color-white\">Mais de 95 anos de experi\u00eancia trabalhando em \u00e1reas de grande necessidade m\u00e9dica n\u00e3o atendida.<\/p>\n        <\/div>\n    <\/section>\n\n\n\n    <section class=\"title-text \">\n        <div class=\"container\">\n            <div class=\"title-text-inner\" style=\"background-color:#EDEBE4;\">\n\n                <!-- If heading is enabled then it's visible -->\n                <div class=\"text-head-dash hidden\">\n                <h3 class=\"heading-three\" role=\"heading\" aria-level=\"2\">\n                                            <\/h3>\n                <\/div>\n               \n                <!-- If description is enabled then it's visible -->\n                <div class=\"text-parbase visible\">\n                    <p>Fundada em 1929 como uma empresa familiar, a Ipsen global tem quase um s\u00e9culo de experi\u00eancia e conhecimento especializado e se concentra em tr\u00eas \u00e1reas terap\u00eauticas: Oncologia, Doen\u00e7as Raras e Neuroci\u00eancia.<\/p>\n                <\/div>\n\n                <!-- If button is enabled then it's visible -->\n                                        <div class=\"btn-txt\">\n                            <a \n                                aria-label=\"Saiba mais\" \n                                class=\"btn-link section-btn cta-visible\"  \n                                role=\"link\"\n                                href=\"https:\/\/www.ipsen.com\/brazil\/nossa-empresa\/\" target=\"_self\">\n                                Saiba mais                            <\/a>\n                        <\/div>\n                \n            <\/div>\n        <\/div>\n    <\/section>\n\n\n\u00a0\n<!-- Ipsen History Timeline Start -->\n<section class=\"history-pipeline\" >\n\t<div class=\"container\">\n  \t\t<h3 class=\"history-title heading-three\">\n\t\t\tIpsen\u2019s Milestones\t\t<\/h3>\n  \t\t\t\t\t<input type=\"hidden\" class=\"pagenum\" value=\"1\" \/>\n\t\t\t<input type=\"hidden\" class=\"total-page\" id=\"total_page\" value=\"20\" \/>\n\t\t\t<input type=\"hidden\" class=\"post_id\" id=\"post_id\" value=\"58\" \/>\n\t\t\t<input type=\"hidden\" class=\"tot_load_post\" id=\"tot_load_post\" value=\"\" \/>\n\t\t\t<input type=\"hidden\" class=\"start_inn\" id=\"start_inn\" value=\"5\" \/>\n\t\t\t\t  \t\t\t<div class=\"timeline-filter\">\n\t  \t\t\tPer\u00edodo \n\t\t\t\t<select aria-label=\"period\" name=\"period\" id=\"period\" onChange=\"getyears()\" tabindex=\"0\">\t\t\t\t\t\t\t\t\n\t\t\t\t\t<option value=\"all\">Todos<\/option>\n\t\t\t\t\t\t\t\t\t\t\t<option value=\"2023\">2023<\/option>\n\t\t\t\t\t\t\t\t\t\t\t\t\t<option value=\"2022\">2022<\/option>\n\t\t\t\t\t\t\t\t\t\t\t\t\t<option value=\"2019\">2019<\/option>\n\t\t\t\t\t\t\t\t\t\t\t\t\t<option value=\"2017\">2017<\/option>\n\t\t\t\t\t\t\t\t\t\t\t\t\t<option value=\"2015\">2015<\/option>\n\t\t\t\t\t\t\t\t\t\t\t\t\t<option value=\"2014\">2014<\/option>\n\t\t\t\t\t\t\t\t\t\t\t\t\t<option value=\"2013\">2013<\/option>\n\t\t\t\t\t\t\t\t\t\t\t\t\t<option value=\"2011\">2011<\/option>\n\t\t\t\t\t\t\t\t\t\t\t\t\t<option value=\"2007\">2007<\/option>\n\t\t\t\t\t\t\t\t\t\t\t\t\t<option value=\"2005\">2005<\/option>\n\t\t\t\t\t\t\t\t\t\t\t\t\t<option value=\"2004\">2004<\/option>\n\t\t\t\t\t\t\t\t\t\t\t\t\t<option value=\"2003\">2003<\/option>\n\t\t\t\t\t\t\t\t\t\t\t\t\t<option value=\"2000\">2000<\/option>\n\t\t\t\t\t\t\t\t\t\t\t\t\t<option value=\"1990\">1990<\/option>\n\t\t\t\t\t\t\t\t\t\t\t\t\t<option value=\"1980\">1980<\/option>\n\t\t\t\t\t\t\t\t\t\t\t\t\t<option value=\"1970\">1970<\/option>\n\t\t\t\t\t\t\t\t\t\t\t\t\t<option value=\"1960\">1960<\/option>\n\t\t\t\t\t\t\t\t\t\t\t\t\t<option value=\"1950\">1950<\/option>\n\t\t\t\t\t\t\t\t\t\t\t\t\t<option value=\"1929\">1929<\/option>\n\t\t\t\t\t\t\t\t\t\t\t<\/select>\n  \t\t\t<\/div>\n  \t\t  \t\t<div id=\"loading\"\n\t\t  style=\"background-image: url('https:\/\/www.ipsen.com\/brazil\/wp-content\/themes\/ipsen-main\/dist\/images\/loader.png');z-index: 9999;display: none;position: absolute;left: 50%;\">\n\t  \t<\/div>\n\t\t<div class=\"main-timeline\">\t\n   \t\t\t\t\t<div>\n\t\t\t<div class=\"custom-year-right\"  >\n\t\t\t<i class=\"far fa-clock\" aria-hidden=\"true\"><\/i> \n\t\t\t\t\t<h5>Mar\u00e7o 2023 <\/h5>\n\t\t\t<\/div>\n\t\t\t<div class=\"timeline left-2\">\n\t\t\t\t<div class=\"card-history\">\n\t\t\t\t\t\t\t\t\t<img decoding=\"async\" src=\"https:\/\/www.ipsen.com\/brazil\/wp-content\/uploads\/sites\/22\/2025\/06\/01-C_March-2023_Ipsen-acquires-Albireo_1.jpeg\" class=\"card-img-top\" alt=\"\">\n\t\t\t\t\t\t\t\t<div class=\"card-body\">                   \n\t\t\t\t\t<div class=\"mb-0\"><p><p><strong>Ipsen adquire Albireo<\/strong><\/p>\n<p>Ipsen adquire Albireo, empresa especializada em doen\u00e7as hep\u00e1ticas raras, trazendo para seu portf\u00f3lio Bylvay<sup>\u00ae<\/sup> (odevixibate), um inibidor do transporte de \u00e1cido biliar ileal para o tratamento de pacientes pedi\u00e1tricos com colestase intra-hep\u00e1tica familiar progressiva (PFIC) e S\u00edndrome de Alagille.<\/p>\n<\/p><\/div>\n\t\t\t\t<\/div>\n\t\t\t\t<\/div>              \n\t\t\t<\/div>        \n\t\t<\/div>\n\t\t\t\t\t<div>\n\t\t\t<div class=\"custom-year-left\"  >\n\t\t\t<i class=\"far fa-clock\" aria-hidden=\"true\"><\/i> \n\t\t\t\t\t<h5>Agosto 2022 <\/h5>\n\t\t\t<\/div>\n\t\t\t<div class=\"timeline right-2\">\n\t\t\t\t<div class=\"card-history\">\n\t\t\t\t\t\t\t\t\t<img decoding=\"async\" src=\"https:\/\/www.ipsen.com\/brazil\/wp-content\/uploads\/sites\/22\/2025\/06\/01-C_August-2022_Epizyme_acquired.jpeg\" class=\"card-img-top\" alt=\"\">\n\t\t\t\t\t\t\t\t<div class=\"card-body\">                   \n\t\t\t\t\t<div class=\"mb-0\"><p><p><strong>Epizyme adquirida<\/strong><\/p>\n<p>A Ipsen concluiu com sucesso a aquisi\u00e7\u00e3o da Epizyme e seu medicamento principal, Tazverik<sup>\u00ae<\/sup> (tazemetostat), um inibidor de EZH2a sem quimioterapia de primeira classe para adultos com linfoma folicular (FL) recidivado ou refrat\u00e1rio, que recebeu Aprova\u00e7\u00e3o Acelerada da Food and Drug Administration (FDA) dos EUA em 2020. Como parte da transa\u00e7\u00e3o, a Ipsen tamb\u00e9m adquiriu o candidato de desenvolvimento de inibidor de SETD2 oral de primeira classe da Epizyme.<\/p>\n<\/p><\/div>\n\t\t\t\t<\/div>\n\t\t\t\t<\/div>              \n\t\t\t<\/div>        \n\t\t<\/div>\n\t\t\t\t\t<div>\n\t\t\t<div class=\"custom-year-right\"  >\n\t\t\t<i class=\"far fa-clock\" aria-hidden=\"true\"><\/i> \n\t\t\t\t\t<h5>Julho 2022 <\/h5>\n\t\t\t<\/div>\n\t\t\t<div class=\"timeline left-2\">\n\t\t\t\t<div class=\"card-history\">\n\t\t\t\t\t\t\t\t\t<img decoding=\"async\" src=\"https:\/\/www.ipsen.com\/brazil\/wp-content\/uploads\/sites\/22\/2025\/06\/01-C_July-2022_Consumer-HealthCare-divested.jpeg\" class=\"card-img-top\" alt=\"\">\n\t\t\t\t\t\t\t\t<div class=\"card-body\">                   \n\t\t\t\t\t<div class=\"mb-0\"><p><p><strong>\u00c1rea de Consumer HealthCare \u00e9 descontinuada.<\/strong><\/p>\n<p>Em fevereiro de 2022, a Ipsen anunciou a proposta de venda da divis\u00e3o Consumer HealthCare (CHC) ap\u00f3s entrar em negocia\u00e7\u00f5es exclusivas com o laborat\u00f3rio franc\u00eas Mayoly Spindler. Em julho, a Ipsen concluiu o acordo do neg\u00f3cio de CHC para a Mayoly Spindler.<\/p>\n<\/p><\/div>\n\t\t\t\t<\/div>\n\t\t\t\t<\/div>              \n\t\t\t<\/div>        \n\t\t<\/div>\n\t\t\t\t\t<div>\n\t\t\t<div class=\"custom-year-left\"  >\n\t\t\t<i class=\"far fa-clock\" aria-hidden=\"true\"><\/i> \n\t\t\t\t\t<h5> 2019 <\/h5>\n\t\t\t<\/div>\n\t\t\t<div class=\"timeline right-2\">\n\t\t\t\t<div class=\"card-history\">\n\t\t\t\t\t\t\t\t\t<img decoding=\"async\" src=\"https:\/\/www.ipsen.com\/brazil\/wp-content\/uploads\/sites\/22\/2025\/06\/01-C_2019_Boosting-Ipsen-s-capacities-in-Rare-Disease.jpeg\" class=\"card-img-top\" alt=\"\">\n\t\t\t\t\t\t\t\t<div class=\"card-body\">                   \n\t\t\t\t\t<div class=\"mb-0\"><p><p><strong>Aumentando as capacidades da Ipsen em doen\u00e7as raras<\/strong><\/p>\n<p>A Ipsen adquiriu a Clementia Pharmaceuticals, sediada em Montreal, especializada em doen\u00e7as \u00f3sseas raras.<\/p>\n<\/p><\/div>\n\t\t\t\t<\/div>\n\t\t\t\t<\/div>              \n\t\t\t<\/div>        \n\t\t<\/div>\n\t\t\t\t\t<div>\n\t\t\t<div class=\"custom-year-right\"  >\n\t\t\t<i class=\"far fa-clock\" aria-hidden=\"true\"><\/i> \n\t\t\t\t\t<h5> 2017 <\/h5>\n\t\t\t<\/div>\n\t\t\t<div class=\"timeline left-2\">\n\t\t\t\t<div class=\"card-history\">\n\t\t\t\t\t\t\t\t\t<img decoding=\"async\" src=\"https:\/\/www.ipsen.com\/brazil\/wp-content\/uploads\/sites\/22\/2025\/06\/01-C_2019_Treatment-approvals-and-asset-acquisitions.jpeg\" class=\"card-img-top\" alt=\"\">\n\t\t\t\t\t\t\t\t<div class=\"card-body\">                   \n\t\t\t\t\t<div class=\"mb-0\"><p><p><strong>Aprova\u00e7\u00f5es de tratamentos e aquisi\u00e7\u00f5es de ativos<\/strong><\/p>\n<p>Dysport<sup>\u00ae<\/sup> foi aprovado nos Estados Unidos para o tratamento de espasticidade de membros inferiores em crian\u00e7as com dois anos ou mais. A Ipsen tamb\u00e9m licenciou o cabozantinibe da Exelixis, que recebeu autoriza\u00e7\u00e3o de comercializa\u00e7\u00e3o no mesmo ano para o tratamento de segunda linha do carcinoma de c\u00e9lulas renais avan\u00e7ado. Em janeiro do ano seguinte, a Ipsen anunciou a aquisi\u00e7\u00e3o de ativos da Merrimack Pharmaceuticals, incluindo Onivyde<sup>\u00ae<\/sup>, comercializado pela Servier no Brasil, para o tratamento de c\u00e2ncer de p\u00e2ncreas e ov\u00e1rio.<\/p>\n<\/p><\/div>\n\t\t\t\t<\/div>\n\t\t\t\t<\/div>              \n\t\t\t<\/div>        \n\t\t<\/div>\n\t\t\t\t\t\n\t<\/div>\t\n\t\t\t\t\t<div class=\"loader-more\" style=\"text-align:center\" onClick=\"getresult()\">\n\t\t\tRole para carregar mais\t\t\t<img decoding=\"async\" class=\"loader-img\" src=\"https:\/\/www.ipsen.com\/brazil\/wp-content\/themes\/ipsen-main\/dist\/images\/loader.png\" alt=\"loader\" title=\"loader\">\n\t\t<\/div>\n\t\t   <\/div>\n<\/section>\n<!-- Ipsen History Timeline End -->\n\n\n","protected":false},"excerpt":{"rendered":"","protected":false},"author":2,"featured_media":0,"parent":48,"menu_order":0,"comment_status":"closed","ping_status":"closed","template":"","meta":{"_acf_changed":false,"footnotes":""},"class_list":["post-58","page","type-page","status-publish","hentry","entry"],"acf":[],"yoast_head":"<!-- This site is optimized with the Yoast SEO plugin v26.8 - https:\/\/yoast.com\/product\/yoast-seo-wordpress\/ -->\n<title>Hist\u00f3ria e momentos marcantes da Ipsen<\/title>\n<meta name=\"description\" content=\"Vis\u00e3o geral dos principais fatos na cria\u00e7\u00e3o e no crescimento da Ipsen, uma empresa familiar com quase um s\u00e9culo de experi\u00eancia em produtos farmac\u00eauticos.\" \/>\n<meta name=\"robots\" content=\"index, follow, max-snippet:-1, max-image-preview:large, max-video-preview:-1\" \/>\n<link rel=\"canonical\" href=\"https:\/\/www.ipsen.com\/brazil\/nossa-empresa\/nossa-historia\/\" \/>\n<meta property=\"og:locale\" content=\"pt_BR\" \/>\n<meta property=\"og:type\" content=\"article\" \/>\n<meta property=\"og:title\" content=\"Hist\u00f3ria e momentos marcantes da Ipsen\" \/>\n<meta property=\"og:description\" content=\"Vis\u00e3o geral dos principais fatos na cria\u00e7\u00e3o e no crescimento da Ipsen, uma empresa familiar com quase um s\u00e9culo de experi\u00eancia em produtos farmac\u00eauticos.\" \/>\n<meta property=\"og:url\" content=\"https:\/\/www.ipsen.com\/brazil\/nossa-empresa\/nossa-historia\/\" \/>\n<meta property=\"og:site_name\" content=\"Brazil\" \/>\n<meta property=\"article:modified_time\" content=\"2025-10-27T06:00:26+00:00\" \/>\n<meta name=\"twitter:card\" content=\"summary_large_image\" \/>\n<script type=\"application\/ld+json\" class=\"yoast-schema-graph\">{\"@context\":\"https:\/\/schema.org\",\"@graph\":[{\"@type\":\"WebPage\",\"@id\":\"https:\/\/www.ipsen.com\/brazil\/nossa-empresa\/nossa-historia\/\",\"url\":\"https:\/\/www.ipsen.com\/brazil\/nossa-empresa\/nossa-historia\/\",\"name\":\"Hist\u00f3ria e momentos marcantes da Ipsen\",\"isPartOf\":{\"@id\":\"https:\/\/www.ipsen.com\/brazil\/#website\"},\"datePublished\":\"2025-02-04T04:50:39+00:00\",\"dateModified\":\"2025-10-27T06:00:26+00:00\",\"description\":\"Vis\u00e3o geral dos principais fatos na cria\u00e7\u00e3o e no crescimento da Ipsen, uma empresa familiar com quase um s\u00e9culo de experi\u00eancia em produtos farmac\u00eauticos.\",\"breadcrumb\":{\"@id\":\"https:\/\/www.ipsen.com\/brazil\/nossa-empresa\/nossa-historia\/#breadcrumb\"},\"inLanguage\":\"pt-BR\",\"potentialAction\":[{\"@type\":\"ReadAction\",\"target\":[\"https:\/\/www.ipsen.com\/brazil\/nossa-empresa\/nossa-historia\/\"]}]},{\"@type\":\"BreadcrumbList\",\"@id\":\"https:\/\/www.ipsen.com\/brazil\/nossa-empresa\/nossa-historia\/#breadcrumb\",\"itemListElement\":[{\"@type\":\"ListItem\",\"position\":1,\"name\":\"Home\",\"item\":\"https:\/\/www.ipsen.com\/brazil\/\"},{\"@type\":\"ListItem\",\"position\":2,\"name\":\"Nossa empresa\",\"item\":\"https:\/\/www.ipsen.com\/brazil\/nossa-empresa\/\"},{\"@type\":\"ListItem\",\"position\":3,\"name\":\"Nossa Hist\u00f3ria\"}]},{\"@type\":\"WebSite\",\"@id\":\"https:\/\/www.ipsen.com\/brazil\/#website\",\"url\":\"https:\/\/www.ipsen.com\/brazil\/\",\"name\":\"Brazil\",\"description\":\"\",\"publisher\":{\"@id\":\"https:\/\/www.ipsen.com\/brazil\/#organization\"},\"potentialAction\":[{\"@type\":\"SearchAction\",\"target\":{\"@type\":\"EntryPoint\",\"urlTemplate\":\"https:\/\/www.ipsen.com\/brazil\/?s={search_term_string}\"},\"query-input\":{\"@type\":\"PropertyValueSpecification\",\"valueRequired\":true,\"valueName\":\"search_term_string\"}}],\"inLanguage\":\"pt-BR\"},{\"@type\":\"Organization\",\"@id\":\"https:\/\/www.ipsen.com\/brazil\/#organization\",\"name\":\"Brazil\",\"url\":\"https:\/\/www.ipsen.com\/brazil\/\",\"logo\":{\"@type\":\"ImageObject\",\"inLanguage\":\"pt-BR\",\"@id\":\"https:\/\/www.ipsen.com\/brazil\/#\/schema\/logo\/image\/\",\"url\":\"https:\/\/www.ipsen.com\/brazil\/wp-content\/uploads\/sites\/22\/2024\/12\/Logo-Ipsen-new.svg\",\"contentUrl\":\"https:\/\/www.ipsen.com\/brazil\/wp-content\/uploads\/sites\/22\/2024\/12\/Logo-Ipsen-new.svg\",\"caption\":\"Brazil\"},\"image\":{\"@id\":\"https:\/\/www.ipsen.com\/brazil\/#\/schema\/logo\/image\/\"}}]}<\/script>\n<!-- \/ Yoast SEO plugin. -->","yoast_head_json":{"title":"Hist\u00f3ria e momentos marcantes da Ipsen","description":"Vis\u00e3o geral dos principais fatos na cria\u00e7\u00e3o e no crescimento da Ipsen, uma empresa familiar com quase um s\u00e9culo de experi\u00eancia em produtos farmac\u00eauticos.","robots":{"index":"index","follow":"follow","max-snippet":"max-snippet:-1","max-image-preview":"max-image-preview:large","max-video-preview":"max-video-preview:-1"},"canonical":"https:\/\/www.ipsen.com\/brazil\/nossa-empresa\/nossa-historia\/","og_locale":"pt_BR","og_type":"article","og_title":"Hist\u00f3ria e momentos marcantes da Ipsen","og_description":"Vis\u00e3o geral dos principais fatos na cria\u00e7\u00e3o e no crescimento da Ipsen, uma empresa familiar com quase um s\u00e9culo de experi\u00eancia em produtos farmac\u00eauticos.","og_url":"https:\/\/www.ipsen.com\/brazil\/nossa-empresa\/nossa-historia\/","og_site_name":"Brazil","article_modified_time":"2025-10-27T06:00:26+00:00","twitter_card":"summary_large_image","schema":{"@context":"https:\/\/schema.org","@graph":[{"@type":"WebPage","@id":"https:\/\/www.ipsen.com\/brazil\/nossa-empresa\/nossa-historia\/","url":"https:\/\/www.ipsen.com\/brazil\/nossa-empresa\/nossa-historia\/","name":"Hist\u00f3ria e momentos marcantes da Ipsen","isPartOf":{"@id":"https:\/\/www.ipsen.com\/brazil\/#website"},"datePublished":"2025-02-04T04:50:39+00:00","dateModified":"2025-10-27T06:00:26+00:00","description":"Vis\u00e3o geral dos principais fatos na cria\u00e7\u00e3o e no crescimento da Ipsen, uma empresa familiar com quase um s\u00e9culo de experi\u00eancia em produtos farmac\u00eauticos.","breadcrumb":{"@id":"https:\/\/www.ipsen.com\/brazil\/nossa-empresa\/nossa-historia\/#breadcrumb"},"inLanguage":"pt-BR","potentialAction":[{"@type":"ReadAction","target":["https:\/\/www.ipsen.com\/brazil\/nossa-empresa\/nossa-historia\/"]}]},{"@type":"BreadcrumbList","@id":"https:\/\/www.ipsen.com\/brazil\/nossa-empresa\/nossa-historia\/#breadcrumb","itemListElement":[{"@type":"ListItem","position":1,"name":"Home","item":"https:\/\/www.ipsen.com\/brazil\/"},{"@type":"ListItem","position":2,"name":"Nossa empresa","item":"https:\/\/www.ipsen.com\/brazil\/nossa-empresa\/"},{"@type":"ListItem","position":3,"name":"Nossa Hist\u00f3ria"}]},{"@type":"WebSite","@id":"https:\/\/www.ipsen.com\/brazil\/#website","url":"https:\/\/www.ipsen.com\/brazil\/","name":"Brazil","description":"","publisher":{"@id":"https:\/\/www.ipsen.com\/brazil\/#organization"},"potentialAction":[{"@type":"SearchAction","target":{"@type":"EntryPoint","urlTemplate":"https:\/\/www.ipsen.com\/brazil\/?s={search_term_string}"},"query-input":{"@type":"PropertyValueSpecification","valueRequired":true,"valueName":"search_term_string"}}],"inLanguage":"pt-BR"},{"@type":"Organization","@id":"https:\/\/www.ipsen.com\/brazil\/#organization","name":"Brazil","url":"https:\/\/www.ipsen.com\/brazil\/","logo":{"@type":"ImageObject","inLanguage":"pt-BR","@id":"https:\/\/www.ipsen.com\/brazil\/#\/schema\/logo\/image\/","url":"https:\/\/www.ipsen.com\/brazil\/wp-content\/uploads\/sites\/22\/2024\/12\/Logo-Ipsen-new.svg","contentUrl":"https:\/\/www.ipsen.com\/brazil\/wp-content\/uploads\/sites\/22\/2024\/12\/Logo-Ipsen-new.svg","caption":"Brazil"},"image":{"@id":"https:\/\/www.ipsen.com\/brazil\/#\/schema\/logo\/image\/"}}]}},"parsely":{"version":"1.1.0","canonical_url":"https:\/\/ipsen.com\/brazil\/nossa-empresa\/nossa-historia\/","smart_links":{"inbound":0,"outbound":0},"traffic_boost_suggestions_count":0,"meta":{"@context":"https:\/\/schema.org","@type":"WebPage","headline":"Nossa Hist\u00f3ria","url":"http:\/\/www.ipsen.com\/brazil\/nossa-empresa\/nossa-historia\/","mainEntityOfPage":{"@type":"WebPage","@id":"http:\/\/www.ipsen.com\/brazil\/nossa-empresa\/nossa-historia\/"},"thumbnailUrl":"","image":{"@type":"ImageObject","url":""},"articleSection":"N\u00e3o categorizado","author":[{"@type":"Person","name":"navya"}],"creator":["navya"],"publisher":{"@type":"Organization","name":"Brazil","logo":""},"keywords":[],"dateCreated":"2025-02-04T04:50:39Z","datePublished":"2025-02-04T04:50:39Z","dateModified":"2025-10-27T06:00:26Z"},"rendered":"<script type=\"application\/ld+json\" class=\"wp-parsely-metadata\">{\"@context\":\"https:\\\/\\\/schema.org\",\"@type\":\"WebPage\",\"headline\":\"Nossa Hist\\u00f3ria\",\"url\":\"http:\\\/\\\/www.ipsen.com\\\/brazil\\\/nossa-empresa\\\/nossa-historia\\\/\",\"mainEntityOfPage\":{\"@type\":\"WebPage\",\"@id\":\"http:\\\/\\\/www.ipsen.com\\\/brazil\\\/nossa-empresa\\\/nossa-historia\\\/\"},\"thumbnailUrl\":\"\",\"image\":{\"@type\":\"ImageObject\",\"url\":\"\"},\"articleSection\":\"N\\u00e3o categorizado\",\"author\":[{\"@type\":\"Person\",\"name\":\"navya\"}],\"creator\":[\"navya\"],\"publisher\":{\"@type\":\"Organization\",\"name\":\"Brazil\",\"logo\":\"\"},\"keywords\":[],\"dateCreated\":\"2025-02-04T04:50:39Z\",\"datePublished\":\"2025-02-04T04:50:39Z\",\"dateModified\":\"2025-10-27T06:00:26Z\"}<\/script>","tracker_url":"https:\/\/cdn.parsely.com\/keys\/ipsen.com\/p.js"},"jetpack_sharing_enabled":true,"_links":{"self":[{"href":"https:\/\/www.ipsen.com\/brazil\/wp-json\/wp\/v2\/pages\/58","targetHints":{"allow":["GET"]}}],"collection":[{"href":"https:\/\/www.ipsen.com\/brazil\/wp-json\/wp\/v2\/pages"}],"about":[{"href":"https:\/\/www.ipsen.com\/brazil\/wp-json\/wp\/v2\/types\/page"}],"author":[{"embeddable":true,"href":"https:\/\/www.ipsen.com\/brazil\/wp-json\/wp\/v2\/users\/2"}],"replies":[{"embeddable":true,"href":"https:\/\/www.ipsen.com\/brazil\/wp-json\/wp\/v2\/comments?post=58"}],"version-history":[{"count":7,"href":"https:\/\/www.ipsen.com\/brazil\/wp-json\/wp\/v2\/pages\/58\/revisions"}],"predecessor-version":[{"id":1219,"href":"https:\/\/www.ipsen.com\/brazil\/wp-json\/wp\/v2\/pages\/58\/revisions\/1219"}],"up":[{"embeddable":true,"href":"https:\/\/www.ipsen.com\/brazil\/wp-json\/wp\/v2\/pages\/48"}],"wp:attachment":[{"href":"https:\/\/www.ipsen.com\/brazil\/wp-json\/wp\/v2\/media?parent=58"}],"curies":[{"name":"wp","href":"https:\/\/api.w.org\/{rel}","templated":true}]}}