{"id":48,"date":"2025-02-04T06:44:21","date_gmt":"2025-02-04T04:44:21","guid":{"rendered":"https:\/\/www.ipsen.com\/br\/?page_id=48"},"modified":"2025-07-23T12:19:57","modified_gmt":"2025-07-23T10:19:57","slug":"nossa-empresa","status":"publish","type":"page","link":"https:\/\/www.ipsen.com\/brazil\/nossa-empresa\/","title":{"rendered":"Nossa empresa"},"content":{"rendered":"    <section class=\"sub-page-banner bg-img-enabled  banner-no-filter\" style=\"background-image:url(https:\/\/www.ipsen.com\/brazil\/wp-content\/uploads\/sites\/22\/2025\/07\/Company.jpg)\">\n                <div class=\"container content-sec\">\n            <nav aria-label=\"breadcrumb\">\n            <ol class=\"breadcrumb\">\n                <li class=\"breadcrumb-item\"><a href=\"https:\/\/www.ipsen.com\/brazil\">Home<\/a><\/li><li class=\"breadcrumb-item active\"><a class=\"link-pointer-events-none\" href=\"#\" aria-current=\"page\">Nossa empresa<\/a><\/li><\/ol>\n            <\/nav>            <h1 class=\"visible banner-font-color-white\">Nossa empresa<\/h1>\n            <p class=\"visible banner-font-color-white\">Somos uma empresa farmac\u00eautica global de m\u00e9dio porte com foco em \u00e1reas de grande necessidade m\u00e9dica n\u00e3o atendida.<\/p>\n        <\/div>\n    <\/section>\n\n\n\n\t<!-- Hero Carousel Start Here-->\n\t<section class=\"hero-section no-filter\">\n\t\t<div class=\"hero_gridwidth container\"><!-- container class shown if gridlayout choosen -->\n\t\t\t<div id=\"heroCarousel\" class=\"carousel slide herocaro hero-banner-no-bg-image\" data-bs-ride=\"carousel\" data-enableplaybtn=\"\" data-autoplay= \"\"  data-autospeed= \"\" >\n\t\t\t\t<!-- Slider Indicator-->\n\t\t\t\t<div class=\"carousel-indicators hidden\">\n\t\t\t\t<button type=\"button\" data-bs-target=\"#heroCarousel\" data-bs-slide-to=\"0\" class=\"active\" aria-current=\"true\" aria-label=\"Slide 0\"><\/button>\t\t\t\t<\/div>\n\t\t\t\t<!-- Items -->\n\t\t\t\t<div class=\"carousel-inner\">\n\t\t\t\t\t\t\n\t\t\t\t\t\t<!-- Hero Banner with carousel HTML -->\n\t\t\t\t\t\t<div class=\"carousel-item active banner-no-filter\">\n\n\t\t\t\t\t\t\t\t\t\t\t\t\t\t\t<img decoding=\"async\" class=\"bd-placeholder-img visible\" alt=\"\" width=\"100%\" height=\"100%\" src=\"https:\/\/www.ipsen.com\/brazil\/wp-content\/uploads\/sites\/22\/2025\/06\/Light-Hero-Banner.jpg\" \/> \n\t\t\t\t\t\t\t\n\t\t\t\t\t\t\t\t\n\n\t\t\t\t\t\t\t<div class=\"container align-left\">\n\t\t\t\t\t\t\t\t<div class=\"carousel-caption\">\n\t\t\t\t\t\t\t\t\t<h2 class=\"visible text-start heading-two banner-font-color-blue\">\n\t\t\t\t\t\t\t\t\t\tFoco. Juntos. Para pacientes e sociedade.\t\t\t\t\t\t\t\t\t<\/h2>\n\t\t\t\t\t\t\t\t\t<div class=\"hidden text-start banner-font-color-blue\"><\/div>\n\t\t\t\t\t\t\t\t\t\n\t\t\t\t\t\t\t\t\t\t\t\t\t\t\t\t\t\t\n\t\t\t\t\t\t\t\t<\/div>\n\t\t\t\t\t\t\t<\/div>\n\t\t\t\t\t\t<\/div>\n\n\t\t\t\t\t\t\t\t\t<\/div>\n\t\t\t\t\n\t\t\t\t\n\t\t\t<\/div>\n\t\t<\/div>\n\t<\/section>\n\t<!-- Hero Carousel End Here-->\n  \n\n    <section class=\"title-text \">\n        <div class=\"container\">\n            <div class=\"title-text-inner\" style=\"background-color:#EDEBE4;\">\n\n                <!-- If heading is enabled then it's visible -->\n                <div class=\"text-head-dash visible\">\n                <h3 class=\"heading-three\" role=\"heading\" aria-level=\"2\">\n                        Sobre a Ipsen                    <\/h3>\n                <\/div>\n               \n                <!-- If description is enabled then it's visible -->\n                <div class=\"text-parbase visible\">\n                    <p>Nossa equipe de mais de 5.000 profissionais talentosos e dedicados ao redor do mundo, trabalha em conjunto todos os dias para inovar em benef\u00edcio de pacientes e seus cuidadores.<\/p>\n                <\/div>\n\n                <!-- If button is enabled then it's visible -->\n                \n            <\/div>\n        <\/div>\n    <\/section>\n\n\n<!-- Text & Media Block Code -->\n<section class=\"two-col-section text-media-section\">\n    <div class=\"container two-section-innner \">\n        <div class=\"response-inner\" style=\"background-image: url('')\">\n            <div class=\"row \">\n                <div class=\"col-xs-12 col-sm-12 col-md-6\">\n                                                    <div class=\"img-video-section\">\n                                <img decoding=\"async\" \n                                    src=\"https:\/\/www.ipsen.com\/brazil\/wp-content\/uploads\/sites\/22\/2025\/07\/Module-4_Making-an-impact-1.jpg\" \n                                    alt=\"\" \n                                >\n                            <\/div>\n                                        <\/div>\n                <div class=\" col-xs-12 col-sm-12 col-md-6\">\n                    <div class=\"section-content\">\n                        <div class=\"heading-dash\">\n                                                            <span class=\"dash\"><\/span>\n                                <h4 class=\"heading-para heading-four\" role=\"heading\" aria-level=\"2\">\n                                    Causando Impacto                                <\/h4>\n                                                    <\/div>\n                                                <p>Nossa equipe orientada por prop\u00f3sitos, \u00e9 apaixonada por causar um impacto real na vida dos pacientes todos os dias. Fazemos isso nos esfor\u00e7ando para descobrir, inovar e levar ao mercado produtos farmac\u00eauticos que far\u00e3o a diferen\u00e7a na vida dos pacientes, seus cuidadores e profissionais de sa\u00fade.<\/p>\n                            <a \n                            aria-label=\" about Causando Impacto\"  \n                                role=\"link\" \n                                class=\"btn-link hidden\"\n                                href=\"\" \n                                target=\"_self\"\n                            > \n                                 \n                            <\/a>\n\n                    <\/div>\n                <\/div>\n            <\/div>\n        <\/div>\n    <\/div>\n<\/section>\n\n<!-- Text & Media Block Code -->\n<section class=\"two-col-section text-media-section\">\n    <div class=\"container two-section-innner section-reverse\">\n        <div class=\"response-inner\" style=\"background-image: url('')\">\n            <div class=\"row section-reverse\">\n                <div class=\"col-xs-12 col-sm-12 col-md-6\">\n                                                    <div class=\"img-video-section\">\n                                <img decoding=\"async\" \n                                    src=\"https:\/\/www.ipsen.com\/brazil\/wp-content\/uploads\/sites\/22\/2025\/07\/Module-5_Leading-the-way-Vision_Wrexham-UK-img-54-SMALL-copy.jpg\" \n                                    alt=\"\" \n                                >\n                            <\/div>\n                                        <\/div>\n                <div class=\" col-xs-12 col-sm-12 col-md-6\">\n                    <div class=\"section-content\">\n                        <div class=\"heading-dash\">\n                                                            <span class=\"dash\"><\/span>\n                                <h4 class=\"heading-para heading-four\" role=\"heading\" aria-level=\"2\">\n                                    Liderando O Caminho                                <\/h4>\n                                                    <\/div>\n                                                <p>Com foco em medicamentos transformadores em oncologia, doen\u00e7as raras e neuroci\u00eancia, nossa vis\u00e3o \u00e9 ser uma empresa biofarmac\u00eautica de m\u00e9dio porte l\u00edder global. Com a combina\u00e7\u00e3o certa de tamanho e agilidade, continuamos a nos impulsionar como empresa e como indiv\u00edduos para entregar mudan\u00e7as positivas.<\/p>\n                            <a \n                            aria-label=\" about Liderando O Caminho\"  \n                                role=\"link\" \n                                class=\"btn-link hidden\"\n                                href=\"\" \n                                target=\"_self\"\n                            > \n                                 \n                            <\/a>\n\n                    <\/div>\n                <\/div>\n            <\/div>\n        <\/div>\n    <\/div>\n<\/section>\n\n\n    <!--Accordion Cards Start Here-->\n    <section class=\"accordion bg-color-disabled\"  data-according-id=\"339521555\">\n        <div class=\"container\">\n            <div class=\"row\">\n                <!--Accordion info section-->\n                <div class=\"column-1 col-xl-12 col-md-12 col-sm-12\">\n                    <div class=\"accordian-info\">\n                        <h3 class=\"accordian-heading visible heading-three\" role=\"heading\" aria-level=\"2\">\n                            Nossa estrat\u00e9gia                        <\/h3>\n                        <p class=\"accordian-summary visible\">Nossa estrat\u00e9gia, Foco. Juntos. Para pacientes e sociedade, consiste em quatro prioridades estrat\u00e9gicas que orientam nossa tomada de decis\u00e3o.<\/p>\n                    <\/div>\n                <\/div><!--Accordion info section over here -->\n\n                <div class=\"col-xl-12 col-lg-12 col-md-12 col-sm-12\">\n                    <div class=\"accordion accor-group\" id=\"accordionExample339521555\">\n                         \n                                    <!-- Accordion with Expandable panel & FAQs -->\n                                    <div class=\"accordion-item accor-item\">\n                                        <p  role=\"heading\" aria-level=\"3\" class=\"accordion-header accor-head-para\" id=\"expHeading0\">\n                                            <button class=\"accordion-button accor-btn collapsed\" type=\"button\" data-bs-toggle=\"collapse\" data-bs-target=\"#expHeading3395215550\" aria-expanded=\"false\" aria-controls=\"expHeading3395215550\">\n                                                Levar o potencial total dos nossos medicamentos inovadores aos pacientes.                                            <\/button>\n                                        <\/p>\n                                        <div id=\"expHeading3395215550\" class=\"accordion-collapse collapse \" aria-labelledby=\"expHeading0\" data-bs-parent=\"#accordionExample339521555\">\n                                            <div class=\"accordion-body\">\n                                                <div class=\"accordion-data\">\n                                                    <p><p>Estamos focados em garantir que os pacientes tenham acesso aos nossos tratamentos inovadores e a promover escuta ativa para oferecer avan\u00e7os importantes em nossas \u00e1reas de atua\u00e7\u00e3o.<\/p>\n<\/p>\n                                                    <div class=\"cta-block hidden\" >\n                                                                                                            <\/div>\n                                                <\/div>\n                                            <\/div>\n                                        <\/div>\n                                    <\/div>\n                             \n                                    <!-- Accordion with Expandable panel & FAQs -->\n                                    <div class=\"accordion-item accor-item\">\n                                        <p  role=\"heading\" aria-level=\"3\" class=\"accordion-header accor-head-para\" id=\"expHeading1\">\n                                            <button class=\"accordion-button accor-btn collapsed\" type=\"button\" data-bs-toggle=\"collapse\" data-bs-target=\"#expHeading3395215551\" aria-expanded=\"false\" aria-controls=\"expHeading3395215551\">\n                                                Construir um pipeline sustent\u00e1vel e de alto valor.                                            <\/button>\n                                        <\/p>\n                                        <div id=\"expHeading3395215551\" class=\"accordion-collapse collapse \" aria-labelledby=\"expHeading1\" data-bs-parent=\"#accordionExample339521555\">\n                                            <div class=\"accordion-body\">\n                                                <div class=\"accordion-data\">\n                                                    <p><p>Estamos comprometidos em construir um pipeline robusto e sustent\u00e1vel em todos os est\u00e1gios de desenvolvimento e em cada uma das nossas tr\u00eas \u00e1reas terap\u00eauticas para fornecer tratamentos inovadores, agora e no futuro. Buscamos empresas de biotecnologia, institui\u00e7\u00f5es acad\u00eamicas e outros parceiros que compartilham nossa vis\u00e3o de causar um impacto real para os pacientes, e, com isso, pretendemos fornecer pelo menos uma mol\u00e9cula ou indica\u00e7\u00e3o significativa a cada ano.<\/p>\n<\/p>\n                                                    <div class=\"cta-block hidden\" >\n                                                                                                            <\/div>\n                                                <\/div>\n                                            <\/div>\n                                        <\/div>\n                                    <\/div>\n                             \n                                    <!-- Accordion with Expandable panel & FAQs -->\n                                    <div class=\"accordion-item accor-item\">\n                                        <p  role=\"heading\" aria-level=\"3\" class=\"accordion-header accor-head-para\" id=\"expHeading2\">\n                                            <button class=\"accordion-button accor-btn collapsed\" type=\"button\" data-bs-toggle=\"collapse\" data-bs-target=\"#expHeading3395215552\" aria-expanded=\"false\" aria-controls=\"expHeading3395215552\">\n                                                Otimizar esfor\u00e7os que contribuam com o crescimento                                            <\/button>\n                                        <\/p>\n                                        <div id=\"expHeading3395215552\" class=\"accordion-collapse collapse \" aria-labelledby=\"expHeading2\" data-bs-parent=\"#accordionExample339521555\">\n                                            <div class=\"accordion-body\">\n                                                <div class=\"accordion-data\">\n                                                    <p><p>Concentramos nossos recursos para fazer a diferen\u00e7a para os pacientes. Ao otimizar nossos esfor\u00e7os, podemos fazer os investimentos certos no momento certo para trazer terapias inovadoras para pacientes ao redor do mundo.<\/p>\n<\/p>\n                                                    <div class=\"cta-block hidden\" >\n                                                                                                            <\/div>\n                                                <\/div>\n                                            <\/div>\n                                        <\/div>\n                                    <\/div>\n                             \n                                    <!-- Accordion with Expandable panel & FAQs -->\n                                    <div class=\"accordion-item accor-item\">\n                                        <p  role=\"heading\" aria-level=\"3\" class=\"accordion-header accor-head-para\" id=\"expHeading3\">\n                                            <button class=\"accordion-button accor-btn collapsed\" type=\"button\" data-bs-toggle=\"collapse\" data-bs-target=\"#expHeading3395215553\" aria-expanded=\"false\" aria-controls=\"expHeading3395215553\">\n                                                Promover uma cultura de colabora\u00e7\u00e3o e excel\u00eancia.                                            <\/button>\n                                        <\/p>\n                                        <div id=\"expHeading3395215553\" class=\"accordion-collapse collapse \" aria-labelledby=\"expHeading3\" data-bs-parent=\"#accordionExample339521555\">\n                                            <div class=\"accordion-body\">\n                                                <div class=\"accordion-data\">\n                                                    <p><p>Nossa equipe de mais de 5.000 profissionais talentosos e dedicados ao redor do mundo se esfor\u00e7a todos os dias para desenvolver nossas capacidades. Com uma abordagem orientada pela ci\u00eancia e para o paciente, crescemos juntos em um ambiente colaborativo.<\/p>\n<\/p>\n                                                    <div class=\"cta-block hidden\" >\n                                                                                                            <\/div>\n                                                <\/div>\n                                            <\/div>\n                                        <\/div>\n                                    <\/div>\n                                                <\/div>\n                <\/div> \n            <\/div>\n        <\/div>\n    <\/section>\n    <!--Accordion Cards End Here-->\n\n\n<!-- Text & Media Block Code -->\n<section class=\"two-col-section text-media-section\">\n    <div class=\"container two-section-innner \">\n        <div class=\"response-inner\" style=\"background-image: url('')\">\n            <div class=\"row \">\n                <div class=\"col-xs-12 col-sm-12 col-md-6\">\n                                                    <div class=\"img-video-section\">\n                                <img decoding=\"async\" \n                                    src=\"https:\/\/www.ipsen.com\/brazil\/wp-content\/uploads\/sites\/22\/2025\/07\/Module-5-\u2013-Environment_Gen-Ipsen-Environment-copy.jpg\" \n                                    alt=\"\" \n                                >\n                            <\/div>\n                                        <\/div>\n                <div class=\" col-xs-12 col-sm-12 col-md-6\">\n                    <div class=\"section-content\">\n                        <div class=\"heading-dash\">\n                                                            <span class=\"dash\"><\/span>\n                                <h4 class=\"heading-para heading-four\" role=\"heading\" aria-level=\"2\">\n                                    Nosso Compromisso Com A Sustentabilidade                                <\/h4>\n                                                    <\/div>\n                                                <p>Nossa ambi\u00e7\u00e3o de sustentabilidade \u00e9 constru\u00edda com base na confian\u00e7a, integridade e a\u00e7\u00e3o, garantindo que cada passo que damos fortale\u00e7a nosso impacto hoje e para as gera\u00e7\u00f5es futuras. Juntos, estamos moldando um futuro onde progresso e sustentabilidade caminham lado a lado, criando um legado para um mundo melhor.<\/p>\n                            <a \n                            aria-label=\"Saiba mais about Nosso Compromisso Com A Sustentabilidade\"  \n                                role=\"link\" \n                                class=\"btn-link section-btn cta-visible\"\n                                href=\"https:\/\/www.ipsen.com\/brazil\/sustentabilidade\/\" \n                                target=\"_self\"\n                            > \n                                Saiba mais \n                            <\/a>\n\n                    <\/div>\n                <\/div>\n            <\/div>\n        <\/div>\n    <\/div>\n<\/section>\n\n\t<!-- Ipsen Quotes Start -->\n\t<section class=\"quotes-section\" aria-label=\"quotes-section\">\n\t\t<div class=\"container\">\n\t\t\t\t\t\t<div class=\"quote-sec-inner\"    >\n\t\t\t\t\t<div class=\"row\">\n\t\t\t\t\t\t\t\t\t\t\t\t<div class=\"column-1 col-xl-4 col-md-6 col-xs-12 \">\n\t\t\t\t\t\t\t\t\t\t\t\t\t\t\t\t\t\t<div class=\"quote-img\">\n\t\t\t\t\t\t\t\t\t\t\t<img \n\t\t\t\t\t\t\t\t\t\t\t\tsrc=\"https:\/\/www.ipsen.com\/brazil\/wp-content\/uploads\/sites\/22\/2025\/07\/GM-Brasil.png\" \n\t\t\t\t\t\t\t\t\t\t\t\talt=\"Andrei Sevciuc\"\n\t\t\t\t\t\t\t\t\t\t\t>\n\t\t\t\t\t\t\t\t\t\t<\/div>\n\t\t\t\t\t\t\t\t\t\t\t\t\t\t\t<\/div>\n\t\t\t\t\t\t\t<div class=\"column-2 col-xl-8 col-md-6 col-xs-12 \">\n\t\t\t\t\t\t\t\t<div class=\"quote-content\">\n\t\t\t\t\t\t\t\t\t<div class=\"quote-para \">\n\t\t\t\t\t\t\t\t\t\t<p class=\"para\">\n\t\t\t\t\t\t\t\t\t\t\t<p>Vivemos um momento promissor na Ipsen, impulsionado pelo comprometimento e pela dedica\u00e7\u00e3o de nossos colaboradores. O avan\u00e7o do nosso pipeline e o crescimento sustent\u00e1vel da companhia confirmam que estamos no caminho certo, gerando um impacto cada vez mais positivo na vida de pacientes e cuidadores.<\/p>\n\t\t\t\t\t\t\t\t\t\t<\/p>\n\t\t\t\t\t\t\t\t\t<\/div>\n\t\t\t\t\t\t\t\t\t<div class=\"quote-sign-div\">\n\t\t\t\t\t\t\t\t\t\t<div class=\"quote-author-div\">\n\t\t\t\t\t\t\t\t\t\t\t<div class=\"quote-dash-div\">\n\t\t\t\t\t\t\t\t\t\t\t\t<span class=\"quote-dash\">\n\n\t\t\t\t\t\t\t\t\t\t\t\t<\/span>\n\t\t\t\t\t\t\t\t\t\t\t\t\t\t\t\t\t\t\t\t\t\t\t\t\t\t\t\t<p class=\"quote-author primary-blue\">\n\t\t\t\t\t\t\t\t\t\t\t\t\t\t\t\tAndrei Sevciuc\t\t\t\t\t\t\t\t\t\t\t\t\t\t\t<\/p>\t\n\t\t\t\t\t\t\t\t\t\t\t\t\t\t\t\t\t\t\t\t\t\t<\/div>\n\t\t\t\t\t\t\t\t\t\t\t\t\t\t\t\t\t\t\t\t\t\t\t<p class=\"quote-author-role\">\n\t\t\t\t\t\t\t\t\t\t\t\t\tGerente Geral Ipsen Brasil e Head LATAM\t\t\t\t\t\t\t\t\t\t\t\t<\/p> \n\t\t\t\t\t\t\t\t\t\t\t\t\t\t\t\t\t\t\t\t\t<\/div>\n\t\t\t\t\t\t\t\t\t<\/div>\n\t\t\t\t\t\t\t\t<\/div>\n\t\t\t\t\t\t\t<\/div>\n\t\t\t\t\t\t\t\t\t<\/div>\n\t\t\t<\/div>\n\t\t\t<\/div>\n<\/section>\n<!-- Ipsen Quotes End -->\n\n\n<!-- Text & Media Block Code -->\n<section class=\"two-col-section text-media-section\">\n    <div class=\"container two-section-innner section-reverse\">\n        <div class=\"response-inner\" style=\"background-image: url('')\">\n            <div class=\"row section-reverse\">\n                <div class=\"col-xs-12 col-sm-12 col-md-6\">\n                                                    <div class=\"img-video-section\">\n                                <img decoding=\"async\" \n                                    src=\"https:\/\/www.ipsen.com\/brazil\/wp-content\/uploads\/sites\/22\/2025\/07\/02_Compagny_2024_Tx-SALES_EN.jpg\" \n                                    alt=\"\" \n                                >\n                            <\/div>\n                                        <\/div>\n                <div class=\" col-xs-12 col-sm-12 col-md-6\">\n                    <div class=\"section-content\">\n                        <div class=\"heading-dash\">\n                                                            <span class=\"dash\"><\/span>\n                                <h4 class=\"heading-para heading-four\" role=\"heading\" aria-level=\"2\">\n                                    2024: Um Ano De Impulso E Crescimento Acelerado                                <\/h4>\n                                                    <\/div>\n                                                <p>Fortalecidos pela nossa estrat\u00e9gia, aceleramos nosso momento e atingimos forte crescimento de vendas no ano passado. Criamos um impacto real para pessoas no mundo todo que vivem com grandes necessidades m\u00e9dicas n\u00e3o atendidas.<\/p>\n                            <a \n                            aria-label=\"Baixe o Relat\u00f3rio Anual about 2024: Um Ano De Impulso E Crescimento Acelerado\"  \n                                role=\"link\" \n                                class=\"btn-link section-btn cta-visible\"\n                                href=\"https:\/\/www.ipsen.com\/annualreport\/\" \n                                target=\"_blank\"\n                            > \n                                Baixe o Relat\u00f3rio Anual \n                            <\/a>\n\n                    <\/div>\n                <\/div>\n            <\/div>\n        <\/div>\n    <\/div>\n<\/section>\n\n\n<div class=\"wp-block-group\"><div class=\"wp-block-group__inner-container is-layout-constrained wp-block-group-is-layout-constrained\">\n<div class=\"wp-block-columns is-layout-flex wp-container-core-columns-is-layout-9d6595d7 wp-block-columns-is-layout-flex\">\n<div class=\"wp-block-column is-layout-flow wp-block-column-is-layout-flow\">\n<h3 class=\"wp-block-heading\">Nossa presen\u00e7a global<\/h3>\n\n\n\n<p>Os produtos da Ipsen s\u00e3o registrados em mais de 100 pa\u00edses. Com 5.000 colaboradores trabalhando para criar valor para pacientes e sociedade ao redor do mundo, temos alcance global, ao mesmo tempo em que atuamos como uma empresa \u00e1gil de m\u00e9dio porte.<\/p>\n\n\n\n<figure class=\"wp-block-image size-full\"><img loading=\"lazy\" decoding=\"async\" width=\"1410\" height=\"846\" src=\"https:\/\/www.ipsen.com\/brazil\/wp-content\/uploads\/sites\/22\/2025\/07\/02_Company_Map_Global_959x528pix_EN_2_LD-1-2-1.jpg\" alt=\"\" class=\"wp-image-945\" srcset=\"https:\/\/www.ipsen.com\/brazil\/wp-content\/uploads\/sites\/22\/2025\/07\/02_Company_Map_Global_959x528pix_EN_2_LD-1-2-1.jpg 1410w, https:\/\/www.ipsen.com\/brazil\/wp-content\/uploads\/sites\/22\/2025\/07\/02_Company_Map_Global_959x528pix_EN_2_LD-1-2-1.jpg?resize=300,180 300w, https:\/\/www.ipsen.com\/brazil\/wp-content\/uploads\/sites\/22\/2025\/07\/02_Company_Map_Global_959x528pix_EN_2_LD-1-2-1.jpg?resize=768,461 768w, https:\/\/www.ipsen.com\/brazil\/wp-content\/uploads\/sites\/22\/2025\/07\/02_Company_Map_Global_959x528pix_EN_2_LD-1-2-1.jpg?resize=1024,614 1024w\" sizes=\"auto, (max-width: 1410px) 100vw, 1410px\" \/><\/figure>\n<\/div>\n<\/div>\n<\/div><\/div>\n\n\n<!-- Text & Media Block Code -->\n<section class=\"two-col-section text-media-section\">\n    <div class=\"container two-section-innner \">\n        <div class=\"response-inner\" style=\"background-image: url('')\">\n            <div class=\"row \">\n                <div class=\"col-xs-12 col-sm-12 col-md-6\">\n                                                    <div class=\"img-video-section\">\n                                <img decoding=\"async\" \n                                    src=\"https:\/\/www.ipsen.com\/brazil\/wp-content\/uploads\/sites\/22\/2025\/07\/Module-6_Rare-but-not-alone-Fondation-Ipsen_Logo-FI-Noir-Calque-690x460-2.jpg\" \n                                    alt=\"\" \n                                >\n                            <\/div>\n                                        <\/div>\n                <div class=\" col-xs-12 col-sm-12 col-md-6\">\n                    <div class=\"section-content\">\n                        <div class=\"heading-dash\">\n                                                            <span class=\"dash\"><\/span>\n                                <h4 class=\"heading-para heading-four\" role=\"heading\" aria-level=\"2\">\n                                    Funda\u00e7\u00e3o Ipsen                                <\/h4>\n                                                    <\/div>\n                                                    <p class=\"section-head-two heading-para\" role=\"heading\" aria-level=\"3\">\n                                    Raro, mas n\u00e3o sozinho                                <\/p>\n                                                <p>Com atua\u00e7\u00e3o independente da Ipsen, a Funda\u00e7\u00e3o Ipsen se dedica a aumentar o conhecimento cient\u00edfico e pesquisa de pacientes. Focada em melhorar a vida de pessoas com doen\u00e7as raras, a Funda\u00e7\u00e3o Ipsen estimula a compreens\u00e3o em torno das doen\u00e7as raras por meio de informa\u00e7\u00f5es e parcerias estrat\u00e9gicas com atores-chave nesta comunidade.<\/p>\n                            <a \n                            aria-label=\"Saiba mais sobre a Funda\u00e7\u00e3o Ipsen about Funda\u00e7\u00e3o Ipsen\"  \n                                role=\"link\" \n                                class=\"btn-link section-btn cta-visible\"\n                                href=\"https:\/\/www.ipsen.com\/company\/foundation-ipsen\/\" \n                                target=\"_blank\"\n                            > \n                                Saiba mais sobre a Funda\u00e7\u00e3o Ipsen \n                            <\/a>\n\n                    <\/div>\n                <\/div>\n            <\/div>\n        <\/div>\n    <\/div>\n<\/section>\n\n<!--Graphics Cards Carousel Start Here-->\n\n    <section class=\"graphic-card graphics-new-layout bg-color-disabled bg-image-disabled bg-video-disabled bg-mobile-video-img-disabled\"    data-displaycards=\"2\">\n                <div class=\"container\">\n            <div class=\"text-graph-inner\">\n                <div class=\"row\">\n                    <!--Graphic info section-->\n                    <div class=\"column-1 col-xl-12 col-md-12 col-sm-12\">\n                        <div class=\"text-graph-heading\">\n                        <h3 class=\"charcoal-grey visible heading-three\" role=\"heading\" aria-level=\"2\">\n                                Nossa hist\u00f3ria                            <\/h3>\n                            <p class=\"text-graph-para charcoal-grey visible\">Fundada como uma empresa familiar, a Ipsen vem inovando para os pacientes h\u00e1 quase 100 anos. E pretendemos continuar crescendo e inovando para nossos pacientes por, pelo menos, mais 100 anos. <\/p>\n                        <\/div>\n                    <\/div><!--Graphic info section over here -->\n\n                    <!--Graphic detail section-->\n                    <div class=\"column-2 col-xl-12 col-md-12 col-sm-12\">\n                        <!-- graphic-card carousel start here -->\n                                                    <div class=\"text-graph-carousel\">\n                                <div class=\"glider-contain multiple\">\n                                                                                    <div class=\"text-graph-content-btn\">\n                                                    <button aria-hidden=\"true\" aria-label=\"Anterior\" class=\"glider-graphic-card-prev\"><span><\/span><\/button>\n                                                    <button aria-hidden=\"true\" aria-label=\"Pr\u00f3ximo\" class=\"glider-graphic-card-next\"><span><\/span><\/button>\n                                                <\/div>\n                                    \n                                <div class=\"glider-graphic-card\" tabindex=\"-1\">\n                                                                                                                        <div class=\"text-graphic\">\n                                                    <div class=\"text-graph-row\">\n                                                                                                                       <!-- Graphic Card With NEW layout start here -->\n                                                                <div class=\"column-2\">\n                                                                    <div class=\"left-text-graph-content\">\n                                                                        <div class=\"left-text-graph-title\">\n                                                                        <h5 role=\"heading\" aria-level=\"3\">A hist\u00f3ria de Ipsen<\/h5>\n                                                                        <\/div>\n                                                                                                                                                    <div class=\"left-text-graph-desc\">\n                                                                                <p><p>O Dr. Henri Beaufour fundou os Laborat\u00f3rios Beaufour em Dreux. O primeiro produto comercializado foi o Romarene<sup>\u00ae<\/sup>, um medicamento \u00e0 base de alecrim destinado ao tratamento de dist\u00farbios digestivos.<\/p>\n<\/p>\n                                                                            <\/div>\n                                                                    <\/div>\n                                                                <\/div>\n                                                                <!-- Graphic Card With NEW layout end here -->\n                                                        \n                                                    <\/div>\n                                                <\/div>\n                                                                                                                                                                    <div class=\"text-graphic\">\n                                                    <div class=\"text-graph-row\">\n                                                                                                                       <!-- Graphic Card With NEW layout start here -->\n                                                                <div class=\"column-2\">\n                                                                    <div class=\"left-text-graph-content\">\n                                                                        <div class=\"left-text-graph-title\">\n                                                                        <h5 role=\"heading\" aria-level=\"3\">Expans\u00e3o: novas f\u00e1bricas e centros<\/h5>\n                                                                        <\/div>\n                                                                                                                                                    <div class=\"left-text-graph-desc\">\n                                                                                <p><p>O Laborat\u00f3rio Beaufour passou por uma fase de expans\u00e3o. Em 1954, o grupo lan\u00e7ou o citrato de beta\u00edna, usado no tratamento sintom\u00e1tico da dispepsia. Os dois filhos de Henri Beaufour, Albert e G\u00e9rard Beaufour, se juntaram \u00e0 empresa.<\/p>\n<\/p>\n                                                                            <\/div>\n                                                                    <\/div>\n                                                                <\/div>\n                                                                <!-- Graphic Card With NEW layout end here -->\n                                                        \n                                                    <\/div>\n                                                <\/div>\n                                                                                                                                                                    <div class=\"text-graphic\">\n                                                    <div class=\"text-graph-row\">\n                                                                                                                       <!-- Graphic Card With NEW layout start here -->\n                                                                <div class=\"column-2\">\n                                                                    <div class=\"left-text-graph-content\">\n                                                                        <div class=\"left-text-graph-title\">\n                                                                        <h5 role=\"heading\" aria-level=\"3\">Expans\u00e3o: novas f\u00e1bricas e centros<\/h5>\n                                                                        <\/div>\n                                                                                                                                                    <div class=\"left-text-graph-desc\">\n                                                                                <p><p>O grupo abriu uma f\u00e1brica em Dreux em 1961, e outra em L\u2019Isle-sur-la-Sorgue em 1965. Um centro de pesquisa foi inaugurado em Plessis-Robinson no mesmo ano.<\/p>\n<\/p>\n                                                                            <\/div>\n                                                                    <\/div>\n                                                                <\/div>\n                                                                <!-- Graphic Card With NEW layout end here -->\n                                                        \n                                                    <\/div>\n                                                <\/div>\n                                                                                                                                                                    <div class=\"text-graphic\">\n                                                    <div class=\"text-graph-row\">\n                                                                                                                       <!-- Graphic Card With NEW layout start here -->\n                                                                <div class=\"column-2\">\n                                                                    <div class=\"left-text-graph-content\">\n                                                                        <div class=\"left-text-graph-title\">\n                                                                        <h5 role=\"heading\" aria-level=\"3\"> A marca Ipsen \u00e9 lan\u00e7ada<\/h5>\n                                                                        <\/div>\n                                                                                                                                                    <div class=\"left-text-graph-desc\">\n                                                                                <p><p>Os Laborat\u00f3rios Beaufour criaram uma subsidi\u00e1ria, a Ipsen, em 1975, e come\u00e7aram a internacionalizar suas atividades. Em 1976, a empresa abriu um centro de pesquisa em Hopkinton (Massachusetts) nos EUA. Em 1977, o grupo lan\u00e7ou o Smecta<sup>\u00ae<\/sup>, uma argila diosmectita usada como curativo gastrointestinal e agente antidiarreico.<\/p>\n<\/p>\n                                                                            <\/div>\n                                                                    <\/div>\n                                                                <\/div>\n                                                                <!-- Graphic Card With NEW layout end here -->\n                                                        \n                                                    <\/div>\n                                                <\/div>\n                                                                                                                                                                    <div class=\"text-graphic\">\n                                                    <div class=\"text-graph-row\">\n                                                                                                                       <!-- Graphic Card With NEW layout start here -->\n                                                                <div class=\"column-2\">\n                                                                    <div class=\"left-text-graph-content\">\n                                                                        <div class=\"left-text-graph-title\">\n                                                                        <h5 role=\"heading\" aria-level=\"3\">Funda\u00e7\u00e3o Ipsen criada, e Decapeptyl \u00e9 lan\u00e7ado no mercado<\/h5>\n                                                                        <\/div>\n                                                                                                                                                    <div class=\"left-text-graph-desc\">\n                                                                                <p><p>Em 1983, o grupo criou a Funda\u00e7\u00e3o Ipsen sob a \u00e9gide da Fondation de France, para incentivar interc\u00e2mbios entre cientistas no campo das ci\u00eancias da vida. Em 1986, o grupo lan\u00e7ou o Decapeptyl<sup>\u00ae<\/sup>, usado para tratar certas patologias influenciadas por horm\u00f4nios sexuais, como c\u00e2ncer de pr\u00f3stata, endometriose, miomas uterinos e puberdade precoce.<\/p>\n<\/p>\n                                                                            <\/div>\n                                                                    <\/div>\n                                                                <\/div>\n                                                                <!-- Graphic Card With NEW layout end here -->\n                                                        \n                                                    <\/div>\n                                                <\/div>\n                                                                                                                <\/div>\n                            <\/div>\n                                            <\/div> <!-- graphic-card carousel end here -->\n                <\/div> <!--Graphic detail section over here with 12 grid -->   \n            <\/div><!--row ended here-->\n        <\/div> <!-- graph-inner ended here -->\n        \n            <div class=\"more-result-btn\">\n                                    <a class=\"btn-link section-btn cta-visible\"  aria-label=\"Explore os principais marcos da hist\u00f3ria da Ipsen\"\n                        href=\"https:\/\/www.ipsen.com\/brazil\/nossa-empresa\/nossa-historia\/\" \n                        target=\"_self\"\n                    >\n                        Explore os principais marcos da hist\u00f3ria da Ipsen                    <\/a>\n                                            <\/div>\n        <\/div> <!--Container class ended here -->\n    <\/section>\n<!--Graphics Cards Carousel End Here-->\n","protected":false},"excerpt":{"rendered":"","protected":false},"author":2,"featured_media":0,"parent":0,"menu_order":0,"comment_status":"closed","ping_status":"closed","template":"","meta":{"_acf_changed":false,"footnotes":""},"class_list":["post-48","page","type-page","status-publish","hentry","entry"],"acf":[],"yoast_head":"<!-- This site is optimized with the Yoast SEO plugin v26.8 - https:\/\/yoast.com\/product\/yoast-seo-wordpress\/ -->\n<title>Ipsen: quem somos<\/title>\n<meta name=\"description\" content=\"Saiba mais sobre a Ipsen, uma empresa farmac\u00eautica global que visa prolongar a vida e a sa\u00fade dos pacientes e criar um impacto positivo para pacientes e sociedade.\" \/>\n<meta name=\"robots\" content=\"index, follow, max-snippet:-1, max-image-preview:large, max-video-preview:-1\" \/>\n<link rel=\"canonical\" href=\"https:\/\/www.ipsen.com\/brazil\/nossa-empresa\/\" \/>\n<meta property=\"og:locale\" content=\"pt_BR\" \/>\n<meta property=\"og:type\" content=\"article\" \/>\n<meta property=\"og:title\" content=\"Ipsen: quem somos\" \/>\n<meta property=\"og:description\" content=\"Saiba mais sobre a Ipsen, uma empresa farmac\u00eautica global que visa prolongar a vida e a sa\u00fade dos pacientes e criar um impacto positivo para pacientes e sociedade.\" \/>\n<meta property=\"og:url\" content=\"https:\/\/www.ipsen.com\/brazil\/nossa-empresa\/\" \/>\n<meta property=\"og:site_name\" content=\"Brazil\" \/>\n<meta property=\"article:modified_time\" content=\"2025-07-23T10:19:57+00:00\" \/>\n<meta property=\"og:image\" content=\"https:\/\/www.ipsen.com\/brazil\/wp-content\/uploads\/sites\/22\/2025\/07\/02_Company_Map_Global_959x528pix_EN_2_LD-1-2-1.jpg\" \/>\n<meta name=\"twitter:card\" content=\"summary_large_image\" \/>\n<meta name=\"twitter:label1\" content=\"Est. reading time\" \/>\n\t<meta name=\"twitter:data1\" content=\"1 minute\" \/>\n<script type=\"application\/ld+json\" class=\"yoast-schema-graph\">{\"@context\":\"https:\/\/schema.org\",\"@graph\":[{\"@type\":\"WebPage\",\"@id\":\"https:\/\/www.ipsen.com\/brazil\/nossa-empresa\/\",\"url\":\"https:\/\/www.ipsen.com\/brazil\/nossa-empresa\/\",\"name\":\"Ipsen: quem somos\",\"isPartOf\":{\"@id\":\"https:\/\/www.ipsen.com\/brazil\/#website\"},\"primaryImageOfPage\":{\"@id\":\"https:\/\/www.ipsen.com\/brazil\/nossa-empresa\/#primaryimage\"},\"image\":{\"@id\":\"https:\/\/www.ipsen.com\/brazil\/nossa-empresa\/#primaryimage\"},\"thumbnailUrl\":\"https:\/\/www.ipsen.com\/brazil\/wp-content\/uploads\/sites\/22\/2025\/07\/02_Company_Map_Global_959x528pix_EN_2_LD-1-2-1.jpg\",\"datePublished\":\"2025-02-04T04:44:21+00:00\",\"dateModified\":\"2025-07-23T10:19:57+00:00\",\"description\":\"Saiba mais sobre a Ipsen, uma empresa farmac\u00eautica global que visa prolongar a vida e a sa\u00fade dos pacientes e criar um impacto positivo para pacientes e sociedade.\",\"breadcrumb\":{\"@id\":\"https:\/\/www.ipsen.com\/brazil\/nossa-empresa\/#breadcrumb\"},\"inLanguage\":\"pt-BR\",\"potentialAction\":[{\"@type\":\"ReadAction\",\"target\":[\"https:\/\/www.ipsen.com\/brazil\/nossa-empresa\/\"]}]},{\"@type\":\"ImageObject\",\"inLanguage\":\"pt-BR\",\"@id\":\"https:\/\/www.ipsen.com\/brazil\/nossa-empresa\/#primaryimage\",\"url\":\"https:\/\/www.ipsen.com\/brazil\/wp-content\/uploads\/sites\/22\/2025\/07\/02_Company_Map_Global_959x528pix_EN_2_LD-1-2-1.jpg\",\"contentUrl\":\"https:\/\/www.ipsen.com\/brazil\/wp-content\/uploads\/sites\/22\/2025\/07\/02_Company_Map_Global_959x528pix_EN_2_LD-1-2-1.jpg\",\"width\":1410,\"height\":846},{\"@type\":\"BreadcrumbList\",\"@id\":\"https:\/\/www.ipsen.com\/brazil\/nossa-empresa\/#breadcrumb\",\"itemListElement\":[{\"@type\":\"ListItem\",\"position\":1,\"name\":\"Home\",\"item\":\"https:\/\/www.ipsen.com\/brazil\/\"},{\"@type\":\"ListItem\",\"position\":2,\"name\":\"Nossa empresa\"}]},{\"@type\":\"WebSite\",\"@id\":\"https:\/\/www.ipsen.com\/brazil\/#website\",\"url\":\"https:\/\/www.ipsen.com\/brazil\/\",\"name\":\"Brazil\",\"description\":\"\",\"publisher\":{\"@id\":\"https:\/\/www.ipsen.com\/brazil\/#organization\"},\"potentialAction\":[{\"@type\":\"SearchAction\",\"target\":{\"@type\":\"EntryPoint\",\"urlTemplate\":\"https:\/\/www.ipsen.com\/brazil\/?s={search_term_string}\"},\"query-input\":{\"@type\":\"PropertyValueSpecification\",\"valueRequired\":true,\"valueName\":\"search_term_string\"}}],\"inLanguage\":\"pt-BR\"},{\"@type\":\"Organization\",\"@id\":\"https:\/\/www.ipsen.com\/brazil\/#organization\",\"name\":\"Brazil\",\"url\":\"https:\/\/www.ipsen.com\/brazil\/\",\"logo\":{\"@type\":\"ImageObject\",\"inLanguage\":\"pt-BR\",\"@id\":\"https:\/\/www.ipsen.com\/brazil\/#\/schema\/logo\/image\/\",\"url\":\"https:\/\/www.ipsen.com\/brazil\/wp-content\/uploads\/sites\/22\/2024\/12\/Logo-Ipsen-new.svg\",\"contentUrl\":\"https:\/\/www.ipsen.com\/brazil\/wp-content\/uploads\/sites\/22\/2024\/12\/Logo-Ipsen-new.svg\",\"caption\":\"Brazil\"},\"image\":{\"@id\":\"https:\/\/www.ipsen.com\/brazil\/#\/schema\/logo\/image\/\"}}]}<\/script>\n<!-- \/ Yoast SEO plugin. -->","yoast_head_json":{"title":"Ipsen: quem somos","description":"Saiba mais sobre a Ipsen, uma empresa farmac\u00eautica global que visa prolongar a vida e a sa\u00fade dos pacientes e criar um impacto positivo para pacientes e sociedade.","robots":{"index":"index","follow":"follow","max-snippet":"max-snippet:-1","max-image-preview":"max-image-preview:large","max-video-preview":"max-video-preview:-1"},"canonical":"https:\/\/www.ipsen.com\/brazil\/nossa-empresa\/","og_locale":"pt_BR","og_type":"article","og_title":"Ipsen: quem somos","og_description":"Saiba mais sobre a Ipsen, uma empresa farmac\u00eautica global que visa prolongar a vida e a sa\u00fade dos pacientes e criar um impacto positivo para pacientes e sociedade.","og_url":"https:\/\/www.ipsen.com\/brazil\/nossa-empresa\/","og_site_name":"Brazil","article_modified_time":"2025-07-23T10:19:57+00:00","og_image":[{"url":"https:\/\/www.ipsen.com\/brazil\/wp-content\/uploads\/sites\/22\/2025\/07\/02_Company_Map_Global_959x528pix_EN_2_LD-1-2-1.jpg","type":"","width":"","height":""}],"twitter_card":"summary_large_image","twitter_misc":{"Est. reading time":"1 minute"},"schema":{"@context":"https:\/\/schema.org","@graph":[{"@type":"WebPage","@id":"https:\/\/www.ipsen.com\/brazil\/nossa-empresa\/","url":"https:\/\/www.ipsen.com\/brazil\/nossa-empresa\/","name":"Ipsen: quem somos","isPartOf":{"@id":"https:\/\/www.ipsen.com\/brazil\/#website"},"primaryImageOfPage":{"@id":"https:\/\/www.ipsen.com\/brazil\/nossa-empresa\/#primaryimage"},"image":{"@id":"https:\/\/www.ipsen.com\/brazil\/nossa-empresa\/#primaryimage"},"thumbnailUrl":"https:\/\/www.ipsen.com\/brazil\/wp-content\/uploads\/sites\/22\/2025\/07\/02_Company_Map_Global_959x528pix_EN_2_LD-1-2-1.jpg","datePublished":"2025-02-04T04:44:21+00:00","dateModified":"2025-07-23T10:19:57+00:00","description":"Saiba mais sobre a Ipsen, uma empresa farmac\u00eautica global que visa prolongar a vida e a sa\u00fade dos pacientes e criar um impacto positivo para pacientes e sociedade.","breadcrumb":{"@id":"https:\/\/www.ipsen.com\/brazil\/nossa-empresa\/#breadcrumb"},"inLanguage":"pt-BR","potentialAction":[{"@type":"ReadAction","target":["https:\/\/www.ipsen.com\/brazil\/nossa-empresa\/"]}]},{"@type":"ImageObject","inLanguage":"pt-BR","@id":"https:\/\/www.ipsen.com\/brazil\/nossa-empresa\/#primaryimage","url":"https:\/\/www.ipsen.com\/brazil\/wp-content\/uploads\/sites\/22\/2025\/07\/02_Company_Map_Global_959x528pix_EN_2_LD-1-2-1.jpg","contentUrl":"https:\/\/www.ipsen.com\/brazil\/wp-content\/uploads\/sites\/22\/2025\/07\/02_Company_Map_Global_959x528pix_EN_2_LD-1-2-1.jpg","width":1410,"height":846},{"@type":"BreadcrumbList","@id":"https:\/\/www.ipsen.com\/brazil\/nossa-empresa\/#breadcrumb","itemListElement":[{"@type":"ListItem","position":1,"name":"Home","item":"https:\/\/www.ipsen.com\/brazil\/"},{"@type":"ListItem","position":2,"name":"Nossa empresa"}]},{"@type":"WebSite","@id":"https:\/\/www.ipsen.com\/brazil\/#website","url":"https:\/\/www.ipsen.com\/brazil\/","name":"Brazil","description":"","publisher":{"@id":"https:\/\/www.ipsen.com\/brazil\/#organization"},"potentialAction":[{"@type":"SearchAction","target":{"@type":"EntryPoint","urlTemplate":"https:\/\/www.ipsen.com\/brazil\/?s={search_term_string}"},"query-input":{"@type":"PropertyValueSpecification","valueRequired":true,"valueName":"search_term_string"}}],"inLanguage":"pt-BR"},{"@type":"Organization","@id":"https:\/\/www.ipsen.com\/brazil\/#organization","name":"Brazil","url":"https:\/\/www.ipsen.com\/brazil\/","logo":{"@type":"ImageObject","inLanguage":"pt-BR","@id":"https:\/\/www.ipsen.com\/brazil\/#\/schema\/logo\/image\/","url":"https:\/\/www.ipsen.com\/brazil\/wp-content\/uploads\/sites\/22\/2024\/12\/Logo-Ipsen-new.svg","contentUrl":"https:\/\/www.ipsen.com\/brazil\/wp-content\/uploads\/sites\/22\/2024\/12\/Logo-Ipsen-new.svg","caption":"Brazil"},"image":{"@id":"https:\/\/www.ipsen.com\/brazil\/#\/schema\/logo\/image\/"}}]}},"parsely":{"version":"1.1.0","canonical_url":"https:\/\/ipsen.com\/brazil\/nossa-empresa\/","smart_links":{"inbound":0,"outbound":0},"traffic_boost_suggestions_count":0,"meta":{"@context":"https:\/\/schema.org","@type":"WebPage","headline":"Nossa empresa","url":"http:\/\/www.ipsen.com\/brazil\/nossa-empresa\/","mainEntityOfPage":{"@type":"WebPage","@id":"http:\/\/www.ipsen.com\/brazil\/nossa-empresa\/"},"thumbnailUrl":"","image":{"@type":"ImageObject","url":""},"articleSection":"N\u00e3o categorizado","author":[{"@type":"Person","name":"navya"}],"creator":["navya"],"publisher":{"@type":"Organization","name":"Brazil","logo":""},"keywords":[],"dateCreated":"2025-02-04T04:44:21Z","datePublished":"2025-02-04T04:44:21Z","dateModified":"2025-07-23T10:19:57Z"},"rendered":"<script type=\"application\/ld+json\" class=\"wp-parsely-metadata\">{\"@context\":\"https:\\\/\\\/schema.org\",\"@type\":\"WebPage\",\"headline\":\"Nossa empresa\",\"url\":\"http:\\\/\\\/www.ipsen.com\\\/brazil\\\/nossa-empresa\\\/\",\"mainEntityOfPage\":{\"@type\":\"WebPage\",\"@id\":\"http:\\\/\\\/www.ipsen.com\\\/brazil\\\/nossa-empresa\\\/\"},\"thumbnailUrl\":\"\",\"image\":{\"@type\":\"ImageObject\",\"url\":\"\"},\"articleSection\":\"N\\u00e3o categorizado\",\"author\":[{\"@type\":\"Person\",\"name\":\"navya\"}],\"creator\":[\"navya\"],\"publisher\":{\"@type\":\"Organization\",\"name\":\"Brazil\",\"logo\":\"\"},\"keywords\":[],\"dateCreated\":\"2025-02-04T04:44:21Z\",\"datePublished\":\"2025-02-04T04:44:21Z\",\"dateModified\":\"2025-07-23T10:19:57Z\"}<\/script>","tracker_url":"https:\/\/cdn.parsely.com\/keys\/ipsen.com\/p.js"},"jetpack_sharing_enabled":true,"_links":{"self":[{"href":"https:\/\/www.ipsen.com\/brazil\/wp-json\/wp\/v2\/pages\/48","targetHints":{"allow":["GET"]}}],"collection":[{"href":"https:\/\/www.ipsen.com\/brazil\/wp-json\/wp\/v2\/pages"}],"about":[{"href":"https:\/\/www.ipsen.com\/brazil\/wp-json\/wp\/v2\/types\/page"}],"author":[{"embeddable":true,"href":"https:\/\/www.ipsen.com\/brazil\/wp-json\/wp\/v2\/users\/2"}],"replies":[{"embeddable":true,"href":"https:\/\/www.ipsen.com\/brazil\/wp-json\/wp\/v2\/comments?post=48"}],"version-history":[{"count":17,"href":"https:\/\/www.ipsen.com\/brazil\/wp-json\/wp\/v2\/pages\/48\/revisions"}],"predecessor-version":[{"id":1154,"href":"https:\/\/www.ipsen.com\/brazil\/wp-json\/wp\/v2\/pages\/48\/revisions\/1154"}],"wp:attachment":[{"href":"https:\/\/www.ipsen.com\/brazil\/wp-json\/wp\/v2\/media?parent=48"}],"curies":[{"name":"wp","href":"https:\/\/api.w.org\/{rel}","templated":true}]}}