{"id":64,"date":"2023-12-21T10:56:03","date_gmt":"2023-12-21T08:56:03","guid":{"rendered":"https:\/\/www.ipsen.com\/be\/?page_id=64"},"modified":"2025-07-01T12:07:16","modified_gmt":"2025-07-01T10:07:16","slug":"histoire","status":"publish","type":"page","link":"https:\/\/www.ipsen.com\/be\/fr\/histoire\/","title":{"rendered":"Notre histoire"},"content":{"rendered":"    <section class=\"sub-page-banner bg-img-enabled  banner-no-filter\" style=\"background-image:url(https:\/\/www.ipsen.com\/be\/wp-content\/uploads\/sites\/7\/2025\/07\/Company-History.jpg)\">\n                <div class=\"container content-sec\">\n            <nav aria-label=\"breadcrumb\">\n            <ol class=\"breadcrumb\">\n                <li class=\"breadcrumb-item\"><a href=\"https:\/\/www.ipsen.com\/be\/fr\/\">Accueil<\/a><\/li><li class=\"breadcrumb-item active\"><a href=\"#\" aria-current=\"page\">Entreprise &#8211; Notre histoire<\/a><\/li><\/ol>\n            <\/nav>            <h1 class=\"visible banner-font-color-white\">Notre histoire<\/h1>\n            <p class=\"visible banner-font-color-white\">Plus de 90 ans d&#8217;expertise dans des aires th\u00e9rapeutiques avec d&#8217;importants besoins m\u00e9dicaux non satisfaits.<\/p>\n        <\/div>\n    <\/section>\n\n\n\n    <section class=\"title-text \">\n        <div class=\"container\">\n            <div class=\"title-text-inner\" style=\"background-color:#EDEBE4;\">\n\n                <!-- If heading is enabled then it's visible -->\n                <div class=\"text-head-dash hidden\">\n                <h3 class=\"heading-three\" role=\"heading\" aria-level=\"2\">\n                                            <\/h3>\n                <\/div>\n               \n                <!-- If description is enabled then it's visible -->\n                <div class=\"text-parbase visible\">\n                    <p>Fond\u00e9e en 1929 en tant qu&#8217;entreprise familiale, Ipsen dispose de pr\u00e8s d&#8217;un si\u00e8cle d&#8217;exp\u00e9rience et d&#8217;expertise. Le Groupe se focalise aujourd&#8217;hui sur trois aires th\u00e9rapeutiques : l&#8217;oncologie, les maladies rares et les neurosciences.<\/p>\n                <\/div>\n\n                <!-- If button is enabled then it's visible -->\n                                        <div class=\"btn-txt\">\n                            <a \n                                aria-label=\"\" \n                                class=\"btn-link section-btn cta-visible\"  \n                                role=\"link\"\n                                href=\"https:\/\/www.ipsen.com\/fr\/entreprise\/\" target=\"_blank\">\n                                En savoir plus                            <\/a>\n                        <\/div>\n                \n            <\/div>\n        <\/div>\n    <\/section>\n\n\n\u00a0\n<!-- Ipsen History Timeline Start -->\n<section class=\"history-pipeline\" >\n\t<div class=\"container\">\n  \t\t<h3 class=\"history-title heading-three\">\n\t\t\tLes \u00e9tapes importantes de l&#039;histoire d&#039;Ipsen\t\t<\/h3>\n  \t\t\t\t\t<input type=\"hidden\" class=\"pagenum\" value=\"1\" \/>\n\t\t\t<input type=\"hidden\" class=\"total-page\" id=\"total_page\" value=\"21\" \/>\n\t\t\t<input type=\"hidden\" class=\"post_id\" id=\"post_id\" value=\"64\" \/>\n\t\t\t<input type=\"hidden\" class=\"tot_load_post\" id=\"tot_load_post\" value=\"\" \/>\n\t\t\t<input type=\"hidden\" class=\"start_inn\" id=\"start_inn\" value=\"5\" \/>\n\t\t\t\t  \t\t\t<div class=\"timeline-filter\">\n\t  \t\t\tP\u00e9riode \n\t\t\t\t<select aria-label=\"period\" name=\"period\" id=\"period\" onChange=\"getyears()\" tabindex=\"0\">\t\t\t\t\t\t\t\t\n\t\t\t\t\t<option value=\"all\">Tout voir<\/option>\n\t\t\t\t\t\t\t\t\t\t\t<option value=\"2023\">2023<\/option>\n\t\t\t\t\t\t\t\t\t\t\t\t\t<option value=\"2022\">2022<\/option>\n\t\t\t\t\t\t\t\t\t\t\t\t\t<option value=\"2019\">2019<\/option>\n\t\t\t\t\t\t\t\t\t\t\t\t\t<option value=\"2017\">2017<\/option>\n\t\t\t\t\t\t\t\t\t\t\t\t\t<option value=\"2016\">2016<\/option>\n\t\t\t\t\t\t\t\t\t\t\t\t\t<option value=\"2015\">2015<\/option>\n\t\t\t\t\t\t\t\t\t\t\t\t\t<option value=\"2014\">2014<\/option>\n\t\t\t\t\t\t\t\t\t\t\t\t\t<option value=\"2013\">2013<\/option>\n\t\t\t\t\t\t\t\t\t\t\t\t\t<option value=\"2011\">2011<\/option>\n\t\t\t\t\t\t\t\t\t\t\t\t\t<option value=\"2007\">2007<\/option>\n\t\t\t\t\t\t\t\t\t\t\t\t\t<option value=\"2005\">2005<\/option>\n\t\t\t\t\t\t\t\t\t\t\t\t\t<option value=\"2004\">2004<\/option>\n\t\t\t\t\t\t\t\t\t\t\t\t\t<option value=\"2003\">2003<\/option>\n\t\t\t\t\t\t\t\t\t\t\t\t\t<option value=\"2000\">2000<\/option>\n\t\t\t\t\t\t\t\t\t\t\t\t\t<option value=\"1990\">1990<\/option>\n\t\t\t\t\t\t\t\t\t\t\t\t\t<option value=\"1980\">1980<\/option>\n\t\t\t\t\t\t\t\t\t\t\t\t\t<option value=\"1970\">1970<\/option>\n\t\t\t\t\t\t\t\t\t\t\t\t\t<option value=\"1960\">1960<\/option>\n\t\t\t\t\t\t\t\t\t\t\t\t\t<option value=\"1950\">1950<\/option>\n\t\t\t\t\t\t\t\t\t\t\t\t\t<option value=\"1929\">1929<\/option>\n\t\t\t\t\t\t\t\t\t\t\t<\/select>\n  \t\t\t<\/div>\n  \t\t  \t\t<div id=\"loading\"\n\t\t  style=\"background-image: url('https:\/\/www.ipsen.com\/be\/wp-content\/themes\/ipsen-main\/dist\/images\/loader.png');z-index: 9999;display: none;position: absolute;left: 50%;\">\n\t  \t<\/div>\n\t\t<div class=\"main-timeline\">\t\n   \t\t\t\t\t<div>\n\t\t\t<div class=\"custom-year-right\"  >\n\t\t\t<i class=\"far fa-clock\" aria-hidden=\"true\"><\/i> \n\t\t\t\t\t<h5>Mars 2023 <\/h5>\n\t\t\t<\/div>\n\t\t\t<div class=\"timeline left-2\">\n\t\t\t\t<div class=\"card-history\">\n\t\t\t\t\t\t\t\t\t<div class=\"card-body\">                   \n\t\t\t\t\t<div class=\"mb-0\"><p><p><strong>Ipsen acquiert Albireo<\/strong><\/p>\n<p>Ipsen acquiert Albireo, une entreprise sp\u00e9cialis\u00e9e dans les maladies rares du foie, et int\u00e8gre ainsi \u00e0 son portefeuille Bylvay<sup>\u00ae<\/sup> (odevixibat), un inhibiteur non syst\u00e9mique du transport il\u00e9al des acides biliaires pour le traitement du prurit chez l&#8217;enfant atteint de la cholestase intrah\u00e9patique familiale progressive (PFIC).<\/p>\n<\/p><\/div>\n\t\t\t\t<\/div>\n\t\t\t\t<\/div>              \n\t\t\t<\/div>        \n\t\t<\/div>\n\t\t\t\t\t<div>\n\t\t\t<div class=\"custom-year-left\"  >\n\t\t\t<i class=\"far fa-clock\" aria-hidden=\"true\"><\/i> \n\t\t\t\t\t<h5>Ao\u00fbt 2022 <\/h5>\n\t\t\t<\/div>\n\t\t\t<div class=\"timeline right-2\">\n\t\t\t\t<div class=\"card-history\">\n\t\t\t\t\t\t\t\t\t<div class=\"card-body\">                   \n\t\t\t\t\t<div class=\"mb-0\"><p><p>Acquisition d&#8217;Epizyme. Ipsen finalise l&#8217;acquisition d&#8217;Epizyme et de son m\u00e9dicament phare, Tazverik<sup>\u00ae<\/sup> (tazemetostat), un inhibiteur d\u2019EZH2 sans chimioth\u00e9rapie, premier de sa cat\u00e9gorie, pour les adultes atteints d\u2019un lymphome folliculaire (FL) r\u00e9cidivant ou r\u00e9fractaire. Tazverik obtient l\u2019approbation acc\u00e9l\u00e9r\u00e9e des autorit\u00e9s am\u00e9ricaines (FDA) en 2020. Dans le cadre de la transaction, Ipsen acquiert \u00e9galement l\u2019inhibiteur oral de SETD2 d\u2019Epizyme, candidat-m\u00e9dicament premier de sa cat\u00e9gorie en cours de d\u00e9veloppement.<\/p>\n<\/p><\/div>\n\t\t\t\t<\/div>\n\t\t\t\t<\/div>              \n\t\t\t<\/div>        \n\t\t<\/div>\n\t\t\t\t\t<div>\n\t\t\t<div class=\"custom-year-right\"  >\n\t\t\t<i class=\"far fa-clock\" aria-hidden=\"true\"><\/i> \n\t\t\t\t\t<h5>Juillet 2022 <\/h5>\n\t\t\t<\/div>\n\t\t\t<div class=\"timeline left-2\">\n\t\t\t\t<div class=\"card-history\">\n\t\t\t\t\t\t\t\t\t<div class=\"card-body\">                   \n\t\t\t\t\t<div class=\"mb-0\"><p><p>Cession de l&#8217;activit\u00e9 Sant\u00e9 Familiale. En f\u00e9vrier 2022, Ipsen annonce le projet de vente de sa division Sant\u00e9 Familiale apr\u00e8s \u00eatre entr\u00e9 en n\u00e9gociations exclusives avec le laboratoire fran\u00e7ais Mayoly Spindler. En juillet, Ipsen finalise la cession de son activit\u00e9 Sant\u00e9 Familiale \u00e0 Mayoly Spindler.<\/p>\n<\/p><\/div>\n\t\t\t\t<\/div>\n\t\t\t\t<\/div>              \n\t\t\t<\/div>        \n\t\t<\/div>\n\t\t\t\t\t<div>\n\t\t\t<div class=\"custom-year-left\"  >\n\t\t\t<i class=\"far fa-clock\" aria-hidden=\"true\"><\/i> \n\t\t\t\t\t<h5> 2019 <\/h5>\n\t\t\t<\/div>\n\t\t\t<div class=\"timeline right-2\">\n\t\t\t\t<div class=\"card-history\">\n\t\t\t\t\t\t\t\t\t<div class=\"card-body\">                   \n\t\t\t\t\t<div class=\"mb-0\"><p><p><strong>Renforcer les capacit\u00e9s d&#8217;Ipsen dans les Maladies Rares<\/strong><\/p>\n<p>Ipsen acquiert Ia soci\u00e9t\u00e9 montr\u00e9alaise Clementia Pharmaceuticals, sp\u00e9cialis\u00e9e dans les maladies osseuses rares, qui apporte \u00e0 Ipsen un candidat-m\u00e9dicament, le palovarot\u00e8ne, pour le traitement de la fibrodysplasie ossifiante progressive (FOP), une maladie g\u00e9n\u00e9tique rare.<\/p>\n<\/p><\/div>\n\t\t\t\t<\/div>\n\t\t\t\t<\/div>              \n\t\t\t<\/div>        \n\t\t<\/div>\n\t\t\t\t\t<div>\n\t\t\t<div class=\"custom-year-right\"  >\n\t\t\t<i class=\"far fa-clock\" aria-hidden=\"true\"><\/i> \n\t\t\t\t\t<h5> 2017 <\/h5>\n\t\t\t<\/div>\n\t\t\t<div class=\"timeline left-2\">\n\t\t\t\t<div class=\"card-history\">\n\t\t\t\t\t\t\t\t\t<div class=\"card-body\">                   \n\t\t\t\t\t<div class=\"mb-0\"><p><p><strong>Approbation de traitements et acquisitions d&#8217;actifs<\/strong><\/p>\n<p>L&#8217;injection Dysport a \u00e9t\u00e9 approuv\u00e9e aux \u00c9tats-Unis pour le traitement de la spasticit\u00e9 des membres inf\u00e9rieurs chez les enfants \u00e2g\u00e9s de deux ans et plus. Ipsen a \u00e9galement pris sous licence le cabozantinib d&#8217;Exelixis, qui a re\u00e7u la m\u00eame ann\u00e9e une autorisation de mise sur le march\u00e9 pour le traitement de deuxi\u00e8me ligne du carcinome r\u00e9nal avanc\u00e9. En janvier de l&#8217;ann\u00e9e suivante, Ipsen a annonc\u00e9 l&#8217;acquisition de certains actifs de Merrimack Pharmaceuticals, dont Onivyde<sup>\u00ae<\/sup>, pour le traitement du cancer du pancr\u00e9as et de l&#8217;ovaire.<\/p>\n<\/p><\/div>\n\t\t\t\t<\/div>\n\t\t\t\t<\/div>              \n\t\t\t<\/div>        \n\t\t<\/div>\n\t\t\t\t\t\n\t<\/div>\t\n\t\t\t\t\t<div class=\"loader-more\" style=\"text-align:center\" onClick=\"getresult()\">\n\t\t\tFaites d\u00e9filer pour charger plus\t\t\t<img decoding=\"async\" class=\"loader-img\" src=\"https:\/\/www.ipsen.com\/be\/wp-content\/themes\/ipsen-main\/dist\/images\/loader.png\" alt=\"loader\" title=\"loader\">\n\t\t<\/div>\n\t\t   <\/div>\n<\/section>\n<!-- Ipsen History Timeline End -->\n\n\n","protected":false},"excerpt":{"rendered":"","protected":false},"author":2,"featured_media":0,"parent":0,"menu_order":0,"comment_status":"closed","ping_status":"closed","template":"","meta":{"_acf_changed":false,"footnotes":""},"class_list":["post-64","page","type-page","status-publish","hentry","entry"],"acf":[],"yoast_head":"<!-- This site is optimized with the Yoast SEO plugin v26.8 - https:\/\/yoast.com\/product\/yoast-seo-wordpress\/ -->\n<title>Histoire d&#039;Ipsen et \u00e9tapes cl\u00e9s<\/title>\n<meta name=\"description\" content=\"Vue d&#039;ensemble des \u00e9tapes cl\u00e9s de la cr\u00e9ation et de la croissance d&#039;Ipsen, une entreprise familiale avec pr\u00e8s d&#039;un si\u00e8cle d&#039;expertise dans l&#039;industrie pharmaceutique.\" \/>\n<meta name=\"robots\" content=\"index, follow, max-snippet:-1, max-image-preview:large, max-video-preview:-1\" \/>\n<link rel=\"canonical\" href=\"https:\/\/www.ipsen.com\/be\/fr\/histoire\/\" \/>\n<meta property=\"og:locale\" content=\"fr_FR\" \/>\n<meta property=\"og:type\" content=\"article\" \/>\n<meta property=\"og:title\" content=\"Histoire d&#039;Ipsen et \u00e9tapes cl\u00e9s\" \/>\n<meta property=\"og:description\" content=\"Vue d&#039;ensemble des \u00e9tapes cl\u00e9s de la cr\u00e9ation et de la croissance d&#039;Ipsen, une entreprise familiale avec pr\u00e8s d&#039;un si\u00e8cle d&#039;expertise dans l&#039;industrie pharmaceutique.\" \/>\n<meta property=\"og:url\" content=\"https:\/\/www.ipsen.com\/be\/fr\/histoire\/\" \/>\n<meta property=\"og:site_name\" content=\"Belgium\" \/>\n<meta property=\"article:modified_time\" content=\"2025-07-01T10:07:16+00:00\" \/>\n<meta name=\"twitter:card\" content=\"summary_large_image\" \/>\n<script type=\"application\/ld+json\" class=\"yoast-schema-graph\">{\"@context\":\"https:\/\/schema.org\",\"@graph\":[{\"@type\":\"WebPage\",\"@id\":\"https:\/\/www.ipsen.com\/be\/fr\/histoire\/\",\"url\":\"https:\/\/www.ipsen.com\/be\/fr\/histoire\/\",\"name\":\"Histoire d'Ipsen et \u00e9tapes cl\u00e9s\",\"isPartOf\":{\"@id\":\"https:\/\/www.ipsen.com\/be\/fr\/#website\"},\"datePublished\":\"2023-12-21T08:56:03+00:00\",\"dateModified\":\"2025-07-01T10:07:16+00:00\",\"description\":\"Vue d'ensemble des \u00e9tapes cl\u00e9s de la cr\u00e9ation et de la croissance d'Ipsen, une entreprise familiale avec pr\u00e8s d'un si\u00e8cle d'expertise dans l'industrie pharmaceutique.\",\"breadcrumb\":{\"@id\":\"https:\/\/www.ipsen.com\/be\/fr\/histoire\/#breadcrumb\"},\"inLanguage\":\"fr-FR\",\"potentialAction\":[{\"@type\":\"ReadAction\",\"target\":[\"https:\/\/www.ipsen.com\/be\/fr\/histoire\/\"]}]},{\"@type\":\"BreadcrumbList\",\"@id\":\"https:\/\/www.ipsen.com\/be\/fr\/histoire\/#breadcrumb\",\"itemListElement\":[{\"@type\":\"ListItem\",\"position\":1,\"name\":\"Home\",\"item\":\"https:\/\/www.ipsen.com\/be\/fr\/\"},{\"@type\":\"ListItem\",\"position\":2,\"name\":\"Notre histoire\"}]},{\"@type\":\"WebSite\",\"@id\":\"https:\/\/www.ipsen.com\/be\/fr\/#website\",\"url\":\"https:\/\/www.ipsen.com\/be\/fr\/\",\"name\":\"Belgium\",\"description\":\"\",\"publisher\":{\"@id\":\"https:\/\/www.ipsen.com\/be\/fr\/#organization\"},\"potentialAction\":[{\"@type\":\"SearchAction\",\"target\":{\"@type\":\"EntryPoint\",\"urlTemplate\":\"https:\/\/www.ipsen.com\/be\/fr\/?s={search_term_string}\"},\"query-input\":{\"@type\":\"PropertyValueSpecification\",\"valueRequired\":true,\"valueName\":\"search_term_string\"}}],\"inLanguage\":\"fr-FR\"},{\"@type\":\"Organization\",\"@id\":\"https:\/\/www.ipsen.com\/be\/fr\/#organization\",\"name\":\"Belgium\",\"url\":\"https:\/\/www.ipsen.com\/be\/fr\/\",\"logo\":{\"@type\":\"ImageObject\",\"inLanguage\":\"fr-FR\",\"@id\":\"https:\/\/www.ipsen.com\/be\/fr\/#\/schema\/logo\/image\/\",\"url\":\"https:\/\/www.ipsen.com\/be\/wp-content\/uploads\/sites\/7\/2023\/12\/Latest_Ipsen-logo_168x48.svg\",\"contentUrl\":\"https:\/\/www.ipsen.com\/be\/wp-content\/uploads\/sites\/7\/2023\/12\/Latest_Ipsen-logo_168x48.svg\",\"caption\":\"Belgium\"},\"image\":{\"@id\":\"https:\/\/www.ipsen.com\/be\/fr\/#\/schema\/logo\/image\/\"}}]}<\/script>\n<!-- \/ Yoast SEO plugin. -->","yoast_head_json":{"title":"Histoire d'Ipsen et \u00e9tapes cl\u00e9s","description":"Vue d'ensemble des \u00e9tapes cl\u00e9s de la cr\u00e9ation et de la croissance d'Ipsen, une entreprise familiale avec pr\u00e8s d'un si\u00e8cle d'expertise dans l'industrie pharmaceutique.","robots":{"index":"index","follow":"follow","max-snippet":"max-snippet:-1","max-image-preview":"max-image-preview:large","max-video-preview":"max-video-preview:-1"},"canonical":"https:\/\/www.ipsen.com\/be\/fr\/histoire\/","og_locale":"fr_FR","og_type":"article","og_title":"Histoire d'Ipsen et \u00e9tapes cl\u00e9s","og_description":"Vue d'ensemble des \u00e9tapes cl\u00e9s de la cr\u00e9ation et de la croissance d'Ipsen, une entreprise familiale avec pr\u00e8s d'un si\u00e8cle d'expertise dans l'industrie pharmaceutique.","og_url":"https:\/\/www.ipsen.com\/be\/fr\/histoire\/","og_site_name":"Belgium","article_modified_time":"2025-07-01T10:07:16+00:00","twitter_card":"summary_large_image","schema":{"@context":"https:\/\/schema.org","@graph":[{"@type":"WebPage","@id":"https:\/\/www.ipsen.com\/be\/fr\/histoire\/","url":"https:\/\/www.ipsen.com\/be\/fr\/histoire\/","name":"Histoire d'Ipsen et \u00e9tapes cl\u00e9s","isPartOf":{"@id":"https:\/\/www.ipsen.com\/be\/fr\/#website"},"datePublished":"2023-12-21T08:56:03+00:00","dateModified":"2025-07-01T10:07:16+00:00","description":"Vue d'ensemble des \u00e9tapes cl\u00e9s de la cr\u00e9ation et de la croissance d'Ipsen, une entreprise familiale avec pr\u00e8s d'un si\u00e8cle d'expertise dans l'industrie pharmaceutique.","breadcrumb":{"@id":"https:\/\/www.ipsen.com\/be\/fr\/histoire\/#breadcrumb"},"inLanguage":"fr-FR","potentialAction":[{"@type":"ReadAction","target":["https:\/\/www.ipsen.com\/be\/fr\/histoire\/"]}]},{"@type":"BreadcrumbList","@id":"https:\/\/www.ipsen.com\/be\/fr\/histoire\/#breadcrumb","itemListElement":[{"@type":"ListItem","position":1,"name":"Home","item":"https:\/\/www.ipsen.com\/be\/fr\/"},{"@type":"ListItem","position":2,"name":"Notre histoire"}]},{"@type":"WebSite","@id":"https:\/\/www.ipsen.com\/be\/fr\/#website","url":"https:\/\/www.ipsen.com\/be\/fr\/","name":"Belgium","description":"","publisher":{"@id":"https:\/\/www.ipsen.com\/be\/fr\/#organization"},"potentialAction":[{"@type":"SearchAction","target":{"@type":"EntryPoint","urlTemplate":"https:\/\/www.ipsen.com\/be\/fr\/?s={search_term_string}"},"query-input":{"@type":"PropertyValueSpecification","valueRequired":true,"valueName":"search_term_string"}}],"inLanguage":"fr-FR"},{"@type":"Organization","@id":"https:\/\/www.ipsen.com\/be\/fr\/#organization","name":"Belgium","url":"https:\/\/www.ipsen.com\/be\/fr\/","logo":{"@type":"ImageObject","inLanguage":"fr-FR","@id":"https:\/\/www.ipsen.com\/be\/fr\/#\/schema\/logo\/image\/","url":"https:\/\/www.ipsen.com\/be\/wp-content\/uploads\/sites\/7\/2023\/12\/Latest_Ipsen-logo_168x48.svg","contentUrl":"https:\/\/www.ipsen.com\/be\/wp-content\/uploads\/sites\/7\/2023\/12\/Latest_Ipsen-logo_168x48.svg","caption":"Belgium"},"image":{"@id":"https:\/\/www.ipsen.com\/be\/fr\/#\/schema\/logo\/image\/"}}]}},"parsely":{"version":"1.1.0","canonical_url":"https:\/\/ipsen.com\/be\/fr\/histoire\/","smart_links":{"inbound":0,"outbound":0},"traffic_boost_suggestions_count":0,"meta":{"@context":"https:\/\/schema.org","@type":"WebPage","headline":"Notre histoire","url":"http:\/\/www.ipsen.com\/be\/fr\/histoire\/","mainEntityOfPage":{"@type":"WebPage","@id":"http:\/\/www.ipsen.com\/be\/fr\/histoire\/"},"thumbnailUrl":"","image":{"@type":"ImageObject","url":""},"articleSection":"Non classifi\u00e9(e)","author":[{"@type":"Person","name":"navya"}],"creator":["navya"],"publisher":{"@type":"Organization","name":"Belgium","logo":""},"keywords":[],"dateCreated":"2023-12-21T08:56:03Z","datePublished":"2023-12-21T08:56:03Z","dateModified":"2025-07-01T10:07:16Z"},"rendered":"<script type=\"application\/ld+json\" class=\"wp-parsely-metadata\">{\"@context\":\"https:\\\/\\\/schema.org\",\"@type\":\"WebPage\",\"headline\":\"Notre histoire\",\"url\":\"http:\\\/\\\/www.ipsen.com\\\/be\\\/fr\\\/histoire\\\/\",\"mainEntityOfPage\":{\"@type\":\"WebPage\",\"@id\":\"http:\\\/\\\/www.ipsen.com\\\/be\\\/fr\\\/histoire\\\/\"},\"thumbnailUrl\":\"\",\"image\":{\"@type\":\"ImageObject\",\"url\":\"\"},\"articleSection\":\"Non classifi\\u00e9(e)\",\"author\":[{\"@type\":\"Person\",\"name\":\"navya\"}],\"creator\":[\"navya\"],\"publisher\":{\"@type\":\"Organization\",\"name\":\"Belgium\",\"logo\":\"\"},\"keywords\":[],\"dateCreated\":\"2023-12-21T08:56:03Z\",\"datePublished\":\"2023-12-21T08:56:03Z\",\"dateModified\":\"2025-07-01T10:07:16Z\"}<\/script>","tracker_url":"https:\/\/cdn.parsely.com\/keys\/ipsen.com\/p.js"},"_links":{"self":[{"href":"https:\/\/www.ipsen.com\/be\/fr\/wp-json\/wp\/v2\/pages\/64","targetHints":{"allow":["GET"]}}],"collection":[{"href":"https:\/\/www.ipsen.com\/be\/fr\/wp-json\/wp\/v2\/pages"}],"about":[{"href":"https:\/\/www.ipsen.com\/be\/fr\/wp-json\/wp\/v2\/types\/page"}],"author":[{"embeddable":true,"href":"https:\/\/www.ipsen.com\/be\/fr\/wp-json\/wp\/v2\/users\/2"}],"replies":[{"embeddable":true,"href":"https:\/\/www.ipsen.com\/be\/fr\/wp-json\/wp\/v2\/comments?post=64"}],"version-history":[{"count":10,"href":"https:\/\/www.ipsen.com\/be\/fr\/wp-json\/wp\/v2\/pages\/64\/revisions"}],"predecessor-version":[{"id":1714,"href":"https:\/\/www.ipsen.com\/be\/fr\/wp-json\/wp\/v2\/pages\/64\/revisions\/1714"}],"wp:attachment":[{"href":"https:\/\/www.ipsen.com\/be\/fr\/wp-json\/wp\/v2\/media?parent=64"}],"curies":[{"name":"wp","href":"https:\/\/api.w.org\/{rel}","templated":true}]}}