{"id":62,"date":"2023-12-21T10:38:00","date_gmt":"2023-12-21T08:38:00","guid":{"rendered":"https:\/\/www.ipsen.com\/be\/entreprise\/managementteam\/"},"modified":"2025-10-14T22:22:25","modified_gmt":"2025-10-14T20:22:25","slug":"equipe-de-direction","status":"publish","type":"page","link":"https:\/\/www.ipsen.com\/be\/fr\/equipe-de-direction\/","title":{"rendered":"\u00c9quipe de direction"},"content":{"rendered":"    <section class=\"sub-page-banner bg-img-enabled  banner-no-filter\" style=\"background-image:url(https:\/\/www.ipsen.com\/be\/wp-content\/uploads\/sites\/7\/2025\/07\/Company-Leadership.jpg)\">\n                <div class=\"container content-sec\">\n            <nav aria-label=\"breadcrumb\">\n            <ol class=\"breadcrumb\">\n                <li class=\"breadcrumb-item\"><a href=\"https:\/\/www.ipsen.com\/be\/fr\/\">Accueil<\/a><\/li><li class=\"breadcrumb-item active\"><a href=\"#\" aria-current=\"page\">Entreprise &#8211; \u00c9quipe de direction<\/a><\/li><\/ol>\n            <\/nav>            <h1 class=\"visible banner-font-color-white\">\u00c9quipe de direction<\/h1>\n            <p class=\"visible banner-font-color-white\">  Une \u00e9quipe de dirigeants exp\u00e9riment\u00e9s qui se consacrent \u00e0 maximiser les forces d&#8217;Ipsen au profit des patients de la Belgique et du Luxembourg.<\/p>\n        <\/div>\n    <\/section>\n\n\n\n\n    <div class=\"container tab-pane-container\" >\n        <section class=\"profile-card\">\n            <div class=\"profile-regular-listing\">\n    <div class=\"container regular-listing-container\">\n        <h3 role=\"heading\" aria-level=\"2\" class=\"profile-head visible heading-three\"> Direction G\u00e9n\u00e9rale<\/h3>\n        <p class=\"profile-summary visible\">L\u2019\u00e9quipe de direction d\u2019Ipsen Belgique et Luxembourg est compos\u00e9e de la Directrice G\u00e9n\u00e9rale et de 8 membres ex\u00e9cutifs.<\/p>\n        <div class=\"regular-lisitng\">\n            <div class=\"row\">\n                                            <div class=\"col-lg-4 col-md-6 col-sm-12\">\n                                <div class=\"profile-regular-card\">\n\n                                        <div class=\"profile-regular-card-inner\">\n                                                                                            <a href=\"https:\/\/www.ipsen.com\/be\/fr\/leadership\/catherine-abi-habib\/\">\n                                                \n                                            \n                                                <div class=\"profile-card-img\">\n                                                    <img decoding=\"async\" src=\"https:\/\/www.ipsen.com\/be\/wp-content\/uploads\/sites\/7\/2024\/02\/Untitled-300-x-201-px-3.png\" alt=\"Catherine ABI-HABIB\" \/>\n                                                <\/div>\n                                                <div class=\"profile-details-sec\">\n                                                    <h3 role=\"heading\" aria-level=\"3\" class=\"profile-title-para\">\n                                                        Catherine ABI-HABIB                                                    <\/h3>\n                                                    <div class=\"role-sec\">\n                                                        <p>\n                                                            <span class=\"profile-main visible\">\n                                                                Directrice G\u00e9n\u00e9rale                                                            <\/span>\n                                                        <\/p>\n                                                        <div class=\"profile-dec-sec visible\">\n                                                            <p class=\"profile-role-desc\">\n                                                                Op\u00e9rations commerciales en Belgique et Luxembourg                                                            <\/p>\n                                                        <\/div>\n                                                    <\/div>\n                                                <\/div>\n                                                                                            <\/a>\n                                                \n\n                                        <\/div>\n\n                                <\/div>\n                            <\/div>\n                                            <div class=\"col-lg-4 col-md-6 col-sm-12\">\n                                <div class=\"profile-regular-card\">\n\n                                        <div class=\"profile-regular-card-inner\">\n                                                                                            <a href=\"https:\/\/www.ipsen.com\/be\/fr\/leadership\/marjon-troost\/\">\n                                                \n                                            \n                                                <div class=\"profile-card-img\">\n                                                    <img decoding=\"async\" src=\"https:\/\/www.ipsen.com\/be\/wp-content\/uploads\/sites\/7\/2024\/02\/Untitled-300-x-201-px-4.png\" alt=\"Marjon TROOST\" \/>\n                                                <\/div>\n                                                <div class=\"profile-details-sec\">\n                                                    <h3 role=\"heading\" aria-level=\"3\" class=\"profile-title-para\">\n                                                        Marjon TROOST                                                    <\/h3>\n                                                    <div class=\"role-sec\">\n                                                        <p>\n                                                            <span class=\"profile-main visible\">\n                                                                Directrice de la R\u00e9glementation et de la Qualit\u00e9 Benelux                                                            <\/span>\n                                                        <\/p>\n                                                        <div class=\"profile-dec-sec visible\">\n                                                            <p class=\"profile-role-desc\">\n                                                                Op\u00e9rations commerciales BeNeLux                                                            <\/p>\n                                                        <\/div>\n                                                    <\/div>\n                                                <\/div>\n                                                                                            <\/a>\n                                                \n\n                                        <\/div>\n\n                                <\/div>\n                            <\/div>\n                                            <div class=\"col-lg-4 col-md-6 col-sm-12\">\n                                <div class=\"profile-regular-card\">\n\n                                        <div class=\"profile-regular-card-inner\">\n                                                                                            <a href=\"https:\/\/www.ipsen.com\/be\/fr\/leadership\/inez-lenaerts\/\">\n                                                \n                                            \n                                                <div class=\"profile-card-img\">\n                                                    <img decoding=\"async\" src=\"https:\/\/www.ipsen.com\/be\/wp-content\/uploads\/sites\/7\/2024\/02\/Inez_756x506.jpg\" alt=\"Inez LENAERTS\" \/>\n                                                <\/div>\n                                                <div class=\"profile-details-sec\">\n                                                    <h3 role=\"heading\" aria-level=\"3\" class=\"profile-title-para\">\n                                                        Inez LENAERTS                                                    <\/h3>\n                                                    <div class=\"role-sec\">\n                                                        <p>\n                                                            <span class=\"profile-main visible\">\n                                                                Assistante Ex\u00e9cutive et Responsable des installations                                                            <\/span>\n                                                        <\/p>\n                                                        <div class=\"profile-dec-sec visible\">\n                                                            <p class=\"profile-role-desc\">\n                                                                Op\u00e9rations commerciales en Belgique et Luxembourg                                                            <\/p>\n                                                        <\/div>\n                                                    <\/div>\n                                                <\/div>\n                                                                                            <\/a>\n                                                \n\n                                        <\/div>\n\n                                <\/div>\n                            <\/div>\n                                            <div class=\"col-lg-4 col-md-6 col-sm-12\">\n                                <div class=\"profile-regular-card\">\n\n                                        <div class=\"profile-regular-card-inner\">\n                                                                                            <a href=\"https:\/\/www.ipsen.com\/be\/fr\/leadership\/vincent-de-ruyter\/\">\n                                                \n                                            \n                                                <div class=\"profile-card-img\">\n                                                    <img decoding=\"async\" src=\"https:\/\/www.ipsen.com\/be\/wp-content\/uploads\/sites\/7\/2024\/02\/Vincent-De-Ruyter_756x506.jpg\" alt=\"Vincent DE RUYTER\" \/>\n                                                <\/div>\n                                                <div class=\"profile-details-sec\">\n                                                    <h3 role=\"heading\" aria-level=\"3\" class=\"profile-title-para\">\n                                                        Vincent DE RUYTER                                                    <\/h3>\n                                                    <div class=\"role-sec\">\n                                                        <p>\n                                                            <span class=\"profile-main visible\">\n                                                                Directeur m\u00e9dical BeLux                                                            <\/span>\n                                                        <\/p>\n                                                        <div class=\"profile-dec-sec visible\">\n                                                            <p class=\"profile-role-desc\">\n                                                                Op\u00e9rations commerciales en Belgique et Luxembourg                                                            <\/p>\n                                                        <\/div>\n                                                    <\/div>\n                                                <\/div>\n                                                                                            <\/a>\n                                                \n\n                                        <\/div>\n\n                                <\/div>\n                            <\/div>\n                                            <div class=\"col-lg-4 col-md-6 col-sm-12\">\n                                <div class=\"profile-regular-card\">\n\n                                        <div class=\"profile-regular-card-inner\">\n                                                                                            <a href=\"https:\/\/www.ipsen.com\/be\/fr\/leadership\/frank-lorre\/\">\n                                                \n                                            \n                                                <div class=\"profile-card-img\">\n                                                    <img decoding=\"async\" src=\"https:\/\/www.ipsen.com\/be\/wp-content\/uploads\/sites\/7\/2024\/02\/Frank_756x506.jpg\" alt=\"Frank LORRE\" \/>\n                                                <\/div>\n                                                <div class=\"profile-details-sec\">\n                                                    <h3 role=\"heading\" aria-level=\"3\" class=\"profile-title-para\">\n                                                        Frank LORRE                                                    <\/h3>\n                                                    <div class=\"role-sec\">\n                                                        <p>\n                                                            <span class=\"profile-main visible\">\n                                                                Directeur de l&#8217;Acc\u00e8s au March\u00e9 et des Affaires Publique                                                            <\/span>\n                                                        <\/p>\n                                                        <div class=\"profile-dec-sec visible\">\n                                                            <p class=\"profile-role-desc\">\n                                                                Op\u00e9rations commerciales en Belgique et Luxembourg                                                            <\/p>\n                                                        <\/div>\n                                                    <\/div>\n                                                <\/div>\n                                                                                            <\/a>\n                                                \n\n                                        <\/div>\n\n                                <\/div>\n                            <\/div>\n                                            <div class=\"col-lg-4 col-md-6 col-sm-12\">\n                                <div class=\"profile-regular-card\">\n\n                                        <div class=\"profile-regular-card-inner\">\n                                                                                            <a href=\"https:\/\/www.ipsen.com\/be\/fr\/leadership\/vincent-steels\/\">\n                                                \n                                            \n                                                <div class=\"profile-card-img\">\n                                                    <img decoding=\"async\" src=\"https:\/\/www.ipsen.com\/be\/wp-content\/uploads\/sites\/7\/2024\/02\/Vincent-Steel_756x506.jpg\" alt=\"Vincent STEELS\" \/>\n                                                <\/div>\n                                                <div class=\"profile-details-sec\">\n                                                    <h3 role=\"heading\" aria-level=\"3\" class=\"profile-title-para\">\n                                                        Vincent STEELS                                                    <\/h3>\n                                                    <div class=\"role-sec\">\n                                                        <p>\n                                                            <span class=\"profile-main visible\">\n                                                                Directeur Business Unit &#8211; Neurosciences et Maladies Rares                                                            <\/span>\n                                                        <\/p>\n                                                        <div class=\"profile-dec-sec visible\">\n                                                            <p class=\"profile-role-desc\">\n                                                                Op\u00e9rations commerciales en Belgique et Luxembourg                                                            <\/p>\n                                                        <\/div>\n                                                    <\/div>\n                                                <\/div>\n                                                                                            <\/a>\n                                                \n\n                                        <\/div>\n\n                                <\/div>\n                            <\/div>\n                                            <div class=\"col-lg-4 col-md-6 col-sm-12\">\n                                <div class=\"profile-regular-card\">\n\n                                        <div class=\"profile-regular-card-inner\">\n                                                                                            <a href=\"https:\/\/www.ipsen.com\/be\/fr\/leadership\/wouter-van-thienen\/\">\n                                                \n                                            \n                                                <div class=\"profile-card-img\">\n                                                    <img decoding=\"async\" src=\"https:\/\/www.ipsen.com\/be\/wp-content\/uploads\/sites\/7\/2025\/10\/Untitled-300-x-201-px-6.png\" alt=\"Wouter VAN THIENEN\" \/>\n                                                <\/div>\n                                                <div class=\"profile-details-sec\">\n                                                    <h3 role=\"heading\" aria-level=\"3\" class=\"profile-title-para\">\n                                                        Wouter VAN THIENEN                                                    <\/h3>\n                                                    <div class=\"role-sec\">\n                                                        <p>\n                                                            <span class=\"profile-main visible\">\n                                                                Directeur Business Unit Oncologie                                                            <\/span>\n                                                        <\/p>\n                                                        <div class=\"profile-dec-sec visible\">\n                                                            <p class=\"profile-role-desc\">\n                                                                Op\u00e9rations commerciales en Belgique et Luxembourg                                                            <\/p>\n                                                        <\/div>\n                                                    <\/div>\n                                                <\/div>\n                                                                                            <\/a>\n                                                \n\n                                        <\/div>\n\n                                <\/div>\n                            <\/div>\n                                            <div class=\"col-lg-4 col-md-6 col-sm-12\">\n                                <div class=\"profile-regular-card\">\n\n                                        <div class=\"profile-regular-card-inner\">\n                                                                                            <a href=\"https:\/\/www.ipsen.com\/be\/fr\/leadership\/peter-fluit\/\">\n                                                \n                                            \n                                                <div class=\"profile-card-img\">\n                                                    <img decoding=\"async\" src=\"https:\/\/www.ipsen.com\/be\/wp-content\/uploads\/sites\/7\/2024\/02\/Untitled-300-x-201-px-5.png\" alt=\"Peter FLUIT\" \/>\n                                                <\/div>\n                                                <div class=\"profile-details-sec\">\n                                                    <h3 role=\"heading\" aria-level=\"3\" class=\"profile-title-para\">\n                                                        Peter FLUIT                                                    <\/h3>\n                                                    <div class=\"role-sec\">\n                                                        <p>\n                                                            <span class=\"profile-main visible\">\n                                                                Directeur financier BeNeLux                                                            <\/span>\n                                                        <\/p>\n                                                        <div class=\"profile-dec-sec visible\">\n                                                            <p class=\"profile-role-desc\">\n                                                                Op\u00e9rations commerciales BeNeLux                                                            <\/p>\n                                                        <\/div>\n                                                    <\/div>\n                                                <\/div>\n                                                                                            <\/a>\n                                                \n\n                                        <\/div>\n\n                                <\/div>\n                            <\/div>\n                                            <div class=\"col-lg-4 col-md-6 col-sm-12\">\n                                <div class=\"profile-regular-card\">\n\n                                        <div class=\"profile-regular-card-inner\">\n                                                                                            <a href=\"https:\/\/www.ipsen.com\/be\/fr\/leadership\/arjen-fehr\/\">\n                                                \n                                            \n                                                <div class=\"profile-card-img\">\n                                                    <img decoding=\"async\" src=\"https:\/\/www.ipsen.com\/be\/wp-content\/uploads\/sites\/7\/2024\/02\/Arjen_756x506.jpg\" alt=\"Arjen FEHR\" \/>\n                                                <\/div>\n                                                <div class=\"profile-details-sec\">\n                                                    <h3 role=\"heading\" aria-level=\"3\" class=\"profile-title-para\">\n                                                        Arjen FEHR                                                    <\/h3>\n                                                    <div class=\"role-sec\">\n                                                        <p>\n                                                            <span class=\"profile-main visible\">\n                                                                Directeur Ressources Humaines BeNeLux                                                            <\/span>\n                                                        <\/p>\n                                                        <div class=\"profile-dec-sec visible\">\n                                                            <p class=\"profile-role-desc\">\n                                                                Op\u00e9rations commerciales BeNeLux                                                            <\/p>\n                                                        <\/div>\n                                                    <\/div>\n                                                <\/div>\n                                                                                            <\/a>\n                                                \n\n                                        <\/div>\n\n                                <\/div>\n                            <\/div>\n                \n            <\/div>\n        <\/div>\n    <\/div>\n<\/div>        <\/section>\n    <\/div>\n\n","protected":false},"excerpt":{"rendered":"","protected":false},"author":2,"featured_media":0,"parent":0,"menu_order":0,"comment_status":"closed","ping_status":"closed","template":"","meta":{"_acf_changed":false,"footnotes":""},"class_list":["post-62","page","type-page","status-publish","hentry","entry"],"acf":[],"yoast_head":"<!-- This site is optimized with the Yoast SEO plugin v26.8 - https:\/\/yoast.com\/product\/yoast-seo-wordpress\/ -->\n<title>Direction G\u00e9n\u00e9rale et Conseil d&#039;administration d&#039;Ipsen<\/title>\n<meta name=\"description\" content=\"Retrouvez les membres de la Direction G\u00e9n\u00e9rale et du Conseil d&#039;administration.\" \/>\n<meta name=\"robots\" content=\"index, follow, max-snippet:-1, max-image-preview:large, max-video-preview:-1\" \/>\n<link rel=\"canonical\" href=\"https:\/\/www.ipsen.com\/be\/fr\/equipe-de-direction\/\" \/>\n<meta property=\"og:locale\" content=\"fr_FR\" \/>\n<meta property=\"og:type\" content=\"article\" \/>\n<meta property=\"og:title\" content=\"Direction G\u00e9n\u00e9rale et Conseil d&#039;administration d&#039;Ipsen\" \/>\n<meta property=\"og:description\" content=\"Retrouvez les membres de la Direction G\u00e9n\u00e9rale et du Conseil d&#039;administration.\" \/>\n<meta property=\"og:url\" content=\"https:\/\/www.ipsen.com\/be\/fr\/equipe-de-direction\/\" \/>\n<meta property=\"og:site_name\" content=\"Belgium\" \/>\n<meta property=\"article:modified_time\" content=\"2025-10-14T20:22:25+00:00\" \/>\n<meta name=\"twitter:card\" content=\"summary_large_image\" \/>\n<script type=\"application\/ld+json\" class=\"yoast-schema-graph\">{\"@context\":\"https:\/\/schema.org\",\"@graph\":[{\"@type\":\"WebPage\",\"@id\":\"https:\/\/www.ipsen.com\/be\/fr\/equipe-de-direction\/\",\"url\":\"https:\/\/www.ipsen.com\/be\/fr\/equipe-de-direction\/\",\"name\":\"Direction G\u00e9n\u00e9rale et Conseil d'administration d'Ipsen\",\"isPartOf\":{\"@id\":\"https:\/\/www.ipsen.com\/be\/fr\/#website\"},\"datePublished\":\"2023-12-21T08:38:00+00:00\",\"dateModified\":\"2025-10-14T20:22:25+00:00\",\"description\":\"Retrouvez les membres de la Direction G\u00e9n\u00e9rale et du Conseil d'administration.\",\"breadcrumb\":{\"@id\":\"https:\/\/www.ipsen.com\/be\/fr\/equipe-de-direction\/#breadcrumb\"},\"inLanguage\":\"fr-FR\",\"potentialAction\":[{\"@type\":\"ReadAction\",\"target\":[\"https:\/\/www.ipsen.com\/be\/fr\/equipe-de-direction\/\"]}]},{\"@type\":\"BreadcrumbList\",\"@id\":\"https:\/\/www.ipsen.com\/be\/fr\/equipe-de-direction\/#breadcrumb\",\"itemListElement\":[{\"@type\":\"ListItem\",\"position\":1,\"name\":\"Home\",\"item\":\"https:\/\/www.ipsen.com\/be\/fr\/\"},{\"@type\":\"ListItem\",\"position\":2,\"name\":\"\u00c9quipe de direction\"}]},{\"@type\":\"WebSite\",\"@id\":\"https:\/\/www.ipsen.com\/be\/fr\/#website\",\"url\":\"https:\/\/www.ipsen.com\/be\/fr\/\",\"name\":\"Belgium\",\"description\":\"\",\"publisher\":{\"@id\":\"https:\/\/www.ipsen.com\/be\/fr\/#organization\"},\"potentialAction\":[{\"@type\":\"SearchAction\",\"target\":{\"@type\":\"EntryPoint\",\"urlTemplate\":\"https:\/\/www.ipsen.com\/be\/fr\/?s={search_term_string}\"},\"query-input\":{\"@type\":\"PropertyValueSpecification\",\"valueRequired\":true,\"valueName\":\"search_term_string\"}}],\"inLanguage\":\"fr-FR\"},{\"@type\":\"Organization\",\"@id\":\"https:\/\/www.ipsen.com\/be\/fr\/#organization\",\"name\":\"Belgium\",\"url\":\"https:\/\/www.ipsen.com\/be\/fr\/\",\"logo\":{\"@type\":\"ImageObject\",\"inLanguage\":\"fr-FR\",\"@id\":\"https:\/\/www.ipsen.com\/be\/fr\/#\/schema\/logo\/image\/\",\"url\":\"https:\/\/www.ipsen.com\/be\/wp-content\/uploads\/sites\/7\/2023\/12\/Latest_Ipsen-logo_168x48.svg\",\"contentUrl\":\"https:\/\/www.ipsen.com\/be\/wp-content\/uploads\/sites\/7\/2023\/12\/Latest_Ipsen-logo_168x48.svg\",\"caption\":\"Belgium\"},\"image\":{\"@id\":\"https:\/\/www.ipsen.com\/be\/fr\/#\/schema\/logo\/image\/\"}}]}<\/script>\n<!-- \/ Yoast SEO plugin. -->","yoast_head_json":{"title":"Direction G\u00e9n\u00e9rale et Conseil d'administration d'Ipsen","description":"Retrouvez les membres de la Direction G\u00e9n\u00e9rale et du Conseil d'administration.","robots":{"index":"index","follow":"follow","max-snippet":"max-snippet:-1","max-image-preview":"max-image-preview:large","max-video-preview":"max-video-preview:-1"},"canonical":"https:\/\/www.ipsen.com\/be\/fr\/equipe-de-direction\/","og_locale":"fr_FR","og_type":"article","og_title":"Direction G\u00e9n\u00e9rale et Conseil d'administration d'Ipsen","og_description":"Retrouvez les membres de la Direction G\u00e9n\u00e9rale et du Conseil d'administration.","og_url":"https:\/\/www.ipsen.com\/be\/fr\/equipe-de-direction\/","og_site_name":"Belgium","article_modified_time":"2025-10-14T20:22:25+00:00","twitter_card":"summary_large_image","schema":{"@context":"https:\/\/schema.org","@graph":[{"@type":"WebPage","@id":"https:\/\/www.ipsen.com\/be\/fr\/equipe-de-direction\/","url":"https:\/\/www.ipsen.com\/be\/fr\/equipe-de-direction\/","name":"Direction G\u00e9n\u00e9rale et Conseil d'administration d'Ipsen","isPartOf":{"@id":"https:\/\/www.ipsen.com\/be\/fr\/#website"},"datePublished":"2023-12-21T08:38:00+00:00","dateModified":"2025-10-14T20:22:25+00:00","description":"Retrouvez les membres de la Direction G\u00e9n\u00e9rale et du Conseil d'administration.","breadcrumb":{"@id":"https:\/\/www.ipsen.com\/be\/fr\/equipe-de-direction\/#breadcrumb"},"inLanguage":"fr-FR","potentialAction":[{"@type":"ReadAction","target":["https:\/\/www.ipsen.com\/be\/fr\/equipe-de-direction\/"]}]},{"@type":"BreadcrumbList","@id":"https:\/\/www.ipsen.com\/be\/fr\/equipe-de-direction\/#breadcrumb","itemListElement":[{"@type":"ListItem","position":1,"name":"Home","item":"https:\/\/www.ipsen.com\/be\/fr\/"},{"@type":"ListItem","position":2,"name":"\u00c9quipe de direction"}]},{"@type":"WebSite","@id":"https:\/\/www.ipsen.com\/be\/fr\/#website","url":"https:\/\/www.ipsen.com\/be\/fr\/","name":"Belgium","description":"","publisher":{"@id":"https:\/\/www.ipsen.com\/be\/fr\/#organization"},"potentialAction":[{"@type":"SearchAction","target":{"@type":"EntryPoint","urlTemplate":"https:\/\/www.ipsen.com\/be\/fr\/?s={search_term_string}"},"query-input":{"@type":"PropertyValueSpecification","valueRequired":true,"valueName":"search_term_string"}}],"inLanguage":"fr-FR"},{"@type":"Organization","@id":"https:\/\/www.ipsen.com\/be\/fr\/#organization","name":"Belgium","url":"https:\/\/www.ipsen.com\/be\/fr\/","logo":{"@type":"ImageObject","inLanguage":"fr-FR","@id":"https:\/\/www.ipsen.com\/be\/fr\/#\/schema\/logo\/image\/","url":"https:\/\/www.ipsen.com\/be\/wp-content\/uploads\/sites\/7\/2023\/12\/Latest_Ipsen-logo_168x48.svg","contentUrl":"https:\/\/www.ipsen.com\/be\/wp-content\/uploads\/sites\/7\/2023\/12\/Latest_Ipsen-logo_168x48.svg","caption":"Belgium"},"image":{"@id":"https:\/\/www.ipsen.com\/be\/fr\/#\/schema\/logo\/image\/"}}]}},"parsely":{"version":"1.1.0","canonical_url":"https:\/\/ipsen.com\/be\/fr\/equipe-de-direction\/","smart_links":{"inbound":0,"outbound":0},"traffic_boost_suggestions_count":0,"meta":{"@context":"https:\/\/schema.org","@type":"WebPage","headline":"\u00c9quipe de direction","url":"http:\/\/www.ipsen.com\/be\/fr\/equipe-de-direction\/","mainEntityOfPage":{"@type":"WebPage","@id":"http:\/\/www.ipsen.com\/be\/fr\/equipe-de-direction\/"},"thumbnailUrl":"","image":{"@type":"ImageObject","url":""},"articleSection":"Non classifi\u00e9(e)","author":[{"@type":"Person","name":"navya"}],"creator":["navya"],"publisher":{"@type":"Organization","name":"Belgium","logo":""},"keywords":[],"dateCreated":"2023-12-21T08:38:00Z","datePublished":"2023-12-21T08:38:00Z","dateModified":"2025-10-14T20:22:25Z"},"rendered":"<script type=\"application\/ld+json\" class=\"wp-parsely-metadata\">{\"@context\":\"https:\\\/\\\/schema.org\",\"@type\":\"WebPage\",\"headline\":\"\\u00c9quipe de direction\",\"url\":\"http:\\\/\\\/www.ipsen.com\\\/be\\\/fr\\\/equipe-de-direction\\\/\",\"mainEntityOfPage\":{\"@type\":\"WebPage\",\"@id\":\"http:\\\/\\\/www.ipsen.com\\\/be\\\/fr\\\/equipe-de-direction\\\/\"},\"thumbnailUrl\":\"\",\"image\":{\"@type\":\"ImageObject\",\"url\":\"\"},\"articleSection\":\"Non classifi\\u00e9(e)\",\"author\":[{\"@type\":\"Person\",\"name\":\"navya\"}],\"creator\":[\"navya\"],\"publisher\":{\"@type\":\"Organization\",\"name\":\"Belgium\",\"logo\":\"\"},\"keywords\":[],\"dateCreated\":\"2023-12-21T08:38:00Z\",\"datePublished\":\"2023-12-21T08:38:00Z\",\"dateModified\":\"2025-10-14T20:22:25Z\"}<\/script>","tracker_url":"https:\/\/cdn.parsely.com\/keys\/ipsen.com\/p.js"},"_links":{"self":[{"href":"https:\/\/www.ipsen.com\/be\/fr\/wp-json\/wp\/v2\/pages\/62","targetHints":{"allow":["GET"]}}],"collection":[{"href":"https:\/\/www.ipsen.com\/be\/fr\/wp-json\/wp\/v2\/pages"}],"about":[{"href":"https:\/\/www.ipsen.com\/be\/fr\/wp-json\/wp\/v2\/types\/page"}],"author":[{"embeddable":true,"href":"https:\/\/www.ipsen.com\/be\/fr\/wp-json\/wp\/v2\/users\/2"}],"replies":[{"embeddable":true,"href":"https:\/\/www.ipsen.com\/be\/fr\/wp-json\/wp\/v2\/comments?post=62"}],"version-history":[{"count":8,"href":"https:\/\/www.ipsen.com\/be\/fr\/wp-json\/wp\/v2\/pages\/62\/revisions"}],"predecessor-version":[{"id":2184,"href":"https:\/\/www.ipsen.com\/be\/fr\/wp-json\/wp\/v2\/pages\/62\/revisions\/2184"}],"wp:attachment":[{"href":"https:\/\/www.ipsen.com\/be\/fr\/wp-json\/wp\/v2\/media?parent=62"}],"curies":[{"name":"wp","href":"https:\/\/api.w.org\/{rel}","templated":true}]}}