{"id":121,"date":"2023-12-22T06:59:43","date_gmt":"2023-12-22T04:59:43","guid":{"rendered":"https:\/\/www.ipsen.com\/be\/?page_id=121"},"modified":"2025-07-17T09:47:57","modified_gmt":"2025-07-17T07:47:57","slug":"ensemble-contre-les-affections-neurologiques","status":"publish","type":"page","link":"https:\/\/www.ipsen.com\/be\/fr\/ensemble-contre-les-affections-neurologiques\/","title":{"rendered":"Ensemble contre les affections neurologiques"},"content":{"rendered":"    <section class=\"sub-page-banner bg-img-enabled  banner-no-filter\" style=\"background-image:url(https:\/\/www.ipsen.com\/be\/wp-content\/uploads\/sites\/7\/2025\/07\/Patients-Together-for-Neuroscience.jpg)\">\n                <div class=\"container content-sec\">\n            <nav aria-label=\"breadcrumb\">\n            <ol class=\"breadcrumb\">\n                <li class=\"breadcrumb-item\"><a href=\"https:\/\/www.ipsen.com\/be\/fr\/\">Accueil<\/a><\/li><li class=\"breadcrumb-item active\"><a href=\"#\" aria-current=\"page\">Patients &#8211; Ensemble contre les affections neurologiques<\/a><\/li><\/ol>\n            <\/nav>            <h1 class=\"visible banner-font-color-white\">Ensemble contre les affections neurologiques<\/h1>\n            <p class=\"visible banner-font-color-white\">Nous entamons le dialogue avec la communaut\u00e9 de patients le plus t\u00f4t possible dans le processus de d\u00e9veloppement de nouveaux m\u00e9dicaments pour les personnes atteintes d&#8217;affections neurologiques.<\/p>\n        <\/div>\n    <\/section>\n\n\n\n\n<div class=\"wp-block-columns is-layout-flex wp-container-core-columns-is-layout-9d6595d7 wp-block-columns-is-layout-flex\">\n<div class=\"wp-block-column is-layout-flow wp-block-column-is-layout-flow\" style=\"flex-basis:75%\"><!-- Text & Media Block Code -->\n<section class=\"two-col-section text-media-section\">\n    <div class=\"container two-section-innner \">\n        <div class=\"response-inner\" style=\"background-image: url('')\">\n            <div class=\"row \">\n                <div class=\"col-xs-12 col-sm-12 col-md-6\">\n                                                    <div class=\"img-video-section\">\n                                <img decoding=\"async\" \n                                    src=\"https:\/\/www.ipsen.com\/be\/wp-content\/uploads\/sites\/7\/2025\/07\/Misha-SCP-img-19-hd.jpg\" \n                                    alt=\"\" \n                                >\n                            <\/div>\n                                        <\/div>\n                <div class=\" col-xs-12 col-sm-12 col-md-6\">\n                    <div class=\"section-content\">\n                        <div class=\"heading-dash\">\n                                                            <span class=\"dash\"><\/span>\n                                <h4 class=\"heading-para heading-four\" role=\"heading\" aria-level=\"2\">\n                                    Ecouter les personnes atteintes d&#8217;affections neurologiques                                <\/h4>\n                                                    <\/div>\n                                                <p>Nous impliquons des personnes atteintes d&#8217;affections neurologiques \u00e0 chaque \u00e9tape du processus de d\u00e9veloppement de m\u00e9dicaments, en commen\u00e7ant par la recherche pr\u00e9coce dans nos laboratoires, pour nous permettre d\u2019apporter les meilleurs m\u00e9dicaments et services.<\/p>\n<p>Nous avons par exemple collabor\u00e9 avec Dystonia Europe pour concevoir la toute premi\u00e8re carte retra\u00e7ant l&#8217;exp\u00e9rience des patients atteints de dystonie cervicale. Cette carte a mis en lumi\u00e8re les nombreux besoins non satisfaits des personnes atteintes de cette affection, ainsi que leurs attentes en mati\u00e8re de services et de programmes d&#8217;accompagnement personnalis\u00e9s, ce qui nous a permis d&#8217;identifier les domaines dans lesquels nous devons concentrer nos efforts.<\/p>\n                            <a \n                            aria-label=\" about Ecouter les personnes atteintes d'affections neurologiques\"  \n                                role=\"link\" \n                                class=\"btn-link hidden\"\n                                href=\"\" \n                                target=\"_self\"\n                            > \n                                 \n                            <\/a>\n\n                    <\/div>\n                <\/div>\n            <\/div>\n        <\/div>\n    <\/div>\n<\/section>\n\n\t<!-- Ipsen Quotes Start -->\n\t<section class=\"quotes-section\" aria-label=\"quotes-section\">\n\t\t<div class=\"container\">\n\t\t\t\t\t\t<div class=\"quote-sec-inner\"    >\n\t\t\t\t\t<div class=\"row\">\n\t\t\t\t\t\t\t\t\t\t\t\t<div class=\"column-1 col-xl-4 col-md-6 col-xs-12 \">\n\t\t\t\t\t\t\t\t\t\t\t\t\t\t\t\t\t\t<div class=\"quote-img\">\n\t\t\t\t\t\t\t\t\t\t\t<img \n\t\t\t\t\t\t\t\t\t\t\t\tsrc=\"https:\/\/www.ipsen.com\/be\/wp-content\/uploads\/sites\/7\/2025\/07\/Oleksandr.png\" \n\t\t\t\t\t\t\t\t\t\t\t\talt=\"Oleksandr Gorbenko\"\n\t\t\t\t\t\t\t\t\t\t\t>\n\t\t\t\t\t\t\t\t\t\t<\/div>\n\t\t\t\t\t\t\t\t\t\t\t\t\t\t\t<\/div>\n\t\t\t\t\t\t\t<div class=\"column-2 col-xl-8 col-md-6 col-xs-12 \">\n\t\t\t\t\t\t\t\t<div class=\"quote-content\">\n\t\t\t\t\t\t\t\t\t<div class=\"quote-para \">\n\t\t\t\t\t\t\t\t\t\t<p class=\"para\">\n\t\t\t\t\t\t\t\t\t\t\t<p>Il est crucial d&#8217;impliquer des patients experts d\u00e8s les premi\u00e8res \u00e9tapes du d\u00e9veloppement de nouveaux m\u00e9dicaments en neurosciences, un domaine dans lequel Ipsen b\u00e9n\u00e9ficie d&#8217;une solide exp\u00e9rience en R&amp;D, afin de comprendre pleinement la valeur d&#8217;un traitement significatif pour les patients. Nous pourrons alors concentrer nos efforts pour essayer de faire de ce profil de valeur cible une r\u00e9alit\u00e9.<\/p>\n\t\t\t\t\t\t\t\t\t\t<\/p>\n\t\t\t\t\t\t\t\t\t<\/div>\n\t\t\t\t\t\t\t\t\t<div class=\"quote-sign-div\">\n\t\t\t\t\t\t\t\t\t\t<div class=\"quote-author-div\">\n\t\t\t\t\t\t\t\t\t\t\t<div class=\"quote-dash-div\">\n\t\t\t\t\t\t\t\t\t\t\t\t<span class=\"quote-dash\">\n\n\t\t\t\t\t\t\t\t\t\t\t\t<\/span>\n\t\t\t\t\t\t\t\t\t\t\t\t\t\t\t\t\t\t\t\t\t\t\t\t\t\t\t\t<p class=\"quote-author primary-blue\">\n\t\t\t\t\t\t\t\t\t\t\t\t\t\t\t\tOleksandr Gorbenko\t\t\t\t\t\t\t\t\t\t\t\t\t\t\t<\/p>\t\n\t\t\t\t\t\t\t\t\t\t\t\t\t\t\t\t\t\t\t\t\t\t<\/div>\n\t\t\t\t\t\t\t\t\t\t\t\t\t\t\t\t\t\t\t\t\t\t\t<p class=\"quote-author-role\">\n\t\t\t\t\t\t\t\t\t\t\t\t\tNeurosciences Global Patient Affairs Director\t\t\t\t\t\t\t\t\t\t\t\t<\/p> \n\t\t\t\t\t\t\t\t\t\t\t\t\t\t\t\t\t\t\t\t\t<\/div>\n\t\t\t\t\t\t\t\t\t<\/div>\n\t\t\t\t\t\t\t\t<\/div>\n\t\t\t\t\t\t\t<\/div>\n\t\t\t\t\t\t\t\t\t<\/div>\n\t\t\t<\/div>\n\t\t\t<\/div>\n<\/section>\n<!-- Ipsen Quotes End -->\n\n\n<!--Graphics Cards Carousel Start Here-->\n\n    <section class=\"graphic-card graphics-new-layout bg-color-disabled bg-image-disabled bg-video-disabled bg-mobile-video-img-disabled\"    data-displaycards=\"2\">\n                <div class=\"container\">\n            <div class=\"text-graph-inner\">\n                <div class=\"row\">\n                    <!--Graphic info section-->\n                    <div class=\"column-1 col-xl-12 col-md-12 col-sm-12\">\n                        <div class=\"text-graph-heading\">\n                        <h3 class=\"charcoal-grey visible heading-three\" role=\"heading\" aria-level=\"2\">\n                                Notre travail en collaboration avec la communaut\u00e9 de patients atteints d&#8217;affections neurologiques                            <\/h3>\n                            <p class=\"text-graph-para charcoal-grey visible\">Nous travaillons ensembe, avec la communaut\u00e9 de patients neurosciences \u00e0 travers le monde, sur une vari\u00e9t\u00e9 de projets \u00e0 toutes les \u00e9tapes de la recherche et du d\u00e9veloppement, des informations sur les \u00e9tudes cliniques aux programmes d&#8217;accompagnement des patients.<\/p>\n                        <\/div>\n                    <\/div><!--Graphic info section over here -->\n\n                    <!--Graphic detail section-->\n                    <div class=\"column-2 col-xl-12 col-md-12 col-sm-12\">\n                        <!-- graphic-card carousel start here -->\n                                                    <div class=\"text-graph-carousel\">\n                                <div class=\"glider-contain multiple\">\n                                    \n                                <div class=\"glider-graphic-card\" tabindex=\"-1\">\n                                                                                                                        <div class=\"text-graphic\">\n                                                    <div class=\"text-graph-row\">\n                                                                                                                       <!-- Graphic Card With NEW layout start here -->\n                                                                <div class=\"column-2\">\n                                                                    <div class=\"left-text-graph-content\">\n                                                                        <div class=\"left-text-graph-title\">\n                                                                        <h5 role=\"heading\" aria-level=\"3\">Rendre les informations pertinentes pour les survivants d&#8217;un AVC<\/h5>\n                                                                        <\/div>\n                                                                                                                                                    <div class=\"left-text-graph-desc\">\n                                                                                <p><p>Nous avons collabor\u00e9 avec la communaut\u00e9 de patients qui sont victimes d\u2019un AVC. Dans le cadre de recherches sur l&#8217;impact, La contribution des patients au design et \u00e0 l\u2019ex\u00e9cution de cette \u00e9tude et les r\u00e9sultats obtenus nous ont permis de proposer de nouvelles initiatives pour r\u00e9pondre aux besoins non satisfaits en mati\u00e8re de spasticit\u00e9 post-AVC.<\/p>\n<\/p>\n                                                                            <\/div>\n                                                                    <\/div>\n                                                                <\/div>\n                                                                <!-- Graphic Card With NEW layout end here -->\n                                                        \n                                                    <\/div>\n                                                <\/div>\n                                                                                                                                                                    <div class=\"text-graphic\">\n                                                    <div class=\"text-graph-row\">\n                                                                                                                       <!-- Graphic Card With NEW layout start here -->\n                                                                <div class=\"column-2\">\n                                                                    <div class=\"left-text-graph-content\">\n                                                                        <div class=\"left-text-graph-title\">\n                                                                        <h5 role=\"heading\" aria-level=\"3\">Recueillir des retours d&#8217;exp\u00e9rience pour am\u00e9liorer les essais cliniques \u2013 \u00e9tude DIRECTION <\/h5>\n                                                                        <\/div>\n                                                                                                                                                    <div class=\"left-text-graph-desc\">\n                                                                                <p><p>Nous avons recueilli les retours d&#8217;exp\u00e9rience des participants aux essais cliniques pour am\u00e9liorer les processus et l&#8217;exp\u00e9rience des patients lors de futurs essais cliniques.<\/p>\n<\/p>\n                                                                            <\/div>\n                                                                    <\/div>\n                                                                <\/div>\n                                                                <!-- Graphic Card With NEW layout end here -->\n                                                        \n                                                    <\/div>\n                                                <\/div>\n                                                                                                                <\/div>\n                            <\/div>\n                                            <\/div> <!-- graphic-card carousel end here -->\n                <\/div> <!--Graphic detail section over here with 12 grid -->   \n            <\/div><!--row ended here-->\n        <\/div> <!-- graph-inner ended here -->\n        \n            <div class=\"more-result-btn\">\n                                            <\/div>\n        <\/div> <!--Container class ended here -->\n    <\/section>\n<!--Graphics Cards Carousel End Here-->\n\n\n<!-- Text & Media Block Code -->\n<section class=\"two-col-section text-media-section\">\n    <div class=\"container two-section-innner \">\n        <div class=\"response-inner\" style=\"background-image: url('')\">\n            <div class=\"row \">\n                <div class=\"col-xs-12 col-sm-12 col-md-6\">\n                                                    <div class=\"img-video-section\">\n                                <img decoding=\"async\" \n                                    src=\"https:\/\/www.ipsen.com\/be\/wp-content\/uploads\/sites\/7\/2024\/03\/logo2_700X420.jpg\" \n                                    alt=\"\" \n                                >\n                            <\/div>\n                                        <\/div>\n                <div class=\" col-xs-12 col-sm-12 col-md-6\">\n                    <div class=\"section-content\">\n                        <div class=\"heading-dash\">\n                                                            <span class=\"dash\"><\/span>\n                                <h4 class=\"heading-para heading-four\" role=\"heading\" aria-level=\"2\">\n                                    Partenariats                                <\/h4>\n                                                    <\/div>\n                                                <p>Ipsen collabore avec de nombreuses communaut\u00e9s mondiales et europ\u00e9ennes soutenant les personnes atteintes d\u2019affections neurologiques.<\/p>\n                            <a \n                            aria-label=\" about Partenariats\"  \n                                role=\"link\" \n                                class=\"btn-link hidden\"\n                                href=\"\" \n                                target=\"_self\"\n                            > \n                                 \n                            <\/a>\n\n                    <\/div>\n                <\/div>\n            <\/div>\n        <\/div>\n    <\/div>\n<\/section>\n\n\n<h2 class=\"wp-block-heading\">T\u00e9moignages d&#8217;associations de patients<\/h2>\n\n\n\n\t<section class=\"quotes-section\" tabindex=\"0\" aria-label=\"quotes-section\">\n\t  <div class=\"container\">\n\t\t<div class=\"quotes-rectangle-inner\">\n\t\t\t\t\t\t\t  <div class=\"quotes-rectangle-content\">\n\t\t\t<div class=\"rectangle-para\">\n\t\t\t  <p>\n\t\t\t  <p>En unissant nos forces dans le travail, nous nous effor\u00e7ons d\u2019atteindre nos objectifs communs : placer les patients au centre de nos activit\u00e9s et am\u00e9liorer la qualit\u00e9 de vie des patients et de leurs aidants.<\/p>\n\t\t\t  <\/p>\n\t\t\t<\/div>\n\t\t\t<div class=\"quote-sign-div rectangle-sign\">\n\t\t\t  <div class=\"quote-author-div\">\n\t\t\t\t  \t\t\t\t  \t\t\t\t<p class=\"quote-author-role\"> Dystonia Europe <\/p>\n\t\t\t\t\t\t\t  <\/div>\n\t\t\t<\/div>\n\t\t  <\/div>\n\n\t\t<\/div>\n\t  <\/div>\n\t<\/section>\n\n\n\n    <section class=\"video-card \">\n        <div class=\"container\">\n            <!-- Block Details -->\n            <div class=\"video-card-header\">\n                <h3 class=\"video-card-block-title visible heading-three\">\n                    Vivre avec une affection neurologique : l\u2019exp\u00e9rience des patients                <\/h3>\n                <p class=\"charcoal-grey video-card-block-summary visible\"> \n                    <p>Vivre avec une affection neurologique peut par moment \u00eatre assez d\u00e9moralisant, mais vous devez savoir que vous n&#8217;\u00eates certainement pas seul(e). Derri\u00e8re chaque personne, il y a une histoire et nous pensons que vous \u00eates les mieux plac\u00e9s pour en parler.<\/p>\n                <\/p>\n            <\/div>\n\n            <!-- Video Iframe embed -->\n                            <div class=\"video-embed\"> \n                <iframe loading=\"lazy\" title=\"Diana-for-a-chance_video_VOST_FR-hd\" src=\"https:\/\/player.vimeo.com\/video\/827630601?h=6635e70a61&amp;app_id=122963&#038;autoplay=1&#038;muted=1&#038;controls=1&#038;loop=1&#038;autopause=1&#038;background=0\" width=\"640\" height=\"360\" frameborder=\"0\" allow=\"autoplay; fullscreen; picture-in-picture; clipboard-write; encrypted-media; web-share\" referrerpolicy=\"strict-origin-when-cross-origin\" frameborder=\"0\" allow=\"autoplay; fullscreen; picture-in-picture\" data-ot-ignore><\/iframe>                <\/div>\n            \n            <!-- Block CTA -->\n            <div class=\"cta-block hidden\">\n                            <\/div>\n\n        <\/div>\n    <\/section>\n\n\n<!-- Text & Media Block Code -->\n<section class=\"two-col-section text-media-section\">\n    <div class=\"container two-section-innner \">\n        <div class=\"response-inner\" style=\"background-image: url('')\">\n            <div class=\"row \">\n                <div class=\"col-xs-12 col-sm-12 col-md-6\">\n                                                    <div class=\"img-video-section\">\n                                <img decoding=\"async\" \n                                    src=\"https:\/\/www.ipsen.com\/be\/wp-content\/uploads\/sites\/7\/2025\/07\/Module-7-\u2013-Franchise_Collaborate-with-us_IPSEN-JLutt-51571.jpg\" \n                                    alt=\"\" \n                                >\n                            <\/div>\n                                        <\/div>\n                <div class=\" col-xs-12 col-sm-12 col-md-6\">\n                    <div class=\"section-content\">\n                        <div class=\"heading-dash\">\n                                                            <span class=\"dash\"><\/span>\n                                <h4 class=\"heading-para heading-four\" role=\"heading\" aria-level=\"2\">\n                                    Collaborez avec nous                                <\/h4>\n                                                    <\/div>\n                                                <p>Nous cherchons constamment de nouvelles opportunit\u00e9s de collaborer avec les patients et les associations de patients dans le but d&#8217;am\u00e9liorer le quotidien des personnes atteintes d&#8217;affections neurologiques. Pour savoir comment vous pouvez collaborer avec nous sur un projet commun<\/p>\n                            <a \n                            aria-label=\"En savoir plus about Collaborez avec nous\"  \n                                role=\"link\" \n                                class=\"btn-link section-btn cta-visible\"\n                                href=\"https:\/\/www.ipsen.com\/fr\/patients\/collaborez-avec-nous\/\" \n                                target=\"_blank\"\n                            > \n                                En savoir plus \n                            <\/a>\n\n                    <\/div>\n                <\/div>\n            <\/div>\n        <\/div>\n    <\/div>\n<\/section><\/div>\n\n\n\n<div class=\"wp-block-column is-layout-flow wp-block-column-is-layout-flow\" style=\"flex-basis:25%\">    <section class=\"side-panel quick-links\">\n        <div class=\"container\">\n            <div class=\"quick-link-inner\">\n                <div class=\"quick-link-head visible\">\n                    <h6 class=\"quicklink-block-title heading-six\">\n                        Publications avec les patients                    <\/h6>\n                <\/div>\n                <div class=\"quick-link-list\">\n                    <ul style=\"border: 1px solid #C4C9CB\">\n                                                        <li>\n                                   <a href=\"https:\/\/ojrd.biomedcentral.com\/articles\/10.1186\/s13023-022-02270-4\" target=\"_blank\">\n                                        <span class=\"quick-link-text\">Conception d\u2019une carte retra\u00e7ant le parcours des patients atteints de dystonie cervicale<\/span>\n                                                &nbsp;&nbsp;<span class=\"target-blank\"> <img decoding=\"async\" src=\"https:\/\/www.ipsen.com\/be\/wp-content\/themes\/ipsen-main\/dist\/images\/forward.png\" alt=\"Conception d\u2019une carte retra\u00e7ant le parcours des patients atteints de dystonie cervicale Open in new tab\"><\/span>\n                                                                            <\/a>\n                                <\/li>\n                                                            <li>\n                                   <a href=\"https:\/\/www.elasf.org\/past-events\/barcelona-2023\/2023-abstract-book\/\" target=\"_blank\">\n                                        <span class=\"quick-link-text\">European Life After Stroke Forum 2023 \u2013 Livret d\u2019abstract <\/span>\n                                                &nbsp;&nbsp;<span class=\"target-blank\"> <img decoding=\"async\" src=\"https:\/\/www.ipsen.com\/be\/wp-content\/themes\/ipsen-main\/dist\/images\/forward.png\" alt=\"European Life After Stroke Forum 2023 \u2013 Livret d\u2019abstract  Open in new tab\"><\/span>\n                                                                            <\/a>\n                                <\/li>\n                                                <\/ul>\n                <\/div>\n            <\/div>\n        <\/div>\n    <\/section>\n<\/div>\n<\/div>\n","protected":false},"excerpt":{"rendered":"","protected":false},"author":2,"featured_media":0,"parent":0,"menu_order":0,"comment_status":"closed","ping_status":"closed","template":"","meta":{"_acf_changed":false,"footnotes":""},"class_list":["post-121","page","type-page","status-publish","hentry","entry"],"acf":[],"yoast_head":"<!-- This site is optimized with the Yoast SEO plugin v26.8 - https:\/\/yoast.com\/product\/yoast-seo-wordpress\/ -->\n<title>Ensemble contre les affections neurologiques<\/title>\n<meta name=\"description\" content=\"Nous entamons le dialogue avec la communaut\u00e9 de patients le plus t\u00f4t possible dans le processus de d\u00e9veloppement de nouveaux m\u00e9dicaments pour les personnes atteintes d&#039;affections neurologiques.\" \/>\n<meta name=\"robots\" content=\"index, follow, max-snippet:-1, max-image-preview:large, max-video-preview:-1\" \/>\n<link rel=\"canonical\" href=\"https:\/\/www.ipsen.com\/be\/fr\/ensemble-contre-les-affections-neurologiques\/\" \/>\n<meta property=\"og:locale\" content=\"fr_FR\" \/>\n<meta property=\"og:type\" content=\"article\" \/>\n<meta property=\"og:title\" content=\"Ensemble contre les affections neurologiques\" \/>\n<meta property=\"og:description\" content=\"Nous entamons le dialogue avec la communaut\u00e9 de patients le plus t\u00f4t possible dans le processus de d\u00e9veloppement de nouveaux m\u00e9dicaments pour les personnes atteintes d&#039;affections neurologiques.\" \/>\n<meta property=\"og:url\" content=\"https:\/\/www.ipsen.com\/be\/fr\/ensemble-contre-les-affections-neurologiques\/\" \/>\n<meta property=\"og:site_name\" content=\"Belgium\" \/>\n<meta property=\"article:modified_time\" content=\"2025-07-17T07:47:57+00:00\" \/>\n<meta name=\"twitter:card\" content=\"summary_large_image\" \/>\n<meta name=\"twitter:label1\" content=\"Est. reading time\" \/>\n\t<meta name=\"twitter:data1\" content=\"1 minute\" \/>\n<script type=\"application\/ld+json\" class=\"yoast-schema-graph\">{\"@context\":\"https:\/\/schema.org\",\"@graph\":[{\"@type\":\"WebPage\",\"@id\":\"https:\/\/www.ipsen.com\/be\/fr\/ensemble-contre-les-affections-neurologiques\/\",\"url\":\"https:\/\/www.ipsen.com\/be\/fr\/ensemble-contre-les-affections-neurologiques\/\",\"name\":\"Ensemble contre les affections neurologiques\",\"isPartOf\":{\"@id\":\"https:\/\/www.ipsen.com\/be\/fr\/#website\"},\"datePublished\":\"2023-12-22T04:59:43+00:00\",\"dateModified\":\"2025-07-17T07:47:57+00:00\",\"description\":\"Nous entamons le dialogue avec la communaut\u00e9 de patients le plus t\u00f4t possible dans le processus de d\u00e9veloppement de nouveaux m\u00e9dicaments pour les personnes atteintes d'affections neurologiques.\",\"breadcrumb\":{\"@id\":\"https:\/\/www.ipsen.com\/be\/fr\/ensemble-contre-les-affections-neurologiques\/#breadcrumb\"},\"inLanguage\":\"fr-FR\",\"potentialAction\":[{\"@type\":\"ReadAction\",\"target\":[\"https:\/\/www.ipsen.com\/be\/fr\/ensemble-contre-les-affections-neurologiques\/\"]}]},{\"@type\":\"BreadcrumbList\",\"@id\":\"https:\/\/www.ipsen.com\/be\/fr\/ensemble-contre-les-affections-neurologiques\/#breadcrumb\",\"itemListElement\":[{\"@type\":\"ListItem\",\"position\":1,\"name\":\"Home\",\"item\":\"https:\/\/www.ipsen.com\/be\/fr\/\"},{\"@type\":\"ListItem\",\"position\":2,\"name\":\"Ensemble contre les affections neurologiques\"}]},{\"@type\":\"WebSite\",\"@id\":\"https:\/\/www.ipsen.com\/be\/fr\/#website\",\"url\":\"https:\/\/www.ipsen.com\/be\/fr\/\",\"name\":\"Belgium\",\"description\":\"\",\"publisher\":{\"@id\":\"https:\/\/www.ipsen.com\/be\/fr\/#organization\"},\"potentialAction\":[{\"@type\":\"SearchAction\",\"target\":{\"@type\":\"EntryPoint\",\"urlTemplate\":\"https:\/\/www.ipsen.com\/be\/fr\/?s={search_term_string}\"},\"query-input\":{\"@type\":\"PropertyValueSpecification\",\"valueRequired\":true,\"valueName\":\"search_term_string\"}}],\"inLanguage\":\"fr-FR\"},{\"@type\":\"Organization\",\"@id\":\"https:\/\/www.ipsen.com\/be\/fr\/#organization\",\"name\":\"Belgium\",\"url\":\"https:\/\/www.ipsen.com\/be\/fr\/\",\"logo\":{\"@type\":\"ImageObject\",\"inLanguage\":\"fr-FR\",\"@id\":\"https:\/\/www.ipsen.com\/be\/fr\/#\/schema\/logo\/image\/\",\"url\":\"https:\/\/www.ipsen.com\/be\/wp-content\/uploads\/sites\/7\/2023\/12\/Latest_Ipsen-logo_168x48.svg\",\"contentUrl\":\"https:\/\/www.ipsen.com\/be\/wp-content\/uploads\/sites\/7\/2023\/12\/Latest_Ipsen-logo_168x48.svg\",\"caption\":\"Belgium\"},\"image\":{\"@id\":\"https:\/\/www.ipsen.com\/be\/fr\/#\/schema\/logo\/image\/\"}}]}<\/script>\n<!-- \/ Yoast SEO plugin. -->","yoast_head_json":{"title":"Ensemble contre les affections neurologiques","description":"Nous entamons le dialogue avec la communaut\u00e9 de patients le plus t\u00f4t possible dans le processus de d\u00e9veloppement de nouveaux m\u00e9dicaments pour les personnes atteintes d'affections neurologiques.","robots":{"index":"index","follow":"follow","max-snippet":"max-snippet:-1","max-image-preview":"max-image-preview:large","max-video-preview":"max-video-preview:-1"},"canonical":"https:\/\/www.ipsen.com\/be\/fr\/ensemble-contre-les-affections-neurologiques\/","og_locale":"fr_FR","og_type":"article","og_title":"Ensemble contre les affections neurologiques","og_description":"Nous entamons le dialogue avec la communaut\u00e9 de patients le plus t\u00f4t possible dans le processus de d\u00e9veloppement de nouveaux m\u00e9dicaments pour les personnes atteintes d'affections neurologiques.","og_url":"https:\/\/www.ipsen.com\/be\/fr\/ensemble-contre-les-affections-neurologiques\/","og_site_name":"Belgium","article_modified_time":"2025-07-17T07:47:57+00:00","twitter_card":"summary_large_image","twitter_misc":{"Est. reading time":"1 minute"},"schema":{"@context":"https:\/\/schema.org","@graph":[{"@type":"WebPage","@id":"https:\/\/www.ipsen.com\/be\/fr\/ensemble-contre-les-affections-neurologiques\/","url":"https:\/\/www.ipsen.com\/be\/fr\/ensemble-contre-les-affections-neurologiques\/","name":"Ensemble contre les affections neurologiques","isPartOf":{"@id":"https:\/\/www.ipsen.com\/be\/fr\/#website"},"datePublished":"2023-12-22T04:59:43+00:00","dateModified":"2025-07-17T07:47:57+00:00","description":"Nous entamons le dialogue avec la communaut\u00e9 de patients le plus t\u00f4t possible dans le processus de d\u00e9veloppement de nouveaux m\u00e9dicaments pour les personnes atteintes d'affections neurologiques.","breadcrumb":{"@id":"https:\/\/www.ipsen.com\/be\/fr\/ensemble-contre-les-affections-neurologiques\/#breadcrumb"},"inLanguage":"fr-FR","potentialAction":[{"@type":"ReadAction","target":["https:\/\/www.ipsen.com\/be\/fr\/ensemble-contre-les-affections-neurologiques\/"]}]},{"@type":"BreadcrumbList","@id":"https:\/\/www.ipsen.com\/be\/fr\/ensemble-contre-les-affections-neurologiques\/#breadcrumb","itemListElement":[{"@type":"ListItem","position":1,"name":"Home","item":"https:\/\/www.ipsen.com\/be\/fr\/"},{"@type":"ListItem","position":2,"name":"Ensemble contre les affections neurologiques"}]},{"@type":"WebSite","@id":"https:\/\/www.ipsen.com\/be\/fr\/#website","url":"https:\/\/www.ipsen.com\/be\/fr\/","name":"Belgium","description":"","publisher":{"@id":"https:\/\/www.ipsen.com\/be\/fr\/#organization"},"potentialAction":[{"@type":"SearchAction","target":{"@type":"EntryPoint","urlTemplate":"https:\/\/www.ipsen.com\/be\/fr\/?s={search_term_string}"},"query-input":{"@type":"PropertyValueSpecification","valueRequired":true,"valueName":"search_term_string"}}],"inLanguage":"fr-FR"},{"@type":"Organization","@id":"https:\/\/www.ipsen.com\/be\/fr\/#organization","name":"Belgium","url":"https:\/\/www.ipsen.com\/be\/fr\/","logo":{"@type":"ImageObject","inLanguage":"fr-FR","@id":"https:\/\/www.ipsen.com\/be\/fr\/#\/schema\/logo\/image\/","url":"https:\/\/www.ipsen.com\/be\/wp-content\/uploads\/sites\/7\/2023\/12\/Latest_Ipsen-logo_168x48.svg","contentUrl":"https:\/\/www.ipsen.com\/be\/wp-content\/uploads\/sites\/7\/2023\/12\/Latest_Ipsen-logo_168x48.svg","caption":"Belgium"},"image":{"@id":"https:\/\/www.ipsen.com\/be\/fr\/#\/schema\/logo\/image\/"}}]}},"parsely":{"version":"1.1.0","canonical_url":"https:\/\/ipsen.com\/be\/fr\/ensemble-contre-les-affections-neurologiques\/","smart_links":{"inbound":0,"outbound":0},"traffic_boost_suggestions_count":0,"meta":{"@context":"https:\/\/schema.org","@type":"WebPage","headline":"Ensemble contre les affections neurologiques","url":"http:\/\/www.ipsen.com\/be\/fr\/ensemble-contre-les-affections-neurologiques\/","mainEntityOfPage":{"@type":"WebPage","@id":"http:\/\/www.ipsen.com\/be\/fr\/ensemble-contre-les-affections-neurologiques\/"},"thumbnailUrl":"","image":{"@type":"ImageObject","url":""},"articleSection":"Non classifi\u00e9(e)","author":[{"@type":"Person","name":"navya"}],"creator":["navya"],"publisher":{"@type":"Organization","name":"Belgium","logo":""},"keywords":[],"dateCreated":"2023-12-22T04:59:43Z","datePublished":"2023-12-22T04:59:43Z","dateModified":"2025-07-17T07:47:57Z"},"rendered":"<script type=\"application\/ld+json\" class=\"wp-parsely-metadata\">{\"@context\":\"https:\\\/\\\/schema.org\",\"@type\":\"WebPage\",\"headline\":\"Ensemble contre les affections neurologiques\",\"url\":\"http:\\\/\\\/www.ipsen.com\\\/be\\\/fr\\\/ensemble-contre-les-affections-neurologiques\\\/\",\"mainEntityOfPage\":{\"@type\":\"WebPage\",\"@id\":\"http:\\\/\\\/www.ipsen.com\\\/be\\\/fr\\\/ensemble-contre-les-affections-neurologiques\\\/\"},\"thumbnailUrl\":\"\",\"image\":{\"@type\":\"ImageObject\",\"url\":\"\"},\"articleSection\":\"Non classifi\\u00e9(e)\",\"author\":[{\"@type\":\"Person\",\"name\":\"navya\"}],\"creator\":[\"navya\"],\"publisher\":{\"@type\":\"Organization\",\"name\":\"Belgium\",\"logo\":\"\"},\"keywords\":[],\"dateCreated\":\"2023-12-22T04:59:43Z\",\"datePublished\":\"2023-12-22T04:59:43Z\",\"dateModified\":\"2025-07-17T07:47:57Z\"}<\/script>","tracker_url":"https:\/\/cdn.parsely.com\/keys\/ipsen.com\/p.js"},"_links":{"self":[{"href":"https:\/\/www.ipsen.com\/be\/fr\/wp-json\/wp\/v2\/pages\/121","targetHints":{"allow":["GET"]}}],"collection":[{"href":"https:\/\/www.ipsen.com\/be\/fr\/wp-json\/wp\/v2\/pages"}],"about":[{"href":"https:\/\/www.ipsen.com\/be\/fr\/wp-json\/wp\/v2\/types\/page"}],"author":[{"embeddable":true,"href":"https:\/\/www.ipsen.com\/be\/fr\/wp-json\/wp\/v2\/users\/2"}],"replies":[{"embeddable":true,"href":"https:\/\/www.ipsen.com\/be\/fr\/wp-json\/wp\/v2\/comments?post=121"}],"version-history":[{"count":10,"href":"https:\/\/www.ipsen.com\/be\/fr\/wp-json\/wp\/v2\/pages\/121\/revisions"}],"predecessor-version":[{"id":1997,"href":"https:\/\/www.ipsen.com\/be\/fr\/wp-json\/wp\/v2\/pages\/121\/revisions\/1997"}],"wp:attachment":[{"href":"https:\/\/www.ipsen.com\/be\/fr\/wp-json\/wp\/v2\/media?parent=121"}],"curies":[{"name":"wp","href":"https:\/\/api.w.org\/{rel}","templated":true}]}}